{"id":35035,"date":"2022-04-20T14:04:14","date_gmt":"2022-04-20T12:04:14","guid":{"rendered":"https:\/\/madelinefashion.pl\/?post_type=product&#038;p=35035"},"modified":"2026-01-15T12:43:18","modified_gmt":"2026-01-15T11:43:18","slug":"dluga-kurtka-parka-z-kapturem-great-camel","status":"publish","type":"product","link":"https:\/\/madelinefashion.pl\/sk\/dluga-kurtka-parka-z-kapturem-great-camel\/","title":{"rendered":"Skvel\u00e1 dlh\u00e1 bunda s kapuc\u0148ou Camel Parka"},"content":{"rendered":"<h3 style=\"text-align: center;\">Skvel\u00e1 dlh\u00e1 bunda s kapuc\u0148ou Camel Parka<\/h3>\n<p style=\"text-align: center;\"><strong>Dlh\u00e1 bunda Parka <\/strong>je to perfektn\u00e1 ponuka na jarn\u00fa sez\u00f3nu.<b> Bunda s ozdobnou n\u00e1\u0161ivkou na ruk\u00e1ve <\/b>kr\u00e1sne sed\u00ed na postave<b>\u00a0 Model sa perfektne hod\u00ed k elegantn\u00fdm \u0161tyliz\u00e1ci\u00e1m, ako aj k le\u017e\u00e9rnym kombin\u00e1ci\u00e1m a d\u00e1va ve\u013ea pr\u00edle\u017eitost\u00ed na vytvorenie jedine\u010dn\u00e9ho vzh\u013eadu. <\/b>Dlh\u00e1 parka asymetrick\u00e9ho strihu s kapuc\u0148ou je skvelou vo\u013ebou na chladnej\u0161ie dni. Dizajn s dvoma vreckami a kapuc\u0148ou na zips. <b>Produkt je dostupn\u00fd vo viacer\u00fdch farebn\u00fdch variantoch. <strong>Zlo\u017eenie: 100% POLYESTER<\/strong><\/b><\/p>\n<p style=\"text-align: center;\"><strong>\u00a0<\/strong><\/p>\n<h3 style=\"text-align: center;\">Rozmery:<\/h3>\n<p style=\"text-align: center;\"><strong>Ve\u013ekos\u0165: 34\/XS<\/strong><br \/>\nCelkov\u00e1 predn\u00e1 d\u013a\u017eka - 76 cm<br \/>\nCelkov\u00e1 d\u013a\u017eka chrbta - 88 cm<br \/>\n\u0160\u00edrka od pazuchy po pazuchu - 50 cm x 2<br \/>\nD\u013a\u017eka ruk\u00e1va od ramena - 48 cm<br \/>\nD\u013a\u017eka ruk\u00e1va od podpazu\u0161ia - 44 cm<\/p>\n<p style=\"text-align: center;\"><strong>Ve\u013ekos\u0165: 36\/S<\/strong><br \/>\nCelkov\u00e1 predn\u00e1 d\u013a\u017eka - 77 cm<br \/>\nCelkov\u00e1 d\u013a\u017eka chrbta - 89 cm<br \/>\n\u0160\u00edrka od pazuchy po pazuchu - 54cmx2<br \/>\nD\u013a\u017eka ruk\u00e1va od ramena - 49 cm<br \/>\nD\u013a\u017eka ruk\u00e1va od podpazu\u0161ia - 45 cm<\/p>\n<p style=\"text-align: center;\"><strong>Ve\u013ekos\u0165: 38\/M<\/strong><br \/>\nCelkov\u00e1 predn\u00e1 d\u013a\u017eka - 77 cm<br \/>\nCelkov\u00e1 d\u013a\u017eka chrbta - 90 cm<br \/>\n\u0160\u00edrka od pazuchy po pazuchu - 56cmx2<br \/>\nD\u013a\u017eka ruk\u00e1va od ramena - 51 cm<br \/>\nD\u013a\u017eka ruk\u00e1va od podpazu\u0161ia - 46 cm<\/p>\n<p style=\"text-align: center;\"><strong>Ve\u013ekos\u0165: 40\/L<\/strong><br \/>\nCelkov\u00e1 predn\u00e1 d\u013a\u017eka - 77 cm<br \/>\nCelkov\u00e1 d\u013a\u017eka chrbta - 90 cm<br \/>\n\u0160\u00edrka od pazuchy po pazuchu - 58 cm x 2<br \/>\nD\u013a\u017eka ruk\u00e1va od ramena - 52 cm<br \/>\nD\u013a\u017eka ruk\u00e1va od podpazu\u0161ia - 47 cm<\/p>\n<p style=\"text-align: center;\"><strong>Ve\u013ekos\u0165: 42\/XL<\/strong><br \/>\nCelkov\u00e1 predn\u00e1 d\u013a\u017eka - 77 cm<br \/>\nCelkov\u00e1 d\u013a\u017eka chrbta - 90 cm<br \/>\n\u0160\u00edrka od pazuchy po pazuchu - 60cmx2<br \/>\nD\u013a\u017eka ruk\u00e1va od ramena - 52 cm<br \/>\nD\u013a\u017eka ruk\u00e1va od podpazu\u0161ia - 47 cm<\/p>\n<p style=\"text-align: center;\">Rozmery sa m\u00f4\u017eu mierne l\u00ed\u0161i\u0165 od uveden\u00fdch +\/- 2cm. V\u0161etky uveden\u00e9 rozmery s\u00fa <strong>meran\u00fd byt<\/strong>.\u00a0<strong>rozmer x2<\/strong><\/p>\n<p>&nbsp;<\/p>\n<table width=\"605\">\n<tbody>\n<tr>\n<td width=\"302\">Meno modela<\/td>\n<td width=\"302\">Dlh\u00e1 bunda Parka s kapuc\u0148ou Skvel\u00e1<\/td>\n<\/tr>\n<tr>\n<td width=\"302\">Farba<\/td>\n<td width=\"302\">karamel<\/td>\n<\/tr>\n<tr>\n<td width=\"302\">ve\u013ekosti<\/td>\n<td width=\"302\">XS SML XL<\/td>\n<\/tr>\n<tr>\n<td width=\"302\">Zbierka<\/td>\n<td width=\"302\">Jar Leto Jese\u0148<\/td>\n<\/tr>\n<tr>\n<td width=\"302\">Hood<\/td>\n<td width=\"302\">\u00c1no<\/td>\n<\/tr>\n<tr>\n<td width=\"302\">Kvalita<\/td>\n<td width=\"302\">Premium<\/td>\n<\/tr>\n<tr>\n<td width=\"302\">zap\u00ednanie<\/td>\n<td width=\"302\">Z\u00e1mok<\/td>\n<\/tr>\n<\/tbody>\n<\/table>\n<p style=\"text-align: center;\">Model m\u00e1\u00a0<strong>169<\/strong>\u00a0cm vysok\u00fd, nos\u00ed ve\u013ekos\u0165 ka\u017ed\u00fd de\u0148\u00a0<strong>S<\/strong><\/p>\n<p style=\"text-align: center;\">\u0160\u00edrka cez prsia 92 cm<\/p>\n<p style=\"text-align: center;\">\u0160\u00edrka v p\u00e1se 62 cm<\/p>\n<p style=\"text-align: center;\">\u0160\u00edrka v bokoch 94 cm<\/p>\n<p style=\"text-align: center;\"><span style=\"font-size: 10pt;\">\u00a0<\/span><\/p>\n<p style=\"text-align: center;\">","protected":false},"excerpt":{"rendered":"<p>D\u0142uga Kurtka Parka Z Kapturem Great Camel D\u0142uga Kurtka Parka to idealna propozycja na sezon wiosenny. Kurtka z ozdobn\u0105 naszywk\u0105 na r\u0119kawie pi\u0119knie si\u0119 dopasowuje do sylwetki\u00a0 Model \u015bwietnie pasuje do eleganckich stylizacji jak i casualowych zestawie\u0144, daj\u0105c wiele mo\u017cliwo\u015bci tworzenia wyj\u0105tkowych look\u2019\u00f3w. D\u0142uga parka o asymetrycznym kroju z kapturem to \u015bwietny wyb\u00f3r na ch\u0142odniejsze<\/p>\n<div class=\"klb-readmore post-buttons\"><a class=\"button black outline size-sm\" href=\"https:\/\/madelinefashion.pl\/sk\/dluga-kurtka-parka-z-kapturem-great-camel\/\">\u010c\u00edta\u0165 \u010falej <i class=\"klbth-icon-right-arrow\"><\/i><\/a><\/div>","protected":false},"featured_media":35017,"template":"","meta":[],"product_brand":[],"product_cat":[117],"product_tag":[],"class_list":{"0":"post-35035","1":"product","2":"type-product","3":"status-publish","4":"has-post-thumbnail","6":"product_cat-kurtki","7":"pa_rozmiar-xs-34","8":"pa_rozmiar-s-36","9":"pa_rozmiar-m-38","10":"pa_rozmiar-l-40","11":"pa_rozmiar-xl-42","13":"first","14":"instock","15":"sale","16":"purchasable","17":"product-type-variable"},"_links":{"self":[{"href":"https:\/\/madelinefashion.pl\/sk\/wp-json\/wp\/v2\/product\/35035","targetHints":{"allow":["GET"]}}],"collection":[{"href":"https:\/\/madelinefashion.pl\/sk\/wp-json\/wp\/v2\/product"}],"about":[{"href":"https:\/\/madelinefashion.pl\/sk\/wp-json\/wp\/v2\/types\/product"}],"wp:featuredmedia":[{"embeddable":true,"href":"https:\/\/madelinefashion.pl\/sk\/wp-json\/wp\/v2\/media\/35017"}],"wp:attachment":[{"href":"https:\/\/madelinefashion.pl\/sk\/wp-json\/wp\/v2\/media?parent=35035"}],"wp:term":[{"taxonomy":"product_brand","embeddable":true,"href":"https:\/\/madelinefashion.pl\/sk\/wp-json\/wp\/v2\/product_brand?post=35035"},{"taxonomy":"product_cat","embeddable":true,"href":"https:\/\/madelinefashion.pl\/sk\/wp-json\/wp\/v2\/product_cat?post=35035"},{"taxonomy":"product_tag","embeddable":true,"href":"https:\/\/madelinefashion.pl\/sk\/wp-json\/wp\/v2\/product_tag?post=35035"}],"curies":[{"name":"pracovn\u00fd list","href":"https:\/\/api.w.org\/{rel}","templated":true}]}}