{"id":35605,"date":"2022-04-22T09:05:19","date_gmt":"2022-04-22T07:05:19","guid":{"rendered":"https:\/\/madelinefashion.pl\/?post_type=product&#038;p=35605"},"modified":"2025-10-01T07:34:30","modified_gmt":"2025-10-01T05:34:30","slug":"spodenki-z-lancuszkiem-czarne","status":"publish","type":"product","link":"https:\/\/madelinefashion.pl\/sk\/spodenki-z-lancuszkiem-czarne\/","title":{"rendered":"Retiazkov\u00e9 \u0161ortky \u010dierne"},"content":{"rendered":"<h3 style=\"text-align: center;\">Retiazkov\u00e9 \u0161ortky \u010dierne<\/h3>\n<p style=\"text-align: center;\"><span style=\"vertical-align: inherit;\"><span style=\"vertical-align: inherit;\"><b>\u0160ortky <\/b>je nad\u010dasov\u00fd model, ktor\u00fd nevyjde z m\u00f3dy - model, ktor\u00fd nesmie ch\u00fdba\u0165 vo va\u0161om \u0161atn\u00edku. <\/span><span style=\"vertical-align: inherit;\">\u0160ortky vyroben\u00e9 z <\/span><\/span><strong><span style=\"vertical-align: inherit;\"><span style=\"vertical-align: inherit;\">kvalitn\u00fd materi\u00e1l s vysok\u00fdm p\u00e1som,<\/span><\/span><\/strong><span style=\"vertical-align: inherit;\"><span style=\"vertical-align: inherit;\"> \u00a0ktor\u00e9 dokonale modeluj\u00fa postavu. Extr\u00e9mne sexi ponuka na jar a leto, ktor\u00e1 bezpochyby <strong>prid\u00e1<\/strong>\u00a0jedine\u010dn\u00fd <strong>charakter<\/strong>. <\/span><span style=\"vertical-align: inherit;\">S\u00fa ve\u013emi pohodln\u00e9<\/span><\/span><span style=\"vertical-align: inherit;\"><span style=\"vertical-align: inherit;\"> a \u013eahko sa kombinuj\u00fa, \u013eahko sa kombinuj\u00fa s na\u0161imi bl\u00fazkami, ko\u0161e\u013eami alebo \u013eahk\u00fdmi svetrami - ktor\u00e9 n\u00e1jdete aj v na\u0161ej <a href=\"https:\/\/madelinefashion.pl\/sk\/swetry\/\">e-shop.<\/a>\u00a0 Kr\u00e1tke nohy odhalia a <strong>opticky pred\u013a\u017eia nohy<\/strong>. M\u00e4kk\u00fd a pru\u017en\u00fd materi\u00e1l obop\u00edna zado\u010dek. \u0160ortky maj\u00fa vpredu zlat\u00fa retiazku. <strong>Model pre sebavedom\u00e9 \u017eeny, nikto okolo v\u00e1s neprejde \u013eahostajn\u00fdm.<\/strong> pon\u00fakame<\/span><\/span><span style=\"vertical-align: inherit;\"><span style=\"vertical-align: inherit;\"> s\u00fa vo ve\u013ekosti UNI\u00a0 <\/span><\/span><span style=\"vertical-align: inherit;\"><span style=\"vertical-align: inherit;\">\u00a0odpor\u00fa\u010dame <\/span><\/span><span style=\"vertical-align: inherit;\"><span style=\"vertical-align: inherit;\"><b>presne tak\u00a0<\/b><\/span><\/span><strong><span style=\"vertical-align: inherit;\"><span style=\"vertical-align: inherit;\">mera\u0165<\/span><\/span><\/strong><span style=\"vertical-align: inherit;\"><span style=\"vertical-align: inherit;\"> pod\u013ea tabu\u013eky rozmerov ni\u017e\u0161ie. <\/span><span style=\"vertical-align: inherit;\">Dopl\u0148te svoj \u0161atn\u00edk o tento najpred\u00e1vanej\u0161\u00ed model. <\/span><\/span><span style=\"vertical-align: inherit;\"><span style=\"vertical-align: inherit;\">V pr\u00edpade \u010fal\u0161\u00edch ot\u00e1zok k tomuto produktu n\u00e1s nev\u00e1hajte kontaktova\u0165 telefonicky alebo cez Facebook. Sledujte nov\u00e9 trendy s\u00a0<strong>Madeline m\u00f3da. <\/strong>V inform\u00e1ci\u00e1ch po n\u00e1kupe m\u00f4\u017eete posla\u0165 svoje miery, vyberieme pre v\u00e1s ide\u00e1lne nohavice.<br \/>\n<\/span><\/span><\/p>\n<p style=\"text-align: center;\"><span style=\"vertical-align: inherit;\"><span style=\"vertical-align: inherit;\">\u00a0<\/span><\/span><\/p>\n<h3 style=\"text-align: center;\"><span style=\"vertical-align: inherit;\"><span style=\"vertical-align: inherit;\">Rozmery nohav\u00edc:<\/span><\/span><\/h3>\n<ul style=\"text-align: center;\">\n<li>Celkov\u00e1 d\u013a\u017eka: 37 cm<\/li>\n<li>\u0160\u00edrka p\u00e1sa: 33-41 cm (elastick\u00fd)<\/li>\n<li>V\u00fd\u0161ka: 33 cm<\/li>\n<li>\u0160\u00edrka bokov: 46-50 cm<\/li>\n<\/ul>\n<ul style=\"text-align: center;\">\n<li><\/li>\n<\/ul>\n<p style=\"text-align: center;\"><span style=\"vertical-align: inherit;\"><span style=\"vertical-align: inherit;\">Rozmery sa m\u00f4\u017eu l\u00ed\u0161i\u0165 od uveden\u00fdch +\/- 2cm. <\/span><span style=\"vertical-align: inherit;\">V\u0161etky uveden\u00e9 rozmery s\u00fa meran\u00e9 plo\u0161ne.<strong> rozmer x2<\/strong><\/span><\/span><\/p>\n<p style=\"text-align: center;\"><strong><span style=\"vertical-align: inherit;\"><span style=\"vertical-align: inherit;\">Dokonale padn\u00fa ka\u017edej postave<\/span><\/span><\/strong><\/p>\n<p style=\"text-align: center;\">Model m\u00e1\u00a0<strong>169<\/strong>\u00a0cm vysok\u00fd, nos\u00ed ve\u013ekos\u0165 ka\u017ed\u00fd de\u0148\u00a0<strong>S<\/strong><\/p>\n<p style=\"text-align: center;\">\u0160\u00edrka cez prsia 92 cm<\/p>\n<p style=\"text-align: center;\">\u0160\u00edrka v p\u00e1se 62 cm<\/p>\n<p style=\"text-align: center;\">\u0160\u00edrka v bokoch 94 cm<\/p>","protected":false},"excerpt":{"rendered":"<p>\u010cierne retiazkov\u00e9 \u0161ortky s\u00fa nad\u010dasov\u00fdm \u0161t\u00fdlom, ktor\u00fd nikdy nevyjde z m\u00f3dy \u2013 nevyhnutnos\u0165ou vo va\u0161om \u0161atn\u00edku. Tieto \u0161ortky s vysok\u00fdm p\u00e1som s\u00fa vyroben\u00e9 z vysoko kvalitn\u00e9ho materi\u00e1lu a dokonale tvaruj\u00fa va\u0161u postavu. S\u00fa neuverite\u013ene sexi vo\u013ebou na jar a leto a nepochybne dodaj\u00fa jedine\u010dn\u00fd n\u00e1dych. S\u00fa ve\u013emi pohodln\u00e9 a \u013eahko sa kombinuj\u00fa.,<\/p>\n<div class=\"klb-readmore post-buttons\"><a class=\"button black outline size-sm\" href=\"https:\/\/madelinefashion.pl\/sk\/spodenki-z-lancuszkiem-czarne\/\">\u010c\u00edta\u0165 \u010falej <i class=\"klbth-icon-right-arrow\"><\/i><\/a><\/div>","protected":false},"featured_media":35502,"template":"","meta":[],"product_brand":[],"product_cat":[83,395],"product_tag":[],"class_list":{"0":"post-35605","1":"product","2":"type-product","3":"status-publish","4":"has-post-thumbnail","6":"product_cat-spodnie","7":"product_cat-nowosci","9":"first","10":"instock","11":"purchasable","12":"product-type-simple"},"_links":{"self":[{"href":"https:\/\/madelinefashion.pl\/sk\/wp-json\/wp\/v2\/product\/35605","targetHints":{"allow":["GET"]}}],"collection":[{"href":"https:\/\/madelinefashion.pl\/sk\/wp-json\/wp\/v2\/product"}],"about":[{"href":"https:\/\/madelinefashion.pl\/sk\/wp-json\/wp\/v2\/types\/product"}],"wp:featuredmedia":[{"embeddable":true,"href":"https:\/\/madelinefashion.pl\/sk\/wp-json\/wp\/v2\/media\/35502"}],"wp:attachment":[{"href":"https:\/\/madelinefashion.pl\/sk\/wp-json\/wp\/v2\/media?parent=35605"}],"wp:term":[{"taxonomy":"product_brand","embeddable":true,"href":"https:\/\/madelinefashion.pl\/sk\/wp-json\/wp\/v2\/product_brand?post=35605"},{"taxonomy":"product_cat","embeddable":true,"href":"https:\/\/madelinefashion.pl\/sk\/wp-json\/wp\/v2\/product_cat?post=35605"},{"taxonomy":"product_tag","embeddable":true,"href":"https:\/\/madelinefashion.pl\/sk\/wp-json\/wp\/v2\/product_tag?post=35605"}],"curies":[{"name":"pracovn\u00fd list","href":"https:\/\/api.w.org\/{rel}","templated":true}]}}