{"id":35801,"date":"2022-04-23T08:54:22","date_gmt":"2022-04-23T06:54:22","guid":{"rendered":"https:\/\/madelinefashion.pl\/?post_type=product&#038;p=35801"},"modified":"2026-04-23T01:20:59","modified_gmt":"2026-04-22T23:20:59","slug":"sukienka-tiulowa-maxi-biala-bergamo","status":"publish","type":"product","link":"https:\/\/madelinefashion.pl\/sk\/sukienka-tiulowa-maxi-biala-bergamo\/","title":{"rendered":"Biele maxi tylov\u00e9 \u0161aty Bergamo"},"content":{"rendered":"<h3 style=\"text-align: center;\"><span style=\"vertical-align: inherit;\"><span style=\"vertical-align: inherit;\">Biele maxi tylov\u00e9 \u0161aty Bergamo<\/span><\/span><\/h3>\n<p style=\"text-align: center;\">\u00a0Kr\u00e1sne dlh\u00e9 svadobn\u00e9 \u0161aty s tylovou suk\u0148ou a \u017eiv\u00f4tikom zdoben\u00fdm n\u00e1dhernou v\u00fd\u0161ivkou a trblietav\u00fdmi kry\u0161t\u00e1lmi. Kr\u00e1sne zv\u00fdraz\u0148uj\u00fa \u017eensk\u00e9 krivky. \u0160aty kr\u00e1sne odha\u013euj\u00fa chrb\u00e1t v\u00fdstrihom do V. . <strong>Svadobn\u00e9 \u0161aty snov<\/strong>\u00a0Maxi d\u013a\u017eka s ramienkami a zdoben\u00fdm \u017eiv\u00f4tikom. Tento model m\u00e1 origin\u00e1lne pre\u0161\u00edvanie na v\u00fdstrihu, zdoben\u00e9 drobn\u00fdmi kry\u0161t\u00e1lmi. \u0160itie d\u00e1va \u00fa\u017easn\u00fd efekt a kry\u0161t\u00e1ly sa na svetle n\u00e1dherne leskn\u00fa.<strong>\u00a0V\u00fdstrih do V<\/strong>. Z\u00fa\u017een\u00e1 v p\u00e1se dokonale zv\u00fdrazn\u00ed p\u00e1s.\u00a0<strong>Zadn\u00e1 strana je \u00fa\u017easne strihan\u00e1, v tvare p\u00edsmena V<\/strong>. Diera\u00a0<a href=\"https:\/\/madelinefashion.pl\/sk\/sukienki-i-kombinezony\/sukienki-okolicznosciowe\/\">\u0160aty<\/a> bola vyroben\u00e1 z nieko\u013ek\u00fdch vrstiev \u013eahk\u00e9ho tylu navy\u0161e\u00a0 <strong>\u010dipka s kvetinov\u00fdm vzorom,<\/strong> pod prvou vrstvou tylu tvor\u00ed \u0161aty <strong>jemn\u00e9 a delik\u00e1tne <\/strong>\u00a0<strong>Biele \u0161aty Bergamo<\/strong> M\u00e1 v\u0161it\u00e9 ko\u0161\u00ed\u010dky vpredu, tak\u017ee nemus\u00edte nosi\u0165 podprsenku. Vyroben\u00e9 a u\u0161it\u00e9 v Po\u013esku. Dostupn\u00e9 vo ve\u013ekostiach<strong> XS SML XL. <\/strong>\u0160aty z Bergama s\u00fa kr\u00e1sne<strong> kvetinov\u00e1 v\u00fd\u0161ivka vy\u0161\u00edvan\u00e1 flitrami a kor\u00e1lkami. <\/strong>\u0160aty Madeline Fashion s\u00fa perfektnou vo\u013ebou na svadby, plesy, Silvestra a in\u00e9 elegantn\u00e9 \u0161peci\u00e1lne pr\u00edle\u017eitosti. V na\u0161om internetovom obchode s\u00fa dostupn\u00e9 v nieko\u013ek\u00fdch farebn\u00fdch variantoch, tak\u017ee nev\u00e1hajte a vyberte si t\u00fa prav\u00fa pre v\u00e1s. Ak sa neviete rozhodn\u00fa\u0165, ktor\u00fa farbu..., <strong>ve\u013ekos\u0165<\/strong>\u00a0je pre v\u00e1s to najlep\u0161ie\u00a0<strong>kontaktuj n\u00e1s<\/strong>\u00a0cez\u00a0<a href=\"https:\/\/www.facebook.com\/madelinefashionbutik\" target=\"_blank\" rel=\"noopener\">Facebook<\/a>\u00a0alebo\u00a0<a href=\"https:\/\/madelinefashion.pl\/sk\/kontakt\/\">telef\u00f3n<\/a>. Ak ve\u013ekos\u0165 nie je na str\u00e1nke, kontaktujte n\u00e1s.<\/p>\n<h3 style=\"text-align: center;\"><span style=\"vertical-align: inherit;\"><span style=\"vertical-align: inherit;\">ROZMERY \u0161iat:<br \/>\n<\/span><\/span><\/h3>\n<table width=\"556\">\n<tbody>\n<tr>\n<td><strong>VE\u013dKOS\u0164<\/strong><\/td>\n<td><strong>poprsia<\/strong><\/td>\n<td><strong>P\u00e1s<\/strong><\/td>\n<td><strong>Boky<\/strong><\/td>\n<\/tr>\n<tr>\n<td><strong>34<\/strong><\/td>\n<td>84-86<\/td>\n<td>64<\/td>\n<td>\u00a0ak\u00fdko\u013evek<\/td>\n<\/tr>\n<tr>\n<td><strong>36<\/strong><\/td>\n<td>88-90<\/td>\n<td>68<\/td>\n<td>\u00a0ak\u00fdko\u013evek<\/td>\n<\/tr>\n<tr>\n<td><strong>38<\/strong><\/td>\n<td>\u00a092-94<\/td>\n<td>72<\/td>\n<td>\u00a0ak\u00fdko\u013evek<\/td>\n<\/tr>\n<tr>\n<td><strong>40<\/strong><\/td>\n<td>96-98<\/td>\n<td>76<\/td>\n<td>\u00a0ak\u00fdko\u013evek<\/td>\n<\/tr>\n<\/tbody>\n<\/table>\n<p>&nbsp;<\/p>\n<p style=\"text-align: center;\"><span style=\"font-size: 10pt;\"><span style=\"font-size: 10pt;\"><span style=\"vertical-align: inherit;\"><span style=\"vertical-align: inherit;\">Spr\u00e1vanie aj v <\/span><\/span><\/span><strong style=\"font-size: 10pt;\"><span style=\"vertical-align: inherit;\"><span style=\"vertical-align: inherit;\">in\u00e9 farebn\u00e9 varianty <\/span><\/span><\/strong><span style=\"font-size: 10pt;\"><span style=\"vertical-align: inherit;\"><span style=\"vertical-align: inherit;\">- odpor\u00fa\u010dame v\u00e1m obozn\u00e1mi\u0165 sa s ostatn\u00fdmi str\u00e1nkami.\u00a0<\/span><\/span><\/span><span style=\"vertical-align: inherit;\"><span style=\"vertical-align: inherit;\">celkov\u00e1 d\u013a\u017eka cca. <\/span><span style=\"vertical-align: inherit;\">157 cm\u00a0\u00a0<\/span><\/span><\/span><\/p>\n<p style=\"text-align: center;\"><span style=\"font-size: 10pt;\"><span style=\"vertical-align: inherit;\"><span style=\"vertical-align: inherit;\">Rozmery sa m\u00f4\u017eu l\u00ed\u0161i\u0165.\u00a0<\/span><\/span><\/span><\/p>\n<p style=\"text-align: center;\"><span style=\"font-size: 10pt;\"><strong>\u00a0<\/strong>\u00a0<\/span><\/p>\n<table width=\"618\">\n<tbody>\n<tr>\n<td width=\"302\"><span style=\"vertical-align: inherit;\"><span style=\"vertical-align: inherit;\">Meno modela<\/span><\/span><\/td>\n<td width=\"302\"><span style=\"vertical-align: inherit;\"><span style=\"vertical-align: inherit;\">Maxi Bergamo tylov\u00e9 \u0161aty<\/span><\/span><\/td>\n<\/tr>\n<tr>\n<td width=\"302\"><span style=\"vertical-align: inherit;\"><span style=\"vertical-align: inherit;\">Farba<\/span><\/span><\/td>\n<td width=\"302\"><span style=\"vertical-align: inherit;\"><span style=\"vertical-align: inherit;\">biely<\/span><\/span><\/td>\n<\/tr>\n<tr>\n<td width=\"302\"><span style=\"vertical-align: inherit;\"><span style=\"vertical-align: inherit;\">Marka<\/span><\/span><\/td>\n<td width=\"302\"><span style=\"vertical-align: inherit;\"><span style=\"vertical-align: inherit;\">Madeline Fashion<\/span><\/span><\/td>\n<\/tr>\n<tr>\n<td width=\"302\"><span style=\"vertical-align: inherit;\"><span style=\"vertical-align: inherit;\">ve\u013ekosti<\/span><\/span><\/td>\n<td width=\"302\"><span style=\"vertical-align: inherit;\"><span style=\"vertical-align: inherit;\">34 36 38 40 42\u00a0<\/span><\/span><\/td>\n<\/tr>\n<tr>\n<td width=\"302\"><span style=\"vertical-align: inherit;\"><span style=\"vertical-align: inherit;\">M\u00f3da<\/span><\/span><\/td>\n<td width=\"302\"><span style=\"vertical-align: inherit;\"><span style=\"vertical-align: inherit;\">Zhoda<\/span><\/span><\/td>\n<\/tr>\n<tr>\n<td width=\"302\"><span style=\"vertical-align: inherit;\"><span style=\"vertical-align: inherit;\">Materi\u00e1l<\/span><\/span><\/td>\n<td width=\"302\"><span style=\"vertical-align: inherit;\"><span style=\"vertical-align: inherit;\">Visk\u00f3za, polyester, bavlna<\/span><\/span><\/td>\n<\/tr>\n<tr>\n<td width=\"302\"><span style=\"vertical-align: inherit;\"><span style=\"vertical-align: inherit;\">D\u013a\u017eka<\/span><\/span><\/td>\n<td width=\"302\"><span style=\"vertical-align: inherit;\"><span style=\"vertical-align: inherit;\">Na zem<\/span><\/span><\/td>\n<\/tr>\n<\/tbody>\n<\/table>\n<p style=\"text-align: center;\"><span style=\"font-size: 10pt;\">\u00a0<\/span><\/p>\n<p>&nbsp;<\/p>\n<p style=\"text-align: center;\"><span style=\"font-size: 10pt;\"><span style=\"vertical-align: inherit;\"><span style=\"vertical-align: inherit;\">Aby ste si vybrali <\/span><\/span><strong><span style=\"vertical-align: inherit;\"><span style=\"vertical-align: inherit;\">perfektn\u00e9 \u0161aty<\/span><\/span><\/strong><span style=\"vertical-align: inherit;\"><span style=\"vertical-align: inherit;\"> kontaktujte n\u00e1s telefonicky alebo prostredn\u00edctvom na\u0161ej webovej str\u00e1nky <\/span><\/span><a href=\"https:\/\/www.facebook.com\/madelinefashionbutik\" target=\"_blank\" rel=\"noopener\"><span style=\"vertical-align: inherit;\"><span style=\"vertical-align: inherit;\">Facebook<\/span><\/span><\/a><span style=\"vertical-align: inherit;\"><span style=\"vertical-align: inherit;\"> . <\/span><\/span><\/span><br \/>\n<span style=\"font-size: 10pt;\"><span style=\"vertical-align: inherit;\"><span style=\"vertical-align: inherit;\">N\u00e1\u0161 t\u00edm v\u00e1m pom\u00f4\u017ee <\/span><\/span><strong><span style=\"vertical-align: inherit;\"><span style=\"vertical-align: inherit;\">\u017ee tento pr\u00edpad<\/span><\/span><\/strong><span style=\"vertical-align: inherit;\"><span style=\"vertical-align: inherit;\"> . <\/span><\/span><strong><span style=\"vertical-align: inherit;\"><span style=\"vertical-align: inherit;\">Ak\u00e9ko\u013evek \u0161aty, z ktor\u00fdch vieme k\u00fapi\u0165 povrch na po\u017eiadanie\u00a0 <\/span><\/span><\/strong><strong><span style=\"vertical-align: inherit;\"><span style=\"vertical-align: inherit;\">opatrenie.\u00a0<\/span><\/span><\/strong><\/span><\/p>\n<div class=\"additional-details\" style=\"text-align: center;\">\n<p style=\"text-align: center;\"><span style=\"font-size: 10pt;\">\u00a0<\/span><\/p>\n<\/div>","protected":false},"excerpt":{"rendered":"<p>Sukienka Tiulowa Maxi Bia\u0142a Bergamo \u00a0Pi\u0119kna d\u0142uga suknia \u015blubna z tiulowym do\u0142em\u00a0 oraz\u00a0 g\u00f3r\u0105 zdobion\u0105 cudownymi haftami oraz zdobieniami w postaci mieni\u0105cych si\u0119 kryszta\u0142k\u00f3w. Pi\u0119knie eksponuje kobiece kszta\u0142ty. Sukienka pi\u0119knie eksponuje plecy\u00a0 \u2013 dekolt w kszta\u0142cie litery v . Wymarzona suknia \u015blubna\u00a0o d\u0142ugo\u015bci maxi\u00a0 na rami\u0105czkach z odkrytymi ramionami i zdobion\u0105 g\u00f3r\u0105. Model ten posiada<\/p>\n<div class=\"klb-readmore post-buttons\"><a class=\"button black outline size-sm\" href=\"https:\/\/madelinefashion.pl\/sk\/sukienka-tiulowa-maxi-biala-bergamo\/\">\u010c\u00edta\u0165 \u010falej <i class=\"klbth-icon-right-arrow\"><\/i><\/a><\/div>","protected":false},"featured_media":119018,"template":"","meta":[],"product_brand":[],"product_cat":[124,395,561,566,631],"product_tag":[257,219,163],"class_list":{"0":"post-35801","1":"product","2":"type-product","3":"status-publish","4":"has-post-thumbnail","6":"product_cat-sukienki-okolicznosciowe","7":"product_cat-nowosci","8":"product_cat-sukienki-tiulowe","9":"product_cat-suknie-slubne","10":"product_cat-suknie-slubne-tiulowe","11":"product_tag-madelinefashion","12":"product_tag-sukienka-biala","13":"product_tag-sukienki-dlugie","15":"first","16":"instock","17":"product-type-variable"},"_links":{"self":[{"href":"https:\/\/madelinefashion.pl\/sk\/wp-json\/wp\/v2\/product\/35801","targetHints":{"allow":["GET"]}}],"collection":[{"href":"https:\/\/madelinefashion.pl\/sk\/wp-json\/wp\/v2\/product"}],"about":[{"href":"https:\/\/madelinefashion.pl\/sk\/wp-json\/wp\/v2\/types\/product"}],"wp:featuredmedia":[{"embeddable":true,"href":"https:\/\/madelinefashion.pl\/sk\/wp-json\/wp\/v2\/media\/119018"}],"wp:attachment":[{"href":"https:\/\/madelinefashion.pl\/sk\/wp-json\/wp\/v2\/media?parent=35801"}],"wp:term":[{"taxonomy":"product_brand","embeddable":true,"href":"https:\/\/madelinefashion.pl\/sk\/wp-json\/wp\/v2\/product_brand?post=35801"},{"taxonomy":"product_cat","embeddable":true,"href":"https:\/\/madelinefashion.pl\/sk\/wp-json\/wp\/v2\/product_cat?post=35801"},{"taxonomy":"product_tag","embeddable":true,"href":"https:\/\/madelinefashion.pl\/sk\/wp-json\/wp\/v2\/product_tag?post=35801"}],"curies":[{"name":"pracovn\u00fd list","href":"https:\/\/api.w.org\/{rel}","templated":true}]}}