{"id":36135,"date":"2022-04-25T11:25:40","date_gmt":"2022-04-25T09:25:40","guid":{"rendered":"https:\/\/madelinefashion.pl\/?post_type=product&#038;p=36135"},"modified":"2025-10-01T07:34:30","modified_gmt":"2025-10-01T05:34:30","slug":"spodnie-skorzane-gladkie-z-paskiem-wiazane-karmelowe","status":"publish","type":"product","link":"https:\/\/madelinefashion.pl\/sk\/spodnie-skorzane-gladkie-z-paskiem-wiazane-karmelowe\/","title":{"rendered":"Hladk\u00e9 ko\u017een\u00e9 nohavice s karamelov\u00fdm viazan\u00edm na opasok"},"content":{"rendered":"<h3 style=\"text-align: center;\">Hladk\u00e9 ko\u017een\u00e9 nohavice s karamelov\u00fdm viazan\u00edm na opasok<\/h3>\n<p style=\"text-align: center;\"><strong>Ko\u017een\u00e9 nohavice s ozdobn\u00fdm viazan\u00edm <\/strong>je m\u00f3dny prvok, ktor\u00fd nesmie ch\u00fdba\u0165 vo va\u0161om \u0161atn\u00edku. Nohavice vyroben\u00e9 z vysoko kvalitn\u00e9ho materi\u00e1lu s <strong>s vysok\u00fdm p\u00e1som<\/strong>\u010do dokonale <strong>tvarova\u0165 postavu<\/strong>. S\u00fa skvel\u00fdm z\u00e1kladom pre vytv\u00e1ranie le\u017e\u00e9rnych outfitov. Ich nad\u010dasov\u00fd strih skvele dopln\u00ed aj form\u00e1lne \u0161tyliz\u00e1cie a vnesie do nich trochu avantgardy. Odpor\u00fa\u010dame kombinova\u0165 s na\u0161imi <a href=\"https:\/\/madelinefashion.pl\/sk\/bluzki-2\/koszule\/\">ko\u0161ele<\/a>, <a href=\"https:\/\/madelinefashion.pl\/sk\/bluzki-2\/\">bl\u00fazky<\/a>, <a href=\"https:\/\/madelinefashion.pl\/sk\/body\/\">body\u010dko<\/a> v P <a href=\"https:\/\/madelinefashion.pl\/sk\/product-tag\/ramoneski\/\">Ramones<\/a> <a href=\"https:\/\/madelinefashion.pl\/sk\/?s=valentino&amp;post_type=product\">Valentino <\/a>\u00a0 ak <a href=\"https:\/\/madelinefashion.pl\/sk\/ramoneska-czarna-z-fredzlami-vopse\/\">Vopse<\/a> . Kvalitn\u00e9 nohavice <strong>pr\u00e9mie<\/strong>, elastick\u00fd materi\u00e1l dokonale ladiaci s postavou. Nohavice dokonale zd\u00f4raz\u0148uj\u00fa zadok!! V pr\u00edpade \u010fal\u0161\u00edch ot\u00e1zok k tomuto produktu n\u00e1s nev\u00e1hajte kontaktova\u0165 telefonicky alebo prostredn\u00edctvom <a href=\"https:\/\/www.facebook.com\/madelinefashionbutik\/\" target=\"_blank\" rel=\"noopener\">Facebook<\/a> . Sledujte nov\u00e9 trendy s <a href=\"https:\/\/madelinefashion.pl\/sk\/\"><strong>Madelinefashion<\/strong><\/a>. V inform\u00e1ci\u00e1ch po zak\u00fapen\u00ed m\u00f4\u017eete posla\u0165 svoje miery, vyberieme pre v\u00e1s ide\u00e1lne nohavice. <strong>Nohavice vo ve\u013ekosti 36 38 40 42<\/strong><\/p>\n<h3 style=\"text-align: center;\">Rozmery:<\/h3>\n<p style=\"text-align: center;\"><strong><span style=\"vertical-align: inherit;\">VE\u013dKOS\u0164 S 36\u00a0<\/span><\/strong><\/p>\n<ul style=\"text-align: center;\">\n<li><span style=\"vertical-align: inherit;\">Celkov\u00e1 d\u013a\u017eka: 96 cm<\/span><\/li>\n<li><span style=\"vertical-align: inherit;\">Vn\u00fatorn\u00e1 d\u013a\u017eka nohav\u00edc: 68 cm<\/span><\/li>\n<li><span style=\"vertical-align: inherit;\">\u0160\u00edrka v p\u00e1se: 31-40 cm<\/span><\/li>\n<li><span style=\"vertical-align: inherit;\">V\u00fd\u0161ka: 31 cm<\/span><\/li>\n<li><\/li>\n<\/ul>\n<p style=\"text-align: center;\"><strong><span style=\"vertical-align: inherit;\">VE\u013dKOS\u0164 M 38\u00a0<\/span><\/strong><\/p>\n<ul style=\"text-align: center;\">\n<li><span style=\"vertical-align: inherit;\">Celkov\u00e1 d\u013a\u017eka: 96 cm<\/span><\/li>\n<li><span style=\"vertical-align: inherit;\">Vn\u00fatorn\u00e1 d\u013a\u017eka nohav\u00edc: 68 cm<\/span><\/li>\n<li><span style=\"vertical-align: inherit;\">\u0160\u00edrka v p\u00e1se: 32-41 cm<\/span><\/li>\n<li><span style=\"vertical-align: inherit;\">V\u00fd\u0161ka: 32 cm<\/span><\/li>\n<li><\/li>\n<\/ul>\n<p style=\"text-align: center;\"><strong><span style=\"vertical-align: inherit;\">VE\u013dKOS\u0164 L 40\u00a0<\/span><\/strong><\/p>\n<ul>\n<li style=\"text-align: center;\"><span style=\"vertical-align: inherit;\">Celkov\u00e1 d\u013a\u017eka: 98 cm<\/span><\/li>\n<li style=\"text-align: center;\"><span style=\"vertical-align: inherit;\">Vn\u00fatorn\u00e1 d\u013a\u017eka nohav\u00edc: 68 cm<\/span><\/li>\n<li style=\"text-align: center;\"><span style=\"vertical-align: inherit;\">\u0160\u00edrka v p\u00e1se: 33-42 cm<\/span><\/li>\n<li style=\"text-align: center;\"><span style=\"vertical-align: inherit;\">V\u00fd\u0161ka: 33 cm<\/span><\/li>\n<li><\/li>\n<li style=\"text-align: center;\"><strong>VE\u013dKOS\u0164 L 40\u00a0<\/strong><\/li>\n<li style=\"text-align: center;\">Celkov\u00e1 d\u013a\u017eka: 99 cm<\/li>\n<li style=\"text-align: center;\">Vn\u00fatorn\u00e1 d\u013a\u017eka nohav\u00edc: 68 cm<\/li>\n<li style=\"text-align: center;\">\u0160\u00edrka v p\u00e1se: 34-43 cm<\/li>\n<li style=\"text-align: center;\">V\u00fd\u0161ka: 34 cm<\/li>\n<li><\/li>\n<li><\/li>\n<\/ul>\n<p style=\"text-align: center;\">Rozmery sa m\u00f4\u017eu mierne l\u00ed\u0161i\u0165 od uveden\u00fdch +\/- 2cm. V\u0161etky uveden\u00e9 rozmery s\u00fa meran\u00e9 plo\u0161ne. <strong>Rozmer X2<\/strong><\/p>\n<p>&nbsp;<\/p>\n<div class=\"tabs tabs-bb clear mb-80\">\n<div class=\"tab-content\">\n<div id=\"tab-description\" class=\"tab-pane fade in woocommerce-Tabs-panel--description active\">\n<p style=\"text-align: center;\">Model m\u00e1\u00a0<strong>169<\/strong>\u00a0cm vysok\u00fd, nos\u00ed ve\u013ekos\u0165 ka\u017ed\u00fd de\u0148\u00a0<strong>S<\/strong><\/p>\n<p style=\"text-align: center;\">\u0160\u00edrka cez prsia 92 cm<\/p>\n<p style=\"text-align: center;\">\u0160\u00edrka v p\u00e1se 62 cm<\/p>\n<p style=\"text-align: center;\">\u0160\u00edrka v bokoch 94 cm<\/p>\n<div class=\"additional-details\" style=\"text-align: center;\"><\/div>\n<\/div>\n<\/div>\n<\/div>","protected":false},"excerpt":{"rendered":"<p>Spodnie Sk\u00f3rzane G\u0142adkie Z Paskiem Wi\u0105zane Karmelowe Spodnie Sk\u00f3rzane z Ozdobnym wi\u0105zaniem to modny element, kt\u00f3rego nie mo\u017ce zabrakn\u0105\u0107 w Twojej garderobie. Spodnie wykonane z wysokiej jako\u015bci materia\u0142u z wysokim stanem, \u00a0kt\u00f3re doskonale modeluj\u0105 sylwetk\u0119. Stanowi\u0105 \u015bwietn\u0105 baz\u0119 do tworzenia niezobowi\u0105zuj\u0105cych outfit\u00f3w. Ich ponadczasowy kr\u00f3j perfekcyjnie uzupe\u0142ni r\u00f3wnie\u017c formalne stylizacj\u0119, wprowadzaj\u0105c do niech nieco awangardy.<\/p>\n<div class=\"klb-readmore post-buttons\"><a class=\"button black outline size-sm\" href=\"https:\/\/madelinefashion.pl\/sk\/spodnie-skorzane-gladkie-z-paskiem-wiazane-karmelowe\/\">\u010c\u00edta\u0165 \u010falej <i class=\"klbth-icon-right-arrow\"><\/i><\/a><\/div>","protected":false},"featured_media":35537,"template":"","meta":[],"product_brand":[],"product_cat":[83],"product_tag":[475],"class_list":{"0":"post-36135","1":"product","2":"type-product","3":"status-publish","4":"has-post-thumbnail","6":"product_cat-spodnie","7":"product_tag-spodnie-dlugie","8":"pa_rozmiar-xl","9":"pa_rozmiar-s","10":"pa_rozmiar-m","11":"pa_rozmiar-l","13":"first","14":"instock","15":"product-type-variable"},"_links":{"self":[{"href":"https:\/\/madelinefashion.pl\/sk\/wp-json\/wp\/v2\/product\/36135","targetHints":{"allow":["GET"]}}],"collection":[{"href":"https:\/\/madelinefashion.pl\/sk\/wp-json\/wp\/v2\/product"}],"about":[{"href":"https:\/\/madelinefashion.pl\/sk\/wp-json\/wp\/v2\/types\/product"}],"wp:featuredmedia":[{"embeddable":true,"href":"https:\/\/madelinefashion.pl\/sk\/wp-json\/wp\/v2\/media\/35537"}],"wp:attachment":[{"href":"https:\/\/madelinefashion.pl\/sk\/wp-json\/wp\/v2\/media?parent=36135"}],"wp:term":[{"taxonomy":"product_brand","embeddable":true,"href":"https:\/\/madelinefashion.pl\/sk\/wp-json\/wp\/v2\/product_brand?post=36135"},{"taxonomy":"product_cat","embeddable":true,"href":"https:\/\/madelinefashion.pl\/sk\/wp-json\/wp\/v2\/product_cat?post=36135"},{"taxonomy":"product_tag","embeddable":true,"href":"https:\/\/madelinefashion.pl\/sk\/wp-json\/wp\/v2\/product_tag?post=36135"}],"curies":[{"name":"pracovn\u00fd list","href":"https:\/\/api.w.org\/{rel}","templated":true}]}}