{"id":37602,"date":"2022-05-07T12:16:32","date_gmt":"2022-05-07T10:16:32","guid":{"rendered":"https:\/\/madelinefashion.pl\/?post_type=product&#038;p=37602"},"modified":"2025-11-12T20:29:16","modified_gmt":"2025-11-12T19:29:16","slug":"modne-czolenka-na-szpilce-bezowe-skora-krokodyla","status":"publish","type":"product","link":"https:\/\/madelinefashion.pl\/sk\/modne-czolenka-na-szpilce-bezowe-skora-krokodyla\/","title":{"rendered":"M\u00f3dne lodi\u010dky na vysokom podp\u00e4tku b\u00e9\u017eov\u00e1 krokod\u00edlia ko\u017ea"},"content":{"rendered":"<h3 style=\"text-align: center;\">M\u00f3dne lodi\u010dky na vysokom podp\u00e4tku b\u00e9\u017eov\u00e1 krokod\u00edlia ko\u017ea<\/h3>\n<p><strong>Lodi\u010dky na vysok\u00fdch podp\u00e4tkoch B\u00e9\u017eov\u00e9 s origin\u00e1lnou \u0161trukt\u00farou <\/strong>pripom\u00ednaj\u00faca krokod\u00edliu ko\u017eu z ve\u013emi kvalitnej ekologickej ko\u017ee. Origin\u00e1lny strih a farba ozdob\u00ed m\u00f3dny styling. P\u00f4sobiv\u00fd materi\u00e1l, z ktor\u00e9ho boli vyroben\u00e9, pote\u0161\u00ed ka\u017ed\u00e9ho! O va\u0161e pohodlie sa postar\u00e1 m\u00e4kk\u00e1 stielka z ekoko\u017ee. Tento model sa bude hodi\u0165 k r\u00f4znym \u0161t\u00fdlom, nielen k elegantn\u00fdm \u0161at\u00e1m. \u0160picat\u00e1 \u0161pi\u010dka a vysok\u00fd podp\u00e4tok zo\u0161t\u00edhlia va\u0161e nohy. Perfektn\u00e1 obuv na ka\u017edodenn\u00e9 v\u00fdlety pre \u017eeny, ktor\u00e9 si cenia originalitu. Odoln\u00e1 a pru\u017en\u00e1 podr\u00e1\u017eka je vyroben\u00e1 z kvalitn\u00e9ho materi\u00e1lu. <strong>Pri v\u00fdbere ve\u013ekosti sa ria\u010fte tabu\u013ekou ve\u013ekost\u00ed<\/strong><\/p>\n<h3 style=\"text-align: center;\">Charakteristika:<\/h3>\n<ul>\n<li style=\"text-align: center;\"><strong>Farba<\/strong>: Bez<\/li>\n<li style=\"text-align: center;\"><strong>vonkaj\u0161\u00ed materi\u00e1l<\/strong>: Umel\u00e1 ko\u017ea<\/li>\n<li style=\"text-align: center;\"><strong>\u010c\u00edslovanie<\/strong>: Typick\u00e9 - odpor\u00fa\u010dame vybra\u0165 si ve\u013ekos\u0165, ktor\u00fa nos\u00edte<\/li>\n<li style=\"text-align: center;\"><strong>Typ p\u00e4ty<\/strong>: Pin<\/li>\n<li style=\"text-align: center;\"><strong>Vlo\u017ei\u0165<\/strong>: Umel\u00e1 ko\u017ea<\/li>\n<li style=\"text-align: center;\">Pohodln\u00e9, stabiln\u00e9<\/li>\n<li style=\"text-align: center;\">klasick\u00e9<\/li>\n<li style=\"text-align: center;\"><strong>Sez\u00f3na<\/strong> jar leto jese\u0148 zima<\/li>\n<li style=\"text-align: center;\">Nad\u010dasov\u00fd<\/li>\n<li style=\"text-align: center;\">K\u00f3d produktu GD-FL350<\/li>\n<\/ul>\n<h3 style=\"text-align: center;\">Rozmery<\/h3>\n<p style=\"text-align: center;\"><strong>V\u00fd\u0161ka podp\u00e4tku:\u00a0<\/strong>10,5 cm<\/p>\n<p>&nbsp;<\/p>\n<table width=\"540\">\n<thead>\n<tr>\n<td width=\"216\"><strong>Ve\u013ekos\u0165 E\u00da<\/strong><\/td>\n<td width=\"316\"><strong>D\u013a\u017eka vlo\u017eky<\/strong><\/td>\n<\/tr>\n<\/thead>\n<tbody>\n<tr>\n<td width=\"216\"><strong>36<\/strong><\/td>\n<td width=\"316\">23,5 cm<\/td>\n<\/tr>\n<tr>\n<td width=\"216\"><strong>37<\/strong><\/td>\n<td width=\"316\">24 cm<\/td>\n<\/tr>\n<tr>\n<td width=\"216\"><strong>38<\/strong><\/td>\n<td width=\"316\">24,5 cm<\/td>\n<\/tr>\n<tr>\n<td width=\"216\"><strong>39<\/strong><\/td>\n<td width=\"316\">25 cm<\/td>\n<\/tr>\n<tr>\n<td width=\"216\"><strong>40<\/strong><\/td>\n<td width=\"316\">26 cm<\/td>\n<\/tr>\n<tr>\n<td width=\"216\"><strong>41<\/strong><\/td>\n<td width=\"316\">26,5 cm<\/td>\n<\/tr>\n<\/tbody>\n<\/table>\n<div class=\"wrap-content\">\n<div class=\"main-container container\">\n<div class=\"row\">\n<section class=\"main-content sidebar-left-false\">\n<div class=\"product-page page\">\n<div class=\"page-content\">\n<div id=\"ProductSizing\" class=\"product-sizing modal fade in\" tabindex=\"-1\" role=\"dialog\" aria-hidden=\"false\">\n<div class=\"modal-dialog\">\n<div class=\"modal-content\">\n<div class=\"widget html_editor\">\n<p>&nbsp;<\/p>\n<\/div>\n<p>&nbsp;<\/p>\n<\/div>\n<\/div>\n<\/div>\n<\/div>\n<\/div>\n<\/section>\n<\/div>\n<\/div>\n<\/div>\n<div class=\"wrap-footer\">\n<footer class=\"\">\n<div class=\"container\">\n<div class=\"footer-newsletter-box\"><\/div>\n<\/div>\n<\/footer>\n<\/div>\n<table>\n<tbody>\n<tr>\n<td width=\"302\">Meno modela<\/td>\n<td width=\"302\">M\u00f3dne lodi\u010dky na vysokom podp\u00e4tku z krokod\u00edlej ko\u017ee<\/td>\n<\/tr>\n<tr>\n<td width=\"302\">Farba<\/td>\n<td width=\"302\">Bez<\/td>\n<\/tr>\n<tr>\n<td width=\"302\">ve\u013ekosti<\/td>\n<td width=\"302\">36 37\u00a0 38\u00a0 39 40 41<\/td>\n<\/tr>\n<tr>\n<td width=\"302\">Materi\u00e1l<\/td>\n<td width=\"302\">Umel\u00e1 ko\u017ea<\/td>\n<\/tr>\n<tr>\n<td width=\"302\">Typ p\u00e4ty<\/td>\n<td width=\"302\">Pin<\/td>\n<\/tr>\n<tr>\n<td width=\"302\">\u0160t\u00fdl<\/td>\n<td width=\"302\">Elegantn\u00fd \/ klasick\u00fd<\/td>\n<\/tr>\n<tr>\n<td width=\"302\">Zbierka<\/td>\n<td width=\"302\">Jar\/Jese\u0148\/Leto<\/td>\n<\/tr>\n<\/tbody>\n<\/table>\n<div class=\"tabs tabs-bb clear mb-80\">\n<div class=\"tab-content\">\n<div id=\"tab-description\" class=\"tab-pane fade in woocommerce-Tabs-panel--description active\">\n<p style=\"text-align: center;\">\n<\/div>\n<\/div>\n<\/div>\n<section class=\"up-sells upsells products mb-80\"><\/section>\n<p style=\"text-align: left;\">","protected":false},"excerpt":{"rendered":"<p>Modne Cz\u00f3\u0142enka Na Szpilce Be\u017cowe Sk\u00f3ra Krokodyla Cz\u00f3\u0142enka Na Szpilce Be\u017cowe z oryginaln\u0105 struktur\u0105 przypominaj\u0105c\u0105 sk\u00f3r\u0119 krokodyla wykonane z bardzo dobrej jako\u015bci sk\u00f3ry ekologicznej. Oryginalny fason i kolor b\u0119dzie ozdob\u0105 modnej stylizacji. Efektowny materia\u0142, z kt\u00f3rego zosta\u0142y wykonane sprawi, \u017ce b\u0119dziesz zachwyca\u0107 ka\u017cdego! O Tw\u00f3j komfort zadba mi\u0119kka wk\u0142adka z eko sk\u00f3ry. Model ten b\u0119dzie<\/p>\n<div class=\"klb-readmore post-buttons\"><a class=\"button black outline size-sm\" href=\"https:\/\/madelinefashion.pl\/sk\/modne-czolenka-na-szpilce-bezowe-skora-krokodyla\/\">\u010c\u00edta\u0165 \u010falej <i class=\"klbth-icon-right-arrow\"><\/i><\/a><\/div>","protected":false},"featured_media":37599,"template":"","meta":[],"product_brand":[],"product_cat":[400],"product_tag":[440],"class_list":{"0":"post-37602","1":"product","2":"type-product","3":"status-publish","4":"has-post-thumbnail","6":"product_cat-buty","7":"product_tag-szpilki","9":"first","10":"instock","11":"purchasable","12":"product-type-variable"},"_links":{"self":[{"href":"https:\/\/madelinefashion.pl\/sk\/wp-json\/wp\/v2\/product\/37602","targetHints":{"allow":["GET"]}}],"collection":[{"href":"https:\/\/madelinefashion.pl\/sk\/wp-json\/wp\/v2\/product"}],"about":[{"href":"https:\/\/madelinefashion.pl\/sk\/wp-json\/wp\/v2\/types\/product"}],"wp:featuredmedia":[{"embeddable":true,"href":"https:\/\/madelinefashion.pl\/sk\/wp-json\/wp\/v2\/media\/37599"}],"wp:attachment":[{"href":"https:\/\/madelinefashion.pl\/sk\/wp-json\/wp\/v2\/media?parent=37602"}],"wp:term":[{"taxonomy":"product_brand","embeddable":true,"href":"https:\/\/madelinefashion.pl\/sk\/wp-json\/wp\/v2\/product_brand?post=37602"},{"taxonomy":"product_cat","embeddable":true,"href":"https:\/\/madelinefashion.pl\/sk\/wp-json\/wp\/v2\/product_cat?post=37602"},{"taxonomy":"product_tag","embeddable":true,"href":"https:\/\/madelinefashion.pl\/sk\/wp-json\/wp\/v2\/product_tag?post=37602"}],"curies":[{"name":"pracovn\u00fd list","href":"https:\/\/api.w.org\/{rel}","templated":true}]}}