{"id":37772,"date":"2022-05-07T17:54:15","date_gmt":"2022-05-07T15:54:15","guid":{"rendered":"https:\/\/madelinefashion.pl\/?post_type=product&#038;p=37772"},"modified":"2024-04-10T18:47:03","modified_gmt":"2024-04-10T16:47:03","slug":"czarne-klapki-z-kwiatkami-givana-560","status":"publish","type":"product","link":"https:\/\/madelinefashion.pl\/sk\/czarne-klapki-z-kwiatkami-givana-560\/","title":{"rendered":"\u0160\u013eapky Givana 560 Black Flower"},"content":{"rendered":"<h3 style=\"text-align: center;\">\u0160\u013eapky Givana 560 Black Flower<\/h3>\n<p style=\"text-align: center;\"><strong>\u010cierne papu\u010de s kvetmi<\/strong> Givana za dostupn\u00fa cenu je skvelou vo\u013ebou pre \u017eeny, ktor\u00e9 h\u013eadaj\u00fa obuv na leto. M\u00f3dny strih a zauj\u00edmav\u00e9 ozdoby navy\u0161e dokonale zapadaj\u00fa do modern\u00e9ho \u0161t\u00fdlu. V\u010faka modern\u00e9mu dizajnu a z\u00e1rove\u0148 univerz\u00e1lnosti si ich \u017eeny ochotne vyberaj\u00fa. Na druhej strane, pozornos\u0165 v\u00fdrobcu k detailom ich rob\u00ed spo\u013eahliv\u00fdmi. P\u00f4vab im zase dod\u00e1va ozdobn\u00fd kvet na prednej strane. Dodato\u010dne pon\u00fakan\u00e9 nami <strong>\u010dierne \u0161\u013eapky<\/strong> hodia sa ako v kombin\u00e1cii so \u0161ortkami a topom, tak aj so vzdu\u0161n\u00fdmi \u0161atami \u010di suk\u0148ou. Papu\u010de s\u00fa skvelou ponukou pre \u017eeny, ktor\u00e9 si cenia pohodlie v letn\u00fdch d\u0148och! Top\u00e1nky maj\u00fa m\u00e4kk\u00fa l\u00e1tkov\u00fa stielku a gumen\u00fa podr\u00e1\u017eku. <strong>Pri v\u00fdbere ve\u013ekosti sa ria\u010fte tabu\u013ekou ve\u013ekost\u00ed.<\/strong><\/p>\n<p>&nbsp;<\/p>\n<ul>\n<li style=\"text-align: center;\">proti\u0161mykov\u00e1 flexibiln\u00e1 podr\u00e1\u017eka<\/li>\n<li style=\"text-align: center;\"><strong>top\u00e1nky ide\u00e1lne na ka\u017edodenn\u00e9 nosenie aj na pl\u00e1\u017e<\/strong><\/li>\n<li style=\"text-align: center;\">pohodlie a komfort nosenia zabezpe\u010duje rovn\u00e1 podr\u00e1\u017eka<\/li>\n<li style=\"text-align: center;\">origin\u00e1lny strih - zauj\u00edmav\u00fd vzh\u013ead zais\u0165uje kr\u00e1sny vzh\u013ead <strong>kvet vpredu<\/strong>\u010do im prid\u00e1va na \u0161arme<\/li>\n<li style=\"text-align: center;\">vyroben\u00e9 z kvalitn\u00fdch materi\u00e1lov, s d\u00f4razom na detail<\/li>\n<\/ul>\n<p>&nbsp;<\/p>\n<p>&nbsp;<\/p>\n<table width=\"540\">\n<thead>\n<tr>\n<td width=\"216\"><strong>Ve\u013ekos\u0165 E\u00da<\/strong><\/td>\n<td width=\"316\"><strong>D\u013a\u017eka vlo\u017eky<\/strong><\/td>\n<\/tr>\n<\/thead>\n<tbody>\n<tr>\n<td width=\"216\"><strong>36<\/strong><\/td>\n<td width=\"316\">23 cm<\/td>\n<\/tr>\n<tr>\n<td width=\"216\"><strong>37<\/strong><\/td>\n<td width=\"316\">23,5 cm<\/td>\n<\/tr>\n<tr>\n<td width=\"216\"><strong>38<\/strong><\/td>\n<td width=\"316\">24 cm<\/td>\n<\/tr>\n<tr>\n<td width=\"216\"><strong>39<\/strong><\/td>\n<td width=\"316\">24,5 cm<\/td>\n<\/tr>\n<tr>\n<td width=\"216\"><strong>40<\/strong><\/td>\n<td width=\"316\">25 cm<\/td>\n<\/tr>\n<tr>\n<td width=\"216\"><strong>41<\/strong><\/td>\n<td width=\"316\">25,5 cm<\/td>\n<\/tr>\n<\/tbody>\n<\/table>\n<div class=\"wrap-content\">\n<div class=\"main-container container\">\n<div class=\"row\">\n<section class=\"main-content sidebar-left-false\">\n<div class=\"product-page page\">\n<div class=\"page-content\">\n<div id=\"ProductSizing\" class=\"product-sizing modal fade in\" tabindex=\"-1\" role=\"dialog\" aria-hidden=\"false\">\n<div class=\"modal-dialog\">\n<div class=\"modal-content\">\n<div class=\"widget html_editor\">\n<p>&nbsp;<\/p>\n<\/div>\n<p>&nbsp;<\/p>\n<\/div>\n<\/div>\n<\/div>\n<\/div>\n<\/div>\n<\/section>\n<\/div>\n<\/div>\n<\/div>\n<div class=\"wrap-footer\">\n<footer class=\"\">\n<div class=\"container\">\n<div class=\"footer-newsletter-box\"><\/div>\n<\/div>\n<\/footer>\n<\/div>\n<table>\n<tbody>\n<tr>\n<td width=\"302\">Meno modela<\/td>\n<td width=\"302\">\u010cierne sand\u00e1le s kvetmi Givana<\/td>\n<\/tr>\n<tr>\n<td width=\"302\">Farba<\/td>\n<td width=\"302\">\u010dierna<\/td>\n<\/tr>\n<tr>\n<td width=\"302\">ve\u013ekosti<\/td>\n<td width=\"302\">36 37\u00a0 38\u00a0 39 40 41<\/td>\n<\/tr>\n<tr>\n<td width=\"302\">Podo\u0161va<\/td>\n<td width=\"302\">Guma<\/td>\n<\/tr>\n<tr>\n<td width=\"302\">Pridan\u00e9 vlastnosti<\/td>\n<td width=\"302\">Priedu\u0161n\u00e9, odv\u00e1dzaj\u00face vlhkos\u0165, pom pom<\/td>\n<\/tr>\n<tr>\n<td width=\"302\">Spona<\/td>\n<td width=\"302\">Nie (posuvn\u00e9)<\/td>\n<\/tr>\n<tr>\n<td width=\"302\">Zbierka<\/td>\n<td width=\"302\">Jar\/Jese\u0148\/Leto<\/td>\n<\/tr>\n<\/tbody>\n<\/table>\n<div class=\"tabs tabs-bb clear mb-80\">\n<div class=\"tab-content\">\n<div id=\"tab-description\" class=\"tab-pane fade in woocommerce-Tabs-panel--description active\">\n<p style=\"text-align: center;\">\n<\/div>\n<\/div>\n<\/div>\n<section class=\"up-sells upsells products mb-80\"><\/section>\n<p style=\"text-align: left;\">","protected":false},"excerpt":{"rendered":"<p>Czarne Klapki z Kwiatkami Givana 560 Czarne Klapki z Kwiatkami Givana w przyst\u0119pnej cenie to doskona\u0142y wyb\u00f3r dla kobiet, kt\u00f3re poszukuj\u0105 obuwia na lato. Dodatkowo modny fason\u00a0 i ciekawe ozdoby doskonale wpisuj\u0105 si\u0119 w nowoczesny styl. Nowoczesny design i jednocze\u015bnie uniwersalno\u015b\u0107 sprawiaj\u0105, \u017ce s\u0105 ch\u0119tnie wybierane przez kobiety. Z kolei dba\u0142o\u015b\u0107 producenta o detale sprawia,<\/p>\n<div class=\"klb-readmore post-buttons\"><a class=\"button black outline size-sm\" href=\"https:\/\/madelinefashion.pl\/sk\/czarne-klapki-z-kwiatkami-givana-560\/\">\u010c\u00edta\u0165 \u010falej <i class=\"klbth-icon-right-arrow\"><\/i><\/a><\/div>","protected":false},"featured_media":37768,"template":"","meta":[],"product_brand":[],"product_cat":[400,395],"product_tag":[494],"class_list":{"0":"post-37772","1":"product","2":"type-product","3":"status-publish","4":"has-post-thumbnail","6":"product_cat-buty","7":"product_cat-nowosci","8":"product_tag-klapki","10":"first","11":"instock","12":"product-type-variable"},"_links":{"self":[{"href":"https:\/\/madelinefashion.pl\/sk\/wp-json\/wp\/v2\/product\/37772","targetHints":{"allow":["GET"]}}],"collection":[{"href":"https:\/\/madelinefashion.pl\/sk\/wp-json\/wp\/v2\/product"}],"about":[{"href":"https:\/\/madelinefashion.pl\/sk\/wp-json\/wp\/v2\/types\/product"}],"wp:featuredmedia":[{"embeddable":true,"href":"https:\/\/madelinefashion.pl\/sk\/wp-json\/wp\/v2\/media\/37768"}],"wp:attachment":[{"href":"https:\/\/madelinefashion.pl\/sk\/wp-json\/wp\/v2\/media?parent=37772"}],"wp:term":[{"taxonomy":"product_brand","embeddable":true,"href":"https:\/\/madelinefashion.pl\/sk\/wp-json\/wp\/v2\/product_brand?post=37772"},{"taxonomy":"product_cat","embeddable":true,"href":"https:\/\/madelinefashion.pl\/sk\/wp-json\/wp\/v2\/product_cat?post=37772"},{"taxonomy":"product_tag","embeddable":true,"href":"https:\/\/madelinefashion.pl\/sk\/wp-json\/wp\/v2\/product_tag?post=37772"}],"curies":[{"name":"pracovn\u00fd list","href":"https:\/\/api.w.org\/{rel}","templated":true}]}}