{"id":38995,"date":"2022-05-14T08:56:41","date_gmt":"2022-05-14T06:56:41","guid":{"rendered":"https:\/\/madelinefashion.pl\/?post_type=product&#038;p=38995"},"modified":"2026-01-20T10:33:51","modified_gmt":"2026-01-20T09:33:51","slug":"top-krotki-bawelniany-z-tiulem-keril-pomaranczowy","status":"publish","type":"product","link":"https:\/\/madelinefashion.pl\/sk\/top-krotki-bawelniany-z-tiulem-keril-pomaranczowy\/","title":{"rendered":"Kr\u00e1tky top Keril Orange Bavlna Tyl"},"content":{"rendered":"<h3 style=\"text-align: center;\">Kr\u00e1tky top Keril Orange Bavlna Tyl<\/h3>\n<p style=\"text-align: center;\">Stavte na outfit s paz\u00farikom! <strong>Sexy top <\/strong>s <strong>kr\u00e1sna tylov\u00e1 aplik\u00e1cia na prednej strane<\/strong>Vyroben\u00e9 z bavlnenej tkaniny, bude ide\u00e1lne pre v\u00e4\u010d\u0161inu \u0161t\u00fdlov. Elastick\u00e1 l\u00e1tka sa dokonale prisp\u00f4sob\u00ed postave. Zvolen\u00fd pre mnoh\u00e9 jarn\u00e9 a letn\u00e9 \u0161tyliz\u00e1cie. <strong>Model, ktor\u00fd si zamilujete<\/strong>. M\u00f4\u017eete ju nosi\u0165 k \u0161ortk\u00e1m, d\u017e\u00ednsom alebo sukni. Kr\u00e1tka bl\u00fazka vyroben\u00e1 z <strong>rebrovan\u00fd materi\u00e1l<\/strong> m\u00e1 v\u00fdstu\u017en\u00e9 misky. <strong>Mega \u017eensk\u00fd, zmyseln\u00fd sexi top <\/strong>Eur\u00f3psky v\u00fdrobok, ve\u013emi dobr\u00e1 kvalita.<strong>\u00a0<\/strong>Ve\u013ekos\u0165\u00a0<strong>odpor\u00fa\u010dan\u00e9 univerz\u00e1lne<\/strong>\u00a0pre d\u00e1my vo ve\u013ekosti od<strong> XS a\u017e L\u00a0 \u00a0<\/strong>\u0160irok\u00e1 \u0161k\u00e1la farieb v\u00e1m umo\u017en\u00ed vybra\u0165 si top, ktor\u00fd zv\u00fdrazn\u00ed va\u0161u postavu!<\/p>\n<h3 style=\"text-align: center;\">Rozmery<\/h3>\n<ul style=\"text-align: center;\">\n<li>celkov\u00e1 d\u013a\u017eka: 22 cm<\/li>\n<li>\u0161\u00edrka od pazuchy po pazuchu: 34-45 cm<\/li>\n<li><\/li>\n<li><\/li>\n<\/ul>\n<p style=\"text-align: center;\">Rozmery sa m\u00f4\u017eu mierne l\u00ed\u0161i\u0165 od uveden\u00fdch +\/- 2cm. V\u0161etky uveden\u00e9 rozmery s\u00fa meran\u00e9 plo\u0161ne. <strong>rozmer x2<\/strong><\/p>\n<p style=\"text-align: center;\"><strong>\u00a0<\/strong><\/p>\n<table width=\"623\">\n<tbody>\n<tr>\n<td width=\"302\">Meno modela<\/td>\n<td width=\"302\">Kr\u00e1tky bavlnen\u00fd top Keril Tyl<\/td>\n<\/tr>\n<tr>\n<td width=\"302\">Farba<\/td>\n<td width=\"302\">Oran\u017eov\u00e1<\/td>\n<\/tr>\n<tr>\n<td width=\"302\">Zbierka<\/td>\n<td width=\"302\">Jar Leto Jese\u0148<\/td>\n<\/tr>\n<tr>\n<td width=\"302\">ve\u013ekosti<\/td>\n<td width=\"302\">Univerz\u00e1lny<\/td>\n<\/tr>\n<tr>\n<td width=\"302\">M\u00f3da<\/td>\n<td width=\"302\">Zhoda<\/td>\n<\/tr>\n<tr>\n<td width=\"302\">\u0160tiepenie<\/td>\n<td width=\"302\">\u0161paniel\u010dina<\/td>\n<\/tr>\n<tr>\n<td width=\"302\">Ko\u0161\u00ed\u010dky na spevnenie poprsia<\/td>\n<td width=\"302\">Nie<\/td>\n<\/tr>\n<tr>\n<td width=\"302\">Materi\u00e1l<\/td>\n<td width=\"302\">95% visk\u00f3za 5% elastan<\/td>\n<\/tr>\n<\/tbody>\n<\/table>\n<p>&nbsp;<\/p>\n<p style=\"text-align: center;\">\u00a0Model m\u00e1\u00a0<strong>169<\/strong>\u00a0cm vysok\u00fd, nos\u00ed ve\u013ekos\u0165 ka\u017ed\u00fd de\u0148\u00a0<strong>S<\/strong><\/p>\n<p style=\"text-align: center;\">\u0160\u00edrka cez prsia 92 cm<\/p>\n<p style=\"text-align: center;\">\u0160\u00edrka v p\u00e1se 62 cm<\/p>\n<p style=\"text-align: center;\">\u0160\u00edrka v bokoch 94 cm<\/p>","protected":false},"excerpt":{"rendered":"<p>Top Kr\u00f3tki Bawe\u0142niany Z Tiulem Keril Pomara\u0144czowy Postaw na outfit z pazurem! Seksowny Top z pi\u0119kn\u0105 tiulow\u0105 aplikacj\u0105 z przodu, wykonany zbawelnianego materia\u0142u sprawdzi si\u0119 idealnie w wi\u0119kszo\u015bci stylizacji. Elastyczna tkanina idealnie dopasowuje si\u0119 do sylwetki. Wybierany do wielu wiosennych i letnich stylizacji. Model w kt\u00f3rym si\u0119 zakochasz. Mo\u017cesz go nosi\u0107 do szort\u00f3w, d\u017cins\u00f3w czy<\/p>\n<div class=\"klb-readmore post-buttons\"><a class=\"button black outline size-sm\" href=\"https:\/\/madelinefashion.pl\/sk\/top-krotki-bawelniany-z-tiulem-keril-pomaranczowy\/\">\u010c\u00edta\u0165 \u010falej <i class=\"klbth-icon-right-arrow\"><\/i><\/a><\/div>","protected":false},"featured_media":38967,"template":"","meta":[],"product_brand":[],"product_cat":[77,395],"product_tag":[292],"class_list":{"0":"post-38995","1":"product","2":"type-product","3":"status-publish","4":"has-post-thumbnail","6":"product_cat-bluzki","7":"product_cat-nowosci","8":"product_tag-topy","10":"first","11":"outofstock","12":"sale","13":"purchasable","14":"product-type-simple"},"_links":{"self":[{"href":"https:\/\/madelinefashion.pl\/sk\/wp-json\/wp\/v2\/product\/38995","targetHints":{"allow":["GET"]}}],"collection":[{"href":"https:\/\/madelinefashion.pl\/sk\/wp-json\/wp\/v2\/product"}],"about":[{"href":"https:\/\/madelinefashion.pl\/sk\/wp-json\/wp\/v2\/types\/product"}],"wp:featuredmedia":[{"embeddable":true,"href":"https:\/\/madelinefashion.pl\/sk\/wp-json\/wp\/v2\/media\/38967"}],"wp:attachment":[{"href":"https:\/\/madelinefashion.pl\/sk\/wp-json\/wp\/v2\/media?parent=38995"}],"wp:term":[{"taxonomy":"product_brand","embeddable":true,"href":"https:\/\/madelinefashion.pl\/sk\/wp-json\/wp\/v2\/product_brand?post=38995"},{"taxonomy":"product_cat","embeddable":true,"href":"https:\/\/madelinefashion.pl\/sk\/wp-json\/wp\/v2\/product_cat?post=38995"},{"taxonomy":"product_tag","embeddable":true,"href":"https:\/\/madelinefashion.pl\/sk\/wp-json\/wp\/v2\/product_tag?post=38995"}],"curies":[{"name":"pracovn\u00fd list","href":"https:\/\/api.w.org\/{rel}","templated":true}]}}