{"id":40306,"date":"2022-05-22T14:28:47","date_gmt":"2022-05-22T12:28:47","guid":{"rendered":"https:\/\/madelinefashion.pl\/?post_type=product&#038;p=40306"},"modified":"2026-03-26T12:40:19","modified_gmt":"2026-03-26T11:40:19","slug":"sukienka-asymetryczna-esmeralda-pudrowy-roz","status":"publish","type":"product","link":"https:\/\/madelinefashion.pl\/sk\/sukienka-asymetryczna-esmeralda-pudrowy-roz\/","title":{"rendered":"P\u00fadrovo ru\u017eov\u00e9 asymetrick\u00e9 \u0161aty Esmeralda"},"content":{"rendered":"<h3 style=\"text-align: center;\">P\u00fadrovo ru\u017eov\u00e9 asymetrick\u00e9 \u0161aty Esmeralda<\/h3>\n<p style=\"text-align: center;\"><strong>Vysn\u00edvan\u00e9 \u0161aty<\/strong>\u00a0asymetrick\u00e9 s origin\u00e1lom <strong>\u010dipkovan\u00fd top<\/strong> s v\u00fdstrihom do V\u00a0 <strong>Vyzer\u00e1 ve\u013emi zmyselne a origin\u00e1lne. N\u00e1dhern\u00e9 ve\u010dern\u00e9 \u0161aty na \u0161peci\u00e1lne pr\u00edle\u017eitosti. Priliehav\u00e9 asymetrick\u00e9 \u0161aty s tenk\u00fdmi ramienkami, zdoben\u00e9 vol\u00e1nmi. Pozd\u013a\u017e poprsia s\u00fa na\u0161it\u00e9 v\u00fdstu\u017en\u00e9 kostice\u00a0 \u00a0<\/strong>Ru\u017eov\u00e9 \u0161aty ide\u00e1lne na svadbu alebo after-party. <strong>\u00a0<\/strong><strong>\u0160aty s dlh\u0161\u00edm zadn\u00fdm dielom<\/strong> ru\u017eov\u00e1 d<span style=\"font-size: 10pt;\">dostupn\u00e9 v na\u0161ej predajni vo ve\u013ekostiach XS SM L. Na\u0161e \u0160aty s\u00fa ide\u00e1lnou vo\u013ebou na svadby, plesy, Silvestra a in\u00e9 elegantn\u00e9 pr\u00edle\u017eitostn\u00e9 udalosti. V na\u0161om e-shope n\u00e1jdete jedine\u010dn\u00e9 \u0161aty za mimoriadne v\u00fdhodn\u00e9 ceny \u2013\u00a0 <strong>nev\u00e1hajte a vyberte si ten, ktor\u00fd je pre v\u00e1s ide\u00e1lny<\/strong>. Ak sa neviete rozhodn\u00fa\u0165 ak\u00fa farbu, <strong>ve\u013ekos\u0165<\/strong> je pre v\u00e1s to najlep\u0161ie <strong>kontaktuj n\u00e1s<\/strong> cez <a href=\"https:\/\/www.facebook.com\/madelinefashionbutik\" target=\"_blank\" rel=\"noopener\">Facebook<\/a> alebo <a href=\"https:\/\/madelinefashion.pl\/sk\/kontakt\/\">telef\u00f3n<\/a>. Ak ve\u013ekos\u0165 nie je na str\u00e1nke, kontaktujte n\u00e1s.\u00a0<strong> Neviete ak\u00e9 svadobn\u00e9 \u0161aty si vybra\u0165? <a href=\"https:\/\/madelinefashion.pl\/sk\/product-tag\/sukienka-biala\/?orderby=price-desc\">Skontrolujte<\/a>to bude pre teba ide\u00e1lne!\u00a0<\/strong><\/span><\/p>\n<h3 style=\"text-align: center;\">ROZMERY \u0161iat:<\/h3>\n<table width=\"556\">\n<tbody>\n<tr>\n<td><strong>VE\u013dKOS\u0164<\/strong><\/td>\n<td><strong>poprsia<\/strong><\/td>\n<td><strong>P\u00e1s<\/strong><\/td>\n<td><strong>Boky<\/strong><\/td>\n<\/tr>\n<tr>\n<td><strong>34<\/strong><\/td>\n<td>84-86<\/td>\n<td>64-68<\/td>\n<td>\u00a082-90<\/td>\n<\/tr>\n<tr>\n<td><strong>36<\/strong><\/td>\n<td>88-90<\/td>\n<td>68-72<\/td>\n<td>\u00a086-92<\/td>\n<\/tr>\n<tr>\n<td><strong>38<\/strong><\/td>\n<td>92-94<\/td>\n<td>72-76<\/td>\n<td>\u00a090-96<\/td>\n<\/tr>\n<tr>\n<td><strong>40<\/strong><\/td>\n<td>96-98<\/td>\n<td>76-80<\/td>\n<td>\u00a094-106<\/td>\n<\/tr>\n<\/tbody>\n<\/table>\n<p style=\"text-align: center;\"><span style=\"font-size: 10pt;\">\u00a0 <\/span><\/p>\n<p style=\"text-align: center;\"><span style=\"font-size: 10pt;\">celkov\u00e1 d\u013a\u017eka cca 157 cm<\/span>\u00a0(\u0161aty sa daj\u00fa skr\u00e1ti\u0165 pod\u013ea vlastnej chuti)<\/p>\n<p style=\"text-align: center;\"><span style=\"font-size: 10pt;\">\u0160aty s\u00fa dostupn\u00e9 aj v in\u00fdch farb\u00e1ch - odpor\u00fa\u010dame v\u00e1m zozn\u00e1mi\u0165 sa s na\u0161imi \u010fal\u0161\u00edmi produktmi.<\/span><\/p>\n<p style=\"text-align: center;\"><span style=\"font-size: 10pt;\">Rozmery sa m\u00f4\u017eu mierne l\u00ed\u0161i\u0165 od uveden\u00fdch +\/- 2cm.\u00a0<\/span><\/p>\n<p style=\"text-align: center;\"><span style=\"font-size: 10pt;\"><strong>\u00a0<\/strong>\u00a0<\/span><\/p>\n<table width=\"620\">\n<tbody>\n<tr>\n<td width=\"302\">Meno modela<\/td>\n<td width=\"302\">Asymetrick\u00e9 \u0161aty Esmeralda<\/td>\n<\/tr>\n<tr>\n<td width=\"302\">Farba<\/td>\n<td width=\"302\">P\u00fadrov\u00e1 ru\u017eov\u00e1<\/td>\n<\/tr>\n<tr>\n<td width=\"302\">Marka<\/td>\n<td width=\"302\">Pekn\u00e1 \u017eena<\/td>\n<\/tr>\n<tr>\n<td width=\"302\">ve\u013ekosti<\/td>\n<td width=\"302\">34 36 38 40<\/td>\n<\/tr>\n<tr>\n<td width=\"302\">M\u00f3da<\/td>\n<td width=\"302\">Zhoda \/ ryba<\/td>\n<\/tr>\n<tr>\n<td width=\"302\">Materi\u00e1l<\/td>\n<td width=\"302\">Visk\u00f3za, polyester, bavlna<\/td>\n<\/tr>\n<tr>\n<td width=\"302\">D\u013a\u017eka<\/td>\n<td width=\"302\">Na zem<\/td>\n<\/tr>\n<\/tbody>\n<\/table>\n<p style=\"text-align: center;\"><span style=\"font-size: 10pt;\">\u00a0<\/span><\/p>\n<p>&nbsp;<\/p>\n<p style=\"text-align: center;\"><span style=\"font-size: 10pt;\">Aby ste si vybrali <strong>perfektn\u00e9 \u0161aty<\/strong> kontaktujte n\u00e1s telefonicky alebo prostredn\u00edctvom na\u0161ej webovej str\u00e1nky <a href=\"https:\/\/www.facebook.com\/madelinefashionbutik\" target=\"_blank\" rel=\"noopener\">Facebook<\/a> .<\/span><br \/>\n<span style=\"font-size: 10pt;\">N\u00e1\u0161 t\u00edm v\u00e1m pom\u00f4\u017ee <strong>Vyberte si ten spr\u00e1vny<\/strong> . <strong>Na \u017eelanie kupuj\u00faceho vyrob\u00edme ak\u00e9ko\u013evek \u0161aty\u00a0<\/strong><strong>opatrne mera\u0165.\u00a0<\/strong><\/span><\/p>\n<div class=\"additional-details\" style=\"text-align: center;\">\n<p style=\"text-align: center;\"><span style=\"font-size: 10pt;\">\u00a0<\/span><\/p>\n<\/div>","protected":false},"excerpt":{"rendered":"<p>Asymetrick\u00e9 \u0161aty Esmeralda v p\u00fadrovo ru\u017eovej farbe. Ohromuj\u00face asymetrick\u00e9 \u0161aty s unik\u00e1tnym \u010dipkovan\u00fdm \u017eiv\u00f4tikom a v\u00fdstrihom do V. Vyzeraj\u00fa ve\u013emi zmyselne a origin\u00e1lne. N\u00e1dhern\u00e9 ve\u010dern\u00e9 \u0161aty na \u0161peci\u00e1lne pr\u00edle\u017eitosti. Priliehav\u00e9 asymetrick\u00e9 \u0161aty s tenk\u00fdmi ramienkami, ozdoben\u00e9 vol\u00e1nikmi. Pozd\u013a\u017e poprsia s\u00fa pri\u0161it\u00e9 podporn\u00e9 kostice. Tieto ru\u017eov\u00e9 \u0161aty s\u00fa ide\u00e1lne na svadbu alebo afterp\u00e1rty. \u0160aty maj\u00fa dlh\u0161\u00ed chrb\u00e1t v ru\u017eovej farbe.<\/p>\n<div class=\"klb-readmore post-buttons\"><a class=\"button black outline size-sm\" href=\"https:\/\/madelinefashion.pl\/sk\/sukienka-asymetryczna-esmeralda-pudrowy-roz\/\">\u010c\u00edta\u0165 \u010falej <i class=\"klbth-icon-right-arrow\"><\/i><\/a><\/div>","protected":false},"featured_media":152695,"template":"","meta":[],"product_brand":[],"product_cat":[395,124,559,569],"product_tag":[257,163,262,215],"class_list":{"0":"post-40306","1":"product","2":"type-product","3":"status-publish","4":"has-post-thumbnail","6":"product_cat-nowosci","7":"product_cat-sukienki-okolicznosciowe","8":"product_cat-noworoczna-sekcja-okazji","9":"product_cat-sukienki-dopasowane","10":"product_tag-madelinefashion","11":"product_tag-sukienki-dlugie","12":"product_tag-sukienki-krotkie","13":"product_tag-sukienki-rozowe","15":"first","16":"instock","17":"sale","18":"purchasable","19":"product-type-variable"},"_links":{"self":[{"href":"https:\/\/madelinefashion.pl\/sk\/wp-json\/wp\/v2\/product\/40306","targetHints":{"allow":["GET"]}}],"collection":[{"href":"https:\/\/madelinefashion.pl\/sk\/wp-json\/wp\/v2\/product"}],"about":[{"href":"https:\/\/madelinefashion.pl\/sk\/wp-json\/wp\/v2\/types\/product"}],"wp:featuredmedia":[{"embeddable":true,"href":"https:\/\/madelinefashion.pl\/sk\/wp-json\/wp\/v2\/media\/152695"}],"wp:attachment":[{"href":"https:\/\/madelinefashion.pl\/sk\/wp-json\/wp\/v2\/media?parent=40306"}],"wp:term":[{"taxonomy":"product_brand","embeddable":true,"href":"https:\/\/madelinefashion.pl\/sk\/wp-json\/wp\/v2\/product_brand?post=40306"},{"taxonomy":"product_cat","embeddable":true,"href":"https:\/\/madelinefashion.pl\/sk\/wp-json\/wp\/v2\/product_cat?post=40306"},{"taxonomy":"product_tag","embeddable":true,"href":"https:\/\/madelinefashion.pl\/sk\/wp-json\/wp\/v2\/product_tag?post=40306"}],"curies":[{"name":"pracovn\u00fd list","href":"https:\/\/api.w.org\/{rel}","templated":true}]}}