{"id":41089,"date":"2022-05-25T15:39:08","date_gmt":"2022-05-25T13:39:08","guid":{"rendered":"https:\/\/madelinefashion.pl\/?post_type=product&#038;p=41089"},"modified":"2025-08-10T22:15:06","modified_gmt":"2025-08-10T20:15:06","slug":"kombinezon-mini-w-kwiaty-wiazany-bialo-niebieski","status":"publish","type":"product","link":"https:\/\/madelinefashion.pl\/sk\/kombinezon-mini-w-kwiaty-wiazany-bialo-niebieski\/","title":{"rendered":"Mini overal s bielou a modrou kvetinovou v\u00e4zbou"},"content":{"rendered":"<h3 style=\"text-align: center;\">Mini overal s bielou a modrou kvetinovou v\u00e4zbou<\/h3>\n<p style=\"text-align: center;\"><span style=\"vertical-align: inherit;\"><span style=\"vertical-align: inherit;\"><b><span style=\"vertical-align: inherit;\"><span style=\"vertical-align: inherit;\">Mini overal s bielou a modrou kvetinovou v\u00e4zbou. Fenomen\u00e1lny overal uviazan\u00fd a s otvoren\u00fdm chrbtom.<\/span><\/span><\/b><span style=\"vertical-align: inherit;\"><span style=\"vertical-align: inherit;\"> Je to bestseller v na\u0161om obchode. <\/span><span style=\"vertical-align: inherit;\">S<\/span><\/span><\/span><span style=\"vertical-align: inherit;\"><span style=\"vertical-align: inherit;\"><span style=\"vertical-align: inherit;\">pr\u00e1va, ktor\u00e9 okolo v\u00e1s nikto \u013eahostajne neprejde. <\/span><\/span><strong><span style=\"vertical-align: inherit;\"><span style=\"vertical-align: inherit;\">\u00a0. <\/span><\/span><\/strong><span style=\"vertical-align: inherit;\"><span style=\"vertical-align: inherit;\">Vyroben\u00e9 z materi\u00e1lu pr\u00edjemn\u00e9ho na dotyk. <\/span><span style=\"vertical-align: inherit;\">Vysok\u00e1 kvalita materi\u00e1lu zaist\u00ed pohodlie pri nosen\u00ed<\/span><\/span><span style=\"vertical-align: inherit;\"><span style=\"vertical-align: inherit;\">\u00a0. <\/span><span style=\"vertical-align: inherit;\">c<\/span><\/span><\/span><\/span><span style=\"vertical-align: inherit;\"><span style=\"vertical-align: inherit;\">odpor vytv\u00e1ra v\u00fdnimo\u010dn\u00e9 <\/span><\/span><strong><span style=\"vertical-align: inherit;\"><span style=\"vertical-align: inherit;\">styling. <\/span><\/span><\/strong><span style=\"vertical-align: inherit;\"><span style=\"vertical-align: inherit;\">Ako stvoren\u00e9 na tepl\u00e9 jarn\u00e9 a letn\u00e9 dni, ako po\u010das pr\u00e1zdnin, tak aj v zhone mesta. <\/span><\/span><strong><span style=\"vertical-align: inherit;\"><span style=\"vertical-align: inherit;\">Budete pote\u0161en\u00ed, dokonal\u00fd strih, ktor\u00fd je alternat\u00edvou k \u0161at\u00e1m. <\/span><\/span><\/strong><span style=\"vertical-align: inherit;\"><span style=\"vertical-align: inherit;\">Pohodln\u00e9 nosenie v sofistikovanom \u0161t\u00fdle mus\u00ed by\u0165 vo va\u0161om \u0161atn\u00edku. <\/span><\/span><strong><span style=\"vertical-align: inherit;\"><span style=\"vertical-align: inherit;\">\u0160t\u00fdlov\u00fd a ve\u013emi \u017eensk\u00fd overal.<\/span><\/span><\/strong><span style=\"vertical-align: inherit;\"><span style=\"vertical-align: inherit;\">\u00a0 Odpor\u00fa\u010da sa pre \u017eeny, ktor\u00e9 nosia ve\u013e <\/span><\/span><strong><span style=\"vertical-align: inherit;\"><span style=\"vertical-align: inherit;\">XS SML XL.\u00a0 <\/span><\/span><\/strong><span style=\"vertical-align: inherit;\"><span style=\"vertical-align: inherit;\">Dostupn\u00e9 v na\u0161om <\/span><\/span><strong><span style=\"vertical-align: inherit;\"><span style=\"vertical-align: inherit;\">skladova\u0165 vo viacer\u00fdch variantoch <\/span><\/span><a href=\"https:\/\/madelinefashion.pl\/sk\/product-tag\/kombinezony\/\"><span style=\"vertical-align: inherit;\"><span style=\"vertical-align: inherit;\">farby<\/span><\/span><\/a><span style=\"vertical-align: inherit;\"><span style=\"vertical-align: inherit;\"> . Oblek m\u00e1 opasok vo farbe l\u00e1tky.<\/span><\/span><\/strong><\/p>\n<p>&nbsp;<\/p>\n<h3 style=\"text-align: center;\"><span style=\"vertical-align: inherit;\"><span style=\"vertical-align: inherit;\"><span style=\"vertical-align: inherit;\">Rozmery obleku:<\/span><\/span><\/span><\/h3>\n<p align=\"center\"><span style=\"vertical-align: inherit;\"><span style=\"vertical-align: inherit;\">Celkov\u00e1 d\u013a\u017eka - 78 cm<\/span><\/span><br \/>\n<span style=\"vertical-align: inherit;\"><span style=\"vertical-align: inherit;\">\u0160\u00edrka od pazuchy po pazuchu: 37-47 cm<\/span><\/span><br \/>\n<span style=\"vertical-align: inherit;\"><span style=\"vertical-align: inherit;\">\u0160\u00edrka p\u00e1sa: 34-48 cm (elastick\u00fd)<\/span><\/span><br \/>\n<span style=\"vertical-align: inherit;\"><span style=\"vertical-align: inherit;\">Vn\u00fatorn\u00e1 d\u013a\u017eka nohav\u00edc: 38 cm<\/span><\/span><\/p>\n<p style=\"text-align: center;\"><span style=\"vertical-align: inherit;\"><span style=\"vertical-align: inherit;\"><span style=\"vertical-align: inherit;\"><span style=\"vertical-align: inherit;\">Rozmery sa m\u00f4\u017eu l\u00ed\u0161i\u0165 od uveden\u00fdch +\/- 2cm. <\/span><\/span><\/span><span style=\"vertical-align: inherit;\"><span style=\"vertical-align: inherit;\"><span style=\"vertical-align: inherit;\">V\u0161etky uveden\u00e9 rozmery s\u00fa meran\u00e9 plo\u0161ne. x2<\/span><\/span><\/span><\/span><\/p>\n<h3 style=\"text-align: center;\"><span style=\"vertical-align: inherit;\"><span style=\"vertical-align: inherit;\"><span style=\"vertical-align: inherit;\"><span style=\"vertical-align: inherit;\">Vlastnosti produktu:<\/span><\/span><br \/>\n<\/span><\/span><\/h3>\n<p style=\"text-align: center;\"><span style=\"vertical-align: inherit;\"><span style=\"vertical-align: inherit;\">-elegantn\u00fd<\/span><\/span><br \/>\n<span style=\"vertical-align: inherit;\"><span style=\"vertical-align: inherit;\">- pr\u00edjemn\u00fd materi\u00e1l <\/span><\/span><br \/>\n<span style=\"vertical-align: inherit;\"><span style=\"vertical-align: inherit;\">- m\u00f3dny \u0161t\u00fdl <\/span><\/span><br \/>\n<span style=\"vertical-align: inherit;\"><span style=\"vertical-align: inherit;\">- guma v p\u00e1se <\/span><\/span><br \/>\n<span style=\"vertical-align: inherit;\"><span style=\"vertical-align: inherit;\">- origin\u00e1l <\/span><\/span><br \/>\n<span style=\"vertical-align: inherit;\"><span style=\"vertical-align: inherit;\">-\u017eensk\u00fd<br \/>\n<\/span><\/span><span style=\"vertical-align: inherit;\"><span style=\"vertical-align: inherit;\"><span style=\"vertical-align: inherit;\"><span style=\"vertical-align: inherit;\">\u2013<\/span><\/span><span style=\"vertical-align: inherit;\"><span style=\"vertical-align: inherit;\">kr\u00e1tky ruk\u00e1v\u00a0<\/span><\/span><\/span><\/span><\/p>\n<p style=\"text-align: center;\"><strong>\u00a0<\/strong><\/p>\n<table style=\"height: 214px;\" width=\"620\">\n<tbody>\n<tr>\n<td width=\"302\"><span style=\"vertical-align: inherit;\"><span style=\"vertical-align: inherit;\">Meno modela<\/span><\/span><\/td>\n<td width=\"302\">Mini kombin\u00e9za so zaviazan\u00fdm kvetom<\/td>\n<\/tr>\n<tr>\n<td width=\"302\"><span style=\"vertical-align: inherit;\"><span style=\"vertical-align: inherit;\">Farba<\/span><\/span><\/td>\n<td width=\"302\">Biela a modr\u00e1<\/td>\n<\/tr>\n<tr>\n<td width=\"302\"><span style=\"vertical-align: inherit;\"><span style=\"vertical-align: inherit;\">Zbierka<\/span><\/span><\/td>\n<td width=\"302\"><span style=\"vertical-align: inherit;\"><span style=\"vertical-align: inherit;\">Jar Leto Jese\u0148<\/span><\/span><\/td>\n<\/tr>\n<tr>\n<td width=\"302\"><span style=\"vertical-align: inherit;\"><span style=\"vertical-align: inherit;\">ve\u013ekosti<\/span><\/span><\/td>\n<td width=\"302\"><span style=\"vertical-align: inherit;\"><span style=\"vertical-align: inherit;\">Univerz\u00e1lny<\/span><\/span><\/td>\n<\/tr>\n<tr>\n<td width=\"302\"><span style=\"vertical-align: inherit;\"><span style=\"vertical-align: inherit;\">\u0160tiepenie<\/span><\/span><\/td>\n<td width=\"302\"><span style=\"vertical-align: inherit;\"><span style=\"vertical-align: inherit;\">\u0161paniel\u010dina<\/span><\/span><\/td>\n<\/tr>\n<tr>\n<td width=\"302\"><span style=\"vertical-align: inherit;\"><span style=\"vertical-align: inherit;\">D\u013a\u017eka<\/span><\/span><\/td>\n<td width=\"302\"><span style=\"vertical-align: inherit;\"><span style=\"vertical-align: inherit;\">Mini<\/span><\/span><\/td>\n<\/tr>\n<tr>\n<td width=\"302\"><span style=\"vertical-align: inherit;\"><span style=\"vertical-align: inherit;\">Materi\u00e1l<\/span><\/span><\/td>\n<td width=\"302\"><span style=\"vertical-align: inherit;\"><span style=\"vertical-align: inherit;\">Polyester 95%<br \/>\nElastan 5%<\/span><\/span><\/td>\n<\/tr>\n<\/tbody>\n<\/table>\n<div class=\"tabs tabs-bb clear mb-80\">\n<div class=\"tab-content\">\n<div id=\"tab-description\" class=\"tab-pane fade in woocommerce-Tabs-panel--description active\">\n<p style=\"text-align: center;\">\n<\/div>\n<\/div>\n<\/div>\n<section class=\"related products mb-80\"><\/section>\n<section class=\"page-product-box\">\n<div class=\"rte\">\n<p style=\"text-align: center;\">Model m\u00e1\u00a0<strong>169<\/strong>\u00a0cm vysok\u00fd, nos\u00ed ve\u013ekos\u0165 ka\u017ed\u00fd de\u0148\u00a0<strong>S<\/strong><\/p>\n<p style=\"text-align: center;\">\u0160\u00edrka cez prsia 92 cm<\/p>\n<p style=\"text-align: center;\">\u0160\u00edrka v p\u00e1se 62 cm<\/p>\n<p style=\"text-align: center;\">\u0160\u00edrka v bokoch 94 cm<\/p>\n<\/div>\n<\/section>","protected":false},"excerpt":{"rendered":"<p>Kombinezon Mini w Kwiaty Wi\u0105zany Bia\u0142o-Niebieski Kombinezon Mini w Kwiaty Wi\u0105zany Bia\u0142o-Niebieski. Fenomenalny kombinezon wi\u0105zany i z odkrytymi plecami. To bestsellerowy hit w naszym sklepie. Spraw, \u017ce nikt nie przejdzie obok Ciebie oboj\u0119tnie. \u00a0. Wykonany z przyjemnego w dotyku materia\u0142u. Wysoka jako\u015b\u0107 materia\u0142u zapewni\u0119 i komfort noszenia\u00a0. Ca\u0142o\u015b\u0107 tworzy niebanaln\u0105 styl\u00f3wk\u0119. Wprost stworzon\u0105 na ciep\u0142e<\/p>\n<div class=\"klb-readmore post-buttons\"><a class=\"button black outline size-sm\" href=\"https:\/\/madelinefashion.pl\/sk\/kombinezon-mini-w-kwiaty-wiazany-bialo-niebieski\/\">\u010c\u00edta\u0165 \u010falej <i class=\"klbth-icon-right-arrow\"><\/i><\/a><\/div>","protected":false},"featured_media":40995,"template":"","meta":[],"product_brand":[],"product_cat":[80,395],"product_tag":[297],"class_list":{"0":"post-41089","1":"product","2":"type-product","3":"status-publish","4":"has-post-thumbnail","6":"product_cat-sukienki-i-kombinezony","7":"product_cat-nowosci","8":"product_tag-kombinezony","10":"first","11":"instock","12":"purchasable","13":"product-type-simple"},"_links":{"self":[{"href":"https:\/\/madelinefashion.pl\/sk\/wp-json\/wp\/v2\/product\/41089","targetHints":{"allow":["GET"]}}],"collection":[{"href":"https:\/\/madelinefashion.pl\/sk\/wp-json\/wp\/v2\/product"}],"about":[{"href":"https:\/\/madelinefashion.pl\/sk\/wp-json\/wp\/v2\/types\/product"}],"wp:featuredmedia":[{"embeddable":true,"href":"https:\/\/madelinefashion.pl\/sk\/wp-json\/wp\/v2\/media\/40995"}],"wp:attachment":[{"href":"https:\/\/madelinefashion.pl\/sk\/wp-json\/wp\/v2\/media?parent=41089"}],"wp:term":[{"taxonomy":"product_brand","embeddable":true,"href":"https:\/\/madelinefashion.pl\/sk\/wp-json\/wp\/v2\/product_brand?post=41089"},{"taxonomy":"product_cat","embeddable":true,"href":"https:\/\/madelinefashion.pl\/sk\/wp-json\/wp\/v2\/product_cat?post=41089"},{"taxonomy":"product_tag","embeddable":true,"href":"https:\/\/madelinefashion.pl\/sk\/wp-json\/wp\/v2\/product_tag?post=41089"}],"curies":[{"name":"pracovn\u00fd list","href":"https:\/\/api.w.org\/{rel}","templated":true}]}}