{"id":41178,"date":"2022-05-25T16:49:53","date_gmt":"2022-05-25T14:49:53","guid":{"rendered":"https:\/\/madelinefashion.pl\/?post_type=product&#038;p=41178"},"modified":"2025-10-14T12:11:47","modified_gmt":"2025-10-14T10:11:47","slug":"spodnica-dopasowana-wiazana-maleo-chabrowa","status":"publish","type":"product","link":"https:\/\/madelinefashion.pl\/sk\/spodnica-dopasowana-wiazana-maleo-chabrowa\/","title":{"rendered":"Vypasovan\u00e1 suk\u0148a viazan\u00e1 Maleo nev\u00e4dza"},"content":{"rendered":"<h3 style=\"text-align: center;\">Vypasovan\u00e1 suk\u0148a viazan\u00e1 Maleo nev\u00e4dza<\/h3>\n<p style=\"text-align: center;\"><span style=\"font-family: arial, helvetica, sans-serif; font-size: 10pt;\"><span style=\"font-family: arial, helvetica, sans-serif;\"><span style=\"font-size: 13.3333px;\"><b>Suk\u0148a<\/b><\/span><\/span><b style=\"font-family: arial, helvetica, sans-serif; font-size: 10pt;\"> Na mieru <\/b><span style=\"font-family: arial, helvetica, sans-serif;\"><span style=\"font-size: 13.3333px;\"><b>Zviazan\u00fd<\/b><\/span><\/span><b style=\"font-family: arial, helvetica, sans-serif; font-size: 10pt;\"> Maleo Chabrowa<\/b><span style=\"font-family: arial, helvetica, sans-serif;\"><span style=\"font-size: 10pt;\"> Prelo\u017een\u00e9 - dokonal\u00e9 <\/span><\/span><strong style=\"font-family: arial, helvetica, sans-serif; font-size: 10pt;\">zd\u00f4raz\u0148uje \u017eensk\u00e9 tvary<\/strong><span style=\"font-family: arial, helvetica, sans-serif;\"><span style=\"font-size: 10pt;\">. Elastick\u00fd p\u00e1s, vysoko elastick\u00fd. V na\u0161om butiku je bestsellerom. Suk\u0148a je skuto\u010dn\u00fdm hitom medzi blogerkami a celebritami.\u00a0 <\/span><\/span><\/span><span style=\"font-size: 10pt;\">Ve\u013ek\u00e9 zvr\u00e1snenie jej prid\u00e1va na \u0161arme. V na\u0161ej sukni sa v\u017edy predstav\u00edte <strong>pr\u00ed\u0165a\u017elivo<\/strong>. <\/span><span style=\"font-size: 10pt;\"><strong>Vytvorte perfektn\u00fd set<\/strong> s na\u0161im <a href=\"https:\/\/madelinefashion.pl\/sk\/bluzki-2\/bluzki\/\">bl\u00fazky<\/a> a <a href=\"https:\/\/madelinefashion.pl\/sk\/body\/\">bodami<\/a>. Je ide\u00e1lnou ponukou na v\u0161etky pr\u00edle\u017eitosti, posl\u00fa\u017ei nielen na de\u0148, do kancel\u00e1rie \u010di na p\u00e1rty, ale dopln\u00ed aj elegantn\u00e9 \u0161tyliz\u00e1cie. Ur\u010dite v na\u0161om online butiku n\u00e1jdete t\u00fa spr\u00e1vnu kombin\u00e1ciu s <strong>suk\u0148a<\/strong>. Odpor\u00fa\u010dame pre d\u00e1my vo ve\u013ekostiach S, M, L Odpor\u00fa\u010dame <strong>presn\u00e9 meranie\u00a0<\/strong>pod\u013ea ni\u017e\u0161ie uvedenej tabu\u013eky rozmerov. Dostupn\u00e9 v na\u0161om e-shope v <strong>nieko\u013eko farebn\u00fdch variantov<\/strong>tak nev\u00e1hajte a vyberte si ten, ktor\u00fd je pre v\u00e1s ide\u00e1lny. Ak sa neviete rozhodn\u00fa\u0165, ktor\u00e1 farba je pre v\u00e1s najlep\u0161ia, kontaktujte n\u00e1s prostredn\u00edctvom <a href=\"https:\/\/www.facebook.com\/madelinefashionbutik\" target=\"_blank\" rel=\"noopener\">Facebook<\/a>\u00a0alebo <a href=\"https:\/\/madelinefashion.pl\/sk\/kontakt\/\">telef\u00f3n<\/a>.<\/span><\/p>\n<p>&nbsp;<\/p>\n<p>&nbsp;<\/p>\n<h3 style=\"text-align: center;\">Rozmery:<\/h3>\n<ul>\n<li style=\"text-align: center;\">Celkov\u00e1 d\u013a\u017eka -44 cm<\/li>\n<li style=\"text-align: center;\">Najdlh\u0161ie miesto - 60 cm<\/li>\n<li style=\"text-align: center;\">\u0160\u00edrka v p\u00e1se - 34- 44 cm<\/li>\n<li style=\"text-align: center;\">\u0160\u00edrka bokov 44-54 cm<\/li>\n<\/ul>\n<p style=\"text-align: center;\"><span style=\"font-size: 10pt;\">\u00a0<\/span><\/p>\n<p style=\"text-align: center;\"><span style=\"font-size: 10pt;\">Rozmery sa m\u00f4\u017eu mierne l\u00ed\u0161i\u0165 od uveden\u00fdch +\/- 2cm. V\u0161etky uveden\u00e9 rozmery s\u00fa meran\u00e9 plo\u0161ne.<\/span><\/p>\n<p style=\"text-align: center;\"><span style=\"font-size: 10pt;\"> \u00a0<strong>odpor\u00fa\u010dan\u00e9<\/strong> pre \u013eud\u00ed, ktor\u00ed nosia ve\u013ekos\u0165 od\u00a0<strong>S\u00a0<\/strong>dole\u00a0<strong>L<\/strong><\/span><\/p>\n<table>\n<tbody>\n<tr>\n<td width=\"302\">Meno Produktu<\/td>\n<td width=\"302\">Priliehav\u00e1 suk\u0148a Maleo<\/td>\n<\/tr>\n<tr>\n<td width=\"302\">Farba<\/td>\n<td width=\"302\">Nev\u00e4dza<\/td>\n<\/tr>\n<tr>\n<td width=\"302\">ve\u013ekosti<\/td>\n<td width=\"302\">Univerz\u00e1lny<\/td>\n<\/tr>\n<tr>\n<td width=\"302\">M\u00f3da<\/td>\n<td width=\"302\">Na mieru<\/td>\n<\/tr>\n<tr>\n<td width=\"302\">Materi\u00e1l<\/td>\n<td width=\"302\">Polyester 95%<\/td>\n<\/tr>\n<\/tbody>\n<\/table>\n<p style=\"text-align: center;\"><span style=\"font-size: 10pt;\">\u00a0<\/span><\/p>\n<p style=\"text-align: center;\">Model m\u00e1\u00a0<strong>169<\/strong>\u00a0cm vysok\u00fd, nos\u00ed ve\u013ekos\u0165 ka\u017ed\u00fd de\u0148\u00a0<strong>S<\/strong><\/p>\n<p style=\"text-align: center;\">\u0160\u00edrka cez prsia 92 cm<\/p>\n<p style=\"text-align: center;\">\u0160\u00edrka v p\u00e1se 62 cm<\/p>\n<p style=\"text-align: center;\">\u0160\u00edrka v bokoch 94 cm<span style=\"font-size: 10pt;\">\u00a0<\/span><\/p>","protected":false},"excerpt":{"rendered":"<p>Sp\u00f3dnica Dopasowana Wiazana Maleo Chabrowa Sp\u00f3dnica Dopasowana Wi\u0105zana Maleo Chabrowa przek\u0142adana- idealnie podkre\u015bla kobiece kszta\u0142ty. Sp\u00f3dniczka na gumk\u0119, mocno elastyczna. Jest to\u00a0 bestseler w naszym butiku. Sp\u00f3dnica jest prawdziwym hitem w\u015br\u00f3d blogerek i gwiazd.\u00a0 \u015awietne marszczenie dodaje jej uroku. W naszej sp\u00f3dnicy zawsze b\u0119dziesz si\u0119\u00a0 prezentowa\u0107 atrakcyjnie. Stw\u00f3rz idealny zestaw z naszymi bluzkami i bodami.<\/p>\n<div class=\"klb-readmore post-buttons\"><a class=\"button black outline size-sm\" href=\"https:\/\/madelinefashion.pl\/sk\/spodnica-dopasowana-wiazana-maleo-chabrowa\/\">\u010c\u00edta\u0165 \u010falej <i class=\"klbth-icon-right-arrow\"><\/i><\/a><\/div>","protected":false},"featured_media":41136,"template":"","meta":[],"product_brand":[],"product_cat":[121,395],"product_tag":[425],"class_list":{"0":"post-41178","1":"product","2":"type-product","3":"status-publish","4":"has-post-thumbnail","6":"product_cat-mini","7":"product_cat-nowosci","8":"product_tag-spodenki","9":"pa_rozmiar-m-38","10":"pa_rozmiar-l-40","11":"pa_rozmiar-s-36","13":"first","14":"instock","15":"purchasable","16":"product-type-simple"},"_links":{"self":[{"href":"https:\/\/madelinefashion.pl\/sk\/wp-json\/wp\/v2\/product\/41178","targetHints":{"allow":["GET"]}}],"collection":[{"href":"https:\/\/madelinefashion.pl\/sk\/wp-json\/wp\/v2\/product"}],"about":[{"href":"https:\/\/madelinefashion.pl\/sk\/wp-json\/wp\/v2\/types\/product"}],"wp:featuredmedia":[{"embeddable":true,"href":"https:\/\/madelinefashion.pl\/sk\/wp-json\/wp\/v2\/media\/41136"}],"wp:attachment":[{"href":"https:\/\/madelinefashion.pl\/sk\/wp-json\/wp\/v2\/media?parent=41178"}],"wp:term":[{"taxonomy":"product_brand","embeddable":true,"href":"https:\/\/madelinefashion.pl\/sk\/wp-json\/wp\/v2\/product_brand?post=41178"},{"taxonomy":"product_cat","embeddable":true,"href":"https:\/\/madelinefashion.pl\/sk\/wp-json\/wp\/v2\/product_cat?post=41178"},{"taxonomy":"product_tag","embeddable":true,"href":"https:\/\/madelinefashion.pl\/sk\/wp-json\/wp\/v2\/product_tag?post=41178"}],"curies":[{"name":"pracovn\u00fd list","href":"https:\/\/api.w.org\/{rel}","templated":true}]}}