{"id":41240,"date":"2022-05-25T18:11:46","date_gmt":"2022-05-25T16:11:46","guid":{"rendered":"https:\/\/madelinefashion.pl\/?post_type=product&#038;p=41240"},"modified":"2026-01-15T12:43:16","modified_gmt":"2026-01-15T11:43:16","slug":"kurtka-krotka-katana-jeansowa-dwukolorowa-daysie","status":"publish","type":"product","link":"https:\/\/madelinefashion.pl\/sk\/kurtka-krotka-katana-jeansowa-dwukolorowa-daysie\/","title":{"rendered":"Dvojfarebn\u00e1 denimov\u00e1 kr\u00e1tka bunda Katana Daysie"},"content":{"rendered":"<h3 style=\"text-align: center;\">Dvojfarebn\u00e1 denimov\u00e1 kr\u00e1tka bunda Katana Daysie<\/h3>\n<p style=\"text-align: center;\"><strong>Dvojfarebn\u00e1 denimov\u00e1 kr\u00e1tka bunda Katana Daysie<\/strong> D\u017e\u00ednsov\u00e1 bunda Katana je ide\u00e1lnym n\u00e1vrhom na bl\u00ed\u017eiacu sa jar. Bunda oversize strihu, okolo p\u00e1sa. Mimoriadne m\u00f3dna ponuka, m\u00e1 dve vreck\u00e1 a ozdobn\u00e9 odreniny. V spodnej \u010dasti ukon\u010den\u00e9 m\u00f3dnym s\u0165ahovan\u00edm. Zap\u00edna sa na gomb\u00edky a hod\u00ed sa k v\u00e4\u010d\u0161ine ka\u017edodenn\u00e9ho \u0161t\u00fdlu. Katana je ide\u00e1lna na topy, tri\u010dk\u00e1, leg\u00edny, nohavice - je to ve\u013emi univerz\u00e1lny model, ktor\u00fd sa dod\u00e1va vo ve\u013e.<b> M,L,XL.\u00a0<\/b><\/p>\n<h3 style=\"text-align: center;\">Rozmery:<\/h3>\n<p style=\"text-align: center;\"><b>S\/36<\/b><\/p>\n<p style=\"text-align: center;\">Celkov\u00e1 d\u013a\u017eka - 40 cm<\/p>\n<p style=\"text-align: center;\">\u0160\u00edrka od podpazu\u0161ia po podpazu\u0161ie - 40-45 cm<\/p>\n<p style=\"text-align: center;\">D\u013a\u017eka ruk\u00e1va od ramena - 58 cm<\/p>\n<p style=\"text-align: center;\">D\u013a\u017eka ruk\u00e1va od podpazu\u0161ia - 47 cm<\/p>\n<p style=\"text-align: center;\">\u0160\u00edrka v spodnej \u010dasti - 42-44 cm<\/p>\n<p style=\"text-align: center;\"><b>M\/38<\/b><\/p>\n<p style=\"text-align: center;\">Celkov\u00e1 d\u013a\u017eka - 41 cm<\/p>\n<p style=\"text-align: center;\">\u0160\u00edrka od pazuchy po pazuchu - 45-47 cm<\/p>\n<p style=\"text-align: center;\">D\u013a\u017eka ruk\u00e1va od ramena - 60 cm<\/p>\n<p style=\"text-align: center;\">D\u013a\u017eka ruk\u00e1va od podpazu\u0161ia - 48 cm<\/p>\n<p style=\"text-align: center;\">\u0160\u00edrka v spodnej \u010dasti - 45-47 cm<\/p>\n<p style=\"text-align: center;\"><b>L\/40<\/b><\/p>\n<p style=\"text-align: center;\">Celkov\u00e1 d\u013a\u017eka - 42 cm<\/p>\n<p style=\"text-align: center;\">\u0160\u00edrka od pazuchy po pazuchu - 48-50 cm<\/p>\n<p style=\"text-align: center;\">D\u013a\u017eka ruk\u00e1va od ramena - 60 cm<\/p>\n<p style=\"text-align: center;\">D\u013a\u017eka ruk\u00e1va od podpazu\u0161ia - 48 cm<\/p>\n<p style=\"text-align: center;\">\u0160\u00edrka v spodnej \u010dasti - 48-52 cm<\/p>\n<p style=\"text-align: center;\"><b>XL\/42<\/b><\/p>\n<p style=\"text-align: center;\">Celkov\u00e1 d\u013a\u017eka - 44 cm<\/p>\n<p style=\"text-align: center;\">\u0160\u00edrka od pazuchy po pazuchu - 49-51 cm<\/p>\n<p style=\"text-align: center;\">D\u013a\u017eka ruk\u00e1va od ramena - 60 cm<\/p>\n<p style=\"text-align: center;\">D\u013a\u017eka ruk\u00e1va od podpazu\u0161ia - 50 cm<\/p>\n<p style=\"text-align: center;\">\u0160\u00edrka v spodnej \u010dasti - 50-52 cm<\/p>\n<p>&nbsp;<\/p>\n<p style=\"text-align: center;\">Rozmery sa m\u00f4\u017eu mierne l\u00ed\u0161i\u0165 od uveden\u00fdch +\/- 2cm. V\u0161etky uveden\u00e9 rozmery s\u00fa <strong>meran\u00fd byt<\/strong>.\u00a0<strong>rozmer x2<\/strong><\/p>\n<p>&nbsp;<\/p>\n<table width=\"605\">\n<tbody>\n<tr>\n<td width=\"302\">Meno modela<\/td>\n<td width=\"302\">Katana Denim Jacket Stars Short Stars<\/td>\n<\/tr>\n<tr>\n<td width=\"302\">Farba<\/td>\n<td width=\"302\">d\u017e\u00ednsy<\/td>\n<\/tr>\n<tr>\n<td width=\"302\">ve\u013ekosti<\/td>\n<td width=\"302\">SML XL<\/td>\n<\/tr>\n<tr>\n<td width=\"302\">Zbierka<\/td>\n<td width=\"302\">Jar leto jese\u0148 zima<\/td>\n<\/tr>\n<tr>\n<td width=\"302\">Hood<\/td>\n<td width=\"302\">Nie<\/td>\n<\/tr>\n<tr>\n<td width=\"302\">Kvalita<\/td>\n<td width=\"302\">Premium<\/td>\n<\/tr>\n<tr>\n<td width=\"302\">zap\u00ednanie<\/td>\n<td width=\"302\">tla\u010didl\u00e1<\/td>\n<\/tr>\n<\/tbody>\n<\/table>\n<p>&nbsp;<\/p>\n<p style=\"text-align: center;\">Model m\u00e1\u00a0<strong>169<\/strong>\u00a0cm vysok\u00fd, nos\u00ed ve\u013ekos\u0165 ka\u017ed\u00fd de\u0148\u00a0<strong>S<\/strong><\/p>\n<p style=\"text-align: center;\">\u0160\u00edrka cez prsia 92 cm<\/p>\n<p style=\"text-align: center;\">\u0160\u00edrka v p\u00e1se 62 cm<\/p>\n<p style=\"text-align: center;\">\u0160\u00edrka v bokoch 94 cm<\/p>\n<p>&nbsp;<\/p>\n<p style=\"text-align: center;\"><span style=\"font-size: 10pt;\">\u00a0<\/span><\/p>\n<p style=\"text-align: center;\">","protected":false},"excerpt":{"rendered":"<p>Kr\u00e1tka dvojfarebn\u00e1 d\u017e\u00ednsov\u00e1 bunda Daysie Katana Kr\u00e1tka dvojfarebn\u00e1 d\u017e\u00ednsov\u00e1 bunda Daysie Katana D\u017e\u00ednsov\u00e1 bunda Daysie Katana je perfektnou vo\u013ebou na nadch\u00e1dzaj\u00facu jar. T\u00e1to nadrozmern\u00e1 bunda siaha a\u017e po p\u00e1s. Neuverite\u013ene m\u00f3dny k\u00fasok s dvoma vreckami a ozdobn\u00fdm lemovan\u00edm. Na leme je zakon\u010den\u00e1 m\u00f3dnym vol\u00e1nikom. Zap\u00edna sa na gomb\u00edky a hod\u00ed sa k v\u00e4\u010d\u0161ine ka\u017edodenn\u00fdch outfitov. Katana je ide\u00e1lna na...<\/p>\n<div class=\"klb-readmore post-buttons\"><a class=\"button black outline size-sm\" href=\"https:\/\/madelinefashion.pl\/sk\/kurtka-krotka-katana-jeansowa-dwukolorowa-daysie\/\">\u010c\u00edta\u0165 \u010falej <i class=\"klbth-icon-right-arrow\"><\/i><\/a><\/div>","protected":false},"featured_media":41172,"template":"","meta":[],"product_brand":[],"product_cat":[117,395],"product_tag":[240,507],"class_list":{"0":"post-41240","1":"product","2":"type-product","3":"status-publish","4":"has-post-thumbnail","6":"product_cat-kurtki","7":"product_cat-nowosci","8":"product_tag-jeans","9":"product_tag-kurtka-jeansowa","10":"pa_rozmiar-s","11":"pa_rozmiar-m","12":"pa_rozmiar-l","13":"pa_rozmiar-xl","15":"first","16":"instock","17":"sale","18":"purchasable","19":"product-type-variable"},"_links":{"self":[{"href":"https:\/\/madelinefashion.pl\/sk\/wp-json\/wp\/v2\/product\/41240","targetHints":{"allow":["GET"]}}],"collection":[{"href":"https:\/\/madelinefashion.pl\/sk\/wp-json\/wp\/v2\/product"}],"about":[{"href":"https:\/\/madelinefashion.pl\/sk\/wp-json\/wp\/v2\/types\/product"}],"wp:featuredmedia":[{"embeddable":true,"href":"https:\/\/madelinefashion.pl\/sk\/wp-json\/wp\/v2\/media\/41172"}],"wp:attachment":[{"href":"https:\/\/madelinefashion.pl\/sk\/wp-json\/wp\/v2\/media?parent=41240"}],"wp:term":[{"taxonomy":"product_brand","embeddable":true,"href":"https:\/\/madelinefashion.pl\/sk\/wp-json\/wp\/v2\/product_brand?post=41240"},{"taxonomy":"product_cat","embeddable":true,"href":"https:\/\/madelinefashion.pl\/sk\/wp-json\/wp\/v2\/product_cat?post=41240"},{"taxonomy":"product_tag","embeddable":true,"href":"https:\/\/madelinefashion.pl\/sk\/wp-json\/wp\/v2\/product_tag?post=41240"}],"curies":[{"name":"pracovn\u00fd list","href":"https:\/\/api.w.org\/{rel}","templated":true}]}}