{"id":41260,"date":"2022-05-25T18:39:24","date_gmt":"2022-05-25T16:39:24","guid":{"rendered":"https:\/\/madelinefashion.pl\/?post_type=product&#038;p=41260"},"modified":"2025-10-01T07:34:30","modified_gmt":"2025-10-01T05:34:30","slug":"spodenki-ciemny-jeans-inner","status":"publish","type":"product","link":"https:\/\/madelinefashion.pl\/sk\/spodenki-ciemny-jeans-inner\/","title":{"rendered":"Tmav\u00e9 d\u017e\u00ednsov\u00e9 vn\u00fatorn\u00e9 \u0161ortky"},"content":{"rendered":"<h3 style=\"text-align: center;\">Tmav\u00e9 d\u017e\u00ednsov\u00e9 vn\u00fatorn\u00e9 \u0161ortky<\/h3>\n<p style=\"text-align: center;\"><span style=\"vertical-align: inherit;\"><span style=\"vertical-align: inherit;\"><b>Dark Jeans Vn\u00fatorn\u00e9 \u0161ortky Rozstrapkan\u00e9 \u0161ortky<\/b>\u00a0je nad\u010dasov\u00fd model, ktor\u00fd nevyjde z m\u00f3dy - model, ktor\u00fd nesmie ch\u00fdba\u0165 vo va\u0161om \u0161atn\u00edku. <\/span><span style=\"vertical-align: inherit;\">\u0160ortky vyroben\u00e9 z <\/span><\/span><strong><span style=\"vertical-align: inherit;\"><span style=\"vertical-align: inherit;\">kvalitn\u00fd materi\u00e1l s vysok\u00fdm p\u00e1som,<\/span><\/span><\/strong><span style=\"vertical-align: inherit;\"><span style=\"vertical-align: inherit;\"> \u00a0ktor\u00e9 dokonale modeluj\u00fa postavu. Extr\u00e9mne sexi ponuka na jar a leto, ktor\u00e1 bezpochyby <strong>prid\u00e1<\/strong>\u00a0jedine\u010dn\u00fd <strong>charakter<\/strong>. <\/span><span style=\"vertical-align: inherit;\">S\u00fa ve\u013emi pohodln\u00e9<\/span><\/span><span style=\"vertical-align: inherit;\"><span style=\"vertical-align: inherit;\"> a \u013eahko sa kombinuj\u00fa, \u013eahko sa kombinuj\u00fa s na\u0161imi bl\u00fazkami, ko\u0161e\u013eami alebo \u013eahk\u00fdmi svetrami - ktor\u00e9 n\u00e1jdete aj v na\u0161ej <a href=\"https:\/\/madelinefashion.pl\/sk\/swetry\/\">e-shop.<\/a>\u00a0 Kr\u00e1tke nohy odhalia a <strong>opticky pred\u013a\u017eia nohy <\/strong> cez rozstrapkan\u00e9 lemy n\u00f4h. M\u00e4kk\u00e1 a pru\u017en\u00e1 d\u017e\u00ednsovina obj\u00edme zado\u010dek. <strong>\u00a0Model pre sebavedom\u00e9 \u017eeny, nikto okolo v\u00e1s neprejde \u013eahostajn\u00fdm.<\/strong> pon\u00fakame<\/span><\/span><span style=\"vertical-align: inherit;\"><span style=\"vertical-align: inherit;\"> ich vo ve\u013ekostiach <strong>xs,<\/strong>\u00a0 <strong>S, M, L, XL, <\/strong><\/span><\/span><span style=\"vertical-align: inherit;\"><span style=\"vertical-align: inherit;\">\u00a0tie\u017e odpor\u00fa\u010dame <\/span><\/span><span style=\"vertical-align: inherit;\"><span style=\"vertical-align: inherit;\"><b>presne tak\u00a0<\/b><\/span><\/span><strong><span style=\"vertical-align: inherit;\"><span style=\"vertical-align: inherit;\">mera\u0165<\/span><\/span><\/strong><span style=\"vertical-align: inherit;\"><span style=\"vertical-align: inherit;\"> pod\u013ea tabu\u013eky rozmerov ni\u017e\u0161ie. <\/span><span style=\"vertical-align: inherit;\">Dopl\u0148te svoj \u0161atn\u00edk o tento najpred\u00e1vanej\u0161\u00ed model. <\/span><\/span><span style=\"vertical-align: inherit;\"><span style=\"vertical-align: inherit;\">V pr\u00edpade \u010fal\u0161\u00edch ot\u00e1zok k tomuto produktu n\u00e1s nev\u00e1hajte kontaktova\u0165 telefonicky alebo cez Facebook. Sledujte nov\u00e9 trendy s\u00a0<strong>Madelinefashion.\u00a0<\/strong>V inform\u00e1ci\u00e1ch po zak\u00fapen\u00ed m\u00f4\u017eete posla\u0165 svoje miery, vyberieme pre v\u00e1s ide\u00e1lne nohavice.<br \/>\n<\/span><\/span><\/p>\n<p style=\"text-align: center;\"><span style=\"vertical-align: inherit;\"><span style=\"vertical-align: inherit;\">\u00a0<\/span><\/span><\/p>\n<p>&nbsp;<\/p>\n<h3 style=\"text-align: center;\"><span style=\"vertical-align: inherit;\"><span style=\"vertical-align: inherit;\">Rozmery nohav\u00edc:<\/span><\/span><\/h3>\n<p style=\"text-align: center;\"><strong>VE\u013dKOS\u0164 XS 34 <\/strong><\/p>\n<ul style=\"text-align: center;\">\n<li>Celkov\u00e1 d\u013a\u017eka: 32 cm<\/li>\n<li>\u0160\u00edrka v p\u00e1se: 32-34 cm<\/li>\n<li>V\u00fd\u0161ka: 35 cm<\/li>\n<li>\u0160\u00edrka bokov: 42-44 cm<\/li>\n<li>\u0160\u00edrka n\u00f4h: 29 cm<\/li>\n<\/ul>\n<p style=\"text-align: center;\"><strong>VE\u013dKOS\u0164 S 36\u00a0<\/strong><\/p>\n<ul style=\"text-align: center;\">\n<li>\u00a0Celkov\u00e1 d\u013a\u017eka: 32 cm<\/li>\n<li>\u0160\u00edrka v p\u00e1se: 33-35 cm<\/li>\n<li>V\u00fd\u0161ka: 36 cm<\/li>\n<li>\u0160\u00edrka bokov: 44-46 cm<\/li>\n<li>\u0160\u00edrka n\u00f4h: 30 cm<\/li>\n<li><\/li>\n<\/ul>\n<p style=\"text-align: center;\"><strong>VE\u013dKOS\u0164 M 38\u00a0<\/strong><\/p>\n<ul style=\"text-align: center;\">\n<li>Celkov\u00e1 d\u013a\u017eka: 32 cm<\/li>\n<li>\u0160\u00edrka v p\u00e1se: 35-37 cm<\/li>\n<li>V\u00fd\u0161ka: 38 cm<\/li>\n<li>\u0160\u00edrka bokov: 44-48 cm<\/li>\n<li>\u0160\u00edrka n\u00f4h: 30 cm<\/li>\n<li><\/li>\n<\/ul>\n<p style=\"text-align: center;\"><strong>VE\u013dKOS\u0164 L 40\u00a0<\/strong><\/p>\n<ul style=\"text-align: center;\">\n<li>Celkov\u00e1 d\u013a\u017eka: 34 cm<\/li>\n<li>\u0160\u00edrka v p\u00e1se: 37-39 cm<\/li>\n<li>V\u00fd\u0161ka: 40 cm<\/li>\n<li>\u0160\u00edrka bokov: 47-51 cm<\/li>\n<li>\u0160\u00edrka n\u00f4h: 32 cm<\/li>\n<li><\/li>\n<\/ul>\n<p style=\"text-align: center;\"><strong>Ve\u013ekos\u0165 XL 42\u00a0<\/strong><\/p>\n<ul style=\"text-align: center;\">\n<li>Celkov\u00e1 d\u013a\u017eka: 34 cm<\/li>\n<li>\u0160\u00edrka v p\u00e1se: 39-41 cm<\/li>\n<li>V\u00fd\u0161ka: 40 cm<\/li>\n<li>\u0160\u00edrka bokov: 51-53 cm<\/li>\n<li>\u0160\u00edrka n\u00f4h: 32 cm<\/li>\n<li><\/li>\n<li><\/li>\n<\/ul>\n<p style=\"text-align: center;\"><span style=\"vertical-align: inherit;\"><span style=\"vertical-align: inherit;\">Rozmery sa m\u00f4\u017eu l\u00ed\u0161i\u0165 od uveden\u00fdch +\/- 2cm. <\/span><span style=\"vertical-align: inherit;\">V\u0161etky uveden\u00e9 rozmery s\u00fa meran\u00e9 plo\u0161ne.<strong> rozmer x2<\/strong><\/span><\/span><\/p>\n<p style=\"text-align: center;\"><strong><span style=\"vertical-align: inherit;\"><span style=\"vertical-align: inherit;\">Dokonale padn\u00fa ka\u017edej postave<\/span><\/span><\/strong><\/p>\n<p>&nbsp;<\/p>\n<p style=\"text-align: center;\">Model m\u00e1\u00a0<strong>169<\/strong>\u00a0cm vysok\u00fd, nos\u00ed ve\u013ekos\u0165 ka\u017ed\u00fd de\u0148\u00a0<strong>S<\/strong><\/p>\n<p style=\"text-align: center;\">\u0160\u00edrka poprsia <strong>92 cm<\/strong><\/p>\n<p style=\"text-align: center;\">\u0160\u00edrka v p\u00e1se <strong>62 cm<\/strong><\/p>\n<p style=\"text-align: center;\">\u0160\u00edrka v bokoch <strong>94 cm<\/strong><\/p>","protected":false},"excerpt":{"rendered":"<p>Spodenki Ciemny Jeans Inner Spodenki Ciemny Jeans Inner.Kr\u00f3tkie spodenki strz\u0119pione\u00a0to ponadczasowy model, kt\u00f3ry nie wychodzi z mody &#8211; model kt\u00f3rego nie mo\u017ce zabrakn\u0105\u0107 w Twojej garderobie. Spodenki wykonane z wysokiej jako\u015bci materia\u0142u z wysokim stanem, \u00a0kt\u00f3re doskonale modeluj\u0105 sylwetk\u0119.\u00a0 Niezwykle seksowna propozycja na wiosn\u0119 i lato, kt\u00f3re bez w\u0105tpienia doda\u00a0niepowtarzalnego charakteru. S\u0105 bardzo wygodne oraz<\/p>\n<div class=\"klb-readmore post-buttons\"><a class=\"button black outline size-sm\" href=\"https:\/\/madelinefashion.pl\/sk\/spodenki-ciemny-jeans-inner\/\">\u010c\u00edta\u0165 \u010falej <i class=\"klbth-icon-right-arrow\"><\/i><\/a><\/div>","protected":false},"featured_media":41094,"template":"","meta":[],"product_brand":[],"product_cat":[83,395],"product_tag":[240,425],"class_list":{"0":"post-41260","1":"product","2":"type-product","3":"status-publish","4":"has-post-thumbnail","6":"product_cat-spodnie","7":"product_cat-nowosci","8":"product_tag-jeans","9":"product_tag-spodenki","10":"pa_rozmiar-34-42-142","11":"pa_rozmiar-34-42-36-2","12":"pa_rozmiar-34-42-38-2","13":"pa_rozmiar-34-42-40-2","14":"pa_rozmiar-34-42-42-2","16":"first","17":"instock","18":"product-type-variable"},"_links":{"self":[{"href":"https:\/\/madelinefashion.pl\/sk\/wp-json\/wp\/v2\/product\/41260","targetHints":{"allow":["GET"]}}],"collection":[{"href":"https:\/\/madelinefashion.pl\/sk\/wp-json\/wp\/v2\/product"}],"about":[{"href":"https:\/\/madelinefashion.pl\/sk\/wp-json\/wp\/v2\/types\/product"}],"wp:featuredmedia":[{"embeddable":true,"href":"https:\/\/madelinefashion.pl\/sk\/wp-json\/wp\/v2\/media\/41094"}],"wp:attachment":[{"href":"https:\/\/madelinefashion.pl\/sk\/wp-json\/wp\/v2\/media?parent=41260"}],"wp:term":[{"taxonomy":"product_brand","embeddable":true,"href":"https:\/\/madelinefashion.pl\/sk\/wp-json\/wp\/v2\/product_brand?post=41260"},{"taxonomy":"product_cat","embeddable":true,"href":"https:\/\/madelinefashion.pl\/sk\/wp-json\/wp\/v2\/product_cat?post=41260"},{"taxonomy":"product_tag","embeddable":true,"href":"https:\/\/madelinefashion.pl\/sk\/wp-json\/wp\/v2\/product_tag?post=41260"}],"curies":[{"name":"pracovn\u00fd list","href":"https:\/\/api.w.org\/{rel}","templated":true}]}}