{"id":41268,"date":"2022-05-25T18:50:23","date_gmt":"2022-05-25T16:50:23","guid":{"rendered":"https:\/\/madelinefashion.pl\/?post_type=product&#038;p=41268"},"modified":"2025-10-14T12:11:47","modified_gmt":"2025-10-14T10:11:47","slug":"spodniczka-rozkloszowana-w-kwiatki-czarna","status":"publish","type":"product","link":"https:\/\/madelinefashion.pl\/sk\/spodniczka-rozkloszowana-w-kwiatki-czarna\/","title":{"rendered":"Suk\u0148a s \u010diernymi kvetmi"},"content":{"rendered":"<h3 style=\"text-align: center;\">Suk\u0148a s \u010diernymi kvetmi<\/h3>\n<h2 style=\"text-align: center;\"><span style=\"font-size: 10pt;\">Jemn\u00e1 minisuk\u0148a s vol\u00e1nmi. Jemn\u00fd vzor sa bude hodi\u0165 ku ka\u017ed\u00e9mu \u0161t\u00fdlu.<\/span><\/h2>\n<p style=\"text-align: center;\"><span style=\"font-size: 10pt;\">* vol\u00e1niky<\/span><br \/>\n<span style=\"font-size: 10pt;\">* Elastick\u00e9 v p\u00e1se<\/span><\/p>\n<p style=\"text-align: center;\"><span style=\"font-size: 10pt;\">\u00a0<\/span><\/p>\n<h3 style=\"text-align: center;\">\u00a0 \u00a0 \u00a0Rozmery<\/h3>\n<ul style=\"text-align: center;\">\n<li><span style=\"font-size: 10pt;\">\u0161\u00edrka p\u00e1sa: 33-48 cm<\/span><\/li>\n<li><span style=\"font-size: 10pt;\">celkov\u00e1 d\u013a\u017eka: 43 cm\u00a0<\/span><\/li>\n<li><span style=\"font-size: 10pt;\">\u0161\u00edrka bokov: 52<\/span><\/li>\n<li><span style=\"font-size: 10pt;\">odpor\u00fa\u010dan\u00fd maxim\u00e1lny obvod poprsia: 96<\/span><\/li>\n<\/ul>\n<p style=\"text-align: center;\"><span style=\"font-size: 10pt;\">Rozmery sa m\u00f4\u017eu mierne l\u00ed\u0161i\u0165 od uveden\u00fdch +\/- 2cm. V\u0161etky uveden\u00e9 rozmery s\u00fa meran\u00e9 plo\u0161ne.<\/span><\/p>\n<p style=\"text-align: center;\"><span style=\"font-size: 10pt;\">\u00a0<\/span><\/p>\n<p style=\"text-align: center;\"><span style=\"font-size: 10pt;\">\u00a0<\/span><\/p>\n<table>\n<tbody>\n<tr>\n<td width=\"302\">Meno modela<\/td>\n<td width=\"302\">Zvonen\u00e1 suk\u0148a s kvetmi<\/td>\n<\/tr>\n<tr>\n<td width=\"302\">Farba<\/td>\n<td width=\"302\">\u010dierna<\/td>\n<\/tr>\n<tr>\n<td width=\"302\">ve\u013ekosti<\/td>\n<td width=\"302\">Univerz\u00e1lny<\/td>\n<\/tr>\n<tr>\n<td width=\"302\">M\u00f3da<\/td>\n<td width=\"302\">nadrozmern\u00e9<\/td>\n<\/tr>\n<tr>\n<td width=\"302\">Materi\u00e1l<\/td>\n<td width=\"302\">100 % Polyester<\/td>\n<\/tr>\n<\/tbody>\n<\/table>\n<p style=\"text-align: center;\"><span style=\"font-size: 10pt;\">\u00a0<\/span><\/p>\n<p style=\"text-align: center;\">Model m\u00e1\u00a0<strong>169<\/strong>\u00a0cm vysok\u00fd, nos\u00ed ve\u013ekos\u0165 ka\u017ed\u00fd de\u0148\u00a0<strong>S<\/strong><\/p>\n<p style=\"text-align: center;\">\u0160\u00edrka cez prsia 92 cm<\/p>\n<p style=\"text-align: center;\">\u0160\u00edrka v p\u00e1se 62 cm<\/p>\n<p style=\"text-align: center;\">\u0160\u00edrka v bokoch 94 cm<\/p>\n<p style=\"text-align: center;\">","protected":false},"excerpt":{"rendered":"<p>Sp\u00f3dniczka Rozkloszowana w Kwiatki Czarna Delikatna sp\u00f3dniczka z falbanami o d\u0142ugo\u015bci mini. Drobny wz\u00f3r\u00a0 b\u0119dzie pasowa\u0107 do ka\u017cdej stylizacji. * falbanki * gumka w talii \u00a0 \u00a0 \u00a0 \u00a0Wymiary szeroko\u015b\u0107 w pasie:\u00a0\u00a0 33-48 cm d\u0142ugo\u015b\u0107 ca\u0142kowita : 43 cm\u00a0 szeroko\u015b\u0107 biodra : 52 zalecany max obw\u00f3d w biu\u015bcie: 96 Wymiary mog\u0105 si\u0119 nieznacznie r\u00f3\u017cni\u0107 od<\/p>\n<div class=\"klb-readmore post-buttons\"><a class=\"button black outline size-sm\" href=\"https:\/\/madelinefashion.pl\/sk\/spodniczka-rozkloszowana-w-kwiatki-czarna\/\">\u010c\u00edta\u0165 \u010falej <i class=\"klbth-icon-right-arrow\"><\/i><\/a><\/div>","protected":false},"featured_media":41236,"template":"","meta":[],"product_brand":[],"product_cat":[121],"product_tag":[],"class_list":{"0":"post-41268","1":"product","2":"type-product","3":"status-publish","4":"has-post-thumbnail","6":"product_cat-mini","8":"first","9":"instock","10":"purchasable","11":"product-type-simple"},"_links":{"self":[{"href":"https:\/\/madelinefashion.pl\/sk\/wp-json\/wp\/v2\/product\/41268","targetHints":{"allow":["GET"]}}],"collection":[{"href":"https:\/\/madelinefashion.pl\/sk\/wp-json\/wp\/v2\/product"}],"about":[{"href":"https:\/\/madelinefashion.pl\/sk\/wp-json\/wp\/v2\/types\/product"}],"wp:featuredmedia":[{"embeddable":true,"href":"https:\/\/madelinefashion.pl\/sk\/wp-json\/wp\/v2\/media\/41236"}],"wp:attachment":[{"href":"https:\/\/madelinefashion.pl\/sk\/wp-json\/wp\/v2\/media?parent=41268"}],"wp:term":[{"taxonomy":"product_brand","embeddable":true,"href":"https:\/\/madelinefashion.pl\/sk\/wp-json\/wp\/v2\/product_brand?post=41268"},{"taxonomy":"product_cat","embeddable":true,"href":"https:\/\/madelinefashion.pl\/sk\/wp-json\/wp\/v2\/product_cat?post=41268"},{"taxonomy":"product_tag","embeddable":true,"href":"https:\/\/madelinefashion.pl\/sk\/wp-json\/wp\/v2\/product_tag?post=41268"}],"curies":[{"name":"pracovn\u00fd list","href":"https:\/\/api.w.org\/{rel}","templated":true}]}}