{"id":42220,"date":"2022-05-30T10:16:03","date_gmt":"2022-05-30T08:16:03","guid":{"rendered":"https:\/\/madelinefashion.pl\/?post_type=product&#038;p=42220"},"modified":"2026-01-20T10:33:48","modified_gmt":"2026-01-20T09:33:48","slug":"bluzka-bawelniana-z-ozdobnym-dekoltem-pudrowy-roz","status":"publish","type":"product","link":"https:\/\/madelinefashion.pl\/sk\/bluzka-bawelniana-z-ozdobnym-dekoltem-pudrowy-roz\/","title":{"rendered":"P\u00fadrovoru\u017eov\u00e1 bavlnen\u00e1 bl\u00fazka s ozdobn\u00fdm v\u00fdstrihom"},"content":{"rendered":"<h3 style=\"text-align: center;\">P\u00fadrovoru\u017eov\u00e1 bavlnen\u00e1 bl\u00fazka s ozdobn\u00fdm v\u00fdstrihom<\/h3>\n<p style=\"text-align: center;\"><strong>\u010cierna bavlnen\u00e1 bl\u00fazka s m\u00f3dnym ozdobn\u00fdm v\u00fdstrihom.<\/strong> Model<strong>\u00a0\u00a0<\/strong>bude sa hodi\u0165 do ka\u017ed\u00e9ho \u0161atn\u00edka<strong>. Nad\u010dasov\u00fd jednoduch\u00fd \u0161t\u00fdl.<\/strong> Bl\u00fazka m\u00e1 ozdobn\u00e9 prestrihy na v\u00fdstrihu. <strong>Je to ide\u00e1lny model na ka\u017ed\u00fd de\u0148!\u00a0 <\/strong>V pohodlnom vo\u013enom \u0161t\u00fdle bude vyzera\u0165 fantasticky. <strong>Univerz\u00e1lna ve\u013ekos\u0165, odpor\u00fa\u010dan\u00e1 od S po xl<\/strong><\/p>\n<h3 style=\"text-align: center;\">\u00a0 \u00a0 \u00a0Rozmery:<\/h3>\n<ul>\n<li style=\"text-align: center;\">celkov\u00e1 d\u013a\u017eka: 63 cm<\/li>\n<li style=\"text-align: center;\">\u0161\u00edrka hrudn\u00edka: 41-45 cm<\/li>\n<li style=\"text-align: center;\">d\u013a\u017eka ruk\u00e1va: 62 cm\n<ul>\n<li>d\u013a\u017eka ruk\u00e1va od podpazu\u0161ia: 49 cm<\/li>\n<\/ul>\n<\/li>\n<li style=\"text-align: center;\">\u0161\u00edrka v bokoch: 46-49 cm<\/li>\n<li style=\"text-align: center;\"><\/li>\n<\/ul>\n<table>\n<tbody>\n<tr>\n<td width=\"302\">Meno modela<\/td>\n<td width=\"302\">Bavlnen\u00e1 bl\u00fazka s ozdobn\u00fdm v\u00fdstrihom<\/td>\n<\/tr>\n<tr>\n<td width=\"302\">Farba<\/td>\n<td width=\"302\">P\u00fadrov\u00e1 ru\u017eov\u00e1<\/td>\n<\/tr>\n<tr>\n<td width=\"302\">ve\u013ekosti<\/td>\n<td width=\"302\">Univerz\u00e1lny<\/td>\n<\/tr>\n<tr>\n<td width=\"302\">M\u00f3da<\/td>\n<td width=\"302\">nadrozmern\u00e9<\/td>\n<\/tr>\n<tr>\n<td width=\"302\">Materi\u00e1l<\/td>\n<td width=\"302\">95 % visk\u00f3za, 5% elastan<\/td>\n<\/tr>\n<\/tbody>\n<\/table>\n<p>&nbsp;<\/p>\n<p style=\"text-align: center;\">Model m\u00e1\u00a0<strong>169<\/strong>\u00a0cm vysok\u00fd, nos\u00ed ve\u013ekos\u0165 ka\u017ed\u00fd de\u0148\u00a0<strong>S<\/strong><\/p>\n<p style=\"text-align: center;\">\u0160\u00edrka cez prsia 92 cm<\/p>\n<p style=\"text-align: center;\">\u0160\u00edrka v p\u00e1se 62 cm<\/p>\n<p style=\"text-align: center;\">\u0160\u00edrka v bokoch 94 cm<\/p>\n<p style=\"text-align: center;\">","protected":false},"excerpt":{"rendered":"<p>Bluzka Bawe\u0142niana z Ozdobnym Dekoltem Pudrowy R\u00f3\u017c Bluzka bawe\u0142niana z modnymi ozdobnym dekoltem czarna. Model\u00a0\u00a0\u015bwietnie sprawdzi si\u0119 w ka\u017cdej garderobie. Ponadczasowy prosty fason. Bluzka posiada ozdobne rozci\u0119cia na dekolcie. To idealny model na co dzie\u0144!\u00a0 Fantastycznie zaprezentuje si\u0119 w wygodnych, lu\u017anych stylizacjach. Rozmiar uniwersalny zalecany od s do xl \u00a0 \u00a0 \u00a0Wymiary: d\u0142ugo\u015b\u0107 ca\u0142kowita :<\/p>\n<div class=\"klb-readmore post-buttons\"><a class=\"button black outline size-sm\" href=\"https:\/\/madelinefashion.pl\/sk\/bluzka-bawelniana-z-ozdobnym-dekoltem-pudrowy-roz\/\">\u010c\u00edta\u0165 \u010falej <i class=\"klbth-icon-right-arrow\"><\/i><\/a><\/div>","protected":false},"featured_media":41967,"template":"","meta":[],"product_brand":[],"product_cat":[77],"product_tag":[477],"class_list":{"0":"post-42220","1":"product","2":"type-product","3":"status-publish","4":"has-post-thumbnail","6":"product_cat-bluzki","7":"product_tag-bluzki-z-dlugim-rekawem","9":"first","10":"instock","11":"sale","12":"purchasable","13":"product-type-simple"},"_links":{"self":[{"href":"https:\/\/madelinefashion.pl\/sk\/wp-json\/wp\/v2\/product\/42220","targetHints":{"allow":["GET"]}}],"collection":[{"href":"https:\/\/madelinefashion.pl\/sk\/wp-json\/wp\/v2\/product"}],"about":[{"href":"https:\/\/madelinefashion.pl\/sk\/wp-json\/wp\/v2\/types\/product"}],"wp:featuredmedia":[{"embeddable":true,"href":"https:\/\/madelinefashion.pl\/sk\/wp-json\/wp\/v2\/media\/41967"}],"wp:attachment":[{"href":"https:\/\/madelinefashion.pl\/sk\/wp-json\/wp\/v2\/media?parent=42220"}],"wp:term":[{"taxonomy":"product_brand","embeddable":true,"href":"https:\/\/madelinefashion.pl\/sk\/wp-json\/wp\/v2\/product_brand?post=42220"},{"taxonomy":"product_cat","embeddable":true,"href":"https:\/\/madelinefashion.pl\/sk\/wp-json\/wp\/v2\/product_cat?post=42220"},{"taxonomy":"product_tag","embeddable":true,"href":"https:\/\/madelinefashion.pl\/sk\/wp-json\/wp\/v2\/product_tag?post=42220"}],"curies":[{"name":"pracovn\u00fd list","href":"https:\/\/api.w.org\/{rel}","templated":true}]}}