{"id":44751,"date":"2022-06-09T12:32:42","date_gmt":"2022-06-09T10:32:42","guid":{"rendered":"https:\/\/madelinefashion.pl\/?post_type=product&#038;p=44751"},"modified":"2026-01-15T12:43:16","modified_gmt":"2026-01-15T11:43:16","slug":"kurtka-zamszowa-z-zamkiem-adriata-karmelowa","status":"publish","type":"product","link":"https:\/\/madelinefashion.pl\/sk\/kurtka-zamszowa-z-zamkiem-adriata-karmelowa\/","title":{"rendered":"Semi\u0161ov\u00e1 bunda Adriata Karmelowa na zips"},"content":{"rendered":"<h3 style=\"text-align: center;\">Semi\u0161ov\u00e1 bunda Adriata Karmelowa na zips<\/h3>\n<p style=\"text-align: center;\"><strong>Semi\u0161ov\u00e1 bunda na zips<\/strong> vyroben\u00e9 z kvalitn\u00e9ho semi\u0161u pr\u00edjemn\u00e9ho na dotyk. Na prednej strane m\u00e1 2 funk\u010dn\u00e9 vreck\u00e1 na zips. Bunda s bo\u010dn\u00fdm strihom dokonale zv\u00fdraz\u0148uje p\u00e1s. S mierne rozopnut\u00fdm zipsom tvor\u00ed top golier s ozdobn\u00fdmi cvokmi. Tento model odpor\u00fa\u010dame kombinova\u0165 s na\u0161imi modelmi \u0161iat, sukn\u00ed a tun\u00edk. <strong>Bunda Ramones vyroben\u00e1 z kvalitn\u00e9ho semi\u0161u<\/strong>. Mimoriadne \u0161t\u00fdlov\u00e9, kr\u00e1sne zv\u00fdrazn\u00ed poprsie a p\u00e1s. Semi\u0161ov\u00e1 bunda m\u00e1 zipsy a ozdobn\u00e9 strieborn\u00e9 cvoky. Bunda nem\u00e1 pod\u0161\u00edvku. Semi\u0161ov\u00e9 sako dostupn\u00e9 v na\u0161om obchode v mnoh\u00fdch farb\u00e1ch. bunda to <strong>ide\u00e1lne na jarn\u00e9 a letn\u00e9 dni.<\/strong> Dostupn\u00e9 vo ve\u013ekosti <strong>SML XL\u00a0<\/strong><\/p>\n<h3 style=\"text-align: center;\">Rozmery:<\/h3>\n<p style=\"text-align: center;\"><strong>S\/36<\/strong><\/p>\n<ul style=\"text-align: center;\">\n<li>celkov\u00e1 d\u013a\u017eka: 58 cm<\/li>\n<li>\u0161\u00edrka cez prsia: 2x 46 cm<\/li>\n<li>\u0161\u00edrka v p\u00e1se: 2 x 40 cm<\/li>\n<li>\u0161\u00edrka dole: 2 x 46 cm<br \/>\nd\u013a\u017eka ruk\u00e1va od ramena: 61 cm<\/li>\n<li>d\u013a\u017eka ruk\u00e1va od podpazu\u0161ia: 45 cm<\/li>\n<li><\/li>\n<\/ul>\n<p style=\"text-align: center;\"><strong>M\/38<\/strong><\/p>\n<ul style=\"text-align: center;\">\n<li>celkov\u00e1 d\u013a\u017eka: 58 cm<\/li>\n<li>\u0161\u00edrka cez prsia: 2x 48 cm<\/li>\n<li>\u0161\u00edrka v p\u00e1se: 2 x 43 cm<\/li>\n<li>\u0161\u00edrka dole: 2x 49 cm<\/li>\n<li>d\u013a\u017eka ruk\u00e1va od ramena: 63 cm<\/li>\n<li>d\u013a\u017eka ruk\u00e1va od pazuchy: 46 cm<\/li>\n<li><\/li>\n<\/ul>\n<p style=\"text-align: center;\"><strong>L\/40<\/strong><\/p>\n<ul style=\"text-align: center;\">\n<li>celkov\u00e1 d\u013a\u017eka: 58 cm<\/li>\n<li>\u0161\u00edrka cez prsia: 2x 50 cm<\/li>\n<li>\u0161\u00edrka v p\u00e1se: 2 x 45 cm<\/li>\n<li>\u0161\u00edrka v spodnej \u010dasti: 2 x 52 cm<\/li>\n<li>d\u013a\u017eka ruk\u00e1va od ramena: 65 cm<\/li>\n<li>d\u013a\u017eka ruk\u00e1va od podpazu\u0161ia: 47 cm<\/li>\n<li><\/li>\n<\/ul>\n<p style=\"text-align: center;\"><strong>XL\/42<\/strong><\/p>\n<ul>\n<li style=\"text-align: center;\">celkov\u00e1 d\u013a\u017eka: 58 cm<\/li>\n<li style=\"text-align: center;\">\u0161\u00edrka cez prsia: 2x 52 cm<\/li>\n<li style=\"text-align: center;\">\u0161\u00edrka v p\u00e1se: 2 x 47 cm<\/li>\n<li style=\"text-align: center;\">\u0161\u00edrka v spodnej \u010dasti: 2 x 55 cm<\/li>\n<li style=\"text-align: center;\">d\u013a\u017eka ruk\u00e1va od ramena: 65 cm<\/li>\n<li style=\"text-align: center;\">d\u013a\u017eka ruk\u00e1va od podpazu\u0161ia: 47 cm<\/li>\n<\/ul>\n<p style=\"text-align: center;\"><span style=\"font-size: 10pt;\">Rozmery sa m\u00f4\u017eu mierne l\u00ed\u0161i\u0165 od uveden\u00fdch +\/- 2cm. V\u0161etky uveden\u00e9 rozmery s\u00fa meran\u00e9 plo\u0161ne.<\/span><\/p>\n<p style=\"text-align: center;\"><span style=\"font-size: 10pt;\">\u00a0<\/span><\/p>\n<p style=\"text-align: center;\"><span style=\"font-size: 10pt;\">\u00a0<\/span><\/p>\n<table width=\"618\">\n<tbody>\n<tr>\n<td width=\"302\">Meno modela<\/td>\n<td width=\"302\">Semi\u0161ov\u00e1 bunda Adriata na zips<\/td>\n<\/tr>\n<tr>\n<td width=\"302\">Farba<\/td>\n<td width=\"302\">karamel<\/td>\n<\/tr>\n<tr>\n<td width=\"302\">ve\u013ekosti<\/td>\n<td width=\"302\">SML XL<\/td>\n<\/tr>\n<tr>\n<td width=\"302\">M\u00f3da<\/td>\n<td width=\"302\">Na mieru<\/td>\n<\/tr>\n<tr>\n<td width=\"302\">Hood<\/td>\n<td width=\"302\">Bez kapucne<\/td>\n<\/tr>\n<tr>\n<td width=\"302\">Zlo\u017eenie<\/td>\n<td width=\"302\">95% Polyester, 5% Elastan<\/td>\n<\/tr>\n<\/tbody>\n<\/table>\n<p>&nbsp;<\/p>\n<p style=\"text-align: center;\">\u00a0Model m\u00e1\u00a0<strong>169<\/strong>\u00a0cm vysok\u00fd, nos\u00ed ve\u013ekos\u0165 ka\u017ed\u00fd de\u0148\u00a0<strong>S<\/strong><\/p>\n<p style=\"text-align: center;\">\u0160\u00edrka cez prsia 92 cm<\/p>\n<p style=\"text-align: center;\">\u0160\u00edrka v p\u00e1se 62 cm<\/p>\n<p style=\"text-align: center;\">\u0160\u00edrka v bokoch 94 cm<\/p>\n<p>&nbsp;<\/p>","protected":false},"excerpt":{"rendered":"<p>Kurtka Zamszowa z Zamkiem Adriata Karmelowa Kurtka Zamszowa z Zamkiem wykonana z przyjemnego w dotyku zamszu wysokiej jako\u015bci. Posiada z przodu 2 funkcjonalne kieszenie zapinane na zamek. Kurtka taliowania \u015bwietnie podkre\u015bla tali\u0119. Przy lekko rozpi\u0119tym zamku g\u00f3ra uk\u0142ada si\u0119 w ko\u0142nierz z ozdobnymi napami. Polecamy \u0142\u0105czy\u0107 ten model z naszymi modelami sukienek, sp\u00f3dnic oraz tunikami.<\/p>\n<div class=\"klb-readmore post-buttons\"><a class=\"button black outline size-sm\" href=\"https:\/\/madelinefashion.pl\/sk\/kurtka-zamszowa-z-zamkiem-adriata-karmelowa\/\">\u010c\u00edta\u0165 \u010falej <i class=\"klbth-icon-right-arrow\"><\/i><\/a><\/div>","protected":false},"featured_media":44683,"template":"","meta":[],"product_brand":[],"product_cat":[117,395],"product_tag":[506],"class_list":{"0":"post-44751","1":"product","2":"type-product","3":"status-publish","4":"has-post-thumbnail","6":"product_cat-kurtki","7":"product_cat-nowosci","8":"product_tag-kurtka-zamszowa","9":"pa_rozmiar-m","10":"pa_rozmiar-l","11":"pa_rozmiar-xl","12":"pa_rozmiar-s","14":"first","15":"instock","16":"sale","17":"purchasable","18":"product-type-variable"},"_links":{"self":[{"href":"https:\/\/madelinefashion.pl\/sk\/wp-json\/wp\/v2\/product\/44751","targetHints":{"allow":["GET"]}}],"collection":[{"href":"https:\/\/madelinefashion.pl\/sk\/wp-json\/wp\/v2\/product"}],"about":[{"href":"https:\/\/madelinefashion.pl\/sk\/wp-json\/wp\/v2\/types\/product"}],"wp:featuredmedia":[{"embeddable":true,"href":"https:\/\/madelinefashion.pl\/sk\/wp-json\/wp\/v2\/media\/44683"}],"wp:attachment":[{"href":"https:\/\/madelinefashion.pl\/sk\/wp-json\/wp\/v2\/media?parent=44751"}],"wp:term":[{"taxonomy":"product_brand","embeddable":true,"href":"https:\/\/madelinefashion.pl\/sk\/wp-json\/wp\/v2\/product_brand?post=44751"},{"taxonomy":"product_cat","embeddable":true,"href":"https:\/\/madelinefashion.pl\/sk\/wp-json\/wp\/v2\/product_cat?post=44751"},{"taxonomy":"product_tag","embeddable":true,"href":"https:\/\/madelinefashion.pl\/sk\/wp-json\/wp\/v2\/product_tag?post=44751"}],"curies":[{"name":"pracovn\u00fd list","href":"https:\/\/api.w.org\/{rel}","templated":true}]}}