{"id":44947,"date":"2022-06-10T13:17:58","date_gmt":"2022-06-10T11:17:58","guid":{"rendered":"https:\/\/madelinefashion.pl\/?post_type=product&#038;p=44947"},"modified":"2025-07-30T11:28:20","modified_gmt":"2025-07-30T09:28:20","slug":"kombinezon-hiszpanka-falbana-wiazany-karmelowy","status":"publish","type":"product","link":"https:\/\/madelinefashion.pl\/sk\/kombinezon-hiszpanka-falbana-wiazany-karmelowy\/","title":{"rendered":"\u0160panielska kombin\u00e9za s vol\u00e1nom a viazan\u00fdm karamelom"},"content":{"rendered":"<h3 style=\"text-align: center;\">\u0160panielska kombin\u00e9za s vol\u00e1nom a viazan\u00fdm karamelom<\/h3>\n<p style=\"text-align: center;\"><span style=\"vertical-align: inherit;\"><strong>Hisp\u00e1nsky overal<\/strong>\u00a0vyroben\u00e9 z pr\u00edjemn\u00e9ho materi\u00e1lu pr\u00edjemn\u00e9ho na dotyk. Ve\u013emi pr\u00edjemn\u00fd k poko\u017eke. Kombin\u00e9zy s\u00fa op\u00e4\u0165 sp\u00e4\u0165 na zozname najm\u00f3dnej\u0161\u00edch \u0161t\u00fdlov. Ich nepochybnou v\u00fdhodou je <strong>jednoduchos\u0165 stylingu.<\/strong> Overal s vo\u013en\u00fdm topom s vol\u00e1nom. Oblek m\u00e1 dve vreck\u00e1 a nohavice zakon\u010den\u00e9 lemom. Je to modelka<\/span> jednoducho stvoren\u00e1 na tepl\u00e9 jarn\u00e9 a letn\u00e9 dni ako po\u010das pr\u00e1zdnin, tak aj v ruchu ve\u013ekomesta. <strong>Budete pote\u0161en\u00ed, dokonal\u00fd strih, ktor\u00fd je alternat\u00edvou k \u0161at\u00e1m.<\/strong> Pohodln\u00e9 nosenie v sofistikovanom \u0161t\u00fdle mus\u00ed by\u0165 vo va\u0161om \u0161atn\u00edku. <strong>\u0160t\u00fdlov\u00fd a z\u00e1rove\u0148 ve\u013emi \u017eensk\u00fd overal..<\/strong>\u00a0 Odpor\u00fa\u010da sa pre \u017eeny, ktor\u00e9 nosia ve\u013e <b>XS SML XL.\u00a0 <\/b><span lang=\"pl-pl\" xml:lang=\"pl-pl\"><b>Jedine\u010dn\u00fd model pre v\u00fdnimo\u010dn\u00e9 \u017eeny! <\/b><span style=\"vertical-align: inherit;\"><b>Oblek je dostupn\u00fd vo viacer\u00fdch farb\u00e1ch. <\/b><\/span><\/span><\/p>\n<h3 style=\"text-align: center;\"><span style=\"vertical-align: inherit;\">Rozmery obleku:<\/span><\/h3>\n<p align=\"center\">Celkov\u00e1 d\u013a\u017eka - 132 cm<br \/>\n\u0160\u00edrka poprsia - 40-53 cm x2<br \/>\n\u0160\u00edrka p\u00e1sa -30 cm -49 cm x2<br \/>\nVn\u00fatorn\u00e1 d\u013a\u017eka nohav\u00edc - 67 cm<\/p>\n<p style=\"text-align: center;\"><span style=\"vertical-align: inherit;\">Rozmery sa m\u00f4\u017eu l\u00ed\u0161i\u0165 od uveden\u00fdch +\/- 2cm. V\u0161etky uveden\u00e9 rozmery s\u00fa meran\u00e9 plo\u0161ne. <strong>rozmer x2<\/strong><\/span><\/p>\n<h3 style=\"text-align: center;\"><span style=\"vertical-align: inherit;\">Vlastnosti produktu:<br \/>\n<\/span><\/h3>\n<p style=\"text-align: center;\"><span style=\"vertical-align: inherit;\"><br \/>\n-elegantn\u00fd<br \/>\n- pr\u00edjemn\u00fd materi\u00e1l<br \/>\n-\u0161panielsky<br \/>\n- guma v p\u00e1se<br \/>\n- origin\u00e1l<br \/>\n- poskakova\u0165<br \/>\n-\u017eensk\u00fd<br \/>\n<\/span><\/p>\n<p style=\"text-align: center;\"><strong>\u00a0<\/strong><\/p>\n<table style=\"height: 202px;\" width=\"565\">\n<tbody>\n<tr>\n<td width=\"302\">Meno modela<\/td>\n<td width=\"302\">Overal so zaviazan\u00fdm \u0161panielskym vol\u00e1nom<\/td>\n<\/tr>\n<tr>\n<td width=\"302\">Farba<\/td>\n<td width=\"302\">karamel<\/td>\n<\/tr>\n<tr>\n<td width=\"302\">Zbierka<\/td>\n<td width=\"302\">Jar leto<\/td>\n<\/tr>\n<tr>\n<td width=\"302\">ve\u013ekosti<\/td>\n<td width=\"302\">Univerz\u00e1lny<\/td>\n<\/tr>\n<tr>\n<td width=\"302\">\u0160tiepenie<\/td>\n<td width=\"302\">\u0161paniel\u010dina<\/td>\n<\/tr>\n<tr>\n<td width=\"302\">D\u013a\u017eka<\/td>\n<td width=\"302\">maxi<\/td>\n<\/tr>\n<tr>\n<td width=\"302\">Materi\u00e1l<\/td>\n<td width=\"302\">95% Polyester 5% Elastan<\/td>\n<\/tr>\n<\/tbody>\n<\/table>\n<div class=\"tabs tabs-bb clear mb-80\">\n<div class=\"tab-content\">\n<div id=\"tab-description\" class=\"tab-pane fade in woocommerce-Tabs-panel--description active\">\n<p style=\"text-align: center;\">Model m\u00e1\u00a0<strong>169<\/strong>\u00a0cm vysok\u00fd, nos\u00ed ve\u013ekos\u0165 ka\u017ed\u00fd de\u0148\u00a0<strong>S<\/strong><\/p>\n<p style=\"text-align: center;\">\u0160\u00edrka cez prsia 92 cm<\/p>\n<p style=\"text-align: center;\">\u0160\u00edrka v p\u00e1se 62 cm<\/p>\n<p style=\"text-align: center;\">\u0160\u00edrka v bokoch 94 cm<\/p>\n<\/div>\n<\/div>\n<\/div>\n<section class=\"related products mb-80\"><\/section>\n<section class=\"page-product-box\">\n<div class=\"rte\">\n<p style=\"text-align: center;\">\n<\/div>\n<\/section>","protected":false},"excerpt":{"rendered":"<p>Kombinezon Hiszpanka Falbana Wi\u0105zany Karmelowy Kombinezon Hiszpanka\u00a0wykonany z mi\u0142ego, przyjemnego w dotyku materia\u0142u. Bardzo przyjemny dla sk\u00f3ry. Kombinezony zn\u00f3w wracaj\u0105 na list\u0119 najmodniejszych stylizacji. Ich niew\u0105tpliw\u0105 zalet\u0105 jest prostota stylizacji. Kombinezon z lu\u017an\u0105 g\u00f3r\u0105 z falbank\u0105 . Kombinezon posiada dwie kieszonki oraz nogawki zako\u0144czone \u015bci\u0105gaczem. To model wprost stworzony na ciep\u0142e wiosenne i\u00a0 letnie dni,<\/p>\n<div class=\"klb-readmore post-buttons\"><a class=\"button black outline size-sm\" href=\"https:\/\/madelinefashion.pl\/sk\/kombinezon-hiszpanka-falbana-wiazany-karmelowy\/\">\u010c\u00edta\u0165 \u010falej <i class=\"klbth-icon-right-arrow\"><\/i><\/a><\/div>","protected":false},"featured_media":44878,"template":"","meta":[],"product_brand":[],"product_cat":[80,395],"product_tag":[297],"class_list":{"0":"post-44947","1":"product","2":"type-product","3":"status-publish","4":"has-post-thumbnail","6":"product_cat-sukienki-i-kombinezony","7":"product_cat-nowosci","8":"product_tag-kombinezony","10":"first","11":"outofstock","12":"purchasable","13":"product-type-simple"},"_links":{"self":[{"href":"https:\/\/madelinefashion.pl\/sk\/wp-json\/wp\/v2\/product\/44947","targetHints":{"allow":["GET"]}}],"collection":[{"href":"https:\/\/madelinefashion.pl\/sk\/wp-json\/wp\/v2\/product"}],"about":[{"href":"https:\/\/madelinefashion.pl\/sk\/wp-json\/wp\/v2\/types\/product"}],"wp:featuredmedia":[{"embeddable":true,"href":"https:\/\/madelinefashion.pl\/sk\/wp-json\/wp\/v2\/media\/44878"}],"wp:attachment":[{"href":"https:\/\/madelinefashion.pl\/sk\/wp-json\/wp\/v2\/media?parent=44947"}],"wp:term":[{"taxonomy":"product_brand","embeddable":true,"href":"https:\/\/madelinefashion.pl\/sk\/wp-json\/wp\/v2\/product_brand?post=44947"},{"taxonomy":"product_cat","embeddable":true,"href":"https:\/\/madelinefashion.pl\/sk\/wp-json\/wp\/v2\/product_cat?post=44947"},{"taxonomy":"product_tag","embeddable":true,"href":"https:\/\/madelinefashion.pl\/sk\/wp-json\/wp\/v2\/product_tag?post=44947"}],"curies":[{"name":"pracovn\u00fd list","href":"https:\/\/api.w.org\/{rel}","templated":true}]}}