{"id":4511,"date":"2021-01-19T20:48:35","date_gmt":"2021-01-19T19:48:35","guid":{"rendered":"https:\/\/madelinefashion.pl\/?post_type=product&#038;p=4511"},"modified":"2026-01-20T10:34:45","modified_gmt":"2026-01-20T09:34:45","slug":"bluzka-anita-golf-karmelowa","status":"publish","type":"product","link":"https:\/\/madelinefashion.pl\/sk\/bluzka-anita-golf-karmelowa\/","title":{"rendered":"Anita Golf karamelov\u00e1 bl\u00fazka"},"content":{"rendered":"<h2 style=\"text-align: center;\">Anita Golf karamelov\u00e1 bl\u00fazka<\/h2>\n<p style=\"text-align: center;\"><b>Rol\u00e1kov\u00e1 bl\u00fazka Anita a\u00a0<\/b>tylov\u00e9 ruk\u00e1vy - vhodn\u00e9 na ka\u017edodenn\u00e9 aj sl\u00e1vnostnej\u0161ie pr\u00edle\u017eitosti. Ide\u00e1lne pre d\u00e1my vo ve\u013ekosti\u00a0<strong>XS,S,M,<\/strong><\/p>\n<h2 style=\"text-align: center;\">\u00a0 \u00a0 \u00a0Rozmery:<\/h2>\n<ul style=\"text-align: center;\">\n<li>celkov\u00e1 d\u013a\u017eka: 60 cm<\/li>\n<li>\u0161\u00edrka od pazuchy po pazuchu: 38 cm -50 cm<\/li>\n<li>d\u013a\u017eka ruk\u00e1va od ramena: 59 cm<\/li>\n<li>d\u013a\u017eka ruk\u00e1va od pazuchy: 39 cm<\/li>\n<li>odpor\u00fa\u010dan\u00fd maxim\u00e1lny obvod poprsia: 100 cm<\/li>\n<li><\/li>\n<\/ul>\n<p style=\"text-align: center;\">Rozmery sa m\u00f4\u017eu mierne l\u00ed\u0161i\u0165 od uveden\u00fdch +\/- 2cm. V\u0161etky uveden\u00e9 rozmery s\u00fa meran\u00e9 plo\u0161ne.<\/p>\n<table class=\"table\">\n<tbody>\n<tr>\n<td width=\"302\">Meno modela<\/td>\n<td width=\"302\">Bl\u00fazka Anita<\/td>\n<\/tr>\n<tr>\n<td width=\"302\">Farba<\/td>\n<td width=\"302\">karamel<\/td>\n<\/tr>\n<tr>\n<td width=\"302\">ve\u013ekosti<\/td>\n<td width=\"302\">Univerz\u00e1lny<\/td>\n<\/tr>\n<tr>\n<td width=\"302\">M\u00f3da<\/td>\n<td width=\"302\">Na mieru<\/td>\n<\/tr>\n<tr>\n<td width=\"302\">Materi\u00e1l<\/td>\n<td width=\"302\">50 % Bavlna 45% Polyester 5% Elastan<\/td>\n<\/tr>\n<\/tbody>\n<\/table>\n<p>&nbsp;<\/p>\n<p>&nbsp;<\/p>\n<p style=\"text-align: center;\">\u00a0<strong>odpor\u00fa\u010dan\u00e9<\/strong>\u00a0pre \u013eud\u00ed, ktor\u00ed nosia ve\u013ekos\u0165 od\u00a0<strong>X<\/strong><strong>S\u00a0<\/strong>dole\u00a0<strong>m<\/strong><\/p>","protected":false},"excerpt":{"rendered":"<p>Bluzka Anita Golf Karmelowa Bluzka Anita z Golfem i\u00a0tiulowymi r\u0119kawami\u00a0 \u2013 nadaje si\u0119 zar\u00f3wno na co dzie\u0144, jak i na bardziej \u015bwi\u0105teczne okazje. Idealna dla Pa\u0144 w rozmiarze\u00a0XS,S,M, \u00a0 \u00a0 \u00a0Wymiary: d\u0142ugo\u015b\u0107 ca\u0142kowita : 60 cm szeroko\u015b\u0107 od pachy do pachy: 38 cm\u00a0 -50 cm d\u0142ugo\u015b\u0107 r\u0119kawa od ramienia: 59 cm d\u0142ugo\u015b\u0107 r\u0119kawa od pachy:<\/p>\n<div class=\"klb-readmore post-buttons\"><a class=\"button black outline size-sm\" href=\"https:\/\/madelinefashion.pl\/sk\/bluzka-anita-golf-karmelowa\/\">\u010c\u00edta\u0165 \u010falej <i class=\"klbth-icon-right-arrow\"><\/i><\/a><\/div>","protected":false},"featured_media":4506,"template":"","meta":[],"product_brand":[],"product_cat":[77],"product_tag":[],"class_list":{"0":"post-4511","1":"product","2":"type-product","3":"status-publish","4":"has-post-thumbnail","6":"product_cat-bluzki","8":"first","9":"instock","10":"sale","11":"purchasable","12":"product-type-simple"},"_links":{"self":[{"href":"https:\/\/madelinefashion.pl\/sk\/wp-json\/wp\/v2\/product\/4511","targetHints":{"allow":["GET"]}}],"collection":[{"href":"https:\/\/madelinefashion.pl\/sk\/wp-json\/wp\/v2\/product"}],"about":[{"href":"https:\/\/madelinefashion.pl\/sk\/wp-json\/wp\/v2\/types\/product"}],"wp:featuredmedia":[{"embeddable":true,"href":"https:\/\/madelinefashion.pl\/sk\/wp-json\/wp\/v2\/media\/4506"}],"wp:attachment":[{"href":"https:\/\/madelinefashion.pl\/sk\/wp-json\/wp\/v2\/media?parent=4511"}],"wp:term":[{"taxonomy":"product_brand","embeddable":true,"href":"https:\/\/madelinefashion.pl\/sk\/wp-json\/wp\/v2\/product_brand?post=4511"},{"taxonomy":"product_cat","embeddable":true,"href":"https:\/\/madelinefashion.pl\/sk\/wp-json\/wp\/v2\/product_cat?post=4511"},{"taxonomy":"product_tag","embeddable":true,"href":"https:\/\/madelinefashion.pl\/sk\/wp-json\/wp\/v2\/product_tag?post=4511"}],"curies":[{"name":"pracovn\u00fd list","href":"https:\/\/api.w.org\/{rel}","templated":true}]}}