{"id":45228,"date":"2022-06-11T11:57:51","date_gmt":"2022-06-11T09:57:51","guid":{"rendered":"https:\/\/madelinefashion.pl\/?post_type=product&#038;p=45228"},"modified":"2025-10-14T12:11:45","modified_gmt":"2025-10-14T10:11:45","slug":"spodnica-maxi-zwiewna-z-kokarda-fuksja","status":"publish","type":"product","link":"https:\/\/madelinefashion.pl\/sk\/spodnica-maxi-zwiewna-z-kokarda-fuksja\/","title":{"rendered":"Vzdu\u0161n\u00e1 maxi suk\u0148a s fuchsiovou ma\u0161\u013eou"},"content":{"rendered":"<h3 style=\"text-align: center;\">Vzdu\u0161n\u00e1 maxi suk\u0148a s fuchsiovou ma\u0161\u013eou<\/h3>\n<p style=\"text-align: center;\"><strong>Suk\u0148a<\/strong> je ide\u00e1lna ponuka na diskot\u00e9ku, do mesta aj na rande. \u013dahk\u00fd, vzdu\u0161n\u00fd, d\u00e1 v\u00e1m slobodu v ka\u017edej situ\u00e1cii. <strong>Univerz\u00e1lny<\/strong>napriek tomu ve\u013emi \u0161t\u00fdlov\u00e9 a \u017eensk\u00e9. <strong>Suk\u0148a<\/strong> asymetrick\u00e9<strong>\u00a0<\/strong>funguje skvele po cel\u00fd rok. M\u00f4\u017ee by\u0165 ako prvok jarn\u00fdch a letn\u00fdch \u0161tyliz\u00e1ci\u00ed, tak aj s\u00fa\u010das\u0165 jesenn\u00e9ho \u0161atn\u00edka. Suk\u0148a m\u00e1 vo\u013en\u00fd strih. <strong>Elastick\u00e9 v p\u00e1se<\/strong> pekne zv\u00fdraz\u0148uje p\u00e1s a rob\u00ed suk\u0148u na svojom mieste. Jedine\u010dn\u00e1 ponuka pre \u017eeny, ktor\u00e9 si cenia fenomen\u00e1lny vzh\u013ead. Odpor\u00fa\u010dan\u00e9 pre nosite\u013eov <strong>XS, S, M, L, XL<\/strong><\/p>\n<h3 style=\"text-align: center;\">Rozmery:<\/h3>\n<ul style=\"text-align: center;\">\n<li><span style=\"font-size: 10pt;\">\u00a0 \u00a0 \u00a0 \u00a0<\/span>celkov\u00e1 d\u013a\u017eka: 80 cm<\/li>\n<li>d\u013a\u017eka v najkrat\u0161om bode: 32 cm<\/li>\n<li>d\u013a\u017eka pod\u0161\u00edvky: 51 cm<\/li>\n<li>\u0161\u00edrka p\u00e1sa 32 \u2013 60 cm x2<\/li>\n<li><\/li>\n<li><\/li>\n<\/ul>\n<p style=\"text-align: center;\"><span style=\"font-size: 10pt;\">Rozmery sa m\u00f4\u017eu mierne l\u00ed\u0161i\u0165 od uveden\u00fdch +\/- 2cm. V\u0161etky uveden\u00e9 rozmery s\u00fa meran\u00e9 plo\u0161ne. <strong>rozmer x2<\/strong><\/span><\/p>\n<p style=\"text-align: center;\"><span style=\"font-size: 10pt;\">\u00a0<\/span><\/p>\n<p style=\"text-align: center;\"><span style=\"font-size: 10pt;\">\u00a0<\/span><\/p>\n<table>\n<tbody>\n<tr>\n<td width=\"302\">Meno modela<\/td>\n<td width=\"302\">Vzdu\u0161n\u00e1 maxi suk\u0148a s ma\u0161\u013eou<\/td>\n<\/tr>\n<tr>\n<td width=\"302\">Farba<\/td>\n<td width=\"302\">Fuchsiov\u00e1<\/td>\n<\/tr>\n<tr>\n<td width=\"302\">ve\u013ekosti<\/td>\n<td width=\"302\">Univerz\u00e1lny<\/td>\n<\/tr>\n<tr>\n<td width=\"302\">M\u00f3da<\/td>\n<td width=\"302\">nadrozmern\u00e9<\/td>\n<\/tr>\n<tr>\n<td width=\"302\">Materi\u00e1l<\/td>\n<td width=\"302\">100 % Polyester<\/td>\n<\/tr>\n<\/tbody>\n<\/table>\n<p style=\"text-align: center;\"><span style=\"font-size: 10pt;\">\u00a0<\/span><\/p>\n<p style=\"text-align: center;\">Model m\u00e1\u00a0<strong>169<\/strong>\u00a0cm vysok\u00fd, nos\u00ed ve\u013ekos\u0165 ka\u017ed\u00fd de\u0148\u00a0<strong>S<\/strong><\/p>\n<p style=\"text-align: center;\">\u0160\u00edrka cez prsia 92 cm<\/p>\n<p style=\"text-align: center;\">\u0160\u00edrka v p\u00e1se 62 cm<\/p>\n<p style=\"text-align: center;\">\u0160\u00edrka v bokoch 94 cm<\/p>","protected":false},"excerpt":{"rendered":"<p>Sp\u00f3dnica Maxi Zwiewna Z Kokard\u0105 Fuksja Sp\u00f3dnica to idealna propozycja na dyskotek\u0119, na miasto i na randk\u0119. Lekka, zwiewna, zapewni ci swobod\u0119 w ka\u017cdej sytuacji. Uniwersalna, a jednocze\u015bnie bardzo stylowa i kobieca. Sp\u00f3dnica asymetryczna\u00a0sprawdzi si\u0119 \u015bwietnie przez ca\u0142y rok. Mo\u017ce by\u0107 zar\u00f3wno elementem wiosennych, letnich stylizacji, jak i cz\u0119\u015bci\u0105 jesiennej garderoby. Sp\u00f3dnica posiada lu\u017any kr\u00f3j.<\/p>\n<div class=\"klb-readmore post-buttons\"><a class=\"button black outline size-sm\" href=\"https:\/\/madelinefashion.pl\/sk\/spodnica-maxi-zwiewna-z-kokarda-fuksja\/\">\u010c\u00edta\u0165 \u010falej <i class=\"klbth-icon-right-arrow\"><\/i><\/a><\/div>","protected":false},"featured_media":45206,"template":"","meta":[],"product_brand":[],"product_cat":[107],"product_tag":[],"class_list":{"0":"post-45228","1":"product","2":"type-product","3":"status-publish","4":"has-post-thumbnail","6":"product_cat-spodnice-i-spodniczki","8":"first","9":"instock","10":"purchasable","11":"product-type-simple"},"_links":{"self":[{"href":"https:\/\/madelinefashion.pl\/sk\/wp-json\/wp\/v2\/product\/45228","targetHints":{"allow":["GET"]}}],"collection":[{"href":"https:\/\/madelinefashion.pl\/sk\/wp-json\/wp\/v2\/product"}],"about":[{"href":"https:\/\/madelinefashion.pl\/sk\/wp-json\/wp\/v2\/types\/product"}],"wp:featuredmedia":[{"embeddable":true,"href":"https:\/\/madelinefashion.pl\/sk\/wp-json\/wp\/v2\/media\/45206"}],"wp:attachment":[{"href":"https:\/\/madelinefashion.pl\/sk\/wp-json\/wp\/v2\/media?parent=45228"}],"wp:term":[{"taxonomy":"product_brand","embeddable":true,"href":"https:\/\/madelinefashion.pl\/sk\/wp-json\/wp\/v2\/product_brand?post=45228"},{"taxonomy":"product_cat","embeddable":true,"href":"https:\/\/madelinefashion.pl\/sk\/wp-json\/wp\/v2\/product_cat?post=45228"},{"taxonomy":"product_tag","embeddable":true,"href":"https:\/\/madelinefashion.pl\/sk\/wp-json\/wp\/v2\/product_tag?post=45228"}],"curies":[{"name":"pracovn\u00fd list","href":"https:\/\/api.w.org\/{rel}","templated":true}]}}