{"id":4773,"date":"2021-01-28T22:34:16","date_gmt":"2021-01-28T21:34:16","guid":{"rendered":"https:\/\/madelinefashion.pl\/?post_type=product&#038;p=4773"},"modified":"2026-03-26T12:40:47","modified_gmt":"2026-03-26T11:40:47","slug":"sukienka-sweterkowa-zipp-czarna","status":"publish","type":"product","link":"https:\/\/madelinefashion.pl\/sk\/sukienka-sweterkowa-zipp-czarna\/","title":{"rendered":"Zipp sveter \u0161aty \u010dierne"},"content":{"rendered":"<h2 style=\"text-align: center;\">Zipp sveter \u0161aty \u010dierne<\/h2>\n<p style=\"text-align: center;\">Strih kr\u00e1sne zv\u00fdrazn\u00ed postavu a <strong>\u017eensk\u00e9 tvary<\/strong>. \u0160aty maj\u00fa jemn\u00fd v\u00fdstrih a\u00a0<strong>\u00a0dlh\u00e9 ruk\u00e1vy<\/strong>\u00a0. Pod prsiami s\u00fa mierne z\u00fa\u017een\u00e9, \u010do kr\u00e1sne zv\u00fdrazn\u00ed postavu. S\u00fa ve\u013emi pohodln\u00e9, v\u010faka \u010domu sa hodia na ka\u017edodenn\u00e9 nosenie alebo na p\u00e1rty, ke\u010f chcete vyzera\u0165 skvele a z\u00e1rove\u0148 sa skvele c\u00edti\u0165. V\u010faka \u0161trukt\u00fare materi\u00e1lu sa s n\u00edm bude lep\u0161ie pracova\u0165 <strong>po\u010das chladnej\u0161\u00edch dn\u00ed a prechodn\u00fdch obdob\u00ed <\/strong>alebo na zimu v kombin\u00e1cii s bundou. Zauj\u00edmavos\u0165ou je bo\u010dn\u00fd v\u00fdstrih, ktor\u00fd sa d\u00e1 regulova\u0165 zipsom. \u0160aty maj\u00fa tie\u017e<strong> \u010delenka, <\/strong>ktor\u00e9 m\u00f4\u017eete vidie\u0165 na fotografii<strong>.\u00a0<\/strong>Odpor\u00fa\u010dame skombinova\u0165 s vysok\u00fdmi \u010di\u017emami, v\u010faka ktor\u00fdm vyniknete z davu. ve\u013ekos\u0165 je\u00a0<strong>univerz\u00e1lny<\/strong>\u00a0, perfektne sed\u00ed na nosenie \u017eien\u00a0\u00a0<strong>S, M, L<\/strong><strong>\u00a0<\/strong> Ak nos\u00edte v\u00e4\u010d\u0161iu ve\u013ekos\u0165, odpor\u00fa\u010dame v\u00e1m pozrie\u0165 si tabu\u013eku ve\u013ekost\u00ed ni\u017e\u0161ie.<\/p>\n<h3 style=\"text-align: center;\">Rozmery \u0161iat:<\/h3>\n<ul style=\"text-align: center;\">\n<li>Celkov\u00e1 d\u013a\u017eka 117 cm<\/li>\n<li>\u0160\u00edrka od pazuchy po pazuchu od 36 cm - 56 cm<\/li>\n<li>\u0160\u00edrka v p\u00e1se od 32 cm - 44 cm<\/li>\n<li>D\u013a\u017eka ruk\u00e1va od ramena 60 cm<\/li>\n<li>D\u013a\u017eka ruk\u00e1va od podpazu\u0161ia 42 cm<\/li>\n<li><\/li>\n<\/ul>\n<p style=\"text-align: center;\">Rozmery sa m\u00f4\u017eu mierne l\u00ed\u0161i\u0165 od uveden\u00fdch +\/- 2cm. V\u0161etky uveden\u00e9 rozmery s\u00fa meran\u00e9 plo\u0161ne.<\/p>\n<p>rozmer x2<\/p>\n<table width=\"610\">\n<tbody>\n<tr>\n<td width=\"302\">Meno modela<\/td>\n<td width=\"302\">Svetrov\u00e9 \u0161aty na zips<\/td>\n<\/tr>\n<tr>\n<td width=\"302\">Farba<\/td>\n<td width=\"302\">\u010dierna<\/td>\n<\/tr>\n<tr>\n<td width=\"302\">ve\u013ekosti<\/td>\n<td width=\"302\">Univerz\u00e1lny<\/td>\n<\/tr>\n<tr>\n<td width=\"302\">Zbierka<\/td>\n<td width=\"302\">jar\/jese\u0148\/zima<\/td>\n<\/tr>\n<tr>\n<td width=\"302\">\u0160tiepenie<\/td>\n<td width=\"302\">Okr\u00fahly<\/td>\n<\/tr>\n<tr>\n<td width=\"302\">izolovan\u00e9<\/td>\n<td width=\"302\">jednopl\u00e1\u0161\u0165ov\u00e9<\/td>\n<\/tr>\n<tr>\n<td width=\"302\">Materi\u00e1l<\/td>\n<td width=\"302\">100% akryl<\/td>\n<\/tr>\n<\/tbody>\n<\/table>\n<p style=\"text-align: center;\"><strong>Odpor\u00fa\u010da sa pre nosite\u013eov od S po L\u00a0<\/strong><\/p>\n<section class=\"page-product-box\">\n<div class=\"rte\">\n<p style=\"text-align: center;\">\u00a0Model m\u00e1\u00a0<strong>168<\/strong>\u00a0cm vysok\u00fd, nos\u00ed ve\u013ekos\u0165 ka\u017ed\u00fd de\u0148\u00a0<strong>S<\/strong><\/p>\n<p>&nbsp;<\/p>\n<\/div>\n<\/section>\n<p style=\"text-align: center;\">","protected":false},"excerpt":{"rendered":"<p>Sukienka Sweterkowa Zipp Czarna Kr\u00f3j pi\u0119knie podkre\u015bla figur\u0119 i kobiece kszta\u0142ty.\u00a0Sukienka ma delikatny dekolt i\u00a0\u00a0d\u0142ugie r\u0119kawy\u00a0.\u00a0Pod biustem s\u0105 lekko zw\u0119\u017cane, co pi\u0119knie podkre\u015bla sylwetk\u0119 . S\u0105 bardzo wygodne , dzi\u0119ki czemu nadaj\u0105 si\u0119 do noszenia na co dzie\u0144 lub na imprez\u0119, kiedy chcesz wygl\u0105da\u0107 doskonale i jednocze\u015bnie \u015bwietnie si\u0119 czu\u0107. Dzi\u0119ki strukturze materia\u0142u\u00a0 lepiej sprawdzi<\/p>\n<div class=\"klb-readmore post-buttons\"><a class=\"button black outline size-sm\" href=\"https:\/\/madelinefashion.pl\/sk\/sukienka-sweterkowa-zipp-czarna\/\">\u010c\u00edta\u0165 \u010falej <i class=\"klbth-icon-right-arrow\"><\/i><\/a><\/div>","protected":false},"featured_media":4769,"template":"","meta":[],"product_brand":[],"product_cat":[158,380],"product_tag":[213],"class_list":{"0":"post-4773","1":"product","2":"type-product","3":"status-publish","4":"has-post-thumbnail","6":"product_cat-sukienki-sweterkowe","7":"product_cat-wyprzedaz","8":"product_tag-sukienka-czarna","10":"first","11":"instock","12":"sale","13":"purchasable","14":"product-type-simple"},"_links":{"self":[{"href":"https:\/\/madelinefashion.pl\/sk\/wp-json\/wp\/v2\/product\/4773","targetHints":{"allow":["GET"]}}],"collection":[{"href":"https:\/\/madelinefashion.pl\/sk\/wp-json\/wp\/v2\/product"}],"about":[{"href":"https:\/\/madelinefashion.pl\/sk\/wp-json\/wp\/v2\/types\/product"}],"wp:featuredmedia":[{"embeddable":true,"href":"https:\/\/madelinefashion.pl\/sk\/wp-json\/wp\/v2\/media\/4769"}],"wp:attachment":[{"href":"https:\/\/madelinefashion.pl\/sk\/wp-json\/wp\/v2\/media?parent=4773"}],"wp:term":[{"taxonomy":"product_brand","embeddable":true,"href":"https:\/\/madelinefashion.pl\/sk\/wp-json\/wp\/v2\/product_brand?post=4773"},{"taxonomy":"product_cat","embeddable":true,"href":"https:\/\/madelinefashion.pl\/sk\/wp-json\/wp\/v2\/product_cat?post=4773"},{"taxonomy":"product_tag","embeddable":true,"href":"https:\/\/madelinefashion.pl\/sk\/wp-json\/wp\/v2\/product_tag?post=4773"}],"curies":[{"name":"pracovn\u00fd list","href":"https:\/\/api.w.org\/{rel}","templated":true}]}}