{"id":4993,"date":"2021-02-09T15:36:55","date_gmt":"2021-02-09T14:36:55","guid":{"rendered":"https:\/\/madelinefashion.pl\/?post_type=product&#038;p=4993"},"modified":"2026-04-27T12:33:31","modified_gmt":"2026-04-27T10:33:31","slug":"spodnica-zamszowa-czarna-napy","status":"publish","type":"product","link":"https:\/\/madelinefashion.pl\/sk\/spodnica-zamszowa-czarna-napy\/","title":{"rendered":"Semi\u0161ov\u00e1 suk\u0148a s \u010diernymi gomb\u00edkmi"},"content":{"rendered":"<h3 style=\"text-align: center;\">Semi\u0161ov\u00e1 suk\u0148a s \u010diernymi gomb\u00edkmi<\/h3>\n<p style=\"text-align: center;\"><span style=\"font-family: arial, helvetica, sans-serif; font-size: 10pt;\">Suk\u0148a <strong>semi\u0161, ceruzka <\/strong>fit - perfektn\u00e9 <strong>zd\u00f4raz\u0148uje \u017eensk\u00e9 tvary<\/strong>. Suk\u0148a sa zap\u00edna vzadu <strong>jemn\u00fd skryt\u00fd zips<\/strong>. V na\u0161om butiku je bestsellerom. Suk\u0148a je skuto\u010dn\u00fdm hitom medzi blogerkami a celebritami. Na prednej strane sukne s\u00fa patentky <\/span><span style=\"font-size: 10pt;\">dod\u00e1vaj\u00fa jej \u010daro. V na\u0161ej sukni sa v\u017edy predstav\u00edte <strong>pr\u00ed\u0165a\u017elivo<\/strong>. <\/span><span style=\"font-size: 10pt;\"><strong>Vytvorte perfektn\u00fd set<\/strong> s na\u0161im <a href=\"https:\/\/madelinefashion.pl\/sk\/bluzki-2\/bluzki\/\">bl\u00fazky<\/a> a <a href=\"https:\/\/madelinefashion.pl\/sk\/body\/\">bodami<\/a>. Je ide\u00e1lnou ponukou na v\u0161etky pr\u00edle\u017eitosti, posl\u00fa\u017ei nielen na de\u0148, do kancel\u00e1rie \u010di na p\u00e1rty, ale dopln\u00ed aj elegantn\u00e9 \u0161tyliz\u00e1cie. Ur\u010dite v na\u0161om online butiku n\u00e1jdete t\u00fa spr\u00e1vnu kombin\u00e1ciu s <strong>suk\u0148a<\/strong>. Odpor\u00fa\u010dame kombin\u00e1ciu s na\u0161imi <\/span><a href=\"https:\/\/madelinefashion.pl\/sk\/page\/1\/?s=kopertowe&amp;post_type=product\">Ob\u00e1lkov\u00e9 medved\u00edky<\/a><span style=\"font-size: 10pt;\">. Odpor\u00fa\u010dame pre d\u00e1my vo ve\u013ekosti S, M, L. Odpor\u00fa\u010dame <strong>presn\u00e9 meranie\u00a0<\/strong>pod\u013ea ni\u017e\u0161ie uvedenej tabu\u013eky rozmerov. <\/span><\/p>\n<p>&nbsp;<\/p>\n<h3 style=\"text-align: center;\">Rozmery:<\/h3>\n<p>&nbsp;<\/p>\n<p style=\"text-align: center;\"><strong>36\/S<\/strong><\/p>\n<p style=\"text-align: center;\">Celkov\u00e1 d\u013a\u017eka - 58 cm<br \/>\n\u0160\u00edrka p\u00e1sa - 34-36 cm<br \/>\n\u0160\u00edrka bokov 43-49 cm<\/p>\n<p style=\"text-align: center;\"><strong>38\/M<\/strong><br \/>\nCelkov\u00e1 d\u013a\u017eka - 60 cm<br \/>\n\u0160\u00edrka p\u00e1sa - 36-38 cm<br \/>\n\u0160\u00edrka bokov 45-51 cm<\/p>\n<p style=\"text-align: center;\"><strong>40\/L<\/strong><br \/>\nCelkov\u00e1 d\u013a\u017eka - 61 cm<br \/>\n\u0160\u00edrka p\u00e1sa - 38-40 cm<br \/>\n\u0160\u00edrka bokov 48-54 cm<\/p>\n<p style=\"text-align: center;\"><span style=\"font-size: 10pt;\">\u00a0<\/span><\/p>\n<p style=\"text-align: center;\"><span style=\"font-size: 10pt;\">Rozmery sa m\u00f4\u017eu mierne l\u00ed\u0161i\u0165 od uveden\u00fdch +\/- 2cm. V\u0161etky uveden\u00e9 rozmery s\u00fa meran\u00e9 plo\u0161ne.<\/span><\/p>\n<p style=\"text-align: center;\"><span style=\"font-size: 10pt;\">\u00a0<\/span><\/p>\n<table>\n<tbody>\n<tr>\n<td width=\"302\">Meno modela<\/td>\n<td width=\"302\">Semi\u0161ov\u00e1 suk\u0148a<\/td>\n<\/tr>\n<tr>\n<td width=\"302\">Farba<\/td>\n<td width=\"302\">\u010dierna<\/td>\n<\/tr>\n<tr>\n<td width=\"302\">ve\u013ekosti<\/td>\n<td width=\"302\">SML<\/td>\n<\/tr>\n<tr>\n<td width=\"302\">M\u00f3da<\/td>\n<td width=\"302\">Na mieru<\/td>\n<\/tr>\n<tr>\n<td width=\"302\">Materi\u00e1l<\/td>\n<td width=\"302\">95% Polyester 5%ELastian<\/td>\n<\/tr>\n<\/tbody>\n<\/table>\n<p style=\"text-align: center;\"><span style=\"font-size: 10pt;\">\u00a0<\/span><\/p>\n<p>&nbsp;<\/p>\n<p style=\"text-align: center;\"><span style=\"font-size: 10pt;\">\u00a0<strong>odpor\u00fa\u010dan\u00e9<\/strong> pre \u013eud\u00ed, ktor\u00ed nosia ve\u013ekos\u0165 od\u00a0<strong>S\u00a0<\/strong>dole\u00a0<strong>L<\/strong><\/span><\/p>\n<p style=\"text-align: center;\"><span style=\"font-size: 10pt;\">\u00a0<\/span><\/p>\n<p style=\"text-align: center;\"><span style=\"font-size: 10pt;\">\u00a0<\/span><\/p>\n<p style=\"text-align: center;\"><span style=\"font-size: 10pt;\">\u00a0<\/span><\/p>","protected":false},"excerpt":{"rendered":"<p>Sp\u00f3dnica Zamszowa Czarna Napy Sp\u00f3dnica zamszowa, o\u0142\u00f3wkowa dopasowana- idealnie podkre\u015bla kobiece kszta\u0142ty. Sp\u00f3dniczka zapinana z ty\u0142u na subtelny kryty zamek. Jest to\u00a0 bestseler w naszym butiku. Sp\u00f3dnica jest prawdziwym hitem w\u015br\u00f3d blogerek i gwiazd.\u00a0 Na przodzie sp\u00f3dnicy znajduj\u0105 si\u0119 napy, kt\u00f3re dodaj\u0105 jej uroku. W naszej sp\u00f3dnicy zawsze b\u0119dziesz si\u0119\u00a0 prezentowa\u0107 atrakcyjnie. Stw\u00f3rz idealny zestaw<\/p>\n<div class=\"klb-readmore post-buttons\"><a class=\"button black outline size-sm\" href=\"https:\/\/madelinefashion.pl\/sk\/spodnica-zamszowa-czarna-napy\/\">\u010c\u00edta\u0165 \u010falej <i class=\"klbth-icon-right-arrow\"><\/i><\/a><\/div>","protected":false},"featured_media":4991,"template":"","meta":[],"product_brand":[],"product_cat":[121,380],"product_tag":[],"class_list":{"0":"post-4993","1":"product","2":"type-product","3":"status-publish","4":"has-post-thumbnail","6":"product_cat-mini","7":"product_cat-wyprzedaz","8":"pa_rozmiar-s-36","9":"pa_rozmiar-m-38","10":"pa_rozmiar-l-40","12":"first","13":"instock","14":"product-type-variable"},"_links":{"self":[{"href":"https:\/\/madelinefashion.pl\/sk\/wp-json\/wp\/v2\/product\/4993","targetHints":{"allow":["GET"]}}],"collection":[{"href":"https:\/\/madelinefashion.pl\/sk\/wp-json\/wp\/v2\/product"}],"about":[{"href":"https:\/\/madelinefashion.pl\/sk\/wp-json\/wp\/v2\/types\/product"}],"wp:featuredmedia":[{"embeddable":true,"href":"https:\/\/madelinefashion.pl\/sk\/wp-json\/wp\/v2\/media\/4991"}],"wp:attachment":[{"href":"https:\/\/madelinefashion.pl\/sk\/wp-json\/wp\/v2\/media?parent=4993"}],"wp:term":[{"taxonomy":"product_brand","embeddable":true,"href":"https:\/\/madelinefashion.pl\/sk\/wp-json\/wp\/v2\/product_brand?post=4993"},{"taxonomy":"product_cat","embeddable":true,"href":"https:\/\/madelinefashion.pl\/sk\/wp-json\/wp\/v2\/product_cat?post=4993"},{"taxonomy":"product_tag","embeddable":true,"href":"https:\/\/madelinefashion.pl\/sk\/wp-json\/wp\/v2\/product_tag?post=4993"}],"curies":[{"name":"pracovn\u00fd list","href":"https:\/\/api.w.org\/{rel}","templated":true}]}}