{"id":5007,"date":"2021-02-09T17:23:30","date_gmt":"2021-02-09T16:23:30","guid":{"rendered":"https:\/\/madelinefashion.pl\/?post_type=product&#038;p=5007"},"modified":"2026-04-08T14:03:42","modified_gmt":"2026-04-08T12:03:42","slug":"plaszcz-andera-jasno-szary","status":"publish","type":"product","link":"https:\/\/madelinefashion.pl\/sk\/plaszcz-andera-jasno-szary\/","title":{"rendered":"Kab\u00e1t Andera svetlosiv\u00e1"},"content":{"rendered":"<h3 style=\"text-align: center;\">Kab\u00e1t Andera svetlosiv\u00e1<\/h3>\n<p style=\"text-align: center;\"><strong>Kab\u00e1t Andera svetlosiv\u00e1<\/strong> lemovan\u00e9 gomb\u00edkmi je to prav\u00e9 <strong>sez\u00f3nny hit<\/strong>. Je to spojenie elegancie, modernosti a funk\u010dnosti - siv\u00fd kab\u00e1t sa hod\u00ed do ka\u017edej siluety a \u0161tyliz\u00e1cie. Siv\u00fd kab\u00e1t je univerz\u00e1lny - hod\u00ed sa na ka\u017ed\u00fa pr\u00edle\u017eitos\u0165, <strong>bude perfektn\u00e1 v ka\u017edom ro\u010dnom obdob\u00ed<\/strong>. Peler\u00edna m\u00e1 na bokoch vreck\u00e1. Zap\u00ednanie na gomb\u00edk zlatej farby. Ka\u017ed\u00fd \u0161ev kab\u00e1ta je lemovan\u00fd ni\u0165ou v rovnakej farbe Kab\u00e1t ide\u00e1lny na ka\u017ed\u00fa pr\u00edle\u017eitos\u0165 \u00daspe\u0161n\u00e9 \u017eeny na vysok\u00fdch postoch ve\u013emi dobre vedia, ak\u00e9 farby by mali nosi\u0165, aby vzbudzovali d\u00f4veru a<strong> vyzera\u0165 profesion\u00e1lne<\/strong> v akejko\u013evek situ\u00e1cii. V na\u0161om internetovom obchode n\u00e1jdete tento produkt v r\u00f4znych farebn\u00fdch variantoch za bezkonkuren\u010dn\u00fa cenu <strong>n\u00edzka cena<\/strong>. Hod\u00ed sa ku ka\u017ed\u00e9mu \u0161t\u00fdlu, na ka\u017edodenn\u00e9 nosenie, no v\u010faka spr\u00e1vnym doplnkom vytvor\u00edte origin\u00e1lny outfit aj na ve\u010dern\u00fa romantick\u00fa prech\u00e1dzku, ale aj na pracovn\u00fd v\u00fdlet. Model vhodn\u00fd pre d\u00e1my nosiace ve\u013e <strong>SML XL<\/strong><strong>\u00a0<\/strong>Ak sa neviete rozhodn\u00fa\u0165, ktor\u00e1 farba alebo ve\u013ekos\u0165 je pre v\u00e1s najvhodnej\u0161ia, kontaktujte n\u00e1s na Facebooku alebo telefonicky.<\/p>\n<h3 style=\"text-align: center;\">rozmery kab\u00e1ta:<\/h3>\n<p style=\"text-align: center;\"><strong>VE\u013dKOS\u0164 S <\/strong><\/p>\n<ul style=\"text-align: center;\">\n<li>celkov\u00e1 d\u013a\u017eka 90 cm<\/li>\n<li>od pazuchy po pazuchu 47 cm<\/li>\n<li>prsia 42-44 cm<\/li>\n<li>p\u00e1s 40-42 cm<\/li>\n<li>ruk\u00e1v od pazuchy 44 cm<\/li>\n<li>ruk\u00e1v od ramena 60 cm<\/li>\n<\/ul>\n<p style=\"text-align: center;\"><strong>VE\u013dKOS\u0164 M <\/strong><\/p>\n<ul style=\"text-align: center;\">\n<li>celkov\u00e1 d\u013a\u017eka 90 cm<\/li>\n<li>od pazuchy po pazuchu 48 cm<\/li>\n<li>prsia 44-46 cm<\/li>\n<li>p\u00e1s 42-44 cm<\/li>\n<li>ruk\u00e1v od pazuchy 45 cm<\/li>\n<li>ruk\u00e1v od ramena 61 cm<\/li>\n<\/ul>\n<p style=\"text-align: center;\"><strong>VE\u013dKOS\u0164 L <\/strong><\/p>\n<ul style=\"text-align: center;\">\n<li>celkov\u00e1 d\u013a\u017eka 90 cm<\/li>\n<li>od pazuchy po pazuchu 49 cm<\/li>\n<li>prsia 46-48 cm<\/li>\n<li>p\u00e1s 44-46 cm<\/li>\n<li>ruk\u00e1v od pazuchy 46 cm<\/li>\n<li>ruk\u00e1v od ramena 62 cm<\/li>\n<\/ul>\n<p style=\"text-align: center;\"><strong>VE\u013dKOS\u0164 XL <\/strong><\/p>\n<ul style=\"text-align: center;\">\n<li>celkov\u00e1 d\u013a\u017eka 90 cm<\/li>\n<li>od pazuchy po pazuchu 50 cm<\/li>\n<li>prsia 48-50 cm<\/li>\n<li>p\u00e1s 46-48 cm<\/li>\n<li>ruk\u00e1v od pazuchy 47 cm<\/li>\n<li>ruk\u00e1v od ramena 63 cm<\/li>\n<li><\/li>\n<\/ul>\n<p style=\"text-align: center;\">Rozmery sa m\u00f4\u017eu mierne l\u00ed\u0161i\u0165 od uveden\u00fdch +\/- 2cm. V\u0161etky uveden\u00e9 rozmery s\u00fa meran\u00e9 plo\u0161ne.<\/p>\n<p style=\"text-align: center;\"><strong>\u00a0<\/strong><\/p>\n<table width=\"499\">\n<tbody>\n<tr>\n<td width=\"302\">Meno modela<\/td>\n<td width=\"302\">Anderov kab\u00e1t<\/td>\n<\/tr>\n<tr>\n<td width=\"302\">Farba<\/td>\n<td width=\"302\">Svetlo siv\u00e1<\/td>\n<\/tr>\n<tr>\n<td width=\"302\">Zbierka<\/td>\n<td width=\"302\">jese\u0148\/zima\/jar<\/td>\n<\/tr>\n<tr>\n<td width=\"302\">ve\u013ekosti<\/td>\n<td width=\"302\">Univerz\u00e1lny<\/td>\n<\/tr>\n<tr>\n<td width=\"302\">M\u00f3da<\/td>\n<td width=\"302\">nadrozmern\u00e9<\/td>\n<\/tr>\n<tr>\n<td width=\"302\">Hood<\/td>\n<td width=\"302\">Bez kapucne<\/td>\n<\/tr>\n<tr>\n<td width=\"302\">izolovan\u00e9<\/td>\n<td width=\"302\">Pod\u0161\u00edvka<\/td>\n<\/tr>\n<tr>\n<td width=\"302\">Materi\u00e1l<\/td>\n<td width=\"302\">Petersham<\/td>\n<\/tr>\n<\/tbody>\n<\/table>\n<p style=\"text-align: center;\">\u00a0Model m\u00e1\u00a0<strong>168<\/strong>\u00a0cm vysok\u00fd, nos\u00ed ve\u013ekos\u0165 ka\u017ed\u00fd de\u0148\u00a0<strong>S<\/strong><\/p>","protected":false},"excerpt":{"rendered":"<p>P\u0142aszcz Andera Jasno Szary P\u0142aszcz Andera Jasno Szary z podszewk\u0105 zapinany na guziki\u00a0 to prawdziwy hit sezonu. Jest to po\u0142\u0105czenie elegancji, nowoczesno\u015bci i funkcjonalno\u015bci \u2013 Szary\u00a0 p\u0142aszczyk wpisuje si\u0119 w ka\u017cd\u0105 sylwetk\u0119 i stylizacj\u0119. P\u0142aszcz w kolorze szarym jest uniwersalny \u2013 jest stosowny na ka\u017cd\u0105 okazj\u0119, \u015bwietnie sprawdzi si\u0119 w ka\u017cdej porze roku. Narzutka posiada<\/p>\n<div class=\"klb-readmore post-buttons\"><a class=\"button black outline size-sm\" href=\"https:\/\/madelinefashion.pl\/sk\/plaszcz-andera-jasno-szary\/\">\u010c\u00edta\u0165 \u010falej <i class=\"klbth-icon-right-arrow\"><\/i><\/a><\/div>","protected":false},"featured_media":6338,"template":"","meta":[],"product_brand":[],"product_cat":[120],"product_tag":[],"class_list":{"0":"post-5007","1":"product","2":"type-product","3":"status-publish","4":"has-post-thumbnail","6":"product_cat-plaszcze-dlugie","7":"pa_rozmiar-s","8":"pa_rozmiar-m","9":"pa_rozmiar-l","10":"pa_rozmiar-xl","12":"first","13":"outofstock","14":"product-type-variable"},"_links":{"self":[{"href":"https:\/\/madelinefashion.pl\/sk\/wp-json\/wp\/v2\/product\/5007","targetHints":{"allow":["GET"]}}],"collection":[{"href":"https:\/\/madelinefashion.pl\/sk\/wp-json\/wp\/v2\/product"}],"about":[{"href":"https:\/\/madelinefashion.pl\/sk\/wp-json\/wp\/v2\/types\/product"}],"wp:featuredmedia":[{"embeddable":true,"href":"https:\/\/madelinefashion.pl\/sk\/wp-json\/wp\/v2\/media\/6338"}],"wp:attachment":[{"href":"https:\/\/madelinefashion.pl\/sk\/wp-json\/wp\/v2\/media?parent=5007"}],"wp:term":[{"taxonomy":"product_brand","embeddable":true,"href":"https:\/\/madelinefashion.pl\/sk\/wp-json\/wp\/v2\/product_brand?post=5007"},{"taxonomy":"product_cat","embeddable":true,"href":"https:\/\/madelinefashion.pl\/sk\/wp-json\/wp\/v2\/product_cat?post=5007"},{"taxonomy":"product_tag","embeddable":true,"href":"https:\/\/madelinefashion.pl\/sk\/wp-json\/wp\/v2\/product_tag?post=5007"}],"curies":[{"name":"pracovn\u00fd list","href":"https:\/\/api.w.org\/{rel}","templated":true}]}}