{"id":51387,"date":"2022-07-30T13:04:35","date_gmt":"2022-07-30T11:04:35","guid":{"rendered":"https:\/\/madelinefashion.pl\/?post_type=product&#038;p=51387"},"modified":"2026-03-01T12:58:34","modified_gmt":"2026-03-01T11:58:34","slug":"kapelusz-slomkowy-cool-summer-karmelowy","status":"publish","type":"product","link":"https:\/\/madelinefashion.pl\/sk\/kapelusz-slomkowy-cool-summer-karmelowy\/","title":{"rendered":"Slamen\u00fd klob\u00fak Cool Summer Caramel"},"content":{"rendered":"<h3 style=\"text-align: center;\">Slamen\u00fd klob\u00fak Cool Summer Caramel<\/h3>\n<p style=\"text-align: center;\">D\u00e1msky pleten\u00fd klob\u00fak vyroben\u00fd z m\u00e4kkej papierovej slamy. Siln\u00e1 v\u00e4zba neprep\u00fa\u0161\u0165a UV \u017eiarenie. Klob\u00fak pevne dr\u017e\u00ed na hlave. Okr\u00fahla hlava a okraj. Klob\u00fak bude skvel\u00fdm doplnkom k le\u017e\u00e9rnym \u0161tyliz\u00e1ci\u00e1m. Bude to fungova\u0165 aj v \u0161t\u00fdle boho. N\u00e1\u0161 klob\u00fak je ide\u00e1lnou vo\u013ebou na hor\u00face letn\u00e9 dni.<\/p>\n<h2 style=\"text-align: center;\">Rozmery:<\/h2>\n<p style=\"text-align: center;\">v\u00fd\u0161ka hlavy - 9 cm<\/p>\n<p style=\"text-align: center;\">priemer okraja - 46 cm<\/p>\n<p style=\"text-align: center;\">obvod hlavy - 58\/59 cm<\/p>\n<p style=\"text-align: center;\">","protected":false},"excerpt":{"rendered":"<p>Slamen\u00fd letn\u00fd klob\u00fak, karamelov\u00e1 farba. D\u00e1msky tkan\u00fd klob\u00fak vyroben\u00fd z m\u00e4kkej papierovej slamy. Pevn\u00e1 v\u00e4zba chr\u00e1ni pred UV \u017eiaren\u00edm. Klob\u00fak bezpe\u010dne dr\u017e\u00ed na hlave. M\u00e1 okr\u00fahlu korunu a \u0161ilt. Tento klob\u00fak bude skvel\u00fdm doplnkom k le\u017e\u00e9rnym outfitom. Hod\u00ed sa aj k boho \u0161t\u00fdlu. N\u00e1\u0161 klob\u00fak je ide\u00e1lny na hor\u00face letn\u00e9 dni. Rozmery: v\u00fd\u0161ka hlavy - 9 cm<\/p>\n<div class=\"klb-readmore post-buttons\"><a class=\"button black outline size-sm\" href=\"https:\/\/madelinefashion.pl\/sk\/kapelusz-slomkowy-cool-summer-karmelowy\/\">\u010c\u00edta\u0165 \u010falej <i class=\"klbth-icon-right-arrow\"><\/i><\/a><\/div>","protected":false},"featured_media":51365,"template":"","meta":[],"product_brand":[],"product_cat":[113],"product_tag":[397],"class_list":{"0":"post-51387","1":"product","2":"type-product","3":"status-publish","4":"has-post-thumbnail","6":"product_cat-dodatki","7":"product_tag-kapelusz","9":"first","10":"instock","11":"sale","12":"purchasable","13":"product-type-simple"},"_links":{"self":[{"href":"https:\/\/madelinefashion.pl\/sk\/wp-json\/wp\/v2\/product\/51387","targetHints":{"allow":["GET"]}}],"collection":[{"href":"https:\/\/madelinefashion.pl\/sk\/wp-json\/wp\/v2\/product"}],"about":[{"href":"https:\/\/madelinefashion.pl\/sk\/wp-json\/wp\/v2\/types\/product"}],"wp:featuredmedia":[{"embeddable":true,"href":"https:\/\/madelinefashion.pl\/sk\/wp-json\/wp\/v2\/media\/51365"}],"wp:attachment":[{"href":"https:\/\/madelinefashion.pl\/sk\/wp-json\/wp\/v2\/media?parent=51387"}],"wp:term":[{"taxonomy":"product_brand","embeddable":true,"href":"https:\/\/madelinefashion.pl\/sk\/wp-json\/wp\/v2\/product_brand?post=51387"},{"taxonomy":"product_cat","embeddable":true,"href":"https:\/\/madelinefashion.pl\/sk\/wp-json\/wp\/v2\/product_cat?post=51387"},{"taxonomy":"product_tag","embeddable":true,"href":"https:\/\/madelinefashion.pl\/sk\/wp-json\/wp\/v2\/product_tag?post=51387"}],"curies":[{"name":"pracovn\u00fd list","href":"https:\/\/api.w.org\/{rel}","templated":true}]}}