{"id":51911,"date":"2022-08-02T18:04:35","date_gmt":"2022-08-02T16:04:35","guid":{"rendered":"https:\/\/madelinefashion.pl\/?post_type=product&#038;p=51911"},"modified":"2026-03-26T12:40:06","modified_gmt":"2026-03-26T11:40:06","slug":"sukienka-dopasowana-malta-fuksja","status":"publish","type":"product","link":"https:\/\/madelinefashion.pl\/sk\/sukienka-dopasowana-malta-fuksja\/","title":{"rendered":"Vypasovan\u00e9 \u0161aty Malta Fuchsia"},"content":{"rendered":"<h3 style=\"text-align: center;\">Vypasovan\u00e9 \u0161aty Malta Fuchsia<\/h3>\n<p style=\"text-align: center;\">\u00a0Fenomen\u00e1lne dlh\u00e9 priliehav\u00e9 \u0161aty s rozparkom odha\u013euj\u00facim nohu. Horn\u00e1 \u010das\u0165 \u0161iat je vybudovan\u00e1 s mierne otvoren\u00fdm chrbtom. Zap\u00edna sa vzadu na zips. \u0160aty s\u00fa vyroben\u00e9 z mierne stre\u010dov\u00e9ho materi\u00e1lu, v\u010faka \u010domu s\u00fa dokonal\u00e9 <strong>prisp\u00f4sob\u00ed sa telu<\/strong>. Oble\u010dte sa s<span style=\"font-size: 10pt;\">viazan\u00e9 vo v\u00fd\u0161ke p\u00e1sa <strong>dokonale zv\u00fdraz\u0148uje p\u00e1s<\/strong>.\u00a0<\/span><span style=\"font-size: 10pt;\"> \u0160aty maj\u00fa vpredu v\u0161it\u00e9 ko\u0161\u00ed\u010dky, tak\u017ee nemus\u00edte nosi\u0165 podprsenku. Vyroben\u00e9 a \u0161it\u00e9 v Po\u013esku. <strong>Maltsk\u00e9 \u0161aty\u00a0<\/strong> dostupn\u00e9 na na\u0161ej str\u00e1nke vo viacer\u00fdch farb\u00e1ch.<\/span><br \/>\n<span style=\"font-size: 10pt;\">Dostupn\u00e9 vo ve\u013ekostiach <strong>XS SML\u00a0<\/strong> . \u0160aty <strong>Pekn\u00e1 \u017eena<\/strong> je vynikaj\u00facou vo\u013ebou na svadbu, ples, Silvestra a in\u00e9 elegantn\u00e9 \u0161peci\u00e1lne udalosti. Dostupn\u00e9 na na\u0161om e-shope vo viacer\u00fdch farebn\u00fdch variantoch, tak nev\u00e1hajte a vyberte si t\u00fa, ktor\u00e1 je pre v\u00e1s ako stvoren\u00e1. Ak sa neviete rozhodn\u00fa\u0165 ak\u00fa farbu, <strong>ve\u013ekos\u0165<\/strong> je pre v\u00e1s to najlep\u0161ie <strong>kontaktuj n\u00e1s<\/strong> cez <a href=\"https:\/\/www.facebook.com\/madelinefashionbutik\" target=\"_blank\" rel=\"noopener\">Facebook<\/a> alebo <a href=\"https:\/\/madelinefashion.pl\/sk\/kontakt\/\">telef\u00f3n<\/a>. Ak ve\u013ekos\u0165 nie je na str\u00e1nke, kontaktujte n\u00e1s.\u00a0<\/span><\/p>\n<h3 style=\"text-align: center;\">ROZMERY \u0161iat:<\/h3>\n<div class=\"additional-details\" style=\"text-align: center;\">\n<p><img fetchpriority=\"high\" decoding=\"async\" class=\"alignnone size-medium wp-image-16801\" src=\"https:\/\/madelinefashion.pl\/wp-content\/uploads\/2021\/08\/wymiary-suknia-300x194.png\" alt=\"\" width=\"300\" height=\"194\" title=\"\"><\/p>\n<table width=\"740\">\n<tbody>\n<tr>\n<td width=\"100\">Ve\u013ekos\u0165<\/td>\n<td width=\"100\">34<\/td>\n<td width=\"100\">36<\/td>\n<td width=\"100\">38<\/td>\n<td width=\"100\">40<\/td>\n<\/tr>\n<tr>\n<td width=\"100\">poprsia<\/td>\n<td width=\"100\">84-86<\/td>\n<td width=\"100\">88-90<\/td>\n<td width=\"100\">92-94<\/td>\n<td width=\"100\">96-98<\/td>\n<\/tr>\n<tr>\n<td width=\"100\">P\u00e1s<\/td>\n<td width=\"100\">68<\/td>\n<td width=\"100\">72<\/td>\n<td width=\"100\">76<\/td>\n<td width=\"100\">80<\/td>\n<\/tr>\n<tr>\n<td width=\"100\">Boky<\/td>\n<td width=\"100\">76-90<\/td>\n<td width=\"100\">82-92<\/td>\n<td width=\"100\">88-98<\/td>\n<td width=\"100\">94-108<\/td>\n<\/tr>\n<\/tbody>\n<\/table>\n<\/div>\n<p style=\"text-align: center;\"><span style=\"font-size: 10pt;\">\u00a0 <\/span><\/p>\n<p style=\"text-align: center;\"><span style=\"font-size: 10pt;\">celkov\u00e1 d\u013a\u017eka cca 157 cm\u00a0<\/span><\/p>\n<p style=\"text-align: center;\"><span style=\"font-size: 10pt;\">\u0160aty s\u00fa dostupn\u00e9 aj v in\u00fdch farb\u00e1ch - odpor\u00fa\u010dame v\u00e1m zozn\u00e1mi\u0165 sa s na\u0161imi \u010fal\u0161\u00edmi produktmi.<\/span><\/p>\n<p style=\"text-align: center;\"><span style=\"font-size: 10pt;\">Rozmery sa m\u00f4\u017eu mierne l\u00ed\u0161i\u0165 od uveden\u00fdch +\/- 2cm.\u00a0<\/span><\/p>\n<p style=\"text-align: center;\"><span style=\"font-size: 10pt;\"><strong>\u00a0<\/strong>\u00a0<\/span><\/p>\n<table width=\"620\">\n<tbody>\n<tr>\n<td width=\"302\">Meno modela<\/td>\n<td width=\"302\">Vypasovan\u00e9 maltsk\u00e9 \u0161aty<\/td>\n<\/tr>\n<tr>\n<td width=\"302\">Farba<\/td>\n<td width=\"302\">Fuchsiov\u00e1<\/td>\n<\/tr>\n<tr>\n<td width=\"302\">Marka<\/td>\n<td width=\"302\">Pekn\u00e1 \u017eena<\/td>\n<\/tr>\n<tr>\n<td width=\"302\">ve\u013ekosti<\/td>\n<td width=\"302\">34 36 38 40<\/td>\n<\/tr>\n<tr>\n<td width=\"302\">M\u00f3da<\/td>\n<td width=\"302\">Zhoda<\/td>\n<\/tr>\n<tr>\n<td width=\"302\">Materi\u00e1l<\/td>\n<td width=\"302\">Visk\u00f3za, polyester, bavlna<\/td>\n<\/tr>\n<tr>\n<td width=\"302\">D\u013a\u017eka<\/td>\n<td width=\"302\">Na zem<\/td>\n<\/tr>\n<\/tbody>\n<\/table>\n<p style=\"text-align: center;\"><span style=\"font-size: 10pt;\">\u00a0<\/span><\/p>\n<p>&nbsp;<\/p>\n<p style=\"text-align: center;\"><span style=\"font-size: 10pt;\">Aby ste si vybrali <strong>perfektn\u00e9 \u0161aty<\/strong> kontaktujte n\u00e1s telefonicky alebo prostredn\u00edctvom na\u0161ej webovej str\u00e1nky <a href=\"https:\/\/www.facebook.com\/madelinefashionbutik\" target=\"_blank\" rel=\"noopener\">Facebook<\/a> .<\/span><br \/>\n<span style=\"font-size: 10pt;\">N\u00e1\u0161 t\u00edm v\u00e1m pom\u00f4\u017ee <strong>Vyberte si ten spr\u00e1vny<\/strong> . <strong>Na \u017eelanie kupuj\u00faceho vyrob\u00edme ak\u00e9ko\u013evek \u0161aty\u00a0<\/strong><strong>opatrne mera\u0165.\u00a0<\/strong><\/span><\/p>\n<div class=\"additional-details\" style=\"text-align: center;\">\n<p style=\"text-align: center;\"><span style=\"font-size: 10pt;\">\u00a0<\/span><\/p>\n<\/div>","protected":false},"excerpt":{"rendered":"<p>Sukienka Dopasowana Malta Fuksja \u00a0Zjawiskowa d\u0142uga, dopasowana sukienka z rozporkiem eksponuj\u0105cym nog\u0119. G\u00f3ra sukienki zabudowana z delikatnie odkrytymi plecami.\u00a0 Zapinana z ty\u0142u na zamek. Sukienka uszyta z lekko rozci\u0105gliwego materia\u0142u dzi\u0119ki czemu idealnie dopasowuje si\u0119 do cia\u0142a.\u00a0 Sukienka zw\u0119\u017cana na wysoko\u015bci pasa wspaniale podkre\u015bla tali\u0119.\u00a0 Sukienka posiada z przodu wszyte miseczki, dzi\u0119ki czemu nie trzeba<\/p>\n<div class=\"klb-readmore post-buttons\"><a class=\"button black outline size-sm\" href=\"https:\/\/madelinefashion.pl\/sk\/sukienka-dopasowana-malta-fuksja\/\">\u010c\u00edta\u0165 \u010falej <i class=\"klbth-icon-right-arrow\"><\/i><\/a><\/div>","protected":false},"featured_media":51523,"template":"","meta":[],"product_brand":[],"product_cat":[124,395,559],"product_tag":[257,163,215],"class_list":{"0":"post-51911","1":"product","2":"type-product","3":"status-publish","4":"has-post-thumbnail","6":"product_cat-sukienki-okolicznosciowe","7":"product_cat-nowosci","8":"product_cat-noworoczna-sekcja-okazji","9":"product_tag-madelinefashion","10":"product_tag-sukienki-dlugie","11":"product_tag-sukienki-rozowe","13":"first","14":"instock","15":"sale","16":"purchasable","17":"product-type-variable"},"_links":{"self":[{"href":"https:\/\/madelinefashion.pl\/sk\/wp-json\/wp\/v2\/product\/51911","targetHints":{"allow":["GET"]}}],"collection":[{"href":"https:\/\/madelinefashion.pl\/sk\/wp-json\/wp\/v2\/product"}],"about":[{"href":"https:\/\/madelinefashion.pl\/sk\/wp-json\/wp\/v2\/types\/product"}],"wp:featuredmedia":[{"embeddable":true,"href":"https:\/\/madelinefashion.pl\/sk\/wp-json\/wp\/v2\/media\/51523"}],"wp:attachment":[{"href":"https:\/\/madelinefashion.pl\/sk\/wp-json\/wp\/v2\/media?parent=51911"}],"wp:term":[{"taxonomy":"product_brand","embeddable":true,"href":"https:\/\/madelinefashion.pl\/sk\/wp-json\/wp\/v2\/product_brand?post=51911"},{"taxonomy":"product_cat","embeddable":true,"href":"https:\/\/madelinefashion.pl\/sk\/wp-json\/wp\/v2\/product_cat?post=51911"},{"taxonomy":"product_tag","embeddable":true,"href":"https:\/\/madelinefashion.pl\/sk\/wp-json\/wp\/v2\/product_tag?post=51911"}],"curies":[{"name":"pracovn\u00fd list","href":"https:\/\/api.w.org\/{rel}","templated":true}]}}