{"id":523557,"date":"2024-04-02T16:56:02","date_gmt":"2024-04-02T14:56:02","guid":{"rendered":"https:\/\/madelinefashion.pl\/?post_type=product&#038;p=523557"},"modified":"2026-04-10T15:06:34","modified_gmt":"2026-04-10T13:06:34","slug":"sukienka-krotka-tiulowa-darley-biala","status":"publish","type":"product","link":"https:\/\/madelinefashion.pl\/sk\/sukienka-krotka-tiulowa-darley-biala\/","title":{"rendered":"Biele kr\u00e1tke tylov\u00e9 \u0161aty Darley"},"content":{"rendered":"<h3 style=\"text-align: center;\">Biele kr\u00e1tke tylov\u00e9 \u0161aty Darley<\/h3>\n<p style=\"text-align: center;\">P\u00f4sobiv\u00e9 midi \u0161aty\u00a0 <strong>tylu<\/strong> Toto je perfektn\u00e1 vo\u013eba na \u0161peci\u00e1lne pr\u00edle\u017eitosti. Je n\u00e1dhern\u00e1, vzdu\u0161n\u00e1 a roz\u0161\u00edren\u00e1 s ramienkami. <strong>tylov\u00e9 \u0161aty<\/strong> \u2013 dostupn\u00e9 v na\u0161ej predajni vo viacer\u00fdch <strong>farebn\u00e9 verzie<\/strong>. Tylov\u00e1 aplik\u00e1cia zaru\u010d\u00ed jedine\u010dn\u00fd vzh\u013ead. Jej \u0161t\u00fdl je kr\u00e1sny <strong>odkryje p\u00e1s<\/strong>. Spodn\u00e1 \u010das\u0165 \u0161iat <b>tylu <\/b>Skladaj\u00fa sa z roz\u0161\u00edren\u00e9ho tylu a pod\u0161\u00edvky, ktor\u00e9 v pohybe vytv\u00e1raj\u00fa v\u00fdrazn\u00fd efekt. Maj\u00fa elastick\u00fd chrb\u00e1t, ktor\u00fd zv\u00fdraz\u0148uje p\u00e1s. Vrchn\u00e1 \u010das\u0165 \u0161iat m\u00e1 ramienka a jemn\u00fd kvietok na boku. S\u00fa to perfektn\u00e9 mo\u017enosti pre \u017eeny, ktor\u00e9 si cenia eleganciu. <strong>\u0161ik a elegancia.<\/strong> \u0160aty sa odpor\u00fa\u010daj\u00fa aj na svadbu, 18. a dokonca aj na svadbu. Vyrovnajte sa <a href=\"https:\/\/madelinefashion.pl\/sk\/buty\/\">\u0161tekle<\/a> dostupn\u00e9 aj na na\u0161ej webovej str\u00e1nke a vytv\u00e1raj\u00fa elegantn\u00fd vzh\u013ead. Mus\u00edte ju ma\u0165 vo svojom \u0161atn\u00edku! Univerz\u00e1lna ve\u013ekos\u0165, odpor\u00fa\u010dan\u00e1 pre \u017eeny nosiace XS SML, ak nos\u00edte v\u00e4\u010d\u0161iu ve\u013ekos\u0165, pozrite si rozmery<\/p>\n<h3 style=\"text-align: center;\">Rozmery \u0161iat<\/h3>\n<ul style=\"text-align: center;\">\n<li>celkov\u00e1 d\u013a\u017eka 95 cm<\/li>\n<li>\u0161\u00edrka od pazuchy po pazuchu: 39-46 cm<\/li>\n<li>\u0161\u00edrka p\u00e1sa: 30-37 cm<\/li>\n<li>d\u013a\u017eka pod\u0161\u00edvky: 50 cm<\/li>\n<li><\/li>\n<\/ul>\n<p style=\"text-align: center;\">Rozmery sa m\u00f4\u017eu mierne l\u00ed\u0161i\u0165 od uveden\u00fdch +\/- 2cm. V\u0161etky uveden\u00e9 rozmery s\u00fa meran\u00e9 plo\u0161ne. <strong>rozmer x2<\/strong><\/p>\n<p style=\"text-align: center;\"><strong>\u00a0<\/strong><\/p>\n<table style=\"height: 214px;\" width=\"548\">\n<tbody>\n<tr>\n<td width=\"302\">Meno modela<\/td>\n<td width=\"302\">Kr\u00e1tke tylov\u00e9 \u0161aty Darley<\/td>\n<\/tr>\n<tr>\n<td width=\"302\">Farba<\/td>\n<td width=\"302\">biely<\/td>\n<\/tr>\n<tr>\n<td width=\"302\">Zbierka<\/td>\n<td width=\"302\">Jar leto<\/td>\n<\/tr>\n<tr>\n<td width=\"302\">ve\u013ekosti<\/td>\n<td width=\"302\">Univerz\u00e1lny<\/td>\n<\/tr>\n<tr>\n<td width=\"302\">M\u00f3da<\/td>\n<td width=\"302\">Vzplanul<\/td>\n<\/tr>\n<tr>\n<td width=\"302\">Dekor\u00e1cia<\/td>\n<td width=\"302\">Tyl<\/td>\n<\/tr>\n<tr>\n<td width=\"302\">Materi\u00e1l<\/td>\n<td width=\"302\">95 % Polyester 5% Elastan<\/td>\n<\/tr>\n<\/tbody>\n<\/table>\n<section class=\"page-product-box\">\n<div class=\"rte\">\n<p style=\"text-align: center;\">Model m\u00e1\u00a0<strong>169<\/strong>\u00a0cm vysok\u00fd, nos\u00ed ve\u013ekos\u0165 ka\u017ed\u00fd de\u0148\u00a0<strong>S<\/strong><\/p>\n<p style=\"text-align: center;\">\u0160\u00edrka hrudn\u00edka 85 cm<\/p>\n<p style=\"text-align: center;\">\u0160\u00edrka p\u00e1su 74 cm<\/p>\n<p style=\"text-align: center;\">\n<\/div>\n<\/section>","protected":false},"excerpt":{"rendered":"<p>Biele kr\u00e1tke tylov\u00e9 \u0161aty Darley. Tieto v\u00fdrazn\u00e9 tylov\u00e9 midi \u0161aty s\u00fa ide\u00e1lne na \u0161peci\u00e1lne pr\u00edle\u017eitosti. Tieto n\u00e1dhern\u00e9, spl\u00fdvav\u00e9, roz\u0161\u00edren\u00e9 tylov\u00e9 \u0161aty s ramienkami s\u00fa dostupn\u00e9 v na\u0161om obchode vo viacer\u00fdch farb\u00e1ch. Tylov\u00e9 detaily zaru\u010duj\u00fa jedine\u010dn\u00fd vzh\u013ead. Ich strih kr\u00e1sne zv\u00fdraz\u0148uje p\u00e1s. Spodn\u00e1 \u010das\u0165 tylov\u00fdch \u0161iat je vyroben\u00e1 z roz\u0161\u00edrenej tylovej l\u00e1tky a pod\u0161\u00edvky, ktor\u00e1 efekt\u00edvne...<\/p>\n<div class=\"klb-readmore post-buttons\"><a class=\"button black outline size-sm\" href=\"https:\/\/madelinefashion.pl\/sk\/sukienka-krotka-tiulowa-darley-biala\/\">\u010c\u00edta\u0165 \u010falej <i class=\"klbth-icon-right-arrow\"><\/i><\/a><\/div>","protected":false},"featured_media":523544,"template":"","meta":[],"product_brand":[],"product_cat":[124,395,561],"product_tag":[219,262],"class_list":{"0":"post-523557","1":"product","2":"type-product","3":"status-publish","4":"has-post-thumbnail","6":"product_cat-sukienki-okolicznosciowe","7":"product_cat-nowosci","8":"product_cat-sukienki-tiulowe","9":"product_tag-sukienka-biala","10":"product_tag-sukienki-krotkie","11":"pa_rozmiar-xs-34","12":"pa_rozmiar-s-36","14":"first","15":"instock","16":"sale","17":"purchasable","18":"product-type-simple"},"_links":{"self":[{"href":"https:\/\/madelinefashion.pl\/sk\/wp-json\/wp\/v2\/product\/523557","targetHints":{"allow":["GET"]}}],"collection":[{"href":"https:\/\/madelinefashion.pl\/sk\/wp-json\/wp\/v2\/product"}],"about":[{"href":"https:\/\/madelinefashion.pl\/sk\/wp-json\/wp\/v2\/types\/product"}],"wp:featuredmedia":[{"embeddable":true,"href":"https:\/\/madelinefashion.pl\/sk\/wp-json\/wp\/v2\/media\/523544"}],"wp:attachment":[{"href":"https:\/\/madelinefashion.pl\/sk\/wp-json\/wp\/v2\/media?parent=523557"}],"wp:term":[{"taxonomy":"product_brand","embeddable":true,"href":"https:\/\/madelinefashion.pl\/sk\/wp-json\/wp\/v2\/product_brand?post=523557"},{"taxonomy":"product_cat","embeddable":true,"href":"https:\/\/madelinefashion.pl\/sk\/wp-json\/wp\/v2\/product_cat?post=523557"},{"taxonomy":"product_tag","embeddable":true,"href":"https:\/\/madelinefashion.pl\/sk\/wp-json\/wp\/v2\/product_tag?post=523557"}],"curies":[{"name":"pracovn\u00fd list","href":"https:\/\/api.w.org\/{rel}","templated":true}]}}