{"id":52362,"date":"2022-08-04T13:25:37","date_gmt":"2022-08-04T11:25:37","guid":{"rendered":"https:\/\/madelinefashion.pl\/?post_type=product&#038;p=52362"},"modified":"2026-01-20T10:33:45","modified_gmt":"2026-01-20T09:33:45","slug":"top-prazkowany-petitte-rozowy","status":"publish","type":"product","link":"https:\/\/madelinefashion.pl\/sk\/top-prazkowany-petitte-rozowy\/","title":{"rendered":"Petitte ru\u017eov\u00fd rebrovan\u00fd top"},"content":{"rendered":"<h3 style=\"text-align: center;\">Petitte ru\u017eov\u00fd rebrovan\u00fd top<\/h3>\n<p style=\"text-align: center;\">Petitte Pink Ribbed Top je model, ktor\u00fd sa hod\u00ed k v\u00e4\u010d\u0161ine \u0161t\u00fdlov - v\u010faka jednoduch\u00e9mu vzoru. Short It <strong>\u00a0je n\u00e1vrh, ktor\u00fd je skvel\u00fdm doplnkom \u0161atn\u00edka ka\u017edej \u017eeny.<\/strong> Bude perfektn\u00fd ako z\u00e1klad pre mnoho ka\u017edodenn\u00fdch stylingov, bude vyzera\u0165 fantasticky s ak\u00fdmko\u013evek typom nohav\u00edc, nohav\u00edc alebo sukn\u00ed. Je vyroben\u00fd z vysoko kvalitn\u00e9ho materi\u00e1lu. Spojte ho s <a href=\"https:\/\/madelinefashion.pl\/sk\/kurtka-jeansowa-seven\/\">d\u017e\u00ednsy s katanou<\/a> a sp\u00e1rovan\u00e9 <a href=\"https:\/\/madelinefashion.pl\/sk\/spodnie\/\">nohavice<\/a>. Klasick\u00fd top by mal <strong>n\u00e1js\u0165 miesto v \u0161atn\u00edku ka\u017edej \u017eeny<\/strong>. Tento model bude dokonal\u00fdm z\u00e1kladom pre vytvorenie nekone\u010dn\u00e9ho mno\u017estva \u0161tyliz\u00e1ci\u00ed. Dostupn\u00e9 v na\u0161om <a href=\"https:\/\/madelinefashion.pl\/sk\/casual-clothes\/t-shirty\/\">e-shop<\/a> v r\u00f4znych farebn\u00fdch variantoch. ve\u013ekos\u0165 je<strong> univerz\u00e1lne odpor\u00fa\u010dan\u00e9 od XS po L\u00a0<\/strong><\/p>\n<h3 style=\"text-align: center;\">Rozmery :<\/h3>\n<ul>\n<li style=\"text-align: center;\">\u00a0\u00a0\u00a0\u00a0\u00a0\u00a0\u00a0 Celkov\u00e1 d\u013a\u017eka: 40 cm<\/li>\n<li style=\"text-align: center;\">\u00a0 \u00a0 \u00a0 \u00a0 \u0160\u00edrka od pazuchy po pazuchu: 36 cm - 45 cm<\/li>\n<\/ul>\n<p style=\"text-align: center;\">Rozmery sa m\u00f4\u017eu mierne l\u00ed\u0161i\u0165 od uveden\u00fdch +\/- 2cm. V\u0161etky uveden\u00e9 rozmery s\u00fa meran\u00e9 plo\u0161ne.<\/p>\n<table>\n<tbody>\n<tr>\n<td width=\"302\">Meno modela<\/td>\n<td width=\"302\">Petitte rebrovan\u00fd top<\/td>\n<\/tr>\n<tr>\n<td width=\"302\">Farba<\/td>\n<td width=\"302\">Ru\u017eov\u00e1<\/td>\n<\/tr>\n<tr>\n<td width=\"302\">ve\u013ekosti<\/td>\n<td width=\"302\">Univerz\u00e1lny<\/td>\n<\/tr>\n<tr>\n<td width=\"302\">M\u00f3da<\/td>\n<td width=\"302\">nadrozmern\u00e9<\/td>\n<\/tr>\n<tr>\n<td width=\"302\">Materi\u00e1l<\/td>\n<td width=\"302\">70 % visk\u00f3za 30%pbt<\/td>\n<\/tr>\n<\/tbody>\n<\/table>\n<p style=\"text-align: center;\"><span style=\"font-size: 10pt;\">\u00a0<\/span><\/p>\n<div class=\"tabs tabs-bb clear mb-80\">\n<div class=\"tab-content\">\n<div id=\"tab-description\" class=\"tab-pane fade in woocommerce-Tabs-panel--description active\">\n<p style=\"text-align: center;\">Celkov\u00e1 d\u013a\u017eka 46 cm<\/p>\n<p style=\"text-align: center;\">D\u013a\u017eka ramienok po pazuchu je 25 cm<\/p>\n<p style=\"text-align: center;\">\u0160\u00edrka od pazuchy po pazuchu 30 - 33 cm<\/p>\n<\/div>\n<\/div>\n<\/div>\n<p>&nbsp;<\/p>\n<p>&nbsp;<\/p>\n<div class=\"tabs tabs-bb clear mb-80\">\n<div class=\"tab-content\">\n<div id=\"tab-description\" class=\"tab-pane fade in woocommerce-Tabs-panel--description active\">\n<p style=\"text-align: center;\">Model m\u00e1\u00a0<strong>169<\/strong>\u00a0cm vysok\u00fd, nos\u00ed ve\u013ekos\u0165 ka\u017ed\u00fd de\u0148\u00a0<strong>S<\/strong><\/p>\n<p style=\"text-align: center;\">\u0160\u00edrka cez prsia 92 cm<\/p>\n<p style=\"text-align: center;\">\u0160\u00edrka v p\u00e1se 62 cm<\/p>\n<p style=\"text-align: center;\">\u0160\u00edrka v bokoch 94 cm<\/p>\n<p style=\"text-align: center;\">\n<\/div>\n<\/div>\n<\/div>\n<section class=\"up-sells upsells products mb-80\"><\/section>","protected":false},"excerpt":{"rendered":"<p>Top Pr\u0105\u017ckowany Petitte R\u00f3\u017cowy Top Pr\u0105\u017ckowany Petitte R\u00f3\u017cowy to model kt\u00f3ry b\u0119dzie pasowa\u0142 do wi\u0119kszo\u015bci stylizacji \u2013 ze wzgl\u0119du na prosty wz\u00f3r. Kr\u00f3tki To \u00a0to propozycja, kt\u00f3ra stanowi \u015bwietne uzupe\u0142nienie garderoby ka\u017cdej kobiety. Idealnie sprawdzi si\u0119 jako baza do wielu codziennych stylizacji, fantastycznie zaprezentuje si\u0119 z ka\u017cdym rodzajem do\u0142\u00f3w, spodniami czy te\u017c sp\u00f3dnicami. Wykonany jest<\/p>\n<div class=\"klb-readmore post-buttons\"><a class=\"button black outline size-sm\" href=\"https:\/\/madelinefashion.pl\/sk\/top-prazkowany-petitte-rozowy\/\">\u010c\u00edta\u0165 \u010falej <i class=\"klbth-icon-right-arrow\"><\/i><\/a><\/div>","protected":false},"featured_media":52315,"template":"","meta":[],"product_brand":[],"product_cat":[85],"product_tag":[292],"class_list":{"0":"post-52362","1":"product","2":"type-product","3":"status-publish","4":"has-post-thumbnail","6":"product_cat-t-shirty","7":"product_tag-topy","8":"pa_rozmiar-s-m","9":"pa_rozmiar-l-xl","11":"first","12":"instock","13":"sale","14":"purchasable","15":"product-type-simple"},"_links":{"self":[{"href":"https:\/\/madelinefashion.pl\/sk\/wp-json\/wp\/v2\/product\/52362","targetHints":{"allow":["GET"]}}],"collection":[{"href":"https:\/\/madelinefashion.pl\/sk\/wp-json\/wp\/v2\/product"}],"about":[{"href":"https:\/\/madelinefashion.pl\/sk\/wp-json\/wp\/v2\/types\/product"}],"wp:featuredmedia":[{"embeddable":true,"href":"https:\/\/madelinefashion.pl\/sk\/wp-json\/wp\/v2\/media\/52315"}],"wp:attachment":[{"href":"https:\/\/madelinefashion.pl\/sk\/wp-json\/wp\/v2\/media?parent=52362"}],"wp:term":[{"taxonomy":"product_brand","embeddable":true,"href":"https:\/\/madelinefashion.pl\/sk\/wp-json\/wp\/v2\/product_brand?post=52362"},{"taxonomy":"product_cat","embeddable":true,"href":"https:\/\/madelinefashion.pl\/sk\/wp-json\/wp\/v2\/product_cat?post=52362"},{"taxonomy":"product_tag","embeddable":true,"href":"https:\/\/madelinefashion.pl\/sk\/wp-json\/wp\/v2\/product_tag?post=52362"}],"curies":[{"name":"pracovn\u00fd list","href":"https:\/\/api.w.org\/{rel}","templated":true}]}}