{"id":524081,"date":"2024-04-06T12:48:23","date_gmt":"2024-04-06T10:48:23","guid":{"rendered":"https:\/\/madelinefashion.pl\/?post_type=product&#038;p=524081"},"modified":"2026-04-20T18:53:21","modified_gmt":"2026-04-20T16:53:21","slug":"suknia-z-piorkami-dopasowana-cartieres-premium-bezowo-biala","status":"publish","type":"product","link":"https:\/\/madelinefashion.pl\/sk\/suknia-z-piorkami-dopasowana-cartieres-premium-bezowo-biala\/","title":{"rendered":"Pr\u00e9miov\u00e9 b\u00e9\u017eovo-biele priliehav\u00e9 \u0161aty s per\u00edm Cartieres"},"content":{"rendered":"<h3 style=\"text-align: center;\">Pr\u00e9miov\u00e9 b\u00e9\u017eovo-biele priliehav\u00e9 \u0161aty s per\u00edm Cartieres<\/h3>\n<p style=\"text-align: center;\">Objavte eleganciu a vyberte si jedine\u010dn\u00fd \u0161t\u00fdl s na\u0161imi b\u00e9\u017eovo-bielymi ve\u010dern\u00fdmi \u0161atami. Model Cartieres je perfektnou vo\u013ebou pre \u017eenu, ktor\u00e1 chce vyjadri\u0165 svoju vn\u00fatorn\u00fa \u017eiaru, rozpr\u00fadi\u0165 tane\u010dn\u00fd parket a z\u00e1rove\u0148 vyzera\u0165 \u0161t\u00fdlovo. <strong>trieda a sofistikovanos\u0165.<\/strong> Priliehav\u00fd p\u00e1s decentne zv\u00fdraz\u0148uje va\u0161e krivky a dod\u00e1va va\u0161ej postave ladn\u00fa siluetu. V\u00fdstrih do V zdoben\u00fd kry\u0161t\u00e1lmi kr\u00e1sne zv\u00fdraz\u0148uje poprsie a dod\u00e1va outfitu eleganciu a \u0161t\u00fdl. \u0160aty maj\u00fa tenk\u00e9 ramienka, bohato zdoben\u00fd \u017eiv\u00f4tik a zvodn\u00fd otvor na nohy, ktor\u00fd umo\u017e\u0148uje vo\u013en\u00fd pohyb pri tanci. \u0160aty s\u00fa vyroben\u00e9 z poloprieh\u013eadn\u00e9ho materi\u00e1lu, zaujm\u00fa svojou \u013eahkos\u0165ou a bohat\u00fdmi ozdobami. <strong>kamene a perie<\/strong> Pridajte k tomu Vyroben\u00e9 z vysoko kvalitn\u00fdch l\u00e1tok a materi\u00e1lov, na ka\u017edom plese sa ur\u010dite budete c\u00edti\u0165 ako kr\u00e1\u013eovn\u00e1.\u00a0 <span style=\"font-size: 10pt;\"><b style=\"font-size: 10pt;\">V obchode <a href=\"https:\/\/madelinefashion.pl\/sk\/sukienki-i-kombinezony\/sukienki-okolicznosciowe\/\">madelinefashion<\/a> n\u00e1jdete \u0161aty na svadby, krsty, ,<\/b><\/span><span style=\"font-size: 10pt;\">\u00a0stu\u017ekov\u00e1, Silvester a in\u00e9 elegantn\u00e9 \u0161peci\u00e1lne udalosti. <\/span>V na\u0161ej ponuke<b style=\"font-size: 10pt;\"> n\u00e1jdete ako klasick\u00e9, jednoduch\u00e9 modely, tak aj zdoben\u00e9 kry\u0161t\u00e1lmi, flitrami, \u010dipkou \u010di tylom.\u00a0<\/b><span style=\"font-size: 10pt;\">V na\u0161om e-shope n\u00e1jdete jedine\u010dn\u00e9 \u0161aty za mimoriadne v\u00fdhodn\u00e9 ceny \u2013\u00a0 <strong style=\"font-size: 10pt;\">nev\u00e1hajte a vyberte si ten, ktor\u00fd je pre v\u00e1s ide\u00e1lny<\/strong>. Ak sa neviete rozhodn\u00fa\u0165 ak\u00fa farbu, <strong style=\"font-size: 10pt;\">ve\u013ekos\u0165<\/strong> je pre v\u00e1s to najlep\u0161ie <strong style=\"font-size: 10pt;\">kontaktuj n\u00e1s<\/strong> cez <a style=\"font-size: 10pt;\" href=\"https:\/\/www.facebook.com\/madelinefashionbutik\" target=\"_blank\" rel=\"noopener\">Facebook<\/a> alebo <a style=\"font-size: 10pt;\" href=\"https:\/\/madelinefashion.pl\/sk\/kontakt\/\">telef\u00f3n<\/a>. Ak na str\u00e1nke nie je uveden\u00e1 ve\u013ekos\u0165, op\u00fdtajte sa<strong style=\"font-size: 10pt;\"> kontakt<\/strong>.\u00a0<b style=\"font-size: 10pt;\"> Neviete ak\u00e9 svadobn\u00e9 \u0161aty si vybra\u0165?<\/b>\u00a0<a style=\"font-size: 10pt; font-weight: bold;\" href=\"https:\/\/madelinefashion.pl\/sk\/product-tag\/sukienka-biala\/?orderby=price-desc\">Skontrolujte<\/a>to bude pre teba ide\u00e1lne!\u00a0\u00a0<\/span><\/p>\n<p>&nbsp;<\/p>\n<p style=\"text-align: center;\"><span style=\"font-size: 10pt;\"><b style=\"font-size: 10pt;\"> V objedn\u00e1vke m\u00f4\u017eete uvies\u0165 svoje miery: p\u00e1s a poprsie, vyberieme pre v\u00e1s ide\u00e1lne \u0161aty\u00a0<\/b><\/span><\/p>\n<h3 style=\"text-align: center;\">ROZMERY \u0161iat:<\/h3>\n<div class=\"additional-details\" style=\"text-align: center;\">\n<table width=\"556\">\n<tbody>\n<tr>\n<td><strong>VE\u013dKOS\u0164<\/strong><\/td>\n<td><strong>poprsia<\/strong><\/td>\n<td><strong>P\u00e1s<\/strong><\/td>\n<td><strong>Boky<\/strong><\/td>\n<\/tr>\n<tr>\n<td><strong>34<\/strong><\/td>\n<td>84-86<\/td>\n<td>64-68<\/td>\n<td>\u00a082-90<\/td>\n<\/tr>\n<tr>\n<td><strong>36<\/strong><\/td>\n<td>88-90<\/td>\n<td>68-72<\/td>\n<td>\u00a086-92<\/td>\n<\/tr>\n<tr>\n<td><strong>38<\/strong><\/td>\n<td>92-94<\/td>\n<td>72-76<\/td>\n<td>\u00a090-96<\/td>\n<\/tr>\n<tr>\n<td><strong>40<\/strong><\/td>\n<td>96-98<\/td>\n<td>76-80<\/td>\n<td>\u00a094-106<\/td>\n<\/tr>\n<\/tbody>\n<\/table>\n<p>&nbsp;<\/p>\n<p style=\"text-align: center;\"><span style=\"font-size: 10pt;\">celkov\u00e1 d\u013a\u017eka cca 157 cm \u00a0<\/span><\/p>\n<\/div>\n<p style=\"text-align: center;\"><span style=\"font-size: 10pt;\">\u0160aty s\u00fa dostupn\u00e9 aj v in\u00fdch farb\u00e1ch - odpor\u00fa\u010dame v\u00e1m zozn\u00e1mi\u0165 sa s na\u0161imi \u010fal\u0161\u00edmi produktmi.<\/span><\/p>\n<p style=\"text-align: center;\"><span style=\"font-size: 10pt;\">Rozmery sa m\u00f4\u017eu mierne l\u00ed\u0161i\u0165 od uveden\u00fdch +\/- 2cm.\u00a0<\/span><\/p>\n<p style=\"text-align: center;\"><span style=\"font-size: 10pt;\"><strong>\u00a0<\/strong>\u00a0<\/span><\/p>\n<table width=\"620\">\n<tbody>\n<tr>\n<td width=\"302\">Meno modela<\/td>\n<td width=\"302\">Priliehav\u00e9 \u0161aty Cartieres s per\u00edm<\/td>\n<\/tr>\n<tr>\n<td width=\"302\">Farba<\/td>\n<td width=\"302\">Biela b\u00e9\u017eov\u00e1 ecru<\/td>\n<\/tr>\n<tr>\n<td width=\"302\">Marka<\/td>\n<td width=\"302\">Pekn\u00e1 \u017eena<\/td>\n<\/tr>\n<tr>\n<td width=\"302\">ve\u013ekosti<\/td>\n<td width=\"302\">34 36 38 40<\/td>\n<\/tr>\n<tr>\n<td width=\"302\">M\u00f3da<\/td>\n<td width=\"302\">Zhoda \/ ryba<\/td>\n<\/tr>\n<tr>\n<td width=\"302\">Materi\u00e1l<\/td>\n<td width=\"302\">Visk\u00f3za, polyester, bavlna<\/td>\n<\/tr>\n<tr>\n<td width=\"302\">D\u013a\u017eka<\/td>\n<td width=\"302\">Na zem<\/td>\n<\/tr>\n<\/tbody>\n<\/table>\n<p style=\"text-align: center;\"><span style=\"font-size: 10pt;\">\u00a0<\/span><\/p>\n<p>&nbsp;<\/p>\n<p style=\"text-align: center;\"><span style=\"font-size: 10pt;\">Aby ste si vybrali <strong>perfektn\u00e9 \u0161aty<\/strong> kontaktujte n\u00e1s telefonicky alebo prostredn\u00edctvom na\u0161ej webovej str\u00e1nky <a href=\"https:\/\/www.facebook.com\/madelinefashionbutik\" target=\"_blank\" rel=\"noopener\">Facebook<\/a> .<\/span><br \/>\n<span style=\"font-size: 10pt;\">N\u00e1\u0161 t\u00edm v\u00e1m pom\u00f4\u017ee <strong>Vyberte si ten spr\u00e1vny<\/strong> . <strong>Na \u017eelanie kupuj\u00faceho vyrob\u00edme ak\u00e9ko\u013evek \u0161aty\u00a0<\/strong><strong>opatrne mera\u0165.\u00a0<\/strong><\/span><\/p>\n<div class=\"additional-details\" style=\"text-align: center;\">\n<p style=\"text-align: center;\"><span style=\"font-size: 10pt;\">\u00a0<\/span><\/p>\n<\/div>","protected":false},"excerpt":{"rendered":"<p>Suknia z Pi\u00f3rkami Dopasowana Cartieres Premium Be\u017cowo Bia\u0142a Odkryj elegancj\u0119 i wybierz wyj\u0105tkowy styl z Nasz\u0105 sukni\u0105 wieczorow\u0105 w kolorze bezowo &#8211; bia\u0142ym. Model Cartieres to idealny wyb\u00f3r dla kobiety, kt\u00f3ra pragnie wyrazi\u0107 sw\u00f3j wewn\u0119trzny blask i zaszale\u0107 na parkiecie, jednocze\u015bnie prezentuj\u0105c si\u0119 z klas\u0105 i wyrafinowaniem. Dopasowany w talii fason sukni subtelnie podkre\u015bla Twoje<\/p>\n<div class=\"klb-readmore post-buttons\"><a class=\"button black outline size-sm\" href=\"https:\/\/madelinefashion.pl\/sk\/suknia-z-piorkami-dopasowana-cartieres-premium-bezowo-biala\/\">\u010c\u00edta\u0165 \u010falej <i class=\"klbth-icon-right-arrow\"><\/i><\/a><\/div>","protected":false},"featured_media":525109,"template":"","meta":[],"product_brand":[],"product_cat":[395,124,569,562,566],"product_tag":[257,212,219,163],"class_list":{"0":"post-524081","1":"product","2":"type-product","3":"status-publish","4":"has-post-thumbnail","6":"product_cat-nowosci","7":"product_cat-sukienki-okolicznosciowe","8":"product_cat-sukienki-dopasowane","9":"product_cat-sukienki-z-piorkami","10":"product_cat-suknie-slubne","11":"product_tag-madelinefashion","12":"product_tag-sukienki-bezowe","13":"product_tag-sukienka-biala","14":"product_tag-sukienki-dlugie","16":"first","17":"instock","18":"purchasable","19":"product-type-variable"},"_links":{"self":[{"href":"https:\/\/madelinefashion.pl\/sk\/wp-json\/wp\/v2\/product\/524081","targetHints":{"allow":["GET"]}}],"collection":[{"href":"https:\/\/madelinefashion.pl\/sk\/wp-json\/wp\/v2\/product"}],"about":[{"href":"https:\/\/madelinefashion.pl\/sk\/wp-json\/wp\/v2\/types\/product"}],"wp:featuredmedia":[{"embeddable":true,"href":"https:\/\/madelinefashion.pl\/sk\/wp-json\/wp\/v2\/media\/525109"}],"wp:attachment":[{"href":"https:\/\/madelinefashion.pl\/sk\/wp-json\/wp\/v2\/media?parent=524081"}],"wp:term":[{"taxonomy":"product_brand","embeddable":true,"href":"https:\/\/madelinefashion.pl\/sk\/wp-json\/wp\/v2\/product_brand?post=524081"},{"taxonomy":"product_cat","embeddable":true,"href":"https:\/\/madelinefashion.pl\/sk\/wp-json\/wp\/v2\/product_cat?post=524081"},{"taxonomy":"product_tag","embeddable":true,"href":"https:\/\/madelinefashion.pl\/sk\/wp-json\/wp\/v2\/product_tag?post=524081"}],"curies":[{"name":"pracovn\u00fd list","href":"https:\/\/api.w.org\/{rel}","templated":true}]}}