{"id":527683,"date":"2024-04-30T14:58:00","date_gmt":"2024-04-30T12:58:00","guid":{"rendered":"https:\/\/madelinefashion.pl\/?post_type=product&#038;p=527683"},"modified":"2025-09-09T10:02:56","modified_gmt":"2025-09-09T08:02:56","slug":"sukienka-w-kwiaty-midi-davne-fuksja","status":"publish","type":"product","link":"https:\/\/madelinefashion.pl\/sk\/sukienka-w-kwiaty-midi-davne-fuksja\/","title":{"rendered":"Kvetinov\u00e9 \u0161aty Davne Fuchsia Midi"},"content":{"rendered":"<h3 style=\"text-align: center;\">Kvetinov\u00e9 \u0161aty Davne Fuchsia Midi<\/h3>\n<p style=\"text-align: center;\"><b>Midi \u0161aty \u2013<\/b> Neuverite\u013ene \u017eensk\u00e9, elegantn\u00e9 skladan\u00e9 \u0161aty strednej d\u013a\u017eky s kvetinovou potla\u010dou. Elastick\u00e1 guma v p\u00e1se zais\u0165uje prisp\u00f4sobenie modelu k postave, \u010do zv\u00fdrazn\u00ed \u017eensk\u00e9 tvary. \u0160aty maj\u00fa pod\u0161\u00edvku. Vzdu\u0161n\u00fd strih je fantastick\u00fd pri pohybe. Ide\u00e1lna ponuka na svadby, svadobn\u00e9 hostiny, rodinn\u00e9 oslavy, bankety. <strong><span lang=\"pl-pl\" xml:lang=\"pl-pl\">\u0160aty s\u00fa vyroben\u00e9 z \u013eahk\u00e9ho materi\u00e1lu, tak\u017ee sa v nich budete c\u00edti\u0165 pohodlne.\u00a0<\/span><\/strong><span lang=\"pl-pl\" xml:lang=\"pl-pl\">Dostupn\u00e9 v na\u0161ej predajni vo viacer\u00fdch farebn\u00fdch variantoch. Odpor\u00fa\u010dame pre d\u00e1my vo ve\u013ekosti SML XL<\/span><\/p>\n<h3 style=\"text-align: center;\">Rozmery:<\/h3>\n<ul style=\"text-align: center;\">\n<li><span style=\"font-size: 10pt;\">\u00a0\u00a0\u00a0\u00a0\u00a0\u00a0\u00a0 celkov\u00e1 d\u013a\u017eka: 115 cm<\/span><\/li>\n<li>d\u013a\u017eka pod\u0161\u00edvky: 114 cm<\/li>\n<li><span style=\"font-size: 10pt;\">\u00a0\u00a0\u00a0\u00a0\u00a0\u00a0\u00a0 \u0161\u00edrka od pazuchy po pazuchu: 43-52 cm<\/span><\/li>\n<li><span style=\"font-size: 10pt;\">\u00a0\u00a0\u00a0\u00a0\u00a0\u00a0\u00a0 \u0161\u00edrka p\u00e1sa 27-43 cm (elastick\u00fd)<\/span><\/li>\n<li><span style=\"font-size: 10pt;\">\u00a0\u00a0\u00a0\u00a0\u00a0\u00a0\u00a0 odpor\u00fa\u010dan\u00fd maxim\u00e1lny obvod poprsia: 104 cm<\/span><\/li>\n<li>d\u013a\u017eka opasku: 106 cm<\/li>\n<\/ul>\n<p style=\"text-align: center;\"><span style=\"vertical-align: inherit;\">Rozmery sa m\u00f4\u017eu l\u00ed\u0161i\u0165 od uveden\u00fdch +\/- 2cm. V\u0161etky uveden\u00e9 rozmery s\u00fa meran\u00e9 plo\u0161ne. rozmer x2<\/span><\/p>\n<h3 style=\"text-align: center;\">Vlastnosti produktu:<\/h3>\n<p style=\"text-align: center;\"><span style=\"color: #000000;\"><strong>Dod\u00e1va sa s \u010diernym remienkom\u00a0<\/strong><\/span><\/p>\n<p style=\"text-align: center;\"><span style=\"font-size: 10pt;\">- elastick\u00fd materi\u00e1l<\/span><br \/>\n<span style=\"font-size: 10pt;\">- pod\u0161\u00edvka<br \/>\n<\/span>- ob\u00e1lkov\u00fd v\u00fdstrih<br \/>\n- maxi \u0161aty<br \/>\n- plisovan\u00fd<\/p>\n<p style=\"text-align: center;\"><span style=\"font-size: 10pt;\"><strong>\u00a0<\/strong>\u00a0<\/span><\/p>\n<p>&nbsp;<\/p>\n<table style=\"height: 166px;\" width=\"670\">\n<tbody>\n<tr>\n<td width=\"302\"><span style=\"font-size: 10pt;\">Meno modela<\/span><\/td>\n<td width=\"302\">Midi kvetinov\u00e9 \u0161aty Davne<\/td>\n<\/tr>\n<tr>\n<td width=\"302\"><span style=\"font-size: 10pt;\">Farba<\/span><\/td>\n<td width=\"302\"><span style=\"font-size: 13.3333px;\">Fuchsiov\u00e1<\/span><\/td>\n<\/tr>\n<tr>\n<td width=\"302\"><span style=\"font-size: 10pt;\">M\u00f3da<\/span><\/td>\n<td width=\"302\"><span style=\"font-size: 10pt;\">Vzplanul<\/span><\/td>\n<\/tr>\n<tr>\n<td width=\"302\"><span style=\"font-size: 10pt;\">Materi\u00e1l<\/span><\/td>\n<td width=\"302\"><span style=\"font-size: 10pt;\">50 %Polyester 5% Elastan 45% Visk\u00f3za<\/span><\/td>\n<\/tr>\n<tr>\n<td width=\"302\"><span style=\"font-size: 10pt;\">D\u013a\u017eka<\/span><\/td>\n<td width=\"302\"><span style=\"font-size: 13.3333px;\">midi<\/span><\/td>\n<\/tr>\n<\/tbody>\n<\/table>\n<p style=\"text-align: center;\">Model m\u00e1\u00a0<strong>169<\/strong>\u00a0cm vysok\u00fd, nos\u00ed ve\u013ekos\u0165 ka\u017ed\u00fd de\u0148\u00a0<strong>S<\/strong><\/p>\n<p style=\"text-align: center;\">\u0160\u00edrka cez prsia 92 cm<\/p>\n<p style=\"text-align: center;\">\u0160\u00edrka v p\u00e1se 62 cm<\/p>\n<p style=\"text-align: center;\">\u0160\u00edrka v bokoch 94 cm<\/p>\n<div class=\"additional-details\" style=\"text-align: center;\">\n<p style=\"text-align: center;\"><span style=\"font-size: 10pt;\">\u00a0<\/span><\/p>\n<\/div>","protected":false},"excerpt":{"rendered":"<p>Sukienka w Kwiaty Midi Davne Fuksja Sukienka midi &#8211; Niesamowicie kobieca, elegancka sukienka plisowana o d\u0142ugo\u015bci midi z printem kwiatowym. W talii elastyczna gumka zapewnia dopasowanie modelu do sylwetki co podkre\u015bli kobiece kszta\u0142ty. Sukienka posiada podszewk\u0119. Zwiewny fason fantastycznie uk\u0142ada si\u0119 podczas ruchu. Idealna propozycja na \u015blub, wesele, rodzinne uroczysto\u015bci, bankiety. Sukienka jest wykonana z<\/p>\n<div class=\"klb-readmore post-buttons\"><a class=\"button black outline size-sm\" href=\"https:\/\/madelinefashion.pl\/sk\/sukienka-w-kwiaty-midi-davne-fuksja\/\">\u010c\u00edta\u0165 \u010falej <i class=\"klbth-icon-right-arrow\"><\/i><\/a><\/div>","protected":false},"featured_media":527651,"template":"","meta":[],"product_brand":[],"product_cat":[125],"product_tag":[215,396],"class_list":{"0":"post-527683","1":"product","2":"type-product","3":"status-publish","4":"has-post-thumbnail","6":"product_cat-sukienki","7":"product_tag-sukienki-rozowe","8":"product_tag-sukienki-w-kwiaty","10":"first","11":"instock","12":"purchasable","13":"product-type-simple"},"_links":{"self":[{"href":"https:\/\/madelinefashion.pl\/sk\/wp-json\/wp\/v2\/product\/527683","targetHints":{"allow":["GET"]}}],"collection":[{"href":"https:\/\/madelinefashion.pl\/sk\/wp-json\/wp\/v2\/product"}],"about":[{"href":"https:\/\/madelinefashion.pl\/sk\/wp-json\/wp\/v2\/types\/product"}],"wp:featuredmedia":[{"embeddable":true,"href":"https:\/\/madelinefashion.pl\/sk\/wp-json\/wp\/v2\/media\/527651"}],"wp:attachment":[{"href":"https:\/\/madelinefashion.pl\/sk\/wp-json\/wp\/v2\/media?parent=527683"}],"wp:term":[{"taxonomy":"product_brand","embeddable":true,"href":"https:\/\/madelinefashion.pl\/sk\/wp-json\/wp\/v2\/product_brand?post=527683"},{"taxonomy":"product_cat","embeddable":true,"href":"https:\/\/madelinefashion.pl\/sk\/wp-json\/wp\/v2\/product_cat?post=527683"},{"taxonomy":"product_tag","embeddable":true,"href":"https:\/\/madelinefashion.pl\/sk\/wp-json\/wp\/v2\/product_tag?post=527683"}],"curies":[{"name":"pracovn\u00fd list","href":"https:\/\/api.w.org\/{rel}","templated":true}]}}