{"id":534026,"date":"2024-06-13T17:01:01","date_gmt":"2024-06-13T15:01:01","guid":{"rendered":"https:\/\/madelinefashion.pl\/?post_type=product&#038;p=534026"},"modified":"2026-03-26T12:38:59","modified_gmt":"2026-03-26T11:38:59","slug":"sukienka-cyprus-maxi-z-rozcieciem-jeansowa","status":"publish","type":"product","link":"https:\/\/madelinefashion.pl\/sk\/sukienka-cyprus-maxi-z-rozcieciem-jeansowa\/","title":{"rendered":"D\u017e\u00ednsov\u00e9 \u0161aty Cyprus Maxi s rozparkom"},"content":{"rendered":"<h3 style=\"text-align: center;\">D\u017e\u00ednsov\u00e9 \u0161aty Cyprus Maxi s rozparkom<\/h3>\n<p style=\"text-align: center;\"><span style=\"font-size: 10pt;\">\u00a0Kr\u00e1sne dlh\u00e9 spolo\u010densk\u00e9 \u0161aty zo vzdu\u0161n\u00e9ho materi\u00e1lu s rozparkom odha\u013euj\u00facim nohu. <\/span>Elegantn\u00fd vol\u00e1nik navrchu vytv\u00e1ra jemn\u00fd ruk\u00e1v. Zadn\u00e1 \u010das\u0165 \u0161iat sa zap\u00edna na zips. \u0160aty s\u00fa u\u0161it\u00e9 z jemnej, vzdu\u0161nej l\u00e1tky. Dolu pod\u0161it\u00e9 vzdu\u0161nou pod\u0161\u00edvkou. <span style=\"font-size: 10pt;\">\u00a0Vyroben\u00e9 a \u0161it\u00e9 v Po\u013esku. <strong>Cypersk\u00e9 \u0161aty<\/strong> dostupn\u00e9 na na\u0161ej str\u00e1nke vo viacer\u00fdch farebn\u00fdch variantoch.\u00a0 <\/span><span style=\"font-size: 10pt;\">\u00a0\u0160aty <strong>Pekn\u00e1 \u017eena<\/strong> je vynikaj\u00facou vo\u013ebou na svadbu, ples, Silvestra a in\u00e9 elegantn\u00e9 \u0161peci\u00e1lne udalosti. Dostupn\u00e9 na na\u0161om e-shope vo viacer\u00fdch farebn\u00fdch variantoch, tak nev\u00e1hajte a vyberte si t\u00fa, ktor\u00e1 je pre v\u00e1s ako stvoren\u00e1. Ak sa neviete rozhodn\u00fa\u0165 ak\u00fa farbu, <strong>ve\u013ekos\u0165<\/strong> je pre v\u00e1s to najlep\u0161ie <strong>kontaktuj n\u00e1s<\/strong> cez <a href=\"https:\/\/www.facebook.com\/madelinefashionbutik\" target=\"_blank\" rel=\"noopener\">Facebook<\/a> alebo <a href=\"https:\/\/madelinefashion.pl\/sk\/kontakt\/\">telef\u00f3n<\/a>. Ak ve\u013ekos\u0165 nie je na str\u00e1nke, kontaktujte n\u00e1s.\u00a0<\/span><\/p>\n<h3 style=\"text-align: center;\">ROZMERY \u0161iat:<\/h3>\n<p>&nbsp;<\/p>\n<table width=\"568\">\n<tbody>\n<tr>\n<td><strong>VE\u013dKOS\u0164<\/strong><\/td>\n<td><strong>poprsia<\/strong><\/td>\n<td><strong>P\u00e1s<\/strong><\/td>\n<td><strong>Boky<\/strong><\/td>\n<\/tr>\n<tr>\n<td><strong>42<\/strong><\/td>\n<td>100-104<\/td>\n<td>80<\/td>\n<td>\u00a0ak\u00fdko\u013evek<\/td>\n<\/tr>\n<tr>\n<td><strong>44<\/strong><\/td>\n<td>102-106<\/td>\n<td>86<\/td>\n<td>\u00a0ak\u00fdko\u013evek<\/td>\n<\/tr>\n<tr>\n<td><strong>46<\/strong><\/td>\n<td>106-110<\/td>\n<td>88<\/td>\n<td>\u00a0ak\u00fdko\u013evek<\/td>\n<\/tr>\n<tr>\n<td><strong>48<\/strong><\/td>\n<td>110-112<\/td>\n<td>92<\/td>\n<td>\u00a0ak\u00fdko\u013evek<\/td>\n<\/tr>\n<tr>\n<td><strong>50<\/strong><\/td>\n<td>114-116<\/td>\n<td>96<\/td>\n<td>\u00a0ak\u00fdko\u013evek<\/td>\n<\/tr>\n<tr>\n<td><strong>52<\/strong><\/td>\n<td>116-118<\/td>\n<td>100<\/td>\n<td>\u00a0ak\u00fdko\u013evek<\/td>\n<\/tr>\n<tr>\n<td><strong>54<\/strong><\/td>\n<td>120-124<\/td>\n<td>106<\/td>\n<td>\u00a0ak\u00fdko\u013evek<\/td>\n<\/tr>\n<\/tbody>\n<\/table>\n<p style=\"text-align: center;\"><span style=\"font-size: 10pt;\">celkov\u00e1 d\u013a\u017eka cca 157 cm (bez pridania fotografie s rozmermi)<\/span><\/p>\n<p style=\"text-align: center;\"><span style=\"font-size: 10pt;\">\u0160aty s\u00fa dostupn\u00e9 aj v in\u00fdch farb\u00e1ch - odpor\u00fa\u010dame v\u00e1m zozn\u00e1mi\u0165 sa s na\u0161imi \u010fal\u0161\u00edmi produktmi.<\/span><\/p>\n<p style=\"text-align: center;\"><span style=\"font-size: 10pt;\">Rozmery sa m\u00f4\u017eu mierne l\u00ed\u0161i\u0165 od uveden\u00fdch +\/- 2cm.\u00a0<\/span><\/p>\n<p style=\"text-align: center;\"><span style=\"font-size: 10pt;\"><strong>\u00a0<\/strong>\u00a0<\/span><\/p>\n<table width=\"620\">\n<tbody>\n<tr>\n<td width=\"302\">Meno modela<\/td>\n<td width=\"302\">Cypersk\u00e9 \u0161aty s maxi rozparkom<\/td>\n<\/tr>\n<tr>\n<td width=\"302\">Farba<\/td>\n<td width=\"302\">D\u017e\u00ednsy<\/td>\n<\/tr>\n<tr>\n<td width=\"302\">Marka<\/td>\n<td width=\"302\">Pekn\u00e1 \u017eena<\/td>\n<\/tr>\n<tr>\n<td width=\"302\">ve\u013ekosti<\/td>\n<td width=\"302\">42 44 46 48 50 52 54<\/td>\n<\/tr>\n<tr>\n<td width=\"302\">M\u00f3da<\/td>\n<td width=\"302\">Zhoda<\/td>\n<\/tr>\n<tr>\n<td width=\"302\">Materi\u00e1l<\/td>\n<td width=\"302\">Visk\u00f3za, polyester, bavlna<\/td>\n<\/tr>\n<tr>\n<td width=\"302\">D\u013a\u017eka<\/td>\n<td width=\"302\">Na zem<\/td>\n<\/tr>\n<\/tbody>\n<\/table>\n<p style=\"text-align: center;\"><span style=\"font-size: 10pt;\">\u00a0<\/span><\/p>\n<p style=\"text-align: center;\"><span style=\"font-size: 10pt;\">Aby ste si vybrali <strong>perfektn\u00e9 \u0161aty<\/strong> kontaktujte n\u00e1s telefonicky alebo prostredn\u00edctvom na\u0161ej webovej str\u00e1nky <a href=\"https:\/\/www.facebook.com\/madelinefashionbutik\" target=\"_blank\" rel=\"noopener\">Facebook<\/a> .<\/span><br \/>\n<span style=\"font-size: 10pt;\">N\u00e1\u0161 t\u00edm v\u00e1m pom\u00f4\u017ee <strong>Vyberte si ten spr\u00e1vny<\/strong> . <strong>Na \u017eelanie kupuj\u00faceho vyrob\u00edme ak\u00e9ko\u013evek \u0161aty\u00a0<\/strong><strong>opatrne mera\u0165.\u00a0<\/strong><\/span><\/p>\n<div class=\"additional-details\" style=\"text-align: center;\">\n<p style=\"text-align: center;\"><span style=\"font-size: 10pt;\">\u00a0<\/span><\/p>\n<\/div>","protected":false},"excerpt":{"rendered":"<p>Sukienka Cyprus Maxi z Rozci\u0119ciem Jeansowa \u00a0Pi\u0119kna d\u0142uga suknia wieczorowa ze zwiewnego materia\u0142u z rozci\u0119ciem eksponuj\u0105cym nog\u0119. Elegancka falbanka u g\u00f3ry tworzy delikatny r\u0119kawek. Ty\u0142 sukienki zapinany na zamek. Sukienka uszyta jest z delikatnej, zwiewnej tkaniny. D\u00f3\u0142 podszyty zwiewn\u0105 podszewk\u0105. \u00a0Wyprodukowana i uszyta w Polsce. Sukienka Cyprus dost\u0119pna na naszej stronie w kilku wariantach kolorystycznych.\u00a0<\/p>\n<div class=\"klb-readmore post-buttons\"><a class=\"button black outline size-sm\" href=\"https:\/\/madelinefashion.pl\/sk\/sukienka-cyprus-maxi-z-rozcieciem-jeansowa\/\">\u010c\u00edta\u0165 \u010falej <i class=\"klbth-icon-right-arrow\"><\/i><\/a><\/div>","protected":false},"featured_media":534022,"template":"","meta":[],"product_brand":[],"product_cat":[124,395,559,564,568],"product_tag":[257,385,163,261],"class_list":{"0":"post-534026","1":"product","2":"type-product","3":"status-publish","4":"has-post-thumbnail","6":"product_cat-sukienki-okolicznosciowe","7":"product_cat-nowosci","8":"product_cat-noworoczna-sekcja-okazji","9":"product_cat-sukienki-plus-size","10":"product_cat-sukienki-rozkloszowane-szyfonowe","11":"product_tag-madelinefashion","12":"product_tag-plus-size","13":"product_tag-sukienki-dlugie","14":"product_tag-sukienki-niebieskie","16":"first","17":"instock","18":"sale","19":"purchasable","20":"product-type-variable"},"_links":{"self":[{"href":"https:\/\/madelinefashion.pl\/sk\/wp-json\/wp\/v2\/product\/534026","targetHints":{"allow":["GET"]}}],"collection":[{"href":"https:\/\/madelinefashion.pl\/sk\/wp-json\/wp\/v2\/product"}],"about":[{"href":"https:\/\/madelinefashion.pl\/sk\/wp-json\/wp\/v2\/types\/product"}],"wp:featuredmedia":[{"embeddable":true,"href":"https:\/\/madelinefashion.pl\/sk\/wp-json\/wp\/v2\/media\/534022"}],"wp:attachment":[{"href":"https:\/\/madelinefashion.pl\/sk\/wp-json\/wp\/v2\/media?parent=534026"}],"wp:term":[{"taxonomy":"product_brand","embeddable":true,"href":"https:\/\/madelinefashion.pl\/sk\/wp-json\/wp\/v2\/product_brand?post=534026"},{"taxonomy":"product_cat","embeddable":true,"href":"https:\/\/madelinefashion.pl\/sk\/wp-json\/wp\/v2\/product_cat?post=534026"},{"taxonomy":"product_tag","embeddable":true,"href":"https:\/\/madelinefashion.pl\/sk\/wp-json\/wp\/v2\/product_tag?post=534026"}],"curies":[{"name":"pracovn\u00fd list","href":"https:\/\/api.w.org\/{rel}","templated":true}]}}