{"id":536122,"date":"2024-06-28T13:11:57","date_gmt":"2024-06-28T11:11:57","guid":{"rendered":"https:\/\/madelinefashion.pl\/?post_type=product&#038;p=536122"},"modified":"2024-06-28T13:15:03","modified_gmt":"2024-06-28T11:15:03","slug":"komplet-satynowy-bluzka-spodnie-w-panterke","status":"publish","type":"product","link":"https:\/\/madelinefashion.pl\/sk\/komplet-satynowy-bluzka-spodnie-w-panterke\/","title":{"rendered":"Sada sat\u00e9nov\u00e1 bl\u00fazka a nohavice s leopard\u00edm vzorom"},"content":{"rendered":"<h3 style=\"text-align: center;\">Sada sat\u00e9nov\u00e1 bl\u00fazka a nohavice s leopard\u00edm vzorom<\/h3>\n<p style=\"text-align: center;\"><span style=\"vertical-align: inherit;\"><span style=\"vertical-align: inherit;\">Dokonal\u00e1 letn\u00e1 dvojdielna s\u00faprava. <\/span><span style=\"vertical-align: inherit;\">Dobre zvolen\u00e1 horn\u00e1 a spodn\u00e1 \u010das\u0165 \u0161atn\u00edka, aby spolu ladili. <\/span><\/span><br \/>\n<span style=\"vertical-align: inherit;\"><span style=\"vertical-align: inherit;\">Vyberte si na\u0161u s\u00fapravu \u2013 zladen\u00fa spolu! <\/span><span style=\"vertical-align: inherit;\">M\u00f3dny komplet kombinuj\u00faci nohavice s m\u00f3dnym topom, ktor\u00fd je rie\u0161en\u00edm na ka\u017ed\u00fa pr\u00edle\u017eitos\u0165.\u00a0<\/span><\/span><\/p>\n<p style=\"text-align: center;\"><strong><span style=\"vertical-align: inherit;\"><span style=\"vertical-align: inherit;\">Materi\u00e1l sa rozd\u00e1va<\/span><\/span><\/strong><\/p>\n<h3 style=\"text-align: center;\">Rozmery:<\/h3>\n<p style=\"text-align: center;\"><strong>Bl\u00fazka:<\/strong><br \/>\n\u0160\u00edrka od pazuchy k pazuche 67 cm<br \/>\nCelkov\u00e1 d\u013a\u017eka 61 cm<\/p>\n<p style=\"text-align: center;\"><strong>nohavice:<\/strong><\/p>\n<p style=\"text-align: center;\">\u0160\u00edrka p\u00e1su 33-50 cm<br \/>\nCelkov\u00e1 d\u013a\u017eka 95 cm<br \/>\nD\u013a\u017eka nohav\u00edc od rozkroku 66 cm<br \/>\n\u0160\u00edrka nohav\u00edc 34 cm<\/p>\n<p style=\"text-align: center;\"><span style=\"vertical-align: inherit;\"><span style=\"vertical-align: inherit;\">Rozmery sa m\u00f4\u017eu l\u00ed\u0161i\u0165 od uveden\u00fdch +\/- 2cm. <\/span><span style=\"vertical-align: inherit;\">V\u0161etky uveden\u00e9 rozmery s\u00fa meran\u00e9 plo\u0161ne. rozmer x2<\/span><\/span><\/p>\n<p>&nbsp;<\/p>\n<table style=\"height: 234px;\" width=\"678\">\n<tbody>\n<tr>\n<td width=\"302\"><span style=\"vertical-align: inherit;\"><span style=\"vertical-align: inherit;\">Meno modela<\/span><\/span><\/td>\n<td width=\"302\">Sada sat\u00e9nov\u00e1 bl\u00fazka a nohavice s leopard\u00edm vzorom<\/td>\n<\/tr>\n<tr>\n<td width=\"302\"><span style=\"vertical-align: inherit;\"><span style=\"vertical-align: inherit;\">Vzor<\/span><\/span><\/td>\n<td width=\"302\">Zvierac\u00ed mot\u00edv<\/td>\n<\/tr>\n<tr>\n<td width=\"302\"><span style=\"vertical-align: inherit;\"><span style=\"vertical-align: inherit;\">Zbierka<\/span><\/span><\/td>\n<td width=\"302\"><span style=\"vertical-align: inherit;\"><span style=\"vertical-align: inherit;\">Jar \/ jese\u0148 \/ zima<\/span><\/span><\/td>\n<\/tr>\n<tr>\n<td width=\"302\"><span style=\"vertical-align: inherit;\"><span style=\"vertical-align: inherit;\">ve\u013ekosti<\/span><\/span><\/td>\n<td width=\"302\"><span style=\"vertical-align: inherit;\"><span style=\"vertical-align: inherit;\">Univerz\u00e1lny<\/span><\/span><\/td>\n<\/tr>\n<tr>\n<td width=\"302\"><span style=\"vertical-align: inherit;\"><span style=\"vertical-align: inherit;\">Hore<\/span><\/span><\/td>\n<td width=\"302\"><span style=\"vertical-align: inherit;\"><span style=\"vertical-align: inherit;\">Zhoda<\/span><\/span><\/td>\n<\/tr>\n<tr>\n<td width=\"302\"><span style=\"vertical-align: inherit;\"><span style=\"vertical-align: inherit;\">Nohavice<\/span><\/span><\/td>\n<td width=\"302\"><span style=\"vertical-align: inherit;\"><span style=\"vertical-align: inherit;\">vo\u013en\u00fd<\/span><\/span><\/td>\n<\/tr>\n<tr>\n<td width=\"302\"><span style=\"vertical-align: inherit;\"><span style=\"vertical-align: inherit;\">Sez\u00f3na<\/span><\/span><\/td>\n<td width=\"302\"><span style=\"vertical-align: inherit;\"><span style=\"vertical-align: inherit;\">Jar leto<\/span><\/span><\/td>\n<\/tr>\n<tr>\n<td width=\"302\"><span style=\"vertical-align: inherit;\"><span style=\"vertical-align: inherit;\">Materi\u00e1l<\/span><\/span><\/td>\n<td width=\"302\"><span style=\"vertical-align: inherit;\"><span style=\"vertical-align: inherit;\">Polyester 100%<\/span><\/span><\/td>\n<\/tr>\n<\/tbody>\n<\/table>\n<p style=\"text-align: center;\">Model m\u00e1\u00a0<strong>169<\/strong>\u00a0cm vysok\u00fd, nos\u00ed ve\u013ekos\u0165 ka\u017ed\u00fd de\u0148\u00a0<strong>S<\/strong><\/p>\n<p style=\"text-align: center;\">\u0160\u00edrka cez prsia 92 cm<\/p>\n<p style=\"text-align: center;\">\u0160\u00edrka v p\u00e1se 62 cm<\/p>\n<p style=\"text-align: center;\">\u0160\u00edrka v bokoch 94 cm<\/p>","protected":false},"excerpt":{"rendered":"<p>Sada sat\u00e9nov\u00e1 bl\u00fazka a nohavice s leopard\u00edm vzorom. Dokonal\u00fd dvojdielny letn\u00fd outfit. Dobre zladen\u00fd vrch a spodn\u00fd diel, ktor\u00e9 sa navz\u00e1jom dop\u013a\u0148aj\u00fa. Vyberte si na\u0161u zladen\u00fa sadu! T\u00e1to \u0161t\u00fdlov\u00e1 sada kombinuje nohavice so \u0161t\u00fdlov\u00fdm vrchom, ide\u00e1lna na ka\u017ed\u00fa pr\u00edle\u017eitos\u0165. Materi\u00e1l je flexibiln\u00fd. Rozmery: Bl\u00fazka: \u0160\u00edrka od pazuchy k pazuche 67 cm<\/p>\n<div class=\"klb-readmore post-buttons\"><a class=\"button black outline size-sm\" href=\"https:\/\/madelinefashion.pl\/sk\/komplet-satynowy-bluzka-spodnie-w-panterke\/\">\u010c\u00edta\u0165 \u010falej <i class=\"klbth-icon-right-arrow\"><\/i><\/a><\/div>","protected":false},"featured_media":535745,"template":"","meta":[],"product_brand":[],"product_cat":[89,395],"product_tag":[487],"class_list":{"0":"post-536122","1":"product","2":"type-product","3":"status-publish","4":"has-post-thumbnail","6":"product_cat-komplety","7":"product_cat-nowosci","8":"product_tag-komplet","10":"first","11":"instock","12":"purchasable","13":"product-type-simple"},"_links":{"self":[{"href":"https:\/\/madelinefashion.pl\/sk\/wp-json\/wp\/v2\/product\/536122","targetHints":{"allow":["GET"]}}],"collection":[{"href":"https:\/\/madelinefashion.pl\/sk\/wp-json\/wp\/v2\/product"}],"about":[{"href":"https:\/\/madelinefashion.pl\/sk\/wp-json\/wp\/v2\/types\/product"}],"wp:featuredmedia":[{"embeddable":true,"href":"https:\/\/madelinefashion.pl\/sk\/wp-json\/wp\/v2\/media\/535745"}],"wp:attachment":[{"href":"https:\/\/madelinefashion.pl\/sk\/wp-json\/wp\/v2\/media?parent=536122"}],"wp:term":[{"taxonomy":"product_brand","embeddable":true,"href":"https:\/\/madelinefashion.pl\/sk\/wp-json\/wp\/v2\/product_brand?post=536122"},{"taxonomy":"product_cat","embeddable":true,"href":"https:\/\/madelinefashion.pl\/sk\/wp-json\/wp\/v2\/product_cat?post=536122"},{"taxonomy":"product_tag","embeddable":true,"href":"https:\/\/madelinefashion.pl\/sk\/wp-json\/wp\/v2\/product_tag?post=536122"}],"curies":[{"name":"pracovn\u00fd list","href":"https:\/\/api.w.org\/{rel}","templated":true}]}}