{"id":542653,"date":"2024-08-22T12:35:28","date_gmt":"2024-08-22T10:35:28","guid":{"rendered":"https:\/\/madelinefashion.pl\/?post_type=product&#038;p=542653"},"modified":"2026-04-17T14:11:43","modified_gmt":"2026-04-17T12:11:43","slug":"suknia-z-piorkami-dopasowana-krotka-sequin-biala","status":"publish","type":"product","link":"https:\/\/madelinefashion.pl\/sk\/suknia-z-piorkami-dopasowana-krotka-sequin-biala\/","title":{"rendered":"Biele kr\u00e1tke flitrovan\u00e9 \u0161aty s pierkami"},"content":{"rendered":"<h3 style=\"text-align: center;\">Biele kr\u00e1tke flitrovan\u00e9 \u0161aty s pierkami<\/h3>\n<p style=\"text-align: center;\">Objavte eleganciu a vyberte si jedine\u010dn\u00fd \u0161t\u00fdl s na\u0161imi b\u00e9\u017eovo-bielymi ve\u010dern\u00fdmi \u0161atami. <strong>Flitrovan\u00fd model<\/strong> je perfektnou vo\u013ebou pre \u017eenu, ktor\u00e1 chce <strong>vyjadrite svoju vn\u00fatorn\u00fa \u017eiaru<\/strong> a zabavte sa na tane\u010dnom parkete a z\u00e1rove\u0148 predve\u010fte svoje <strong>trieda a sofistikovanos\u0165.<\/strong> Priliehav\u00fd p\u00e1s jemne zv\u00fdraz\u0148uje va\u0161e krivky a dod\u00e1va va\u0161ej postave ladn\u00fa siluetu. V\u00fdstrih do V zdoben\u00fd kry\u0161t\u00e1lmi kr\u00e1sne zv\u00fdraz\u0148uje poprsie a dod\u00e1va outfitu eleganciu a sofistikovanos\u0165. \u0160aty s vysok\u00fdm v\u00fdstrihom, bohato zdoben\u00fd \u017eiv\u00f4tik a perie zais\u0165uj\u00fa slobodu pohybu pri tanci. Bohat\u00e9 zdobenie. <strong>kamene a perie<\/strong> V\u010faka vysoko kvalitn\u00fdm l\u00e1tkam a materi\u00e1lom sa budete na ka\u017edom plese ur\u010dite c\u00edti\u0165 ako kr\u00e1\u013eovn\u00e1. H\u013ead\u00e1te outfit, ktor\u00fd urob\u00ed ve\u013ekolep\u00fd dojem? <strong data-start=\"311\" data-end=\"349\">Kr\u00e1tke \u0161aty s pierkami<\/strong> S\u00fa perfektnou vo\u013ebou na ve\u010dern\u00e9 posedenia, ve\u010dierky, svadby alebo Silvestra. S\u00fa starostlivo vyroben\u00e9 z vysoko kvalitn\u00fdch materi\u00e1lov a poskytuj\u00fa nielen jedine\u010dn\u00fd vzh\u013ead, ale aj pohodlie. V\u010faka strihu, ktor\u00fd lichot\u00ed postave, a m\u00f3dnym detailom s\u00fa tieto \u0161aty ide\u00e1lne na \u0161peci\u00e1lne pr\u00edle\u017eitosti. <strong>V obchode <a href=\"https:\/\/madelinefashion.pl\/sk\/sukienki-i-kombinezony\/sukienki-okolicznosciowe\/\">madelinefashion<\/a> n\u00e1jdete \u0161aty na svadby, krsty, ,<\/strong>\u00a0ples, Silvester a in\u00e9 elegantn\u00e9 \u0161peci\u00e1lne udalosti. Na\u0161a ponuka zah\u0155\u0148a<strong> n\u00e1jdete ako klasick\u00e9, jednoduch\u00e9 modely, tak aj zdoben\u00e9 kry\u0161t\u00e1lmi, flitrami, \u010dipkou \u010di tylom.\u00a0<\/strong>V na\u0161om e-shope n\u00e1jdete jedine\u010dn\u00e9 \u0161aty za mimoriadne v\u00fdhodn\u00e9 ceny \u2013\u00a0 <strong>nev\u00e1hajte a vyberte si ten, ktor\u00fd je pre v\u00e1s ide\u00e1lny<\/strong>. Ak sa neviete rozhodn\u00fa\u0165 ak\u00fa farbu, <strong>ve\u013ekos\u0165<\/strong> je pre v\u00e1s to najlep\u0161ie <strong>kontaktuj n\u00e1s<\/strong> cez <a href=\"https:\/\/www.facebook.com\/madelinefashionbutik\" target=\"_blank\" rel=\"noopener\">Facebook<\/a> alebo <a href=\"https:\/\/madelinefashion.pl\/sk\/kontakt\/\">telef\u00f3n<\/a>. Ak na str\u00e1nke nie je uveden\u00e1 ve\u013ekos\u0165, op\u00fdtajte sa<strong> kontakt<\/strong>.\u00a0<strong> Neviete ak\u00e9 svadobn\u00e9 \u0161aty si vybra\u0165?<\/strong>\u00a0<a href=\"https:\/\/madelinefashion.pl\/sk\/product-tag\/sukienka-biala\/?orderby=price-desc\"><strong>Skontrolujte<\/strong><\/a>to bude pre teba ide\u00e1lne!<\/p>\n<p>&nbsp;<\/p>\n<p style=\"text-align: center;\"><span style=\"font-size: 10pt;\"><b style=\"font-size: 10pt;\"> V objedn\u00e1vke m\u00f4\u017eete uvies\u0165 svoje miery: p\u00e1s a poprsie, vyberieme pre v\u00e1s ide\u00e1lne \u0161aty\u00a0<\/b><\/span><\/p>\n<p>&nbsp;<\/p>\n<p style=\"text-align: center;\"><span style=\"font-size: 10pt;\"><strong>\u00a0<\/strong><\/span><\/p>\n<h3 style=\"text-align: center;\">ROZMERY \u0161iat:<\/h3>\n<div class=\"additional-details\" style=\"text-align: center;\">\n<p style=\"text-align: center;\"><span style=\"font-size: 10pt;\">\u00a0<\/span><\/p>\n<\/div>\n<table class=\"table\" width=\"786\">\n<tbody>\n<tr>\n<td>VE\u013dKOS\u0164<\/td>\n<td>34<\/td>\n<td>36<\/td>\n<td>38<\/td>\n<td>40<\/td>\n<\/tr>\n<tr>\n<td>poprsia<\/td>\n<td>84-86<\/td>\n<td>88-90<\/td>\n<td>92-94<\/td>\n<td>96-98<\/td>\n<\/tr>\n<tr>\n<td>P\u00e1s<\/td>\n<td>64<\/td>\n<td>68<\/td>\n<td>72<\/td>\n<td>76<\/td>\n<\/tr>\n<tr>\n<td>Boky<\/td>\n<td>\u00a0ak\u00fdko\u013evek<\/td>\n<td>\u00a0ak\u00fdko\u013evek<\/td>\n<td>\u00a0ak\u00fdko\u013evek<\/td>\n<td>ak\u00fdko\u013evek<\/td>\n<\/tr>\n<\/tbody>\n<\/table>\n<p>&nbsp;<\/p>\n<p style=\"text-align: center;\"><span style=\"font-size: 10pt;\"><span style=\"font-size: 10pt;\">celkov\u00e1 d\u013a\u017eka cca 87 cm <\/span>\u00a0 <\/span><\/p>\n<p style=\"text-align: center;\"><span style=\"font-size: 10pt;\">\u0160aty s\u00fa dostupn\u00e9 aj v in\u00fdch farb\u00e1ch - odpor\u00fa\u010dame v\u00e1m zozn\u00e1mi\u0165 sa s na\u0161imi \u010fal\u0161\u00edmi produktmi.<\/span><\/p>\n<p style=\"text-align: center;\"><span style=\"font-size: 10pt;\">Rozmery sa m\u00f4\u017eu mierne l\u00ed\u0161i\u0165 od uveden\u00fdch +\/- 2cm.\u00a0<\/span><\/p>\n<p style=\"text-align: center;\"><span style=\"font-size: 10pt;\"><strong>\u00a0<\/strong>\u00a0<\/span><\/p>\n<table width=\"620\">\n<tbody>\n<tr>\n<td width=\"302\">Meno modela<\/td>\n<td width=\"302\">Kr\u00e1tke priliehav\u00e9 flitrovan\u00e9 \u0161aty s pierkami<\/td>\n<\/tr>\n<tr>\n<td width=\"302\">Farba<\/td>\n<td width=\"302\">biely<\/td>\n<\/tr>\n<tr>\n<td width=\"302\">Marka<\/td>\n<td width=\"302\">Madeline m\u00f3da<\/td>\n<\/tr>\n<tr>\n<td width=\"302\">ve\u013ekosti<\/td>\n<td width=\"302\">36 38 40<\/td>\n<\/tr>\n<tr>\n<td width=\"302\">M\u00f3da<\/td>\n<td width=\"302\">Zhoda<\/td>\n<\/tr>\n<tr>\n<td width=\"302\">Materi\u00e1l<\/td>\n<td width=\"302\">Visk\u00f3za, polyester, bavlna<\/td>\n<\/tr>\n<tr>\n<td width=\"302\">D\u013a\u017eka<\/td>\n<td width=\"302\">Pred kolenom<\/td>\n<\/tr>\n<\/tbody>\n<\/table>\n<p style=\"text-align: center;\"><span style=\"font-size: 10pt;\">\u00a0<\/span><\/p>\n<p>&nbsp;<\/p>\n<p style=\"text-align: center;\"><span style=\"font-size: 10pt;\">Aby ste si vybrali <strong>perfektn\u00e9 \u0161aty<\/strong> kontaktujte n\u00e1s telefonicky alebo prostredn\u00edctvom na\u0161ej webovej str\u00e1nky <a href=\"https:\/\/www.facebook.com\/madelinefashionbutik\" target=\"_blank\" rel=\"noopener\">Facebook<\/a> .<\/span><br \/>\n<span style=\"font-size: 10pt;\">N\u00e1\u0161 t\u00edm v\u00e1m pom\u00f4\u017ee <strong>Vyberte si ten spr\u00e1vny<\/strong> . <strong>Na \u017eelanie kupuj\u00faceho vyrob\u00edme ak\u00e9ko\u013evek \u0161aty\u00a0<\/strong><strong>opatrne mera\u0165.\u00a0<\/strong><\/span><\/p>\n<div class=\"additional-details\" style=\"text-align: center;\">\n<p style=\"text-align: center;\"><span style=\"font-size: 10pt;\">\u00a0<\/span><\/p>\n<\/div>","protected":false},"excerpt":{"rendered":"<p>Biele flitrovan\u00e9 kr\u00e1tke priliehav\u00e9 \u0161aty s per\u00edm. Objavte eleganciu a vyberte si jedine\u010dn\u00fd \u0161t\u00fdl s na\u0161imi b\u00e9\u017eovo-bielymi ve\u010dern\u00fdmi \u0161atami. Model s flitrami je perfektnou vo\u013ebou pre \u017eenu, ktor\u00e1 chce vyjadri\u0165 svoje vn\u00fatorn\u00e9 vy\u017earovanie a rozpr\u00fadi\u0165 tane\u010dn\u00fd parket a z\u00e1rove\u0148 sa prezentova\u0165 s noblesou a sofistikovanos\u0165ou. Priliehav\u00fd p\u00e1s jemne zv\u00fdraz\u0148uje va\u0161e krivky.,<\/p>\n<div class=\"klb-readmore post-buttons\"><a class=\"button black outline size-sm\" href=\"https:\/\/madelinefashion.pl\/sk\/suknia-z-piorkami-dopasowana-krotka-sequin-biala\/\">\u010c\u00edta\u0165 \u010falej <i class=\"klbth-icon-right-arrow\"><\/i><\/a><\/div>","protected":false},"featured_media":575676,"template":"","meta":[],"product_brand":[],"product_cat":[124,562],"product_tag":[257,219,262],"class_list":{"0":"post-542653","1":"product","2":"type-product","3":"status-publish","4":"has-post-thumbnail","6":"product_cat-sukienki-okolicznosciowe","7":"product_cat-sukienki-z-piorkami","8":"product_tag-madelinefashion","9":"product_tag-sukienka-biala","10":"product_tag-sukienki-krotkie","12":"first","13":"instock","14":"purchasable","15":"product-type-variable"},"_links":{"self":[{"href":"https:\/\/madelinefashion.pl\/sk\/wp-json\/wp\/v2\/product\/542653","targetHints":{"allow":["GET"]}}],"collection":[{"href":"https:\/\/madelinefashion.pl\/sk\/wp-json\/wp\/v2\/product"}],"about":[{"href":"https:\/\/madelinefashion.pl\/sk\/wp-json\/wp\/v2\/types\/product"}],"wp:featuredmedia":[{"embeddable":true,"href":"https:\/\/madelinefashion.pl\/sk\/wp-json\/wp\/v2\/media\/575676"}],"wp:attachment":[{"href":"https:\/\/madelinefashion.pl\/sk\/wp-json\/wp\/v2\/media?parent=542653"}],"wp:term":[{"taxonomy":"product_brand","embeddable":true,"href":"https:\/\/madelinefashion.pl\/sk\/wp-json\/wp\/v2\/product_brand?post=542653"},{"taxonomy":"product_cat","embeddable":true,"href":"https:\/\/madelinefashion.pl\/sk\/wp-json\/wp\/v2\/product_cat?post=542653"},{"taxonomy":"product_tag","embeddable":true,"href":"https:\/\/madelinefashion.pl\/sk\/wp-json\/wp\/v2\/product_tag?post=542653"}],"curies":[{"name":"pracovn\u00fd list","href":"https:\/\/api.w.org\/{rel}","templated":true}]}}