{"id":544464,"date":"2024-09-11T09:31:43","date_gmt":"2024-09-11T07:31:43","guid":{"rendered":"https:\/\/madelinefashion.pl\/?post_type=product&#038;p=544464"},"modified":"2026-03-07T13:46:20","modified_gmt":"2026-03-07T12:46:20","slug":"sukienka-cekinowa-na-ramiaczkach-z-wiazaniem-las-palmas-butelkowa-zielen","status":"publish","type":"product","link":"https:\/\/madelinefashion.pl\/sk\/sukienka-cekinowa-na-ramiaczkach-z-wiazaniem-las-palmas-butelkowa-zielen\/","title":{"rendered":"Flitrovan\u00e9 \u0161aty Las Palmas s ramienkami a kravatou vo f\u013ea\u0161kovozelenej farbe"},"content":{"rendered":"<h3 style=\"text-align: center;\">Flitrovan\u00e9 \u0161aty Las Palmas s ramienkami a kravatou vo f\u013ea\u0161kovozelenej farbe<\/h3>\n<p style=\"text-align: center;\"><span style=\"font-size: 10pt;\">Kr\u00e1sne dlh\u00e9 flitrov\u00e9 \u0161aty na ramienka <strong>zdoben\u00e9 flitrami <\/strong>\u00a0<strong>priliehav\u00fd strih ako \u201eryba\u201d<\/strong> Kr\u00e1sne odha\u013euje \u017eensk\u00e9 tvary. Trblietav\u00e9 \u0161aty v <strong>glamour \u0161t\u00fdl<\/strong> . Je vyroben\u00fd z elastick\u00e9ho materi\u00e1lu. Zozn\u00e1mte sa s na\u0161ou ponukou <strong><a href=\"https:\/\/madelinefashion.pl\/sk\/sukienki-i-kombinezony\/sukienki-okolicznosciowe\/\">ve\u010dern\u00e9 \u0161aty<\/a>\u00a0a vyberte si model, <\/strong>v ktorom budete <strong>vyzera\u0165 ako hviezda a vy\u010dnieva\u0165 z davu. Mini\u0161aty sa vo svetle l\u00e1mp rozpr\u00e1vkovo trblietaj\u00fa. \u0160aty zaviazan\u00e9 na chrbte.\u00a0 <\/strong>Ned\u00e1 sa to ignorova\u0165. \u0160aty maj\u00fa vpredu v\u0161it\u00e9 ko\u0161\u00ed\u010dky, v\u010faka \u010domu nie je potrebn\u00e9 nosi\u0165 podprsenku.<\/span><span style=\"font-size: 10pt;\">\u00a0oblieka sa do <a href=\"https:\/\/madelinefashion.pl\/sk\/\"><strong>Madelinefashion.pl<\/strong><\/a> \u00a0je v\u00fdbornou vo\u013ebou pre <strong>svadba, ples, Silvester a in\u00e9 elegantn\u00e9 pr\u00edle\u017eitostn\u00e9 udalosti<\/strong>. Dostupn\u00e9 na na\u0161om e-shope vo viacer\u00fdch farebn\u00fdch variantoch, tak nev\u00e1hajte a vyberte si t\u00fa, ktor\u00e1 je pre v\u00e1s ako stvoren\u00e1. Ak sa neviete rozhodn\u00fa\u0165 ak\u00fa farbu, <strong>ve\u013ekos\u0165<\/strong> je pre v\u00e1s to najlep\u0161ie <strong>kontaktuj n\u00e1s<\/strong> cez <a href=\"https:\/\/www.facebook.com\/madelinefashionbutik\" target=\"_blank\" rel=\"noopener\">Facebook<\/a> alebo <a href=\"https:\/\/madelinefashion.pl\/sk\/kontakt\/\">telef\u00f3n<\/a>. Ak ve\u013ekos\u0165 nie je na str\u00e1nke, kontaktujte n\u00e1s.\u00a0 <strong>Svoje rozmery m\u00f4\u017eete \u0161pecifikova\u0165 v inform\u00e1ci\u00e1ch po n\u00e1kupe<\/strong> Ve\u013ekos\u0165 p\u00e1su a poprsia V\u00e1m vyberieme t\u00fa spr\u00e1vnu ve\u013ekos\u0165!!\u00a0<\/span><\/p>\n<h3 style=\"text-align: center;\">ROZMERY \u0161iat:<\/h3>\n<table width=\"556\">\n<tbody>\n<tr>\n<td><strong>VE\u013dKOS\u0164<\/strong><\/td>\n<td><strong>poprsia<\/strong><\/td>\n<td><strong>P\u00e1s<\/strong><\/td>\n<td><strong>Boky<\/strong><\/td>\n<\/tr>\n<tr>\n<td><strong>34<\/strong><\/td>\n<td>84-86<\/td>\n<td>64-68<\/td>\n<td>\u00a082-90<\/td>\n<\/tr>\n<tr>\n<td><strong>36<\/strong><\/td>\n<td>88-90<\/td>\n<td>68-72<\/td>\n<td>\u00a086-92<\/td>\n<\/tr>\n<tr>\n<td><strong>38<\/strong><\/td>\n<td>92-94<\/td>\n<td>72-76<\/td>\n<td>\u00a090-96<\/td>\n<\/tr>\n<tr>\n<td><strong>40<\/strong><\/td>\n<td>96-98<\/td>\n<td>76-80<\/td>\n<td>\u00a094-106<\/td>\n<\/tr>\n<\/tbody>\n<\/table>\n<p style=\"text-align: center;\">\u0160aty s\u00fa dostupn\u00e9 aj v in\u00fdch farb\u00e1ch - odpor\u00fa\u010dame v\u00e1m zozn\u00e1mi\u0165 sa s na\u0161imi \u010fal\u0161\u00edmi produktmi.<\/p>\n<p style=\"text-align: center;\">Rozmery sa m\u00f4\u017eu mierne l\u00ed\u0161i\u0165 od uveden\u00fdch +\/- 2cm.<\/p>\n<p style=\"text-align: center;\"><strong>\u00a0<\/strong><\/p>\n<p>&nbsp;<\/p>\n<table>\n<tbody>\n<tr>\n<td width=\"302\">Meno modela<\/td>\n<td width=\"302\">Flitrovan\u00e9 \u0161aty Las Palmas s ramienkami a zav\u00e4zovan\u00edm<\/td>\n<\/tr>\n<tr>\n<td width=\"302\">Farba<\/td>\n<td width=\"302\"><span style=\"font-size: 13.3333px;\">zelen\u00e1<\/span><\/td>\n<\/tr>\n<tr>\n<td width=\"302\">Vystu\u017eenie poh\u00e1rov<\/td>\n<td width=\"302\">\u00c1no<\/td>\n<\/tr>\n<tr>\n<td width=\"302\">ve\u013ekosti<\/td>\n<td width=\"302\">36 38 40<\/td>\n<\/tr>\n<tr>\n<td width=\"302\">M\u00f3da<\/td>\n<td width=\"302\">Zhoda<\/td>\n<\/tr>\n<tr>\n<td width=\"302\">Materi\u00e1l<\/td>\n<td width=\"302\">Visk\u00f3za, polyester, bavlna<\/td>\n<\/tr>\n<tr>\n<td width=\"302\">D\u013a\u017eka<\/td>\n<td width=\"302\">Na zem<\/td>\n<\/tr>\n<\/tbody>\n<\/table>\n<p>&nbsp;<\/p>\n<p style=\"text-align: center;\">Aby ste si vybrali\u00a0<strong>perfektn\u00e9 \u0161aty<\/strong>\u00a0kontaktujte n\u00e1s pros\u00edm telefonicky alebo cez n\u00e1\u0161 facebook.<br \/>\nN\u00e1\u0161 t\u00edm v\u00e1m pom\u00f4\u017ee\u00a0<strong>Vyberte si ten spr\u00e1vny<\/strong>\u00a0.\u00a0<strong>Na \u017eelanie kupuj\u00faceho vyrob\u00edme ak\u00e9ko\u013evek \u0161aty\u00a0<\/strong><strong>opatrne mera\u0165.\u00a0<\/strong><\/p>\n<div class=\"additional-details\">\n<p style=\"text-align: center;\">\n<\/div>","protected":false},"excerpt":{"rendered":"<p>Sukienka Cekinowa Na rami\u0105czkach Z Wi\u0105zaniem Las Palmas Butelkowa Ziele\u0144 Pi\u0119kna d\u0142uga sukienka cekinowa na rami\u0105czkach dopasowana zdobiona cekinami o \u00a0dopasowanym kroju a&#8217;la &#8222;rybka&#8221; Pi\u0119knie eksponuje kobiece kszta\u0142ty. Mieni\u0105ca suknia w stylu glamour . Uszyta jest z z elastycznego materia\u0142u. \u00a0Zapoznaj si\u0119 z nasz\u0105 ofert\u0105 sukni wieczorowych\u00a0i wybierz model, w kt\u00f3rej b\u0119dziesz wygl\u0105da\u0107 jak gwiazda<\/p>\n<div class=\"klb-readmore post-buttons\"><a class=\"button black outline size-sm\" href=\"https:\/\/madelinefashion.pl\/sk\/sukienka-cekinowa-na-ramiaczkach-z-wiazaniem-las-palmas-butelkowa-zielen\/\">\u010c\u00edta\u0165 \u010falej <i class=\"klbth-icon-right-arrow\"><\/i><\/a><\/div>","protected":false},"featured_media":550846,"template":"","meta":[],"product_brand":[],"product_cat":[124,395,558],"product_tag":[163,535],"class_list":{"0":"post-544464","1":"product","2":"type-product","3":"status-publish","4":"has-post-thumbnail","6":"product_cat-sukienki-okolicznosciowe","7":"product_cat-nowosci","8":"product_cat-sukienki-cekinowe","9":"product_tag-sukienki-dlugie","10":"product_tag-zielone-sukienki","12":"first","13":"instock","14":"sale","15":"purchasable","16":"product-type-variable"},"_links":{"self":[{"href":"https:\/\/madelinefashion.pl\/sk\/wp-json\/wp\/v2\/product\/544464","targetHints":{"allow":["GET"]}}],"collection":[{"href":"https:\/\/madelinefashion.pl\/sk\/wp-json\/wp\/v2\/product"}],"about":[{"href":"https:\/\/madelinefashion.pl\/sk\/wp-json\/wp\/v2\/types\/product"}],"wp:featuredmedia":[{"embeddable":true,"href":"https:\/\/madelinefashion.pl\/sk\/wp-json\/wp\/v2\/media\/550846"}],"wp:attachment":[{"href":"https:\/\/madelinefashion.pl\/sk\/wp-json\/wp\/v2\/media?parent=544464"}],"wp:term":[{"taxonomy":"product_brand","embeddable":true,"href":"https:\/\/madelinefashion.pl\/sk\/wp-json\/wp\/v2\/product_brand?post=544464"},{"taxonomy":"product_cat","embeddable":true,"href":"https:\/\/madelinefashion.pl\/sk\/wp-json\/wp\/v2\/product_cat?post=544464"},{"taxonomy":"product_tag","embeddable":true,"href":"https:\/\/madelinefashion.pl\/sk\/wp-json\/wp\/v2\/product_tag?post=544464"}],"curies":[{"name":"pracovn\u00fd list","href":"https:\/\/api.w.org\/{rel}","templated":true}]}}