{"id":546474,"date":"2024-10-03T17:25:45","date_gmt":"2024-10-03T15:25:45","guid":{"rendered":"https:\/\/madelinefashion.pl\/?post_type=product&#038;p=546474"},"modified":"2026-03-26T12:38:55","modified_gmt":"2026-03-26T11:38:55","slug":"sukienka-maxi-na-ramiaczkach-satynowa-gwen-amarantowa","status":"publish","type":"product","link":"https:\/\/madelinefashion.pl\/sk\/sukienka-maxi-na-ramiaczkach-satynowa-gwen-amarantowa\/","title":{"rendered":"Sat\u00e9nov\u00e9 maxi \u0161aty Gwen Amaranth s ramienkami"},"content":{"rendered":"<h3 style=\"text-align: center;\">Sat\u00e9nov\u00e9 maxi \u0161aty Gwen Amaranth s ramienkami<\/h3>\n<p>Dlh\u00e9 \u0161aty s ramienkami. Priliehav\u00e9, hladk\u00e9 a elegantn\u00e9. Zadn\u00e1 \u010das\u0165 \u0161iat sa zap\u00edna na zips. \u0160aty s\u00fa vyroben\u00e9 z jemnej, vzdu\u0161nej l\u00e1tky. Spodn\u00e1 \u010das\u0165 je pod\u0161it\u00e1 spl\u00fdvavou pod\u0161\u00edvkou.<span style=\"font-size: 10pt;\">perfektn\u00fd n\u00e1vrh nielen na ka\u017edodenn\u00e9 pou\u017eitie, ale aj na cirkevn\u00fd alebo ob\u010diansky sob\u00e1\u0161. <\/span><span style=\"font-size: 10pt;\">\u0160aty\u00a0<b> <\/b>Ak sa neviete rozhodn\u00fa\u0165 ak\u00fa farbu, <strong>ve\u013ekos\u0165<\/strong> je pre v\u00e1s to najlep\u0161ie <strong>kontaktuj n\u00e1s<\/strong> cez <a href=\"https:\/\/www.facebook.com\/madelinefashionbutik\" target=\"_blank\" rel=\"noopener\">Facebook<\/a> alebo <a href=\"https:\/\/madelinefashion.pl\/sk\/kontakt\/\">telef\u00f3n<\/a>. Ak ve\u013ekos\u0165 nie je na str\u00e1nke, kontaktujte n\u00e1s.\u00a0<\/span><\/p>\n<h3 style=\"text-align: center;\">ROZMERY \u0161iat:<\/h3>\n<div class=\"additional-details\" style=\"text-align: center;\">\n<table width=\"630\">\n<tbody>\n<tr>\n<td>VE\u013dKOS\u0164<\/td>\n<td><\/td>\n<td>36<\/td>\n<td>38<\/td>\n<td>40<\/td>\n<\/tr>\n<tr>\n<td>poprsia<\/td>\n<td><\/td>\n<td>88-94<\/td>\n<td>92-96<\/td>\n<td>96-102<\/td>\n<\/tr>\n<tr>\n<td>P\u00e1s<\/td>\n<td><\/td>\n<td>68<\/td>\n<td>72<\/td>\n<td>76<\/td>\n<\/tr>\n<tr>\n<td>Boky<\/td>\n<td><\/td>\n<td>\u00a0ak\u00fdko\u013evek<\/td>\n<td>\u00a0ak\u00fdko\u013evek<\/td>\n<td>ak\u00fdko\u013evek<\/td>\n<\/tr>\n<\/tbody>\n<\/table>\n<p>&nbsp;<\/p>\n<\/div>\n<p style=\"text-align: center;\"><span style=\"font-size: 10pt;\">celkov\u00e1 d\u013a\u017eka cca 157 cm\u00a0<\/span><\/p>\n<p style=\"text-align: center;\"><span style=\"font-size: 10pt;\">\u0160aty s\u00fa dostupn\u00e9 aj v in\u00fdch farb\u00e1ch - odpor\u00fa\u010dame v\u00e1m zozn\u00e1mi\u0165 sa s na\u0161imi \u010fal\u0161\u00edmi produktmi.<\/span><\/p>\n<p style=\"text-align: center;\"><span style=\"font-size: 10pt;\">Rozmery sa m\u00f4\u017eu mierne l\u00ed\u0161i\u0165 od uveden\u00fdch +\/- 2cm.\u00a0<\/span><\/p>\n<p style=\"text-align: center;\"><span style=\"font-size: 10pt;\"><strong>\u00a0<\/strong>\u00a0<\/span><\/p>\n<table width=\"620\">\n<tbody>\n<tr>\n<td width=\"302\">Meno modela<\/td>\n<td width=\"302\">Sukienka Maxi Na Rami\u0105czkach Satynowa Gwen<\/td>\n<\/tr>\n<tr>\n<td width=\"302\">Farba<\/td>\n<td width=\"302\">purpurov\u00e1<\/td>\n<\/tr>\n<tr>\n<td width=\"302\">Ruk\u00e1v<\/td>\n<td width=\"302\">\u00c1no<\/td>\n<\/tr>\n<tr>\n<td width=\"302\">ve\u013ekosti<\/td>\n<td width=\"302\">36 38 40<\/td>\n<\/tr>\n<tr>\n<td width=\"302\">M\u00f3da<\/td>\n<td width=\"302\">Zhoda<\/td>\n<\/tr>\n<tr>\n<td width=\"302\">Materi\u00e1l<\/td>\n<td width=\"302\">Visk\u00f3za, polyester, bavlna<\/td>\n<\/tr>\n<tr>\n<td width=\"302\">D\u013a\u017eka<\/td>\n<td width=\"302\">Na zem<\/td>\n<\/tr>\n<\/tbody>\n<\/table>\n<p style=\"text-align: center;\"><span style=\"font-size: 10pt;\">\u00a0<\/span><\/p>\n<p style=\"text-align: center;\"><span style=\"font-size: 10pt;\">Aby ste si vybrali <strong>perfektn\u00e9 \u0161aty<\/strong> kontaktujte n\u00e1s telefonicky alebo prostredn\u00edctvom na\u0161ej webovej str\u00e1nky <a href=\"https:\/\/www.facebook.com\/madelinefashionbutik\" target=\"_blank\" rel=\"noopener\">Facebook<\/a> .<\/span><br \/>\n<span style=\"font-size: 10pt;\">N\u00e1\u0161 t\u00edm v\u00e1m pom\u00f4\u017ee <strong>Vyberte si ten spr\u00e1vny<\/strong> . <strong>Na \u017eelanie kupuj\u00faceho vyrob\u00edme ak\u00e9ko\u013evek \u0161aty\u00a0<\/strong><strong>opatrne mera\u0165.\u00a0<\/strong><\/span><\/p>\n<div class=\"additional-details\" style=\"text-align: center;\">\n<p style=\"text-align: center;\"><span style=\"font-size: 10pt;\">\u00a0<\/span><\/p>\n<\/div>","protected":false},"excerpt":{"rendered":"<p>Sukienka Maxi Na Rami\u0105czkach Satynowa Gwen Amarantowa D\u0142uga sukienka na rami\u0105czkach. Dopasowana, g\u0142adka i z klas\u0105.Ty\u0142 sukienki zapinany na zamek. Sukienka uszyta jest z delikatnej, zwiewnej tkaniny. D\u00f3\u0142 podszyty zwiewn\u0105 podszewk\u0105. Idealna propozycja nie tylko na co dzie\u0144 ale r\u00f3wnie\u017c na \u015blub ko\u015bcielny czy cywilny. Sukienki\u00a0 Je\u015bli nie mo\u017cesz zdecydowa\u0107, kt\u00f3ry kolor, rozmiar jest dla<\/p>\n<div class=\"klb-readmore post-buttons\"><a class=\"button black outline size-sm\" href=\"https:\/\/madelinefashion.pl\/sk\/sukienka-maxi-na-ramiaczkach-satynowa-gwen-amarantowa\/\">\u010c\u00edta\u0165 \u010falej <i class=\"klbth-icon-right-arrow\"><\/i><\/a><\/div>","protected":false},"featured_media":546481,"template":"","meta":[],"product_brand":[],"product_cat":[124,559],"product_tag":[163,215],"class_list":{"0":"post-546474","1":"product","2":"type-product","3":"status-publish","4":"has-post-thumbnail","6":"product_cat-sukienki-okolicznosciowe","7":"product_cat-noworoczna-sekcja-okazji","8":"product_tag-sukienki-dlugie","9":"product_tag-sukienki-rozowe","11":"first","12":"instock","13":"sale","14":"purchasable","15":"product-type-variable"},"_links":{"self":[{"href":"https:\/\/madelinefashion.pl\/sk\/wp-json\/wp\/v2\/product\/546474","targetHints":{"allow":["GET"]}}],"collection":[{"href":"https:\/\/madelinefashion.pl\/sk\/wp-json\/wp\/v2\/product"}],"about":[{"href":"https:\/\/madelinefashion.pl\/sk\/wp-json\/wp\/v2\/types\/product"}],"wp:featuredmedia":[{"embeddable":true,"href":"https:\/\/madelinefashion.pl\/sk\/wp-json\/wp\/v2\/media\/546481"}],"wp:attachment":[{"href":"https:\/\/madelinefashion.pl\/sk\/wp-json\/wp\/v2\/media?parent=546474"}],"wp:term":[{"taxonomy":"product_brand","embeddable":true,"href":"https:\/\/madelinefashion.pl\/sk\/wp-json\/wp\/v2\/product_brand?post=546474"},{"taxonomy":"product_cat","embeddable":true,"href":"https:\/\/madelinefashion.pl\/sk\/wp-json\/wp\/v2\/product_cat?post=546474"},{"taxonomy":"product_tag","embeddable":true,"href":"https:\/\/madelinefashion.pl\/sk\/wp-json\/wp\/v2\/product_tag?post=546474"}],"curies":[{"name":"pracovn\u00fd list","href":"https:\/\/api.w.org\/{rel}","templated":true}]}}