{"id":548271,"date":"2024-10-25T12:08:50","date_gmt":"2024-10-25T10:08:50","guid":{"rendered":"https:\/\/madelinefashion.pl\/?post_type=product&#038;p=548271"},"modified":"2026-02-25T12:32:49","modified_gmt":"2026-02-25T11:32:49","slug":"spodnie-eleganckie-z-ozdobna-guma-czarne","status":"publish","type":"product","link":"https:\/\/madelinefashion.pl\/sk\/spodnie-eleganckie-z-ozdobna-guma-czarne\/","title":{"rendered":"Elegantn\u00e9 nohavice s ozdobnou gumi\u010dkou \u010dierne"},"content":{"rendered":"<h3 style=\"text-align: center;\">Elegantn\u00e9 nohavice s ozdobnou gumi\u010dkou \u010dierne<\/h3>\n<p style=\"text-align: center;\">Elegantn\u00e9 \u010dierne cigaretov\u00e9 nohavice. Pri\u0161it\u00fd opasok im dod\u00e1va neuverite\u013ene \u0161t\u00fdlov\u00fd vzh\u013ead. Elastick\u00fd p\u00e1s zais\u0165uje perfektn\u00e9 padnutie. S\u00fa ide\u00e1lne na ka\u017edodenn\u00e9 nosenie, \u010di u\u017e do pr\u00e1ce alebo na stretnutie s priate\u013emi. Vyzeraj\u00fa skvele s lodi\u010dkami alebo teniskami. <strong>Nohavice s vysok\u00fdm p\u00e1som<\/strong> Kr\u00e1sne tvaruj\u00fa p\u00e1s a vytv\u00e1raj\u00fa \u00fa\u017easn\u00fd efekt! <strong>\u00a0Vysok\u00e1 kvalita, <\/strong>elastick\u00e1 riflovina perfektne sed\u00ed na postave. Toto je z\u00e1klad pre n\u00e1s\u00a0<a href=\"https:\/\/madelinefashion.pl\/sk\/bluzki-2\/\">bl\u00fazky<\/a>\u00a0a\u00a0<a href=\"https:\/\/madelinefashion.pl\/sk\/bluzki-2\/koszule\/\">ko\u0161ele<\/a>\u00a0a\u00a0<a href=\"https:\/\/madelinefashion.pl\/sk\/body\/\">body\u010dko<\/a>.Odpor\u00fa\u010dame\u00a0\u00a0<b>presne tak\u00a0<\/b><strong>mera\u0165<\/strong>\u00a0pod\u013ea tabu\u013eky rozmerov ni\u017e\u0161ie. Dopl\u0148te svoj \u0161atn\u00edk o tento model nohav\u00edc z\u00a0<strong><a href=\"https:\/\/madelinefashion.pl\/sk\/\">Madelinefashion<\/a>\u00a0.\u00a0<\/strong>V inform\u00e1ci\u00e1ch po k\u00fape m\u00f4\u017eete uvies\u0165 aj va\u0161e rozmery - vyberieme pre v\u00e1s ten ide\u00e1lny. Nohavice dostupn\u00e9 v\u00a0<strong>dve farebn\u00e9 varianty<\/strong>. Uveden\u00e9 rozmery s\u00fa v plochom stave!<\/p>\n<h3 style=\"text-align: center;\">Rozmery nohav\u00edc:<\/h3>\n<p>&nbsp;<\/p>\n<p style=\"text-align: center;\"><strong>VE\u013dKOS\u0164 M 38\u00a0<\/strong><\/p>\n<ul style=\"text-align: center;\">\n<li>Celkov\u00e1 d\u013a\u017eka: 100 cm<\/li>\n<li>Vn\u00fatorn\u00e1 d\u013a\u017eka nohav\u00edc: 70 cm<\/li>\n<li>\u0160\u00edrka v p\u00e1se: 35-38 cm<\/li>\n<li>V\u00fd\u0161ka: 34 cm<\/li>\n<\/ul>\n<p style=\"text-align: center;\"><strong>VE\u013dKOS\u0164 L 40\u00a0<\/strong><\/p>\n<ul style=\"text-align: center;\">\n<li>Celkov\u00e1 d\u013a\u017eka: 100 cm<\/li>\n<li>Vn\u00fatorn\u00e1 d\u013a\u017eka nohav\u00edc: 72 cm<\/li>\n<li>\u0160\u00edrka v p\u00e1se: 37-41 cm<\/li>\n<li>V\u00fd\u0161ka: 35 cm<\/li>\n<\/ul>\n<p style=\"text-align: center;\"><strong>Ve\u013ekos\u0165 XL 42\u00a0<\/strong><\/p>\n<ul style=\"text-align: center;\">\n<li>Celkov\u00e1 d\u013a\u017eka: 100 cm<\/li>\n<li>Vn\u00fatorn\u00e1 d\u013a\u017eka nohav\u00edc: 73 cm<\/li>\n<li>\u0160\u00edrka p\u00e1su: 41-45 cm<\/li>\n<li>V\u00fd\u0161ka: 35 cm<\/li>\n<\/ul>\n<p style=\"text-align: center;\"><strong>VE\u013dKOS\u0164 44\u00a0<\/strong><\/p>\n<ul style=\"text-align: center;\">\n<li>Celkov\u00e1 d\u013a\u017eka: 102 cm<\/li>\n<li>Vn\u00fatorn\u00e1 d\u013a\u017eka nohav\u00edc: 74 cm<\/li>\n<li>\u0160\u00edrka p\u00e1su: 45-47 cm<\/li>\n<li>V\u00fd\u0161ka: 36 cm<\/li>\n<\/ul>\n<p style=\"text-align: center;\"><strong>VE\u013dKOS\u0164 46<\/strong><\/p>\n<ul style=\"text-align: center;\">\n<li>Celkov\u00e1 d\u013a\u017eka: 102 cm<\/li>\n<li>Vn\u00fatorn\u00e1 d\u013a\u017eka nohav\u00edc: 74 cm<\/li>\n<li>\u0160\u00edrka p\u00e1su: 47-51 cm<\/li>\n<li>V\u00fd\u0161ka: 37 cm<\/li>\n<li>\n<p style=\"text-align: center;\"><strong>VE\u013dKOS\u0164 48<\/strong><\/p>\n<ul style=\"text-align: center;\">\n<li>Celkov\u00e1 d\u013a\u017eka: 103 cm<\/li>\n<li>Vn\u00fatorn\u00e1 d\u013a\u017eka nohav\u00edc: 75 cm<\/li>\n<li>\u0160\u00edrka p\u00e1su: 51-55 cm<\/li>\n<li>V\u00fd\u0161ka: 38 cm<\/li>\n<\/ul>\n<p style=\"text-align: center;\"><strong>VE\u013dKOS\u0164 50<\/strong><\/p>\n<ul style=\"text-align: center;\">\n<li>Celkov\u00e1 d\u013a\u017eka: 103 cm<\/li>\n<li>Vn\u00fatorn\u00e1 d\u013a\u017eka nohav\u00edc: 75 cm<\/li>\n<li>\u0160\u00edrka p\u00e1su: 55-59 cm<\/li>\n<li>V\u00fd\u0161ka: 38 cm<\/li>\n<li>\n<p style=\"text-align: center;\"><strong>VE\u013dKOS\u0164 52<\/strong><\/p>\n<ul style=\"text-align: center;\">\n<li>Celkov\u00e1 d\u013a\u017eka: 104 cm<\/li>\n<li>Vn\u00fatorn\u00e1 d\u013a\u017eka nohav\u00edc: 76 cm<\/li>\n<li>\u0160\u00edrka p\u00e1su: 59-63 cm<\/li>\n<li>P\u00e1s: 39 cm<\/li>\n<\/ul>\n<ul style=\"text-align: center;\">\n<li><\/li>\n<\/ul>\n<\/li>\n<\/ul>\n<\/li>\n<\/ul>\n<p style=\"text-align: center;\">Rozmery sa m\u00f4\u017eu l\u00ed\u0161i\u0165 od uveden\u00fdch +\/- 2cm. V\u0161etky uveden\u00e9 rozmery s\u00fa meran\u00e9 plo\u0161ne.\u00a0<strong>rozmer x2<\/strong><\/p>\n<p>&nbsp;<\/p>\n<p style=\"text-align: center;\">\u00a0Model m\u00e1\u00a0<strong>165<\/strong>\u00a0cm vysok\u00fd, nos\u00ed ve\u013ekos\u0165 ka\u017ed\u00fd de\u0148\u00a0<strong>S<\/strong><\/p>\n<p style=\"text-align: center;\">","protected":false},"excerpt":{"rendered":"<p>Spodnie Eleganckie Z Ozdobn\u0105 Gum\u0105 Czarne Eleganckie cygaretki koloru czarnego. Do\u0142\u0105czony pasek sprawia, \u017ce wygl\u0105daj\u0105 one niezwykle efektownie. W pasie znajduje si\u0119 gumka, dzi\u0119ki kt\u00f3rej spodnie \u015bwietnie dopasuj\u0105 si\u0119 do sylwetki. Idealnie sprawdz\u0105 si\u0119 na co dzie\u0144, do pracy, ale te\u017c na spotkanie ze znajomymi. Idealnie prezentuj\u0105 si\u0119 ze szpilkami czy trampkami. Spodnie z wy\u017cszym<\/p>\n<div class=\"klb-readmore post-buttons\"><a class=\"button black outline size-sm\" href=\"https:\/\/madelinefashion.pl\/sk\/spodnie-eleganckie-z-ozdobna-guma-czarne\/\">\u010c\u00edta\u0165 \u010falej <i class=\"klbth-icon-right-arrow\"><\/i><\/a><\/div>","protected":false},"featured_media":595431,"template":"","meta":[],"product_brand":[],"product_cat":[83],"product_tag":[240,475],"class_list":{"0":"post-548271","1":"product","2":"type-product","3":"status-publish","4":"has-post-thumbnail","6":"product_cat-spodnie","7":"product_tag-jeans","8":"product_tag-spodnie-dlugie","9":"pa_rozmiar-xxxl-46","10":"pa_rozmiar-xxxxl-48","11":"pa_rozmiar-m","12":"pa_rozmiar-l","13":"pa_rozmiar-xl","14":"pa_rozmiar-xxl","15":"pa_rozmiar-438","16":"pa_rozmiar-439","18":"first","19":"instock","20":"product-type-variable"},"_links":{"self":[{"href":"https:\/\/madelinefashion.pl\/sk\/wp-json\/wp\/v2\/product\/548271","targetHints":{"allow":["GET"]}}],"collection":[{"href":"https:\/\/madelinefashion.pl\/sk\/wp-json\/wp\/v2\/product"}],"about":[{"href":"https:\/\/madelinefashion.pl\/sk\/wp-json\/wp\/v2\/types\/product"}],"wp:featuredmedia":[{"embeddable":true,"href":"https:\/\/madelinefashion.pl\/sk\/wp-json\/wp\/v2\/media\/595431"}],"wp:attachment":[{"href":"https:\/\/madelinefashion.pl\/sk\/wp-json\/wp\/v2\/media?parent=548271"}],"wp:term":[{"taxonomy":"product_brand","embeddable":true,"href":"https:\/\/madelinefashion.pl\/sk\/wp-json\/wp\/v2\/product_brand?post=548271"},{"taxonomy":"product_cat","embeddable":true,"href":"https:\/\/madelinefashion.pl\/sk\/wp-json\/wp\/v2\/product_cat?post=548271"},{"taxonomy":"product_tag","embeddable":true,"href":"https:\/\/madelinefashion.pl\/sk\/wp-json\/wp\/v2\/product_tag?post=548271"}],"curies":[{"name":"pracovn\u00fd list","href":"https:\/\/api.w.org\/{rel}","templated":true}]}}