{"id":548565,"date":"2024-10-30T10:28:45","date_gmt":"2024-10-30T09:28:45","guid":{"rendered":"https:\/\/madelinefashion.pl\/?post_type=product&#038;p=548565"},"modified":"2026-01-22T13:16:24","modified_gmt":"2026-01-22T12:16:24","slug":"kurtka-pilotka-z-kapturem-tenessy-bezowa","status":"publish","type":"product","link":"https:\/\/madelinefashion.pl\/sk\/kurtka-pilotka-z-kapturem-tenessy-bezowa\/","title":{"rendered":"B\u00e9\u017eov\u00e1 bomber bunda s kapuc\u0148ou Tenesy"},"content":{"rendered":"<h3 style=\"text-align: center;\">B\u00e9\u017eov\u00e1 bomber bunda s kapuc\u0148ou Tenesy<\/h3>\n<p style=\"text-align: center;\">Bomber bunda zdoben\u00e1 umelou ko\u017eu\u0161inou. Pohodlne sa zap\u00edna na predn\u00fd zips. Ozdobn\u00e9 pruhy na ruk\u00e1voch. Hlbok\u00e9 bo\u010dn\u00e9 vreck\u00e1. Bunda je zakon\u010den\u00e1 m\u00f3dnym, ve\u013ek\u00fdm golierom lemovan\u00fdm umelou ko\u017eu\u0161inou. Ruk\u00e1vy s\u00fa zakon\u010den\u00e9 ov\u010dou vsadkou. Bomber bunda m\u00e1 ve\u013ek\u00fa, tepl\u00fa kapuc\u0148u.<\/p>\n<h3 style=\"text-align: center;\">Rozmery:<\/h3>\n<p style=\"text-align: center;\"><strong>VE\u013dKOS\u0164 S\/M<\/strong><br \/>\nCelkov\u00e1 d\u013a\u017eka 46 cm<br \/>\n\u0160\u00edrka od pazuchy po pazuchu: 53 cm<br \/>\n\u0160\u00edrka v spodnej \u010dasti: 44-51 cm<br \/>\nD\u013a\u017eka ruk\u00e1va od ramena: 56 cm<br \/>\nD\u013a\u017eka ruk\u00e1va od podpazu\u0161ia: 49 cm<\/p>\n<p>&nbsp;<\/p>\n<p style=\"text-align: center;\"><strong>VE\u013dKOS\u0164 M\/L<br \/>\n<\/strong>Celkov\u00e1 d\u013a\u017eka 47 cm<br \/>\n\u0160\u00edrka od pazuchy po pazuchu: 55 cm<br \/>\n\u0160\u00edrka v spodnej \u010dasti: 46-53 cm<br \/>\nD\u013a\u017eka ruk\u00e1va od ramena: 57 cm<br \/>\nD\u013a\u017eka ruk\u00e1va od podpazu\u0161ia: 50 cm<\/p>\n<p style=\"text-align: center;\">Rozmery sa m\u00f4\u017eu mierne l\u00ed\u0161i\u0165 od uveden\u00fdch +\/- 2cm. V\u0161etky uveden\u00e9 rozmery s\u00fa <strong>meran\u00fd byt<\/strong>.\u00a0<strong>rozmer x2<\/strong><\/p>\n<p>&nbsp;<\/p>\n<table width=\"605\">\n<tbody>\n<tr>\n<td width=\"302\">Meno modela<\/td>\n<td width=\"302\">Bomberov\u00e1 bunda Tenesy s kapuc\u0148ou<\/td>\n<\/tr>\n<tr>\n<td width=\"302\">Farba<\/td>\n<td width=\"302\">Bez<\/td>\n<\/tr>\n<tr>\n<td width=\"302\">ve\u013ekosti<\/td>\n<td width=\"302\">S\/M, M\/L<\/td>\n<\/tr>\n<tr>\n<td width=\"302\">Zbierka<\/td>\n<td width=\"302\">jar\/jese\u0148\/zima<\/td>\n<\/tr>\n<tr>\n<td width=\"302\">Materi\u00e1l<\/td>\n<td width=\"302\">50 % Polyester 50 % Polyuret\u00e1n<\/td>\n<\/tr>\n<tr>\n<td width=\"302\">Kvalita<\/td>\n<td width=\"302\">Premium<\/td>\n<\/tr>\n<tr>\n<td width=\"302\">zap\u00ednanie<\/td>\n<td width=\"302\">Z\u00e1mok<\/td>\n<\/tr>\n<\/tbody>\n<\/table>\n<p style=\"text-align: center;\">Model m\u00e1\u00a0<strong>169<\/strong>\u00a0cm vysok\u00fd, nos\u00ed ve\u013ekos\u0165 ka\u017ed\u00fd de\u0148\u00a0<strong>S<\/strong><\/p>\n<p style=\"text-align: center;\">\u0160\u00edrka hrudn\u00edka 91 cm<\/p>\n<p style=\"text-align: center;\">\u0160\u00edrka p\u00e1su 71 cm<\/p>\n<p style=\"text-align: center;\">\u0160\u00edrka bokov 96 cm<\/p>\n<p style=\"text-align: center;\"><span style=\"font-size: 10pt;\">\u00a0<\/span><\/p>\n<p style=\"text-align: center;\">","protected":false},"excerpt":{"rendered":"<p>Kurtka Pilotka Z Kapturem Tenessy Be\u017cowa Kurtka o fasonie pilotki, dekorowana sztucznym ko\u017cuszkiem. Wygodnie zasuwana z przodu na zamek b\u0142yskawiczny. Na r\u0119kawach dekoracyjne paski. Po bokach g\u0142\u0119bokie kieszenie. Kurteczka wyko\u0144czona modnym, du\u017cym ko\u0142nierzem, pokrytym sztucznym futerkiem R\u0119kawy zako\u0144czony wstawk\u0105 z ko\u017cuszka. Pilotka posiada du\u017cy, ciep\u0142y kaptur. Wymiary: ROZMIAR S\/M D\u0142ugo\u015b\u0107 ca\u0142kowita 46 cm Szeroko\u015b\u0107 od<\/p>\n<div class=\"klb-readmore post-buttons\"><a class=\"button black outline size-sm\" href=\"https:\/\/madelinefashion.pl\/sk\/kurtka-pilotka-z-kapturem-tenessy-bezowa\/\">\u010c\u00edta\u0165 \u010falej <i class=\"klbth-icon-right-arrow\"><\/i><\/a><\/div>","protected":false},"featured_media":548583,"template":"","meta":[],"product_brand":[],"product_cat":[117,395],"product_tag":[],"class_list":{"0":"post-548565","1":"product","2":"type-product","3":"status-publish","4":"has-post-thumbnail","6":"product_cat-kurtki","7":"product_cat-nowosci","8":"pa_rozmiar-m","9":"pa_rozmiar-xl","10":"pa_rozmiar-xxl","11":"pa_rozmiar-l-40","12":"pa_rozmiar-s-m","13":"pa_rozmiar-m-l","14":"pa_rozmiar-s","16":"first","17":"instock","18":"sale","19":"purchasable","20":"product-type-variable"},"_links":{"self":[{"href":"https:\/\/madelinefashion.pl\/sk\/wp-json\/wp\/v2\/product\/548565","targetHints":{"allow":["GET"]}}],"collection":[{"href":"https:\/\/madelinefashion.pl\/sk\/wp-json\/wp\/v2\/product"}],"about":[{"href":"https:\/\/madelinefashion.pl\/sk\/wp-json\/wp\/v2\/types\/product"}],"wp:featuredmedia":[{"embeddable":true,"href":"https:\/\/madelinefashion.pl\/sk\/wp-json\/wp\/v2\/media\/548583"}],"wp:attachment":[{"href":"https:\/\/madelinefashion.pl\/sk\/wp-json\/wp\/v2\/media?parent=548565"}],"wp:term":[{"taxonomy":"product_brand","embeddable":true,"href":"https:\/\/madelinefashion.pl\/sk\/wp-json\/wp\/v2\/product_brand?post=548565"},{"taxonomy":"product_cat","embeddable":true,"href":"https:\/\/madelinefashion.pl\/sk\/wp-json\/wp\/v2\/product_cat?post=548565"},{"taxonomy":"product_tag","embeddable":true,"href":"https:\/\/madelinefashion.pl\/sk\/wp-json\/wp\/v2\/product_tag?post=548565"}],"curies":[{"name":"pracovn\u00fd list","href":"https:\/\/api.w.org\/{rel}","templated":true}]}}