{"id":548839,"date":"2024-10-31T10:55:09","date_gmt":"2024-10-31T09:55:09","guid":{"rendered":"https:\/\/madelinefashion.pl\/?post_type=product&#038;p=548839"},"modified":"2025-03-11T16:29:50","modified_gmt":"2025-03-11T15:29:50","slug":"komplet-dzianinowy-bluzka-spodnie-shena-szary","status":"publish","type":"product","link":"https:\/\/madelinefashion.pl\/sk\/komplet-dzianinowy-bluzka-spodnie-shena-szary\/","title":{"rendered":"Pleten\u00fd set bl\u00fazka + nohavice Shena \u0161ed\u00e9"},"content":{"rendered":"<h3 style=\"text-align: center;\">Pleten\u00fd set bl\u00fazka + nohavice Shena \u0161ed\u00e9<\/h3>\n<p style=\"text-align: center;\"><strong>S\u00faprava rebrovan\u00e9ho svetra s rol\u00e1kom + \u010dierne nohavice.\u00a0<\/strong>M\u00f3dna tepl\u00e1kov\u00e1 s\u00faprava z rebrovan\u00e9ho hrejiv\u00e9ho \u00fapletu, ktor\u00e1 obsahuje rol\u00e1k a nohavice.<\/p>\n<p style=\"text-align: center;\">Oversize d\u00e1msky rol\u00e1k so zn\u00ed\u017eenou l\u00edniou ramien bude vyzera\u0165 skvele na ka\u017edom type postavy. Sveter bude fungova\u0165 v chladnej\u0161\u00edch jesenn\u00fdch a zimn\u00fdch d\u0148och. Tepl\u00e1ky so s\u0165ahovac\u00edmi \u0161n\u00farkami v p\u00e1se, s gumi\u010dkou. Vpredu maj\u00fa dve na\u0161it\u00e9 vreck\u00e1 a nohavice zakon\u010den\u00e9 lemom.<\/p>\n<p style=\"text-align: center;\">Sveter aj tepl\u00e1ky bud\u00fa fungova\u0165 oddelene v mnoh\u00fdch \u0161tyliz\u00e1ci\u00e1ch.<\/p>\n<p>!<\/p>\n<h3 style=\"text-align: center;\">\u00a0 \u00a0 \u00a0Rozmery :<\/h3>\n<p style=\"text-align: center;\">Bl\u00fazka:<br \/>\n\u0160\u00edrka pod pazuchami: 58-75 cm<br \/>\nCelkov\u00e1 d\u013a\u017eka: 63 cm<br \/>\nD\u013a\u017eka ruk\u00e1va od ramena: 60 cm<br \/>\nD\u013a\u017eka ruk\u00e1va od podpazu\u0161ia: 45 cm<\/p>\n<p style=\"text-align: center;\">nohavice:<br \/>\n\u0160\u00edrka p\u00e1su: 34-50 cm<br \/>\n\u0160\u00edrka bokov: 40-55 cm<br \/>\nCelkov\u00e1 d\u013a\u017eka: 100 cm<br \/>\nVn\u00fatorn\u00e1 d\u013a\u017eka nohav\u00edc: 70 cm<br \/>\np\u00e1s: 33 cm<\/p>\n<p>&nbsp;<\/p>\n<p style=\"text-align: center;\">Rozmery sa m\u00f4\u017eu mierne l\u00ed\u0161i\u0165 od uveden\u00fdch +\/- 2cm. <strong>V\u0161etky rozmery s\u00fa meran\u00e9 plo\u0161ne x2\u00a0<\/strong><\/p>\n<h3 style=\"text-align: center;\">Vlastnosti produktu:<\/h3>\n<p align=\"center\">-nohavice<br \/>\n-bl\u00fazka<br \/>\n- \u013eahk\u00fd materi\u00e1l<br \/>\n- pohodln\u00e9<br \/>\n- nohavice maj\u00fa vreck\u00e1<\/p>\n<table width=\"615\">\n<tbody>\n<tr>\n<td width=\"302\">Meno modela<\/td>\n<td width=\"302\">Pleten\u00e1 s\u00faprava bl\u00fazka a nohavice Shena<\/td>\n<\/tr>\n<tr>\n<td width=\"302\">Farba<\/td>\n<td width=\"302\">\u0160ed\u00e1<\/td>\n<\/tr>\n<tr>\n<td width=\"302\">ve\u013ekosti<\/td>\n<td width=\"302\">Univerz\u00e1lny<\/td>\n<\/tr>\n<tr>\n<td width=\"302\">M\u00f3da<\/td>\n<td width=\"302\">Vo\u013en\u00fd<\/td>\n<\/tr>\n<tr>\n<td width=\"302\">Zlo\u017eenie<\/td>\n<td width=\"302\">32% visk\u00f3za 25% nylon 28% polyester 15%<\/td>\n<\/tr>\n<\/tbody>\n<\/table>\n<p>&nbsp;<\/p>\n<div class=\"tabs tabs-bb clear mb-80\">\n<div class=\"tab-content\">\n<div id=\"tab-description\" class=\"tab-pane fade in woocommerce-Tabs-panel--description active\">\n<div class=\"tabs tabs-bb clear mb-80\">\n<div class=\"tab-content\">\n<div id=\"tab-description\" class=\"tab-pane fade in woocommerce-Tabs-panel--description active\">\n<p style=\"text-align: center;\">Model m\u00e1\u00a0<strong>169<\/strong>\u00a0cm vysok\u00fd, nos\u00ed ve\u013ekos\u0165 ka\u017ed\u00fd de\u0148\u00a0<strong>S<\/strong><\/p>\n<p style=\"text-align: center;\">\u0160\u00edrka cez prsia 92 cm<\/p>\n<p style=\"text-align: center;\">\u0160\u00edrka v p\u00e1se 62 cm<\/p>\n<p style=\"text-align: center;\">\u0160\u00edrka v bokoch 94 cm<\/p>\n<\/div>\n<\/div>\n<\/div>\n<\/div>\n<\/div>\n<\/div>\n<p style=\"text-align: center;\">","protected":false},"excerpt":{"rendered":"<p>Pleten\u00e1 bl\u00fazka a nohavice v \u0161edej farbe Shena. Rebrovan\u00fd rol\u00e1k s \u010diernymi nohavicami. M\u00f3dna mikina z tepl\u00e9ho rebrovan\u00e9ho \u00fapletu, pozost\u00e1vaj\u00faca z rol\u00e1ka a nohav\u00edc. Tento oversized d\u00e1msky rol\u00e1k so zn\u00ed\u017een\u00fdmi ramenami bude vyzera\u0165 skvele na ka\u017edej postave. Sveter je ide\u00e1lny na chladnej\u0161ie jesenn\u00e9 a zimn\u00e9 dni. Mikina je v p\u00e1se stiahnut\u00e1 \u0161n\u00farkami a<\/p>\n<div class=\"klb-readmore post-buttons\"><a class=\"button black outline size-sm\" href=\"https:\/\/madelinefashion.pl\/sk\/komplet-dzianinowy-bluzka-spodnie-shena-szary\/\">\u010c\u00edta\u0165 \u010falej <i class=\"klbth-icon-right-arrow\"><\/i><\/a><\/div>","protected":false},"featured_media":560501,"template":"","meta":[],"product_brand":[],"product_cat":[89],"product_tag":[282],"class_list":{"0":"post-548839","1":"product","2":"type-product","3":"status-publish","4":"has-post-thumbnail","6":"product_cat-komplety","7":"product_tag-komplety-dresowe","8":"pa_rozmiar-s","9":"pa_rozmiar-m","10":"pa_rozmiar-l","12":"first","13":"instock","14":"purchasable","15":"product-type-simple"},"_links":{"self":[{"href":"https:\/\/madelinefashion.pl\/sk\/wp-json\/wp\/v2\/product\/548839","targetHints":{"allow":["GET"]}}],"collection":[{"href":"https:\/\/madelinefashion.pl\/sk\/wp-json\/wp\/v2\/product"}],"about":[{"href":"https:\/\/madelinefashion.pl\/sk\/wp-json\/wp\/v2\/types\/product"}],"wp:featuredmedia":[{"embeddable":true,"href":"https:\/\/madelinefashion.pl\/sk\/wp-json\/wp\/v2\/media\/560501"}],"wp:attachment":[{"href":"https:\/\/madelinefashion.pl\/sk\/wp-json\/wp\/v2\/media?parent=548839"}],"wp:term":[{"taxonomy":"product_brand","embeddable":true,"href":"https:\/\/madelinefashion.pl\/sk\/wp-json\/wp\/v2\/product_brand?post=548839"},{"taxonomy":"product_cat","embeddable":true,"href":"https:\/\/madelinefashion.pl\/sk\/wp-json\/wp\/v2\/product_cat?post=548839"},{"taxonomy":"product_tag","embeddable":true,"href":"https:\/\/madelinefashion.pl\/sk\/wp-json\/wp\/v2\/product_tag?post=548839"}],"curies":[{"name":"pracovn\u00fd list","href":"https:\/\/api.w.org\/{rel}","templated":true}]}}