{"id":548891,"date":"2024-10-31T11:58:14","date_gmt":"2024-10-31T10:58:14","guid":{"rendered":"https:\/\/madelinefashion.pl\/?post_type=product&#038;p=548891"},"modified":"2026-01-15T12:42:51","modified_gmt":"2026-01-15T11:42:51","slug":"futerko-krotkie-z-kolnierzem-czarne","status":"publish","type":"product","link":"https:\/\/madelinefashion.pl\/sk\/futerko-krotkie-z-kolnierzem-czarne\/","title":{"rendered":"Kr\u00e1tky ko\u017euch s golierom \u010dierny"},"content":{"rendered":"<h3 style=\"text-align: center;\">Kr\u00e1tky ko\u017euch s golierom \u010dierny<\/h3>\n<p style=\"text-align: center;\"><strong> Kr\u00e1tke, z umelej ko\u017eu\u0161iny. M\u00f4\u017eete ich perfektne kombinova\u0165 s ka\u017edodenn\u00fdmi outfitmi, ale aj s ve\u010dern\u00fdmi \u0161atami.<\/strong> Tento ko\u017euch je vyroben\u00fd z vysoko kvalitn\u00e9ho materi\u00e1lu. Je perfektn\u00fdm doplnkom k bund\u00e1m a in\u00e9mu vrchn\u00e9mu oble\u010deniu. Neutr\u00e1lna farba dopln\u00ed r\u00f4zne outfity. Ko\u017euch sa zap\u00edna na patentn\u00fd cvok.<br \/>\nPolyester 100%<\/p>\n<h3 style=\"text-align: center;\">Rozmery:<\/h3>\n<p style=\"text-align: center;\"><strong>VE\u013dKOS\u0164 S<\/strong><br \/>\nCelkov\u00e1 d\u013a\u017eka: 45 cm<br \/>\n\u0160\u00edrka od pazuchy po pazuchu: 56 cm x 2<br \/>\nD\u013a\u017eka ruk\u00e1va od ramena: 61 cm<br \/>\nD\u013a\u017eka ruk\u00e1va od podpazu\u0161ia: 44 cm<\/p>\n<p style=\"text-align: center;\"><strong>VE\u013dKOS\u0164 M<br \/>\n<\/strong>Celkov\u00e1 d\u013a\u017eka: 46 cm<br \/>\n\u0160\u00edrka od podpazu\u0161ia k podpazu\u0161iu: 58 cm x 2<br \/>\nD\u013a\u017eka ruk\u00e1va od ramena: 63 cm<br \/>\nD\u013a\u017eka ruk\u00e1va od podpazu\u0161ia: 45 cm<strong><br \/>\n<\/strong><\/p>\n<p style=\"text-align: center;\"><strong>VE\u013dKOS\u0164 L<br \/>\n<\/strong>Celkov\u00e1 d\u013a\u017eka: 47 cm<br \/>\n\u0160\u00edrka od podpazu\u0161ia k podpazu\u0161iu: 60 cm x 2<br \/>\nD\u013a\u017eka ruk\u00e1va od ramena: 65 cm<br \/>\nD\u013a\u017eka ruk\u00e1va od podpazu\u0161ia: 46 cm<\/p>\n<p style=\"text-align: center;\">Rozmery sa m\u00f4\u017eu mierne l\u00ed\u0161i\u0165 od uveden\u00fdch +\/- 2cm. V\u0161etky uveden\u00e9 rozmery s\u00fa <strong>meran\u00fd byt<\/strong>.\u00a0<strong>rozmer x2<\/strong><\/p>\n<p>&nbsp;<\/p>\n<table width=\"605\">\n<tbody>\n<tr>\n<td width=\"302\">Meno modela<\/td>\n<td width=\"302\">Kr\u00e1tky ko\u017euch s golierom<\/td>\n<\/tr>\n<tr>\n<td width=\"302\">Farba<\/td>\n<td width=\"302\">\u010dierna<\/td>\n<\/tr>\n<tr>\n<td width=\"302\">ve\u013ekosti<\/td>\n<td width=\"302\">\u00a0SML<\/td>\n<\/tr>\n<tr>\n<td width=\"302\">Zbierka<\/td>\n<td width=\"302\">jar\/jese\u0148\/zima<\/td>\n<\/tr>\n<tr>\n<td width=\"302\">Hood<\/td>\n<td width=\"302\">Nie<\/td>\n<\/tr>\n<tr>\n<td width=\"302\">Kvalita<\/td>\n<td width=\"302\">Premium<\/td>\n<\/tr>\n<tr>\n<td width=\"302\">zap\u00ednanie<\/td>\n<td width=\"302\">Napa<\/td>\n<\/tr>\n<\/tbody>\n<\/table>\n<p style=\"text-align: center;\">Model m\u00e1\u00a0<strong>169<\/strong>\u00a0cm vysok\u00fd, nos\u00ed ve\u013ekos\u0165 ka\u017ed\u00fd de\u0148\u00a0<strong>S<\/strong><\/p>\n<p style=\"text-align: center;\">\u0160\u00edrka hrudn\u00edka 91 cm<\/p>\n<p style=\"text-align: center;\">\u0160\u00edrka p\u00e1su 71 cm<\/p>\n<p style=\"text-align: center;\">\u0160\u00edrka bokov 96 cm<\/p>\n<p style=\"text-align: center;\"><span style=\"font-size: 10pt;\">\u00a0<\/span><\/p>\n<p style=\"text-align: center;\">","protected":false},"excerpt":{"rendered":"<p>Futerko Kr\u00f3tkie Z Ko\u0142nierzem Czarne Kr\u00f3tkie, futerko sztuczne , Idealnie po\u0142\u0105czysz je z codziennymi styl\u00f3wkami, ale tak\u017ce z suknia wieczorow\u0105. Futerko wykonane z wysokiej jako\u015bci materia\u0142u. Absolutny hit je\u015bli chodzi o kurtki oraz inne nakrycia wierzchnie. Neutralny kolor sprawi, \u017ce kurtka b\u0119dzie pasowa\u0107 do wielu outfit\u00f3w. Futerko zapinane na nap\u0119 100% Poliester Wymiary: ROZMIAR S<\/p>\n<div class=\"klb-readmore post-buttons\"><a class=\"button black outline size-sm\" href=\"https:\/\/madelinefashion.pl\/sk\/futerko-krotkie-z-kolnierzem-czarne\/\">\u010c\u00edta\u0165 \u010falej <i class=\"klbth-icon-right-arrow\"><\/i><\/a><\/div>","protected":false},"featured_media":548881,"template":"","meta":[],"product_brand":[],"product_cat":[117],"product_tag":[],"class_list":{"0":"post-548891","1":"product","2":"type-product","3":"status-publish","4":"has-post-thumbnail","6":"product_cat-kurtki","7":"pa_rozmiar-s","8":"pa_rozmiar-m","9":"pa_rozmiar-l","11":"first","12":"outofstock","13":"product-type-variable"},"_links":{"self":[{"href":"https:\/\/madelinefashion.pl\/sk\/wp-json\/wp\/v2\/product\/548891","targetHints":{"allow":["GET"]}}],"collection":[{"href":"https:\/\/madelinefashion.pl\/sk\/wp-json\/wp\/v2\/product"}],"about":[{"href":"https:\/\/madelinefashion.pl\/sk\/wp-json\/wp\/v2\/types\/product"}],"wp:featuredmedia":[{"embeddable":true,"href":"https:\/\/madelinefashion.pl\/sk\/wp-json\/wp\/v2\/media\/548881"}],"wp:attachment":[{"href":"https:\/\/madelinefashion.pl\/sk\/wp-json\/wp\/v2\/media?parent=548891"}],"wp:term":[{"taxonomy":"product_brand","embeddable":true,"href":"https:\/\/madelinefashion.pl\/sk\/wp-json\/wp\/v2\/product_brand?post=548891"},{"taxonomy":"product_cat","embeddable":true,"href":"https:\/\/madelinefashion.pl\/sk\/wp-json\/wp\/v2\/product_cat?post=548891"},{"taxonomy":"product_tag","embeddable":true,"href":"https:\/\/madelinefashion.pl\/sk\/wp-json\/wp\/v2\/product_tag?post=548891"}],"curies":[{"name":"pracovn\u00fd list","href":"https:\/\/api.w.org\/{rel}","templated":true}]}}