{"id":548906,"date":"2024-10-31T12:06:16","date_gmt":"2024-10-31T11:06:16","guid":{"rendered":"https:\/\/madelinefashion.pl\/?post_type=product&#038;p=548906"},"modified":"2026-01-20T10:33:08","modified_gmt":"2026-01-20T09:33:08","slug":"top-gorsetowy-na-ramiaczkach-czarny","status":"publish","type":"product","link":"https:\/\/madelinefashion.pl\/sk\/top-gorsetowy-na-ramiaczkach-czarny\/","title":{"rendered":"\u010cierny korzetov\u00fd top s ramienkami"},"content":{"rendered":"<h3 style=\"text-align: center;\">\u010cierny korzetov\u00fd top s ramienkami<\/h3>\n<p style=\"text-align: center;\">Petitte Pink Ribbed Top je model, ktor\u00fd sa hod\u00ed k v\u00e4\u010d\u0161ine \u0161t\u00fdlov - v\u010faka jednoduch\u00e9mu vzoru. Short It <strong>\u00a0je n\u00e1vrh, ktor\u00fd je skvel\u00fdm doplnkom \u0161atn\u00edka ka\u017edej \u017eeny.<\/strong> Bude perfektn\u00fd ako z\u00e1klad pre mnoho ka\u017edodenn\u00fdch stylingov, bude vyzera\u0165 fantasticky s ak\u00fdmko\u013evek typom nohav\u00edc, nohav\u00edc alebo sukn\u00ed. Je vyroben\u00fd z vysoko kvalitn\u00e9ho materi\u00e1lu. Spojte ho s <a href=\"https:\/\/madelinefashion.pl\/sk\/kurtka-jeansowa-seven\/\">d\u017e\u00ednsy s katanou<\/a> a sp\u00e1rovan\u00e9 <a href=\"https:\/\/madelinefashion.pl\/sk\/spodnie\/\">nohavice<\/a>. Klasick\u00fd top by mal <strong>n\u00e1js\u0165 miesto v \u0161atn\u00edku ka\u017edej \u017eeny<\/strong>. Tento model bude dokonal\u00fdm z\u00e1kladom pre vytvorenie nekone\u010dn\u00e9ho mno\u017estva \u0161tyliz\u00e1ci\u00ed. Dostupn\u00e9 v na\u0161om <a href=\"https:\/\/madelinefashion.pl\/sk\/casual-clothes\/t-shirty\/\">e-shop<\/a> v r\u00f4znych farebn\u00fdch variantoch. ve\u013ekos\u0165 je<strong> univerz\u00e1lne odpor\u00fa\u010dan\u00e9 od XS po L\u00a0<\/strong><\/p>\n<h3 style=\"text-align: center;\">Rozmery :<\/h3>\n<p style=\"text-align: center;\"><strong>S\/36<br \/>\n<\/strong>Celkov\u00e1 d\u013a\u017eka: 23 cm<br \/>\n\u0160\u00edrka od podpazu\u0161ia k podpazu\u0161iu: 32 cm - 35 cm<br \/>\nP\u00e1s: 28 cm - 32 cm + 3 cm (nastavite\u013en\u00fd)<\/p>\n<p style=\"text-align: center;\"><strong>M\/38<br \/>\n<\/strong>Celkov\u00e1 d\u013a\u017eka: 25 cm<br \/>\n\u0160\u00edrka od podpazu\u0161ia k podpazu\u0161iu: 34 cm - 37 cm<br \/>\nP\u00e1s: 31 cm - 35 cm + 3 cm (nastavite\u013en\u00fd)<\/p>\n<p style=\"text-align: center;\"><strong>L\/40<br \/>\n<\/strong>Celkov\u00e1 d\u013a\u017eka: 26 cm<br \/>\n\u0160\u00edrka od podpazu\u0161ia k podpazu\u0161iu: 37 cm - 40 cm<br \/>\nP\u00e1s: 34 cm - 38 cm + 3 cm (nastavite\u013en\u00fd)<\/p>\n<p style=\"text-align: center;\">Rozmery sa m\u00f4\u017eu mierne l\u00ed\u0161i\u0165 od uveden\u00fdch +\/- 2cm. V\u0161etky uveden\u00e9 rozmery s\u00fa meran\u00e9 plo\u0161ne.<\/p>\n<p>&nbsp;<\/p>\n<table>\n<tbody>\n<tr>\n<td width=\"302\">Meno modela<\/td>\n<td width=\"302\">Korzetov\u00fd top s ramienkami<\/td>\n<\/tr>\n<tr>\n<td width=\"302\">Farba<\/td>\n<td width=\"302\">\u010dierna<\/td>\n<\/tr>\n<tr>\n<td width=\"302\">ve\u013ekosti<\/td>\n<td width=\"302\">SML<\/td>\n<\/tr>\n<tr>\n<td width=\"302\">M\u00f3da<\/td>\n<td width=\"302\">Zhoda<\/td>\n<\/tr>\n<tr>\n<td width=\"302\">Materi\u00e1l<\/td>\n<td width=\"302\">95 % Polyester 5% Elastan<\/td>\n<\/tr>\n<\/tbody>\n<\/table>\n<div class=\"tabs tabs-bb clear mb-80\">\n<div class=\"tab-content\">\n<div id=\"tab-description\" class=\"tab-pane fade in woocommerce-Tabs-panel--description active\"><\/div>\n<\/div>\n<\/div>\n<p>&nbsp;<\/p>\n<div class=\"tabs tabs-bb clear mb-80\">\n<div class=\"tab-content\">\n<div id=\"tab-description\" class=\"tab-pane fade in woocommerce-Tabs-panel--description active\">\n<p style=\"text-align: center;\">Model m\u00e1\u00a0<strong>169<\/strong>\u00a0cm vysok\u00fd, nos\u00ed ve\u013ekos\u0165 ka\u017ed\u00fd de\u0148\u00a0<strong>S<\/strong><\/p>\n<p style=\"text-align: center;\">\u0160\u00edrka cez prsia 92 cm<\/p>\n<p style=\"text-align: center;\">\u0160\u00edrka v p\u00e1se 62 cm<\/p>\n<p style=\"text-align: center;\">\u0160\u00edrka v bokoch 94 cm<\/p>\n<p style=\"text-align: center;\">\n<\/div>\n<\/div>\n<\/div>\n<section class=\"up-sells upsells products mb-80\"><\/section>","protected":false},"excerpt":{"rendered":"<p>\u010cierny drobn\u00fd ru\u017eov\u00fd rebrovan\u00fd korzetov\u00fd top je \u0161t\u00fdl, ktor\u00fd v\u010faka svojmu jednoduch\u00e9mu dizajnu dopln\u00ed v\u00e4\u010d\u0161inu outfitov. Tento kr\u00e1tky top je skvel\u00fdm doplnkom \u0161atn\u00edka ka\u017edej \u017eeny. Je perfektn\u00fdm z\u00e1kladom pre mnoho ka\u017edodenn\u00fdch outfitov a vyzer\u00e1 fantasticky s ak\u00fdmko\u013evek typom spodn\u00e9ho pr\u00e1dla, nohav\u00edc alebo sukne.<\/p>\n<div class=\"klb-readmore post-buttons\"><a class=\"button black outline size-sm\" href=\"https:\/\/madelinefashion.pl\/sk\/top-gorsetowy-na-ramiaczkach-czarny\/\">\u010c\u00edta\u0165 \u010falej <i class=\"klbth-icon-right-arrow\"><\/i><\/a><\/div>","protected":false},"featured_media":548905,"template":"","meta":[],"product_brand":[],"product_cat":[77,395],"product_tag":[292],"class_list":{"0":"post-548906","1":"product","2":"type-product","3":"status-publish","4":"has-post-thumbnail","6":"product_cat-bluzki","7":"product_cat-nowosci","8":"product_tag-topy","9":"pa_rozmiar-s","10":"pa_rozmiar-m","11":"pa_rozmiar-l","13":"first","14":"instock","15":"sale","16":"purchasable","17":"product-type-variable"},"_links":{"self":[{"href":"https:\/\/madelinefashion.pl\/sk\/wp-json\/wp\/v2\/product\/548906","targetHints":{"allow":["GET"]}}],"collection":[{"href":"https:\/\/madelinefashion.pl\/sk\/wp-json\/wp\/v2\/product"}],"about":[{"href":"https:\/\/madelinefashion.pl\/sk\/wp-json\/wp\/v2\/types\/product"}],"wp:featuredmedia":[{"embeddable":true,"href":"https:\/\/madelinefashion.pl\/sk\/wp-json\/wp\/v2\/media\/548905"}],"wp:attachment":[{"href":"https:\/\/madelinefashion.pl\/sk\/wp-json\/wp\/v2\/media?parent=548906"}],"wp:term":[{"taxonomy":"product_brand","embeddable":true,"href":"https:\/\/madelinefashion.pl\/sk\/wp-json\/wp\/v2\/product_brand?post=548906"},{"taxonomy":"product_cat","embeddable":true,"href":"https:\/\/madelinefashion.pl\/sk\/wp-json\/wp\/v2\/product_cat?post=548906"},{"taxonomy":"product_tag","embeddable":true,"href":"https:\/\/madelinefashion.pl\/sk\/wp-json\/wp\/v2\/product_tag?post=548906"}],"curies":[{"name":"pracovn\u00fd list","href":"https:\/\/api.w.org\/{rel}","templated":true}]}}