{"id":549449,"date":"2024-11-05T14:57:33","date_gmt":"2024-11-05T13:57:33","guid":{"rendered":"https:\/\/madelinefashion.pl\/?post_type=product&#038;p=549449"},"modified":"2026-04-25T16:28:40","modified_gmt":"2026-04-25T14:28:40","slug":"spodniczka-rozkloszowana-elis-czarna","status":"publish","type":"product","link":"https:\/\/madelinefashion.pl\/sk\/spodniczka-rozkloszowana-elis-czarna\/","title":{"rendered":"\u010cierna roz\u0161\u00edren\u00e1 suk\u0148a Elis"},"content":{"rendered":"<h3 style=\"text-align: center;\">\u010cierna roz\u0161\u00edren\u00e1 suk\u0148a Elis<\/h3>\n<p><strong>Roz\u0161\u00edren\u00e1 minisuk\u0148a je perfektnou vo\u013ebou <\/strong>\u00a0na jarn\u00e9 a letn\u00e9 dni. Kr\u00e1sny strih a \u013eahk\u00fd materi\u00e1l sa budete c\u00edti\u0165 ve\u013emi pohodlne a \u017eensky. Roz\u0161\u00edren\u00e9 sukne s\u00fa ide\u00e1lne na ve\u010dern\u00e9 v\u00fdlety a d\u00f4le\u017eit\u00e9 oslavy. Roz\u0161\u00edren\u00e1 suk\u0148a dostupn\u00e1 v <strong>Ve\u013ekosti od 34 do 42.\u00a0 <\/strong>Nariasen\u00fd strih a mini d\u013a\u017eka opticky pred\u013a\u017eia nohy. Zap\u00ednanie vzadu na zips. <strong>Extr\u00e9mne vzdu\u0161n\u00e1 a diev\u010densk\u00e1 suk\u0148a je ako stvoren\u00e1 na jarn\u00e9 a letn\u00e9 dni.\u00a0\u00a0<\/strong>Model je ide\u00e1lny pre r\u00f4zne typy siluet v\u010faka klasickej l\u00ednii A a mal\u00e9mu mno\u017estvu l\u00e1tky okolo p\u00e1sa. V na\u0161ej predajni n\u00e1jdete\u00a0<strong>\u0161irok\u00e1 \u0161k\u00e1la farieb<\/strong> tie n\u00e1dhern\u00e9 roz\u0161\u00edren\u00e9 sukne. V na\u0161ej predajni si m\u00f4\u017eete zladi\u0165 aj body: <a href=\"https:\/\/madelinefashion.pl\/sk\/?s=koronkowe&amp;post_type=product\">\u010dipka<\/a>, <a href=\"https:\/\/madelinefashion.pl\/sk\/?s=kopertowe&amp;post_type=product\">ob\u00e1lka\u00a0<\/a> komplet so suk\u0148ou.<\/p>\n<h3 style=\"text-align: center;\">Rozmery sukne:<\/h3>\n<p style=\"text-align: center;\"><strong>34\/XS<\/strong><\/p>\n<p style=\"text-align: center;\">Celkov\u00e1 d\u013a\u017eka: 46 cm<br \/>\n\u0160\u00edrka v p\u00e1se: 32 cm x 2<\/p>\n<p style=\"text-align: center;\"><strong>36\/S<\/strong><\/p>\n<p style=\"text-align: center;\">Celkov\u00e1 d\u013a\u017eka: 47 cm<br \/>\n\u0160\u00edrka v p\u00e1se: 34 cm x 2<\/p>\n<p style=\"text-align: center;\"><strong>38\/M<\/strong><\/p>\n<p style=\"text-align: center;\">Celkov\u00e1 d\u013a\u017eka: 48 cm<br \/>\n\u0160\u00edrka v p\u00e1se: 36 cm x 2<\/p>\n<p style=\"text-align: center;\"><strong>40\/L<\/strong><\/p>\n<p style=\"text-align: center;\">Celkov\u00e1 d\u013a\u017eka: 50 cm<br \/>\n\u0160\u00edrka v p\u00e1se: 38 cm x 2<\/p>\n<p style=\"text-align: center;\"><strong>42\/XL<\/strong><\/p>\n<p style=\"text-align: center;\">Celkov\u00e1 d\u013a\u017eka: 52 cm<br \/>\n\u0160\u00edrka v p\u00e1se: 40 cm x 2<\/p>\n<p style=\"text-align: center;\">Rozmery sa m\u00f4\u017eu mierne l\u00ed\u0161i\u0165 od uveden\u00fdch +\/- 2cm. V\u0161etky uveden\u00e9 rozmery s\u00fa meran\u00e9 plo\u0161ne. rozmer x2<\/p>\n<h3 style=\"text-align: center;\">\u00a0Vlastnosti produktu:<\/h3>\n<p style=\"text-align: center;\">\u2013 Typ: minisuk\u0148a<br \/>\n\u2013 <strong>Po\u013esk\u00fd v\u00fdrobok<\/strong><br \/>\n\u2013 Vzplanul<br \/>\n\u2013 Zap\u00ednanie na zips<br \/>\n- Jednotn\u00e9 farby<\/p>\n<table class=\"table\" width=\"598\">\n<tbody>\n<tr>\n<td width=\"302\">Meno modela<\/td>\n<td width=\"302\">Zvonov\u00e1 suk\u0148a Elis<\/td>\n<\/tr>\n<tr>\n<td width=\"302\">Farba<\/td>\n<td width=\"302\">\u010dierna<\/td>\n<\/tr>\n<tr>\n<td width=\"302\">Zbierka<\/td>\n<td width=\"302\">Jar leto<\/td>\n<\/tr>\n<tr>\n<td width=\"302\">ve\u013ekosti<\/td>\n<td width=\"302\">XS SML XL<\/td>\n<\/tr>\n<tr>\n<td width=\"302\">M\u00f3da<\/td>\n<td width=\"302\">Vzplanul<\/td>\n<\/tr>\n<tr>\n<td width=\"302\">D\u013a\u017eka<\/td>\n<td width=\"302\">Mini<\/td>\n<\/tr>\n<tr>\n<td width=\"302\">Materi\u00e1l<\/td>\n<td width=\"302\">95% visk\u00f3za 5% elastan<\/td>\n<\/tr>\n<\/tbody>\n<\/table>\n<div class=\"tabs tabs-bb clear mb-80\">\n<div class=\"tab-content\">\n<div id=\"tab-description\" class=\"tab-pane fade in woocommerce-Tabs-panel--description active\">\n<p style=\"text-align: center;\">Model m\u00e1\u00a0<strong>169<\/strong>\u00a0cm vysok\u00fd, nos\u00ed ve\u013ekos\u0165 ka\u017ed\u00fd de\u0148\u00a0<strong>S<\/strong><\/p>\n<p style=\"text-align: center;\">\u0160\u00edrka cez prsia 92 cm<\/p>\n<p style=\"text-align: center;\">\u0160\u00edrka v p\u00e1se 62 cm<\/p>\n<p style=\"text-align: center;\">\u0160\u00edrka v bokoch 94 cm<\/p>\n<\/div>\n<\/div>\n<\/div>\n<section class=\"up-sells upsells products mb-80\"><\/section>","protected":false},"excerpt":{"rendered":"<p>\u010cierna roz\u0161\u00edren\u00e1 minisuk\u0148a Elis je perfektnou vo\u013ebou na jarn\u00e9 a letn\u00e9 dni. Kr\u00e1sny strih a \u013eahk\u00e1 l\u00e1tka v\u00e1m dopraj\u00fa neuverite\u013ene pohodln\u00fa a \u017eensk\u00fa atmosf\u00e9ru. Roz\u0161\u00edren\u00e9 sukne s\u00fa ide\u00e1lne na ve\u010dern\u00e9 stretnutia a d\u00f4le\u017eit\u00e9 udalosti. Roz\u0161\u00edren\u00e1 suk\u0148a je dostupn\u00e1 vo ve\u013ekostiach 34 a\u017e 42. Plisovan\u00fd strih a mini d\u013a\u017eka opticky pred\u013a\u017eia nohy.<\/p>\n<div class=\"klb-readmore post-buttons\"><a class=\"button black outline size-sm\" href=\"https:\/\/madelinefashion.pl\/sk\/spodniczka-rozkloszowana-elis-czarna\/\">\u010c\u00edta\u0165 \u010falej <i class=\"klbth-icon-right-arrow\"><\/i><\/a><\/div>","protected":false},"featured_media":549385,"template":"","meta":[],"product_brand":[],"product_cat":[81,107,104,395],"product_tag":[],"class_list":{"0":"post-549449","1":"product","2":"type-product","3":"status-publish","4":"has-post-thumbnail","6":"product_cat-spodnice","7":"product_cat-spodnice-i-spodniczki","8":"product_cat-spodnice-rozkloszowane-mini","9":"product_cat-nowosci","10":"pa_rozmiar-34-42-142","11":"pa_rozmiar-34-42-36-2","12":"pa_rozmiar-34-42-38-2","13":"pa_rozmiar-34-42-40-2","14":"pa_rozmiar-34-42-42-2","16":"first","17":"instock","18":"purchasable","19":"product-type-variable"},"_links":{"self":[{"href":"https:\/\/madelinefashion.pl\/sk\/wp-json\/wp\/v2\/product\/549449","targetHints":{"allow":["GET"]}}],"collection":[{"href":"https:\/\/madelinefashion.pl\/sk\/wp-json\/wp\/v2\/product"}],"about":[{"href":"https:\/\/madelinefashion.pl\/sk\/wp-json\/wp\/v2\/types\/product"}],"wp:featuredmedia":[{"embeddable":true,"href":"https:\/\/madelinefashion.pl\/sk\/wp-json\/wp\/v2\/media\/549385"}],"wp:attachment":[{"href":"https:\/\/madelinefashion.pl\/sk\/wp-json\/wp\/v2\/media?parent=549449"}],"wp:term":[{"taxonomy":"product_brand","embeddable":true,"href":"https:\/\/madelinefashion.pl\/sk\/wp-json\/wp\/v2\/product_brand?post=549449"},{"taxonomy":"product_cat","embeddable":true,"href":"https:\/\/madelinefashion.pl\/sk\/wp-json\/wp\/v2\/product_cat?post=549449"},{"taxonomy":"product_tag","embeddable":true,"href":"https:\/\/madelinefashion.pl\/sk\/wp-json\/wp\/v2\/product_tag?post=549449"}],"curies":[{"name":"pracovn\u00fd list","href":"https:\/\/api.w.org\/{rel}","templated":true}]}}