{"id":549807,"date":"2024-11-08T11:56:41","date_gmt":"2024-11-08T10:56:41","guid":{"rendered":"https:\/\/madelinefashion.pl\/?post_type=product&#038;p=549807"},"modified":"2026-03-01T12:57:50","modified_gmt":"2026-03-01T11:57:50","slug":"czapka-zimowa-z-pomponem-w-pantere-bezowa","status":"publish","type":"product","link":"https:\/\/madelinefashion.pl\/sk\/czapka-zimowa-z-pomponem-w-pantere-bezowa\/","title":{"rendered":"B\u00e9\u017eov\u00e1 zimn\u00e1 \u010diapka s brmbolcom a leopard\u00edm vzorom"},"content":{"rendered":"<h3 style=\"text-align: center;\">B\u00e9\u017eov\u00e1 zimn\u00e1 \u010diapka s brmbolcom a leopard\u00edm vzorom<\/h3>\n<ul style=\"text-align: center;\">\n<li>\u010ciapka je vyroben\u00e1 z <b>vysok\u00e1 kvalita<\/b> priadza.<\/li>\n<li>Jesenn\u00e1\/zimn\u00e1 \u010diapka s fl\u00edsovou pod\u0161\u00edvkou<\/li>\n<li>Ide\u00e1lna ponuka na nadch\u00e1dzaj\u00face chladn\u00e9 dni.<\/li>\n<li>Ve\u013emi pr\u00edjemn\u00e9 na pou\u017e\u00edvanie.<\/li>\n<li>Odpor\u00fa\u010da sa pre deti od 6 rokov a dospel\u00fdch<\/li>\n<\/ul>\n<h3 style=\"text-align: center;\">Rozmery uz\u00e1veru:<\/h3>\n<ul style=\"text-align: center;\">\n<li>Univerz\u00e1lna ve\u013ekos\u0165,<\/li>\n<li>Pohodln\u00e9, nestl\u00e1\u010da hlavu, vo\u013ene sa prisp\u00f4sobuje jej tvaru,<\/li>\n<li>V\u00fd\u0161ka klob\u00faka: 22 cm,<\/li>\n<li>Obvod \u010diapky: 2 x 23 cm (meran\u00e9 naplocho)<\/li>\n<li>Maxim\u00e1lny obvod \u010diapky je 54 cm<\/li>\n<li><\/li>\n<\/ul>\n<table width=\"611\">\n<tbody>\n<tr>\n<td width=\"302\">Model<\/td>\n<td width=\"302\">Zimn\u00e1 \u010diapka s brmbolcom a panterovou potla\u010dou<\/td>\n<\/tr>\n<tr>\n<td width=\"302\">Farba<\/td>\n<td width=\"302\">Bez<\/td>\n<\/tr>\n<tr>\n<td width=\"302\">Zbierka<\/td>\n<td width=\"302\">jar\/jese\u0148\/zima<\/td>\n<\/tr>\n<tr>\n<td width=\"302\">ve\u013ekosti<\/td>\n<td width=\"302\">Univerz\u00e1lny<\/td>\n<\/tr>\n<tr>\n<td width=\"302\">deti<\/td>\n<td width=\"302\">od 6 rokov<\/td>\n<\/tr>\n<tr>\n<td width=\"302\">izolovan\u00e9<\/td>\n<td width=\"302\">Fleece<\/td>\n<\/tr>\n<tr>\n<td width=\"302\">Materi\u00e1l<\/td>\n<td width=\"302\">100% akryl<\/td>\n<\/tr>\n<\/tbody>\n<\/table>\n<p style=\"text-align: center;\">","protected":false},"excerpt":{"rendered":"<p>Czapka Zimowa Z Pomponem W Panter\u0119 Be\u017cowa Czapka wykonana jest z wysokiej jako\u015bci prz\u0119dzy. Czapka Jesienno-zimowa obszyta od spodu polarem Idealna propozycja na nadchodz\u0105ce ch\u0142odne dni. Bardzo\u00a0 przyjemna w u\u017cytkowaniu. Zalecana dla Dzieci od lat 6 i na osoby doros\u0142e Wymiary czapka: Rozmiar uniwersalny, Wygodna, nie uciska g\u0142owy, swobodnie dopasowuje si\u0119 do jej kszta\u0142tu, Wysoko\u015b\u0107<\/p>\n<div class=\"klb-readmore post-buttons\"><a class=\"button black outline size-sm\" href=\"https:\/\/madelinefashion.pl\/sk\/czapka-zimowa-z-pomponem-w-pantere-bezowa\/\">\u010c\u00edta\u0165 \u010falej <i class=\"klbth-icon-right-arrow\"><\/i><\/a><\/div>","protected":false},"featured_media":549782,"template":"","meta":[],"product_brand":[],"product_cat":[115],"product_tag":[],"class_list":{"0":"post-549807","1":"product","2":"type-product","3":"status-publish","4":"has-post-thumbnail","6":"product_cat-czapki","8":"first","9":"instock","10":"sale","11":"purchasable","12":"product-type-simple"},"_links":{"self":[{"href":"https:\/\/madelinefashion.pl\/sk\/wp-json\/wp\/v2\/product\/549807","targetHints":{"allow":["GET"]}}],"collection":[{"href":"https:\/\/madelinefashion.pl\/sk\/wp-json\/wp\/v2\/product"}],"about":[{"href":"https:\/\/madelinefashion.pl\/sk\/wp-json\/wp\/v2\/types\/product"}],"wp:featuredmedia":[{"embeddable":true,"href":"https:\/\/madelinefashion.pl\/sk\/wp-json\/wp\/v2\/media\/549782"}],"wp:attachment":[{"href":"https:\/\/madelinefashion.pl\/sk\/wp-json\/wp\/v2\/media?parent=549807"}],"wp:term":[{"taxonomy":"product_brand","embeddable":true,"href":"https:\/\/madelinefashion.pl\/sk\/wp-json\/wp\/v2\/product_brand?post=549807"},{"taxonomy":"product_cat","embeddable":true,"href":"https:\/\/madelinefashion.pl\/sk\/wp-json\/wp\/v2\/product_cat?post=549807"},{"taxonomy":"product_tag","embeddable":true,"href":"https:\/\/madelinefashion.pl\/sk\/wp-json\/wp\/v2\/product_tag?post=549807"}],"curies":[{"name":"pracovn\u00fd list","href":"https:\/\/api.w.org\/{rel}","templated":true}]}}