{"id":5505,"date":"2021-03-15T00:30:19","date_gmt":"2021-03-14T23:30:19","guid":{"rendered":"https:\/\/madelinefashion.pl\/?post_type=product&#038;p=5505"},"modified":"2026-03-26T12:40:46","modified_gmt":"2026-03-26T11:40:46","slug":"sukienka-aurora-pudrowy-roz","status":"publish","type":"product","link":"https:\/\/madelinefashion.pl\/sk\/sukienka-aurora-pudrowy-roz\/","title":{"rendered":"P\u00fadrovo ru\u017eov\u00e9 \u0161aty Aurora"},"content":{"rendered":"<h3 style=\"text-align: center;\">P\u00fadrovo ru\u017eov\u00e9 \u0161aty Aurora<\/h3>\n<p style=\"text-align: center;\">M\u00f3dne \u0161aty origin\u00e1lneho strihu. Vyroben\u00e9 z materi\u00e1lu pr\u00edjemn\u00e9ho na dotyk. Vrch \u0161iat je v p\u00e1se vybaven\u00fd gumi\u010dkou. Aurora zap\u00ednan\u00e1 na zlat\u00e9 gomb\u00edky, roz\u0161\u00edren\u00fd spodok, dok\u00e1\u017ee zamaskova\u0165 drobn\u00e9 nedokonalosti postavy. Ide\u00e1lne ako na ka\u017ed\u00fd de\u0148, tak aj na udalosti. Dokonale sa prisp\u00f4sob\u00ed postave. Ide\u00e1lne do \u0161koly, pr\u00e1ce, na rande alebo na stretnutie s priate\u013emi!\u00a0<strong>Ide\u00e1lne pre ka\u017ed\u00fa pr\u00edle\u017eitos\u0165 a \u010das! \u0160aty <\/strong>v univerz\u00e1lnej ve\u013ekosti odpor\u00fa\u010dan\u00e9 od<strong> S a\u017e XL.<\/strong> Dostupn\u00e9 vo viacer\u00fdch farb\u00e1ch. IN <strong>s\u00faprava s ta\u0161kou vo farbe \u0161iat<\/strong>.<\/p>\n<h3 style=\"text-align: center;\">Rozmery:<\/h3>\n<ul style=\"text-align: center;\">\n<li style=\"text-align: center;\"><span style=\"font-size: 10pt;\">\u00a0\u00a0\u00a0\u00a0\u00a0\u00a0\u00a0 celkov\u00e1 d\u013a\u017eka: 95 cm\u00a0<\/span><\/li>\n<li style=\"text-align: center;\"><span style=\"font-size: 10pt;\">\u00a0\u00a0\u00a0\u00a0\u00a0\u00a0\u00a0 \u0161\u00edrka od pazuchy po pazuchu: 40-54 cm<\/span><\/li>\n<li style=\"text-align: center;\"><span style=\"font-size: 10pt;\">\u00a0\u00a0\u00a0\u00a0\u00a0\u00a0\u00a0 d\u013a\u017eka ruk\u00e1va od pazuchy max: 29 cm<\/span><\/li>\n<li style=\"text-align: center;\"><span style=\"font-size: 10pt;\">\u00a0\u00a0\u00a0\u00a0\u00a0\u00a0\u00a0 d\u013a\u017eka ruk\u00e1va od ramena max: 46 cm<\/span><\/li>\n<li style=\"text-align: center;\"><span style=\"font-size: 10pt;\">\u00a0\u00a0\u00a0\u00a0\u00a0\u00a0\u00a0 \u0161\u00edrka p\u00e1sa: 33-45 cm<\/span><span style=\"font-size: 10pt;\">\u00a0<\/span><\/li>\n<\/ul>\n<p>&nbsp;<\/p>\n<p style=\"text-align: center;\"><span style=\"font-size: 10pt;\">Rozmery sa m\u00f4\u017eu mierne l\u00ed\u0161i\u0165 od uveden\u00fdch +\/- 2cm. V\u0161etky uveden\u00e9 rozmery s\u00fa meran\u00e9 plo\u0161ne.<\/span><\/p>\n<p style=\"text-align: center;\"><span style=\"font-size: 10pt;\">\u00a0<\/span><\/p>\n<table width=\"621\">\n<tbody>\n<tr>\n<td width=\"302\">Meno modela<\/td>\n<td width=\"302\">\u0160aty Aurora<\/td>\n<\/tr>\n<tr>\n<td width=\"302\">Farba<\/td>\n<td width=\"302\">P\u00fadrov\u00e1 ru\u017eov\u00e1<\/td>\n<\/tr>\n<tr>\n<td width=\"302\">M\u00f3da<\/td>\n<td width=\"302\">nadrozmern\u00e9<\/td>\n<\/tr>\n<tr>\n<td width=\"302\">Materi\u00e1l<\/td>\n<td width=\"302\">95 % Polyester 5% Elastan<\/td>\n<\/tr>\n<tr>\n<td width=\"302\">D\u013a\u017eka<\/td>\n<td width=\"302\">Na koleno<\/td>\n<\/tr>\n<\/tbody>\n<\/table>\n<p>&nbsp;<\/p>\n<p style=\"text-align: center;\"><span style=\"font-size: 10pt;\">\u00a0Odpor\u00fa\u010da sa pre \u013eud\u00ed, ktor\u00ed nosia ve\u013ekos\u0165 od\u00a0<strong>S<\/strong>\u00a0dole\u00a0<strong>XL<\/strong><\/span><\/p>\n<p style=\"text-align: center;\"><span style=\"font-size: 10pt;\">\u00a0<\/span><\/p>\n<p style=\"text-align: center;\"><span style=\"font-size: 10pt;\">\u00a0<\/span><\/p>\n<p style=\"text-align: center;\"><span style=\"font-size: 10pt;\">\u00a0<\/span><\/p>\n<div class=\"additional-details\" style=\"text-align: center;\">\n<p><span style=\"font-size: 10pt;\">\u00a0<\/span><\/p>\n<p><span style=\"font-size: 10pt;\">\u00a0<\/span><\/p>\n<\/div>\n<div class=\"overview-buttons\" style=\"text-align: center;\"><span style=\"font-size: 10pt;\">\u00a0<\/span><\/div>\n<div class=\"additional-details\" style=\"text-align: center;\">\n<p style=\"text-align: center;\"><span style=\"font-size: 10pt;\">\u00a0<\/span><\/p>\n<\/div>","protected":false},"excerpt":{"rendered":"<p>Sukienka Aurora Pudrowy R\u00f3\u017c Modna sukienka o oryginalnym fasonie. Wykonana z przyjemnego w dotyku materia\u0142u. G\u00f3ra sukienki dopasowana w tali gumka. Aurora zapinana na z\u0142ote guziki, d\u00f3\u0142 rozkloszowany, mo\u017ce maskowa\u0107 drobne niedoskona\u0142o\u015bci figury. Idealna zar\u00f3wno na co dzie\u0144 jak i na imprezy. Idealnie dopasowuje si\u0119 do sylwetki. Idealne do szko\u0142y, do pracy, na randk\u0119 czy<\/p>\n<div class=\"klb-readmore post-buttons\"><a class=\"button black outline size-sm\" href=\"https:\/\/madelinefashion.pl\/sk\/sukienka-aurora-pudrowy-roz\/\">\u010c\u00edta\u0165 \u010falej <i class=\"klbth-icon-right-arrow\"><\/i><\/a><\/div>","protected":false},"featured_media":5492,"template":"","meta":[],"product_brand":[],"product_cat":[125,380],"product_tag":[],"class_list":{"0":"post-5505","1":"product","2":"type-product","3":"status-publish","4":"has-post-thumbnail","6":"product_cat-sukienki","7":"product_cat-wyprzedaz","9":"first","10":"instock","11":"sale","12":"purchasable","13":"product-type-simple"},"_links":{"self":[{"href":"https:\/\/madelinefashion.pl\/sk\/wp-json\/wp\/v2\/product\/5505","targetHints":{"allow":["GET"]}}],"collection":[{"href":"https:\/\/madelinefashion.pl\/sk\/wp-json\/wp\/v2\/product"}],"about":[{"href":"https:\/\/madelinefashion.pl\/sk\/wp-json\/wp\/v2\/types\/product"}],"wp:featuredmedia":[{"embeddable":true,"href":"https:\/\/madelinefashion.pl\/sk\/wp-json\/wp\/v2\/media\/5492"}],"wp:attachment":[{"href":"https:\/\/madelinefashion.pl\/sk\/wp-json\/wp\/v2\/media?parent=5505"}],"wp:term":[{"taxonomy":"product_brand","embeddable":true,"href":"https:\/\/madelinefashion.pl\/sk\/wp-json\/wp\/v2\/product_brand?post=5505"},{"taxonomy":"product_cat","embeddable":true,"href":"https:\/\/madelinefashion.pl\/sk\/wp-json\/wp\/v2\/product_cat?post=5505"},{"taxonomy":"product_tag","embeddable":true,"href":"https:\/\/madelinefashion.pl\/sk\/wp-json\/wp\/v2\/product_tag?post=5505"}],"curies":[{"name":"pracovn\u00fd list","href":"https:\/\/api.w.org\/{rel}","templated":true}]}}