{"id":550787,"date":"2024-11-21T16:43:23","date_gmt":"2024-11-21T15:43:23","guid":{"rendered":"https:\/\/madelinefashion.pl\/?post_type=product&#038;p=550787"},"modified":"2026-03-07T13:46:15","modified_gmt":"2026-03-07T12:46:15","slug":"sukienka-cekinowa-krotka-tequilla-z-koralikami-srebrna","status":"publish","type":"product","link":"https:\/\/madelinefashion.pl\/sk\/sukienka-cekinowa-krotka-tequilla-z-koralikami-srebrna\/","title":{"rendered":"Kr\u00e1tke \u0161aty s flitrami a strieborn\u00fdmi kor\u00e1lkami Tequila"},"content":{"rendered":"<h3 style=\"text-align: center;\">Kr\u00e1tke \u0161aty s flitrami a strieborn\u00fdmi kor\u00e1lkami Tequila<\/h3>\n<p style=\"text-align: center;\"><span style=\"font-size: 10pt;\">Kr\u00e1sne kr\u00e1tke ve\u010dern\u00e9 \u0161aty ozdoben\u00e9 trblietav\u00fdmi kri\u0161t\u00e1\u013eov\u00fdmi flitrami. Kr\u00e1sne zv\u00fdraz\u0148uj\u00fa \u017eensk\u00e9 krivky. \u0160aty maj\u00fa hlbok\u00fd v\u00fdstrih. <strong>ryb\u00edm \u0161t\u00fdlom. <\/strong>Navy\u0161e<strong> model m\u00e1 ve\u013emi efektn\u00e9 kor\u00e1lky padaj\u00face na ramen\u00e1.\u00a0 \u00a0<\/strong>Zozn\u00e1mte sa s na\u0161ou ponukou <strong><a href=\"https:\/\/madelinefashion.pl\/sk\/sukienki-i-kombinezony\/sukienki-okolicznosciowe\/\">ve\u010dern\u00e9 \u0161aty<\/a>\u00a0a vyberte si model, <\/strong>v ktorom budete <strong>vyzera\u0165 ako hviezda a vy\u010dnieva\u0165 z davu. Mini\u0161aty sa vo svetle l\u00e1mp rozpr\u00e1vkovo trblietaj\u00fa. <\/strong>Nem\u00f4\u017eete by\u0165 k tomu \u013eahostajn\u00ed.<strong>\u00a0 Kr\u00e1tke flitrovan\u00e9 \u0161aty <\/strong><\/span><span style=\"font-size: 10pt;\">Vpredu m\u00e1 v\u0161it\u00e9 ko\u0161\u00ed\u010dky, tak\u017ee nemus\u00edte nosi\u0165 podprsenku.\u00a0 <strong>\u00a0Rozparok na boku dod\u00e1va celku sexep\u00edl.\u00a0 <\/strong>Vyroben\u00e9 a \u0161it\u00e9 v Po\u013esku. <strong>Tequilov\u00e9 \u0161aty <\/strong>\u00a0k dispoz\u00edcii <\/span><span style=\"font-size: 10pt;\">\u00a0vo ve\u013ekostiach <strong>40,42,44,46,48,50<\/strong>\u00a0. \u0160aty <strong>Pekn\u00e1 \u017eena<\/strong> je vynikaj\u00facou vo\u013ebou na svadbu, ples, Silvestra a in\u00e9 elegantn\u00e9 \u0161peci\u00e1lne udalosti. Dostupn\u00e9 na na\u0161om e-shope vo viacer\u00fdch farebn\u00fdch variantoch, tak nev\u00e1hajte a vyberte si t\u00fa, ktor\u00e1 je pre v\u00e1s ako stvoren\u00e1. Ak sa neviete rozhodn\u00fa\u0165 ak\u00fa farbu, <strong>ve\u013ekos\u0165<\/strong> je pre v\u00e1s to najlep\u0161ie <strong>kontaktuj n\u00e1s<\/strong> cez <a href=\"https:\/\/www.facebook.com\/madelinefashionbutik\" target=\"_blank\" rel=\"noopener\">Facebook<\/a> alebo <a href=\"https:\/\/madelinefashion.pl\/sk\/kontakt\/\">telef\u00f3n<\/a>. Ak ve\u013ekos\u0165 nie je na str\u00e1nke, kontaktujte n\u00e1s.\u00a0 <strong>Svoje rozmery m\u00f4\u017eete \u0161pecifikova\u0165 v inform\u00e1ci\u00e1ch po n\u00e1kupe<\/strong> Ve\u013ekos\u0165 p\u00e1su a poprsia V\u00e1m vyberieme t\u00fa spr\u00e1vnu ve\u013ekos\u0165!!\u00a0<\/span><\/p>\n<h3 style=\"text-align: center;\">ROZMERY \u0161iat:<\/h3>\n<p style=\"text-align: center;\"><img fetchpriority=\"high\" decoding=\"async\" class=\"alignnone size-medium wp-image-16801\" src=\"https:\/\/madelinefashion.pl\/wp-content\/uploads\/2021\/08\/wymiary-suknia-300x194.png\" alt=\"\" width=\"300\" height=\"194\" title=\"\"><\/p>\n<table width=\"556\">\n<tbody>\n<tr>\n<td><strong>VE\u013dKOS\u0164<\/strong><\/td>\n<td><strong>poprsia<\/strong><\/td>\n<td><strong>P\u00e1s<\/strong><\/td>\n<td><strong>Boky<\/strong><\/td>\n<\/tr>\n<tr>\n<td><strong>34<\/strong><\/td>\n<td>84-86<\/td>\n<td>64-68<\/td>\n<td>\u00a082-90<\/td>\n<\/tr>\n<tr>\n<td><strong>36<\/strong><\/td>\n<td>88-90<\/td>\n<td>68-72<\/td>\n<td>\u00a086-92<\/td>\n<\/tr>\n<tr>\n<td><strong>38<\/strong><\/td>\n<td>92-94<\/td>\n<td>72-76<\/td>\n<td>\u00a090-96<\/td>\n<\/tr>\n<tr>\n<td><strong>40<\/strong><\/td>\n<td>96-98<\/td>\n<td>76-80<\/td>\n<td>\u00a094-106<\/td>\n<\/tr>\n<tr>\n<td><strong>42<\/strong><\/td>\n<td>100-104<\/td>\n<td>80-84<\/td>\n<td>\u00a098-108<\/td>\n<\/tr>\n<tr>\n<td><strong>44<\/strong><\/td>\n<td>102-106<\/td>\n<td>84-88<\/td>\n<td>\u00a0102-112<\/td>\n<\/tr>\n<tr>\n<td><strong>46<\/strong><\/td>\n<td>106-110<\/td>\n<td>88-92<\/td>\n<td>106-118<\/td>\n<\/tr>\n<tr>\n<td><strong>48<\/strong><\/td>\n<td>110-112<\/td>\n<td>92-98<\/td>\n<td>\u00a0110-122<\/td>\n<\/tr>\n<\/tbody>\n<\/table>\n<p style=\"text-align: center;\">celkov\u00e1 d\u013a\u017eka cca 95 cm<\/p>\n<p style=\"text-align: center;\">\u0160aty s\u00fa dostupn\u00e9 aj v in\u00fdch farb\u00e1ch - odpor\u00fa\u010dame v\u00e1m zozn\u00e1mi\u0165 sa s na\u0161imi \u010fal\u0161\u00edmi produktmi.<\/p>\n<p style=\"text-align: center;\">Rozmery sa m\u00f4\u017eu mierne l\u00ed\u0161i\u0165 od uveden\u00fdch +\/- 2cm.<\/p>\n<p style=\"text-align: center;\"><strong>\u00a0<\/strong><\/p>\n<p>&nbsp;<\/p>\n<table>\n<tbody>\n<tr>\n<td width=\"302\">Meno modela<\/td>\n<td width=\"302\">Kr\u00e1tke \u0161aty s flitrami a kor\u00e1lkami Tequila<\/td>\n<\/tr>\n<tr>\n<td width=\"302\">Farba<\/td>\n<td width=\"302\">Strieborn\u00e1<\/td>\n<\/tr>\n<tr>\n<td width=\"302\">Marka<\/td>\n<td width=\"302\">Pekn\u00e1 \u017eena<\/td>\n<\/tr>\n<tr>\n<td width=\"302\">ve\u013ekosti<\/td>\n<td width=\"302\">\u00a040 42 44 46 48 50<\/td>\n<\/tr>\n<tr>\n<td width=\"302\">M\u00f3da<\/td>\n<td width=\"302\">Zhoda<\/td>\n<\/tr>\n<tr>\n<td width=\"302\">Materi\u00e1l<\/td>\n<td width=\"302\">Visk\u00f3za, polyester, bavlna<\/td>\n<\/tr>\n<tr>\n<td width=\"302\">D\u013a\u017eka<\/td>\n<td width=\"302\">Pred kolenom<\/td>\n<\/tr>\n<\/tbody>\n<\/table>\n<p style=\"text-align: center;\">Aby ste si vybrali\u00a0<strong>perfektn\u00e9 \u0161aty<\/strong>\u00a0kontaktujte n\u00e1s pros\u00edm telefonicky alebo cez n\u00e1\u0161 facebook.<br \/>\nN\u00e1\u0161 t\u00edm v\u00e1m pom\u00f4\u017ee\u00a0<strong>Vyberte si ten spr\u00e1vny<\/strong>\u00a0.\u00a0<strong>Na \u017eelanie kupuj\u00faceho vyrob\u00edme ak\u00e9ko\u013evek \u0161aty\u00a0<\/strong><strong>opatrne mera\u0165.\u00a0<\/strong><\/p>\n<div class=\"additional-details\">\n<p style=\"text-align: center;\">\n<\/div>","protected":false},"excerpt":{"rendered":"<p>Kr\u00e1tke \u0161aty s flitrami v tequilovom vzore so strieborn\u00fdmi kor\u00e1lkami. Kr\u00e1sne kr\u00e1tke ve\u010dern\u00e9 \u0161aty zdoben\u00e9 trblietav\u00fdmi kri\u0161t\u00e1\u013eov\u00fdmi flitrami. Kr\u00e1sne zv\u00fdraz\u0148uj\u00fa \u017eensk\u00e9 krivky. \u0160aty maj\u00fa ryb\u00ed v\u00fdstrih. Tento model sa vyzna\u010duje aj v\u00fdrazn\u00fdm zdoben\u00edm, ktor\u00e9 spl\u00fdva cez ramen\u00e1. Prezrite si n\u00e1\u0161 v\u00fdber ve\u010dern\u00fdch \u0161iat a vyberte si \u0161t\u00fdl, v ktorom budete vyzera\u0165 ako hviezda a vyniknete.<\/p>\n<div class=\"klb-readmore post-buttons\"><a class=\"button black outline size-sm\" href=\"https:\/\/madelinefashion.pl\/sk\/sukienka-cekinowa-krotka-tequilla-z-koralikami-srebrna\/\">\u010c\u00edta\u0165 \u010falej <i class=\"klbth-icon-right-arrow\"><\/i><\/a><\/div>","protected":false},"featured_media":550797,"template":"","meta":[],"product_brand":[],"product_cat":[124,395,558,564],"product_tag":[257,385,262],"class_list":{"0":"post-550787","1":"product","2":"type-product","3":"status-publish","4":"has-post-thumbnail","6":"product_cat-sukienki-okolicznosciowe","7":"product_cat-nowosci","8":"product_cat-sukienki-cekinowe","9":"product_cat-sukienki-plus-size","10":"product_tag-madelinefashion","11":"product_tag-plus-size","12":"product_tag-sukienki-krotkie","14":"first","15":"instock","16":"sale","17":"purchasable","18":"product-type-variable"},"_links":{"self":[{"href":"https:\/\/madelinefashion.pl\/sk\/wp-json\/wp\/v2\/product\/550787","targetHints":{"allow":["GET"]}}],"collection":[{"href":"https:\/\/madelinefashion.pl\/sk\/wp-json\/wp\/v2\/product"}],"about":[{"href":"https:\/\/madelinefashion.pl\/sk\/wp-json\/wp\/v2\/types\/product"}],"wp:featuredmedia":[{"embeddable":true,"href":"https:\/\/madelinefashion.pl\/sk\/wp-json\/wp\/v2\/media\/550797"}],"wp:attachment":[{"href":"https:\/\/madelinefashion.pl\/sk\/wp-json\/wp\/v2\/media?parent=550787"}],"wp:term":[{"taxonomy":"product_brand","embeddable":true,"href":"https:\/\/madelinefashion.pl\/sk\/wp-json\/wp\/v2\/product_brand?post=550787"},{"taxonomy":"product_cat","embeddable":true,"href":"https:\/\/madelinefashion.pl\/sk\/wp-json\/wp\/v2\/product_cat?post=550787"},{"taxonomy":"product_tag","embeddable":true,"href":"https:\/\/madelinefashion.pl\/sk\/wp-json\/wp\/v2\/product_tag?post=550787"}],"curies":[{"name":"pracovn\u00fd list","href":"https:\/\/api.w.org\/{rel}","templated":true}]}}