{"id":558796,"date":"2025-02-19T13:30:49","date_gmt":"2025-02-19T12:30:49","guid":{"rendered":"https:\/\/madelinefashion.pl\/?post_type=product&#038;p=558796"},"modified":"2026-03-01T12:57:49","modified_gmt":"2026-03-01T11:57:49","slug":"szal-szyfonowy-wrzosowy","status":"publish","type":"product","link":"https:\/\/madelinefashion.pl\/sk\/szal-szyfonowy-wrzosowy\/","title":{"rendered":"Vresov\u00fd \u0161if\u00f3nov\u00fd \u0161\u00e1l"},"content":{"rendered":"<h3 style=\"text-align: center;\">Vresov\u00fd \u0161if\u00f3nov\u00fd \u0161\u00e1l<\/h3>\n<div class=\"_1voj4 _z9prt _1xzdi _ai5yc _5d6n2 _15lj1\" style=\"text-align: center;\">\n<div class=\"_2d49e_5pK0q\">\n<p>Model, ktor\u00fd sa hod\u00ed k elegantn\u00e9mu \u0161t\u00fdlu \u2013 ide\u00e1lny na ve\u013ek\u00e9 pr\u00edle\u017eitosti: svadby, v\u00fdro\u010dia, sviatky, Silvester, karneval at\u010f.<\/p>\n<p>Vyroben\u00e9 zo \u0161if\u00f3nov\u00e9ho materi\u00e1lu.<\/p>\n<\/div>\n<\/div>\n<div class=\"_1voj4 _z9prt _1xzdi _ai5yc _5d6n2 _15lj1\" style=\"text-align: center;\">\n<div class=\"_4lbi0 _6kfrx _ur8qq _u5o1q _1xm8p _1agsg\">\n<div class=\"_18vat _10a7o _1yhvf _7ccvy\"><\/div>\n<\/div>\n<\/div>\n<h3 style=\"text-align: center;\">Rozmery :<\/h3>\n<p style=\"text-align: center;\"><b>D\u013a\u017eka: 200 cm<\/b><\/p>\n<p style=\"text-align: center;\"><strong>\u0161\u00edrka:<\/strong> 70 cm<\/p>\n<p>&nbsp;<\/p>\n<table class=\"aligncenter\" width=\"611\">\n<tbody>\n<tr>\n<td width=\"302\">Model<\/td>\n<td width=\"302\">\u0160if\u00f3nov\u00fd \u0161\u00e1l<\/td>\n<\/tr>\n<tr>\n<td width=\"302\">Farba<\/td>\n<td width=\"302\">vres<\/td>\n<\/tr>\n<tr>\n<td width=\"302\">Zbierka<\/td>\n<td width=\"302\">jar\/jese\u0148\/zima<\/td>\n<\/tr>\n<tr>\n<td width=\"302\">ve\u013ekosti<\/td>\n<td width=\"302\">Univerz\u00e1lny<\/td>\n<\/tr>\n<tr>\n<td width=\"302\">V\u00fdroba<\/td>\n<td width=\"302\">Po\u013esko<\/td>\n<\/tr>\n<\/tbody>\n<\/table>","protected":false},"excerpt":{"rendered":"<p>Szal Szyfonowy Wrzosowy Model pasuj\u0105cy do eleganckiej stylizacji &#8211; idealny na wielkie wyj\u015bcia: wesela, jubileusze, \u015bwi\u0119ta, sylwestra, karnawa\u0142 itp. Wykonany z szyfonowego matria\u0142u. Wymiary : D\u0142ugo\u015b\u0107:\u00a0 200cm Szeroko\u015b\u0107: 70 cm &nbsp; Model Szal\u00a0 Szyfonowy Kolor Wrzosowy Kolekcja Wiosna \/ jesie\u0144 \/ zima Rozmiary Uniwersalny Produkcja Polska<\/p>","protected":false},"featured_media":558794,"template":"","meta":[],"product_brand":[],"product_cat":[114,86],"product_tag":[],"class_list":{"0":"post-558796","1":"product","2":"type-product","3":"status-publish","4":"has-post-thumbnail","6":"product_cat-chustki-szaliki","7":"product_cat-czapki-dodatki","9":"first","10":"instock","11":"sale","12":"purchasable","13":"product-type-simple"},"_links":{"self":[{"href":"https:\/\/madelinefashion.pl\/sk\/wp-json\/wp\/v2\/product\/558796","targetHints":{"allow":["GET"]}}],"collection":[{"href":"https:\/\/madelinefashion.pl\/sk\/wp-json\/wp\/v2\/product"}],"about":[{"href":"https:\/\/madelinefashion.pl\/sk\/wp-json\/wp\/v2\/types\/product"}],"wp:featuredmedia":[{"embeddable":true,"href":"https:\/\/madelinefashion.pl\/sk\/wp-json\/wp\/v2\/media\/558794"}],"wp:attachment":[{"href":"https:\/\/madelinefashion.pl\/sk\/wp-json\/wp\/v2\/media?parent=558796"}],"wp:term":[{"taxonomy":"product_brand","embeddable":true,"href":"https:\/\/madelinefashion.pl\/sk\/wp-json\/wp\/v2\/product_brand?post=558796"},{"taxonomy":"product_cat","embeddable":true,"href":"https:\/\/madelinefashion.pl\/sk\/wp-json\/wp\/v2\/product_cat?post=558796"},{"taxonomy":"product_tag","embeddable":true,"href":"https:\/\/madelinefashion.pl\/sk\/wp-json\/wp\/v2\/product_tag?post=558796"}],"curies":[{"name":"pracovn\u00fd list","href":"https:\/\/api.w.org\/{rel}","templated":true}]}}