{"id":56207,"date":"2022-08-31T10:00:35","date_gmt":"2022-08-31T08:00:35","guid":{"rendered":"https:\/\/madelinefashion.pl\/?post_type=product&#038;p=56207"},"modified":"2026-03-05T16:59:06","modified_gmt":"2026-03-05T15:59:06","slug":"kurtka-futerko-lana-maxi-karmelowa","status":"publish","type":"product","link":"https:\/\/madelinefashion.pl\/sk\/kurtka-futerko-lana-maxi-karmelowa\/","title":{"rendered":"Lana Maxi karamelov\u00e1 ko\u017eu\u0161inov\u00e1 bunda"},"content":{"rendered":"<h3 style=\"text-align: center;\">Lana Maxi karamelov\u00e1 ko\u017eu\u0161inov\u00e1 bunda<\/h3>\n<div style=\"text-align: center;\">\n<p>Chcete sa c\u00edti\u0165 \u0161t\u00fdlovo a m\u00f3dne? Tento produkt je pre v\u00e1s. Ko\u017eu\u0161ina, ktor\u00e1 sa hod\u00ed na ka\u017edodenn\u00e9 aj elegantnej\u0161ie \u0161tyliz\u00e1cie, na zips, m\u00e1 vreck\u00e1 a kapuc\u0148u. Skvel\u00e1 ponuka na chladn\u00e9 dni<span style=\"text-align: center;\">. Je to ist\u00e9 <\/span><strong style=\"text-align: center;\">musie\u0165 ma\u0165<\/strong><span style=\"text-align: center;\"> v ka\u017edom \u0161atn\u00edku! <\/span><span style=\"text-align: center;\">Vyst\u00fapte z davu s na\u0161imi <strong>srs\u0165<\/strong> s ruk\u00e1vmi. Fant\u00e1zii sa medze neklad\u00fa, preto nev\u00e1hajte a<\/span><strong style=\"text-align: center;\"> vytvorte si svoj vlastn\u00fd \u0161t\u00fdl<\/strong><span style=\"text-align: center;\">. <strong>Ko\u017eu\u0161ina Lana<\/strong><\/span><span style=\"text-align: center;\">\u00a0prich\u00e1dza vo ve\u013ekosti<\/span><strong style=\"text-align: center;\"> SML XL. Tento model je ide\u00e1lny pre\u00a0<strong>jar, jese\u0148.<\/strong> <\/strong><span style=\"text-align: center;\">Ak m\u00e1te nejak\u00e9 ot\u00e1zky, sme tu, aby sme v\u00e1m pomohli.<\/span><\/p>\n<\/div>\n<h3 style=\"text-align: center;\">Rozmery:<\/h3>\n<p style=\"text-align: center;\"><strong>S:<\/strong><br \/>\nCELKOV\u00c1 D\u0139\u017dKA 83 CM<\/p>\n<p style=\"text-align: center;\">\u0160\u00cdRKA OD AARM PO AARM 52 CM<\/p>\n<p style=\"text-align: center;\">D\u0139\u017dKA RUK\u00c1VU OD PA\u017d\u00cd 40 CM<\/p>\n<p style=\"text-align: center;\">D\u0139\u017dKA RUK\u00c1VU OD RAMENA 58 CM<\/p>\n<p style=\"text-align: center;\"><strong>m<\/strong><\/p>\n<p style=\"text-align: center;\">CELKOV\u00c1 D\u0139\u017dKA 83 CM<\/p>\n<p style=\"text-align: center;\">\u0160\u00cdRKA OD AARM PO AARM 55 CM<\/p>\n<p style=\"text-align: center;\">D\u0139\u017dKA RUK\u00c1VU OD PA\u017d\u00cd 41 CM<\/p>\n<p style=\"text-align: center;\">D\u0139\u017dKA RUK\u00c1VU OD RAMENA 59 CM<\/p>\n<p style=\"text-align: center;\"><strong>L<\/strong><\/p>\n<p style=\"text-align: center;\">CELKOV\u00c1 D\u0139\u017dKA 83 CM<\/p>\n<p style=\"text-align: center;\">\u0160\u00cdRKA OD AARM PO AARM 57 CM<\/p>\n<p style=\"text-align: center;\">D\u0139\u017dKA RUK\u00c1VU OD PA\u017d\u00cd 42 CM<\/p>\n<p style=\"text-align: center;\">D\u0139\u017dKA RUK\u00c1VU OD RAMENA 60 CM<\/p>\n<p style=\"text-align: center;\">Rozmery sa m\u00f4\u017eu mierne l\u00ed\u0161i\u0165 od uveden\u00fdch +\/- 2cm. V\u0161etky uveden\u00e9 rozmery s\u00fa meran\u00e9 plo\u0161ne.<\/p>\n<table width=\"605\">\n<tbody>\n<tr>\n<td width=\"302\">Meno modela<\/td>\n<td width=\"302\">Lana Maxi Fur<\/td>\n<\/tr>\n<tr>\n<td width=\"302\">Farba<\/td>\n<td width=\"302\">karamel<\/td>\n<\/tr>\n<tr>\n<td width=\"302\">ve\u013ekosti<\/td>\n<td width=\"302\">SML<\/td>\n<\/tr>\n<tr>\n<td width=\"302\">M\u00f3da<\/td>\n<td width=\"302\">Priliehav\u00e9 \/ \u0161t\u00edhle<\/td>\n<\/tr>\n<tr>\n<td width=\"302\">Hood<\/td>\n<td width=\"302\">\u00c1no<\/td>\n<\/tr>\n<tr>\n<td width=\"302\">Pod\u0161\u00edvka<\/td>\n<td width=\"302\">\u00c1no<\/td>\n<\/tr>\n<tr>\n<td width=\"302\">vreck\u00e1<\/td>\n<td width=\"302\">\u00c1no<\/td>\n<\/tr>\n<\/tbody>\n<\/table>\n<p style=\"text-align: center;\">Model m\u00e1\u00a0<strong>169<\/strong>\u00a0cm vysok\u00fd, nos\u00ed ve\u013ekos\u0165 ka\u017ed\u00fd de\u0148\u00a0<strong>S<\/strong><\/p>\n<p style=\"text-align: center;\">\u0160\u00edrka cez prsia 92 cm<\/p>\n<p style=\"text-align: center;\">\u0160\u00edrka v p\u00e1se 62 cm<\/p>\n<p style=\"text-align: center;\">\u0160\u00edrka v bokoch 94 cm<\/p>","protected":false},"excerpt":{"rendered":"<p>Karamelov\u00e1 ko\u017eu\u0161inov\u00e1 bunda Lana Maxi. Chcete sa c\u00edti\u0165 \u0161t\u00fdlovo a m\u00f3dne? Tento produkt je pre v\u00e1s. Tento ko\u017euch sa hod\u00ed na ka\u017edodenn\u00e9 aj elegantnej\u0161ie outfity. Zap\u00edna sa na zips, m\u00e1 vreck\u00e1 a kapuc\u0148u. Skvel\u00e1 vo\u013eba na chladn\u00e9 dni. Toto je jednozna\u010dn\u00e1 nevyhnutnos\u0165 v ka\u017edom \u0161atn\u00edku! Vyniknite z davu s na\u0161\u00edm ko\u017euchom od...<\/p>\n<div class=\"klb-readmore post-buttons\"><a class=\"button black outline size-sm\" href=\"https:\/\/madelinefashion.pl\/sk\/kurtka-futerko-lana-maxi-karmelowa\/\">\u010c\u00edta\u0165 \u010falej <i class=\"klbth-icon-right-arrow\"><\/i><\/a><\/div>","protected":false},"featured_media":56013,"template":"","meta":[],"product_brand":[],"product_cat":[117,395],"product_tag":[160],"class_list":{"0":"post-56207","1":"product","2":"type-product","3":"status-publish","4":"has-post-thumbnail","6":"product_cat-kurtki","7":"product_cat-nowosci","8":"product_tag-kamizelki-futrzane","9":"pa_rozmiar-s","10":"pa_rozmiar-m","11":"pa_rozmiar-l","12":"pa_rozmiar-xl","14":"first","15":"instock","16":"sale","17":"purchasable","18":"product-type-variable"},"_links":{"self":[{"href":"https:\/\/madelinefashion.pl\/sk\/wp-json\/wp\/v2\/product\/56207","targetHints":{"allow":["GET"]}}],"collection":[{"href":"https:\/\/madelinefashion.pl\/sk\/wp-json\/wp\/v2\/product"}],"about":[{"href":"https:\/\/madelinefashion.pl\/sk\/wp-json\/wp\/v2\/types\/product"}],"wp:featuredmedia":[{"embeddable":true,"href":"https:\/\/madelinefashion.pl\/sk\/wp-json\/wp\/v2\/media\/56013"}],"wp:attachment":[{"href":"https:\/\/madelinefashion.pl\/sk\/wp-json\/wp\/v2\/media?parent=56207"}],"wp:term":[{"taxonomy":"product_brand","embeddable":true,"href":"https:\/\/madelinefashion.pl\/sk\/wp-json\/wp\/v2\/product_brand?post=56207"},{"taxonomy":"product_cat","embeddable":true,"href":"https:\/\/madelinefashion.pl\/sk\/wp-json\/wp\/v2\/product_cat?post=56207"},{"taxonomy":"product_tag","embeddable":true,"href":"https:\/\/madelinefashion.pl\/sk\/wp-json\/wp\/v2\/product_tag?post=56207"}],"curies":[{"name":"pracovn\u00fd list","href":"https:\/\/api.w.org\/{rel}","templated":true}]}}