{"id":56259,"date":"2022-08-31T11:46:24","date_gmt":"2022-08-31T09:46:24","guid":{"rendered":"https:\/\/madelinefashion.pl\/?post_type=product&#038;p=56259"},"modified":"2026-03-05T16:59:06","modified_gmt":"2026-03-05T15:59:06","slug":"kamizelka-futrzana-jasno-szara-mis-2","status":"publish","type":"product","link":"https:\/\/madelinefashion.pl\/sk\/kamizelka-futrzana-jasno-szara-mis-2\/","title":{"rendered":"Ko\u017eu\u0161inov\u00e1 vesta svetlosiv\u00e1 medved\u00edk"},"content":{"rendered":"<h3 style=\"text-align: center;\">Ko\u017eu\u0161inov\u00e1 vesta svetlosiv\u00e1 medved\u00edk<\/h3>\n<p style=\"text-align: center;\"><strong>Ko\u017eu\u0161inov\u00e1 vesta<\/strong>\u00a0je najm\u00f3dnej\u0161\u00ed strih tejto sez\u00f3ny. Vesta z umelej ko\u017eu\u0161iny. Nezvy\u010dajne <strong>tepl\u00e9 a pr\u00edjemn\u00e9 na dotyk<\/strong>. Vesta s <strong>srs\u0165<\/strong> vhodn\u00e9 pre oboch <a href=\"https:\/\/madelinefashion.pl\/sk\/spodnie\/\">nohavice<\/a>, <a href=\"https:\/\/madelinefashion.pl\/sk\/spodnice\/\">sukne<\/a> ak <a href=\"https:\/\/madelinefashion.pl\/sk\/sukienki-i-kombinezony\/\">\u0160aty<\/a>. Skvele sa k nej bude hodi\u0165 aj ko\u017eu\u0161inov\u00e1 vesta bez ruk\u00e1vov <a href=\"https:\/\/madelinefashion.pl\/sk\/swetry\/swetry-damskie\/\"><strong>svetre<\/strong><\/a>, <a href=\"https:\/\/madelinefashion.pl\/sk\/swetry\/kardigany-damskie\/\">vesty<\/a> a predov\u0161etk\u00fdm je to ide\u00e1lny n\u00e1vrh na nosenie pri v\u0161etk\u00fdch pr\u00edle\u017eitostiach <strong><a href=\"https:\/\/madelinefashion.pl\/sk\/kurtki-i-plaszcze\/kurtki\/\">bundy<\/a><\/strong>. Skvele sa bude hodi\u0165 k na\u0161im <strong>Ramones<\/strong> napr\u00edklad model <strong><a href=\"https:\/\/madelinefashion.pl\/sk\/ramoneska-biker-czarna\/\">motork\u00e1r<\/a><\/strong>\u010do je tie\u017e <strong>najpred\u00e1vanej\u0161\u00ed<\/strong>. je to? <strong>najm\u00f3dnej\u0161\u00ed \u0161t\u00fdl tejto sez\u00f3ny<\/strong> \u2013 na tvorenie v\u00e1m posta\u010d\u00ed jedna z na\u0161ich viest vo va\u0161om \u0161atn\u00edku <strong>nad\u010dasov\u00e9 \u0161t\u00fdly<\/strong>. Vyu\u017eijete ju ako na vych\u00e1dzky s priate\u013emi do mesta, tak aj na ve\u010dern\u00fd styling na p\u00e1rty. Je to bestseller <strong>ponuka na ka\u017ed\u00fa pr\u00edle\u017eitos\u0165<\/strong>. Ide\u00e1lne na ka\u017ed\u00fd de\u0148 a na p\u00e1rty, kde chcete vyzera\u0165 skvele a z\u00e1rove\u0148 sa c\u00edti\u0165 skvele. Najm\u00f3dnej\u0161\u00ed hit sez\u00f3ny a absol\u00fatny <strong>mus\u00edte ma\u0165 vo svojom \u0161atn\u00edku<\/strong>ktor\u00e9 v\u00e1m pom\u00f4\u017eu vytvori\u0165 <strong>le\u017e\u00e9rny vzh\u013ead<\/strong> a dopln\u00ed mnoh\u00e9 p\u00f4sobiv\u00e9 \u0161tyliz\u00e1cie jesene a skorej jari. Rozhodnite sa pre n\u00e1kup\u00a0<strong>ko\u017eu\u0161inov\u00e1 vesta<\/strong>a nebudete \u013eutova\u0165. Iste sa presved\u010d\u00edte, ko\u013eko v\u00e1m tak\u00e1 jedna vec vo va\u0161om \u0161atn\u00edku d\u00e1. Dostupn\u00e9 v na\u0161om <a href=\"https:\/\/madelinefashion.pl\/sk\/kamizelki\/\">e-shop<\/a> vo viacer\u00fdch farebn\u00fdch variantoch a v r\u00f4znych d\u013a\u017ekach tak nev\u00e1hajte a vyberte si t\u00fa, ktor\u00e1 je pre v\u00e1s <strong>si dokonal\u00fd<\/strong>. Ak sa neviete rozhodn\u00fa\u0165 ak\u00fa farbu, tak ve\u013ekos\u0165 <strong>pre<\/strong> <strong>si najlep\u0161\u00ed<\/strong>, kontaktujte n\u00e1s prostredn\u00edctvom <strong><a href=\"https:\/\/www.facebook.com\/madelinefashionbutik\/\" target=\"_blank\" rel=\"noopener\">Facebook<\/a><\/strong> alebo <a href=\"https:\/\/madelinefashion.pl\/sk\/kontakt\/\">telef\u00f3n<\/a>. \u00da\u017easn\u00e1 kvalita za najlep\u0161iu cenu!<strong> Univerz\u00e1lna ve\u013ekos\u0165<\/strong> odpor\u00fa\u010dan\u00e9 pre nosite\u013eov<strong> SML XL<\/strong> \ud83d\ude09<\/p>\n<h3 style=\"text-align: center;\">Rozmery vesty:<\/h3>\n<p style=\"text-align: center;\">Celkov\u00e1 d\u013a\u017eka - 80 cm<br \/>\n\u0160\u00edrka od pazuchy po pazuchu 54 cm<br \/>\nPrsia - 108 cm<br \/>\n\u0160\u00edrka v p\u00e1se - 54 cm<\/p>\n<p style=\"text-align: center;\">Rozmery sa m\u00f4\u017eu mierne l\u00ed\u0161i\u0165 od uveden\u00fdch +\/- 2cm. V\u0161etky uveden\u00e9 rozmery s\u00fa meran\u00e9 plo\u0161ne.<\/p>\n<p style=\"text-align: center;\"><strong>Dokonale sa prisp\u00f4sob\u00ed ka\u017edej postave<\/strong><\/p>\n<table width=\"618\">\n<tbody>\n<tr>\n<td width=\"302\">Meno modela<\/td>\n<td width=\"302\">KO\u017dU\u0160INOV\u00c1 VESTA<\/td>\n<\/tr>\n<tr>\n<td width=\"302\">Farba<\/td>\n<td width=\"302\">SVETLO SIV\u00c1<\/td>\n<\/tr>\n<tr>\n<td width=\"302\">Zbierka<\/td>\n<td width=\"302\">\u00a0JAR\/JESE\u0147\/ZIMA<\/td>\n<\/tr>\n<tr>\n<td width=\"302\">Ve\u013ekos\u0165<\/td>\n<td width=\"302\">Univerz\u00e1lny<\/td>\n<\/tr>\n<tr>\n<td width=\"302\">M\u00f3da<\/td>\n<td width=\"302\">nadrozmern\u00e9<\/td>\n<\/tr>\n<tr>\n<td width=\"302\">Hood<\/td>\n<td width=\"302\">Nie<\/td>\n<\/tr>\n<tr>\n<td width=\"302\">Otep\u013eovanie<\/td>\n<td width=\"302\">Pod\u0161\u00edvka<\/td>\n<\/tr>\n<tr>\n<td width=\"302\">Materi\u00e1l<\/td>\n<td width=\"302\">Polyester 100%<\/td>\n<\/tr>\n<\/tbody>\n<\/table>\n<p>&nbsp;<\/p>\n<p style=\"text-align: center;\">Model m\u00e1\u00a0<strong>169<\/strong>\u00a0cm vysok\u00fd, nos\u00ed ve\u013ekos\u0165 ka\u017ed\u00fd de\u0148\u00a0<strong>S<\/strong><\/p>\n<p style=\"text-align: center;\">\u0160\u00edrka cez prsia 92 cm<\/p>\n<p style=\"text-align: center;\">\u0160\u00edrka v p\u00e1se 62 cm<\/p>\n<p style=\"text-align: center;\">\u0160\u00edrka v bokoch 94 cm<\/p>","protected":false},"excerpt":{"rendered":"<p>Svetlosiv\u00e1 ko\u017eu\u0161inov\u00e1 vesta s medved\u00edkom T\u00e1to ko\u017eu\u0161inov\u00e1 vesta je najhor\u00facej\u0161\u00edm \u0161t\u00fdlom tejto sez\u00f3ny. Vyroben\u00e1 z umelej ko\u017eu\u0161iny, je neuverite\u013ene tepl\u00e1 a m\u00e4kk\u00e1 na dotyk. T\u00e1to ko\u017eu\u0161inov\u00e1 vesta sa dobre hod\u00ed k nohaviciam, sukniam a \u0161at\u00e1m. T\u00e1to ko\u017eu\u0161inov\u00e1 vesta sa tie\u017e perfektne hod\u00ed k svetrom a kardiganom a je obzvl\u00e1\u0161\u0165 vhodn\u00e1 na vrstvenie.<\/p>\n<div class=\"klb-readmore post-buttons\"><a class=\"button black outline size-sm\" href=\"https:\/\/madelinefashion.pl\/sk\/kamizelka-futrzana-jasno-szara-mis-2\/\">\u010c\u00edta\u0165 \u010falej <i class=\"klbth-icon-right-arrow\"><\/i><\/a><\/div>","protected":false},"featured_media":56007,"template":"","meta":[],"product_brand":[],"product_cat":[79,395],"product_tag":[160],"class_list":{"0":"post-56259","1":"product","2":"type-product","3":"status-publish","4":"has-post-thumbnail","6":"product_cat-kamizelki","7":"product_cat-nowosci","8":"product_tag-kamizelki-futrzane","10":"first","11":"instock","12":"sale","13":"purchasable","14":"product-type-simple"},"_links":{"self":[{"href":"https:\/\/madelinefashion.pl\/sk\/wp-json\/wp\/v2\/product\/56259","targetHints":{"allow":["GET"]}}],"collection":[{"href":"https:\/\/madelinefashion.pl\/sk\/wp-json\/wp\/v2\/product"}],"about":[{"href":"https:\/\/madelinefashion.pl\/sk\/wp-json\/wp\/v2\/types\/product"}],"wp:featuredmedia":[{"embeddable":true,"href":"https:\/\/madelinefashion.pl\/sk\/wp-json\/wp\/v2\/media\/56007"}],"wp:attachment":[{"href":"https:\/\/madelinefashion.pl\/sk\/wp-json\/wp\/v2\/media?parent=56259"}],"wp:term":[{"taxonomy":"product_brand","embeddable":true,"href":"https:\/\/madelinefashion.pl\/sk\/wp-json\/wp\/v2\/product_brand?post=56259"},{"taxonomy":"product_cat","embeddable":true,"href":"https:\/\/madelinefashion.pl\/sk\/wp-json\/wp\/v2\/product_cat?post=56259"},{"taxonomy":"product_tag","embeddable":true,"href":"https:\/\/madelinefashion.pl\/sk\/wp-json\/wp\/v2\/product_tag?post=56259"}],"curies":[{"name":"pracovn\u00fd list","href":"https:\/\/api.w.org\/{rel}","templated":true}]}}