{"id":563773,"date":"2025-04-24T16:14:00","date_gmt":"2025-04-24T14:14:00","guid":{"rendered":"https:\/\/madelinefashion.pl\/?post_type=product&#038;p=563773"},"modified":"2026-03-01T12:57:48","modified_gmt":"2026-03-01T11:57:48","slug":"torebka-srebrna-hiacynta","status":"publish","type":"product","link":"https:\/\/madelinefashion.pl\/sk\/torebka-srebrna-hiacynta\/","title":{"rendered":"Strieborn\u00e1 hyacintov\u00e1 ta\u0161ka"},"content":{"rendered":"<h3 style=\"text-align: center;\">Strieborn\u00e1 hyacintov\u00e1 ta\u0161ka<\/h3>\n<p style=\"text-align: center;\">Kabelka je nevyhnutnou s\u00fa\u010das\u0165ou ve\u010dern\u00e9ho outfitu. Tento model sa vyzna\u010duje nielen svojou praktickos\u0165ou, ale aj eleganciou. Elegantn\u00e1 kabelka sa bude hodi\u0165 ka\u017edej \u017eene, ktor\u00e1 sleduje najnov\u0161ie m\u00f3dne trendy. S\u00fa\u010das\u0165ou je aj retiazka.<\/p>\n<p>&nbsp;<\/p>\n<h3 style=\"text-align: center;\">Charakteristika:<\/h3>\n<p style=\"text-align: center;\">ve\u010der<\/p>\n<p style=\"text-align: center;\">ide\u00e1lne na svadbu \/ ples \/ ples<\/p>\n<h3 style=\"text-align: center;\">Rozmery ta\u0161ky:<\/h3>\n<ul style=\"text-align: center;\">\n<li>v\u00fd\u0161ka \u2013 16 cm<\/li>\n<li>d\u013a\u017eka - 23 cm<\/li>\n<\/ul>","protected":false},"excerpt":{"rendered":"<p>Torebka Srebrna Hiacynta Torebka, to niezb\u0119dny cz\u0119\u015b\u0107 stylizacji wieczorowej. Ten model charakteryzuje si\u0119 nie tylko sw\u0105 praktyczno\u015bci\u0105, ale r\u00f3wnie\u017c elegancj\u0105.\u00a0 Elegancka torebka sprawdzi si\u0119 idealnie\u00a0 dla ka\u017cdej kobiety pod\u0105\u017caj\u0105cej za najnowszymi trendami w modzie. Posiada w zestawie \u0142a\u0144cuszek. &nbsp; Cechy Charakterystyczne: wieczorowa idealna na wesele\/bal\/ studni\u00f3wk\u0119 Wymiary Torebki: wysoko\u015b\u0107 &#8211; 16 cm d\u0142ugo\u015b\u0107- 23 cm<\/p>","protected":false},"featured_media":563743,"template":"","meta":[],"product_brand":[],"product_cat":[113],"product_tag":[504,412],"class_list":{"0":"post-563773","1":"product","2":"type-product","3":"status-publish","4":"has-post-thumbnail","6":"product_cat-dodatki","7":"product_tag-party-time","8":"product_tag-torebki-damskie","10":"first","11":"instock","12":"sale","13":"purchasable","14":"product-type-simple"},"_links":{"self":[{"href":"https:\/\/madelinefashion.pl\/sk\/wp-json\/wp\/v2\/product\/563773","targetHints":{"allow":["GET"]}}],"collection":[{"href":"https:\/\/madelinefashion.pl\/sk\/wp-json\/wp\/v2\/product"}],"about":[{"href":"https:\/\/madelinefashion.pl\/sk\/wp-json\/wp\/v2\/types\/product"}],"wp:featuredmedia":[{"embeddable":true,"href":"https:\/\/madelinefashion.pl\/sk\/wp-json\/wp\/v2\/media\/563743"}],"wp:attachment":[{"href":"https:\/\/madelinefashion.pl\/sk\/wp-json\/wp\/v2\/media?parent=563773"}],"wp:term":[{"taxonomy":"product_brand","embeddable":true,"href":"https:\/\/madelinefashion.pl\/sk\/wp-json\/wp\/v2\/product_brand?post=563773"},{"taxonomy":"product_cat","embeddable":true,"href":"https:\/\/madelinefashion.pl\/sk\/wp-json\/wp\/v2\/product_cat?post=563773"},{"taxonomy":"product_tag","embeddable":true,"href":"https:\/\/madelinefashion.pl\/sk\/wp-json\/wp\/v2\/product_tag?post=563773"}],"curies":[{"name":"pracovn\u00fd list","href":"https:\/\/api.w.org\/{rel}","templated":true}]}}