{"id":5661,"date":"2021-03-18T22:06:45","date_gmt":"2021-03-18T21:06:45","guid":{"rendered":"https:\/\/madelinefashion.pl\/?post_type=product&#038;p=5661"},"modified":"2026-01-15T12:43:37","modified_gmt":"2026-01-15T11:43:37","slug":"kurtka-damska-z-pagonami-czarna","status":"publish","type":"product","link":"https:\/\/madelinefashion.pl\/sk\/kurtka-damska-z-pagonami-czarna\/","title":{"rendered":"D\u00e1mska bunda s n\u00e1ramen\u00edkami \u010dierna"},"content":{"rendered":"<h3 style=\"text-align: center;\">D\u00e1mska bunda s n\u00e1ramen\u00edkami \u010dierna<\/h3>\n<p>Origin\u00e1l <strong>jarn\u00e1 bunda<\/strong> <strong>Pekn\u00fd de\u0148<\/strong> v ed\u00edcii pre ml\u00e1de\u017e. Khaki bunda s ozdobn\u00fdmi epoletami, vreckami a p\u00e1skami s n\u00e1pismi. Model s vo\u013en\u00fdm strihom a mierne pred\u013a\u017een\u00fdm chrbtom. Tento model je ide\u00e1lny na jar alebo jese\u0148 a na chladnej\u0161ie letn\u00e9 dni. Odpor\u00fa\u010dan\u00e9 pre nosite\u013eov <strong>SML XL XXL<\/strong><\/p>\n<h3 style=\"text-align: center;\">Rozmery bundy s visa\u010dkou:<\/h3>\n<p style=\"text-align: center;\"><span style=\"font-size: 10pt;\"><strong>XS\/S<\/strong><\/span><br \/>\n<span style=\"font-size: 10pt;\">Celkov\u00e1 predn\u00e1 d\u013a\u017eka - 62 cm<\/span><br \/>\n<span style=\"font-size: 10pt;\">Celkov\u00e1 d\u013a\u017eka chrbta - 64 cm<\/span><br \/>\n<span style=\"font-size: 10pt;\">\u0160\u00edrka od pazuchy po pazuchu - 72 cm<\/span><br \/>\n<span style=\"font-size: 10pt;\">\u0160\u00edrka v p\u00e1se - 70 cm<\/span><br \/>\n<span style=\"font-size: 10pt;\">D\u013a\u017eka ruk\u00e1va od ramena - 56 cm<\/span><\/p>\n<p style=\"text-align: center;\"><span style=\"font-size: 10pt;\"><strong>M\/L<\/strong><\/span><br \/>\n<span style=\"font-size: 10pt;\">Celkov\u00e1 predn\u00e1 d\u013a\u017eka - 62 cm<\/span><br \/>\n<span style=\"font-size: 10pt;\">Celkov\u00e1 d\u013a\u017eka chrbta - 64 cm<\/span><br \/>\n<span style=\"font-size: 10pt;\">\u0160\u00edrka od pazuchy po pazuchu - 72 cm<\/span><br \/>\n<span style=\"font-size: 10pt;\">\u0160\u00edrka v p\u00e1se - 70 cm<\/span><br \/>\n<span style=\"font-size: 10pt;\">D\u013a\u017eka ruk\u00e1va od ramena - 56 cm<\/span><\/p>\n<p style=\"text-align: center;\">Rozmery sa m\u00f4\u017eu mierne l\u00ed\u0161i\u0165 od uveden\u00fdch +\/- 2cm. V\u0161etky uveden\u00e9 rozmery s\u00fa meran\u00e9 plo\u0161ne.<\/p>\n<p>&nbsp;<\/p>\n<table width=\"605\">\n<tbody>\n<tr>\n<td width=\"302\">Meno modela<\/td>\n<td width=\"302\"><strong>Pekn\u00fd de\u0148<\/strong><\/td>\n<\/tr>\n<tr>\n<td width=\"302\">Farba<\/td>\n<td width=\"302\">\u010dierna<\/td>\n<\/tr>\n<tr>\n<td width=\"302\">ve\u013ekosti<\/td>\n<td width=\"302\">XS\/S a M\/L<\/td>\n<\/tr>\n<tr>\n<td width=\"302\">M\u00f3da<\/td>\n<td width=\"302\">nadrozmern\u00e9<\/td>\n<\/tr>\n<tr>\n<td width=\"302\">Hood<\/td>\n<td width=\"302\">Nie<\/td>\n<\/tr>\n<tr>\n<td width=\"302\">Kvalita<\/td>\n<td width=\"302\">Premium<\/td>\n<\/tr>\n<tr>\n<td width=\"302\">zap\u00ednanie<\/td>\n<td width=\"302\">Zips \/ patentky<\/td>\n<\/tr>\n<\/tbody>\n<\/table>\n<p>&nbsp;<\/p>\n<p style=\"text-align: center;\">Model m\u00e1 <strong>166<\/strong> cm vysok\u00fd, nos\u00ed ho ka\u017ed\u00fd de\u0148 <strong>ve\u013ekos\u0165 S<\/strong><\/p>\n<p style=\"text-align: center;\"><span style=\"font-size: 10pt;\">\u00a0<\/span><\/p>\n<p style=\"text-align: center;\">","protected":false},"excerpt":{"rendered":"<p>Kurtka Damska z Pagonami Czarna Oryginalna kurtka wiosenna Have a Nice Day w m\u0142odzie\u017cowym wydaniu. Kurtka w kolorze khaki z ozdobnymi pagonami, kieszeniami i ta\u015bmami z napisami. Model o lu\u017anym fasonie z lekko przed\u0142u\u017conym ty\u0142em. Ten model jest idealny na wiosn\u0119 lub jesie\u0144 i na ch\u0142odniejsze letnie dni.\u00a0 Zalecana dla os\u00f3b nosz\u0105cych S M L<\/p>\n<div class=\"klb-readmore post-buttons\"><a class=\"button black outline size-sm\" href=\"https:\/\/madelinefashion.pl\/sk\/kurtka-damska-z-pagonami-czarna\/\">\u010c\u00edta\u0165 \u010falej <i class=\"klbth-icon-right-arrow\"><\/i><\/a><\/div>","protected":false},"featured_media":5664,"template":"","meta":[],"product_brand":[],"product_cat":[117],"product_tag":[],"class_list":{"0":"post-5661","1":"product","2":"type-product","3":"status-publish","4":"has-post-thumbnail","6":"product_cat-kurtki","7":"pa_rozmiar-m-l","8":"pa_rozmiar-xs-s","10":"first","11":"instock","12":"sale","13":"purchasable","14":"product-type-variable"},"_links":{"self":[{"href":"https:\/\/madelinefashion.pl\/sk\/wp-json\/wp\/v2\/product\/5661","targetHints":{"allow":["GET"]}}],"collection":[{"href":"https:\/\/madelinefashion.pl\/sk\/wp-json\/wp\/v2\/product"}],"about":[{"href":"https:\/\/madelinefashion.pl\/sk\/wp-json\/wp\/v2\/types\/product"}],"wp:featuredmedia":[{"embeddable":true,"href":"https:\/\/madelinefashion.pl\/sk\/wp-json\/wp\/v2\/media\/5664"}],"wp:attachment":[{"href":"https:\/\/madelinefashion.pl\/sk\/wp-json\/wp\/v2\/media?parent=5661"}],"wp:term":[{"taxonomy":"product_brand","embeddable":true,"href":"https:\/\/madelinefashion.pl\/sk\/wp-json\/wp\/v2\/product_brand?post=5661"},{"taxonomy":"product_cat","embeddable":true,"href":"https:\/\/madelinefashion.pl\/sk\/wp-json\/wp\/v2\/product_cat?post=5661"},{"taxonomy":"product_tag","embeddable":true,"href":"https:\/\/madelinefashion.pl\/sk\/wp-json\/wp\/v2\/product_tag?post=5661"}],"curies":[{"name":"pracovn\u00fd list","href":"https:\/\/api.w.org\/{rel}","templated":true}]}}