{"id":570635,"date":"2025-06-24T15:21:15","date_gmt":"2025-06-24T13:21:15","guid":{"rendered":"https:\/\/madelinefashion.pl\/?post_type=product&#038;p=570635"},"modified":"2026-03-01T12:57:46","modified_gmt":"2026-03-01T11:57:46","slug":"torebka-wieczorowa-rose-gold-vices","status":"publish","type":"product","link":"https:\/\/madelinefashion.pl\/sk\/torebka-wieczorowa-rose-gold-vices\/","title":{"rendered":"Ve\u010dern\u00e1 kabelka Vices z ru\u017eov\u00e9ho zlata"},"content":{"rendered":"<h3 style=\"text-align: center;\">Ve\u010dern\u00e1 kabelka Vices z ru\u017eov\u00e9ho zlata<\/h3>\n<p style=\"text-align: center;\">Kabelka je nevyhnutnou s\u00fa\u010das\u0165ou ve\u010dern\u00e9ho outfitu. Tento model sa vyzna\u010duje nielen svojou praktickos\u0165ou, ale aj eleganciou. Elegantn\u00e1 kabelka sa bude hodi\u0165 ka\u017edej \u017eene, ktor\u00e1 sleduje najnov\u0161ie m\u00f3dne trendy. Ta\u0161ka m\u00e1 dve strany, v\u010faka \u010domu je e\u0161te \u0161t\u00fdlovej\u0161ia.<\/p>\n<p>&nbsp;<\/p>\n<h3 style=\"text-align: center;\">Charakteristika:<\/h3>\n<p>&nbsp;<\/p>\n<p style=\"text-align: center;\">ve\u010der<br \/>\npokryt\u00fd kame\u0148mi<br \/>\nide\u00e1lne na svadbu \/ ples \/ ples<\/p>\n<p>&nbsp;<\/p>\n<h3 style=\"text-align: center;\">Rozmery ta\u0161ky:<\/h3>\n<ul style=\"text-align: center;\">\n<li>v\u00fd\u0161ka - 13 cm<\/li>\n<li>\u0161\u00edrka - 21 cm<\/li>\n<li><\/li>\n<\/ul>","protected":false},"excerpt":{"rendered":"<p>Torebka Wieczorowa Rose Gold Vices Torebka, to niezb\u0119dny cz\u0119\u015b\u0107 stylizacji wieczorowej. Ten model charakteryzuje si\u0119 nie tylko sw\u0105 praktyczno\u015bci\u0105, ale r\u00f3wnie\u017c elegancj\u0105. Elegancka torebka sprawdzi si\u0119 idealnie\u00a0 dla ka\u017cdej kobiety pod\u0105\u017caj\u0105cej za najnowszymi trendami w modzie. Torebka posiada dwie strony, przez co jest jeszcze bardziej stylowa. &nbsp; Cechy Charakterystyczne: &nbsp; wieczorowa pokryta kamieniami idealna na<\/p>\n<div class=\"klb-readmore post-buttons\"><a class=\"button black outline size-sm\" href=\"https:\/\/madelinefashion.pl\/sk\/torebka-wieczorowa-rose-gold-vices\/\">\u010c\u00edta\u0165 \u010falej <i class=\"klbth-icon-right-arrow\"><\/i><\/a><\/div>","protected":false},"featured_media":570562,"template":"","meta":[],"product_brand":[],"product_cat":[113],"product_tag":[504,412],"class_list":{"0":"post-570635","1":"product","2":"type-product","3":"status-publish","4":"has-post-thumbnail","6":"product_cat-dodatki","7":"product_tag-party-time","8":"product_tag-torebki-damskie","10":"first","11":"instock","12":"sale","13":"purchasable","14":"product-type-simple"},"_links":{"self":[{"href":"https:\/\/madelinefashion.pl\/sk\/wp-json\/wp\/v2\/product\/570635","targetHints":{"allow":["GET"]}}],"collection":[{"href":"https:\/\/madelinefashion.pl\/sk\/wp-json\/wp\/v2\/product"}],"about":[{"href":"https:\/\/madelinefashion.pl\/sk\/wp-json\/wp\/v2\/types\/product"}],"wp:featuredmedia":[{"embeddable":true,"href":"https:\/\/madelinefashion.pl\/sk\/wp-json\/wp\/v2\/media\/570562"}],"wp:attachment":[{"href":"https:\/\/madelinefashion.pl\/sk\/wp-json\/wp\/v2\/media?parent=570635"}],"wp:term":[{"taxonomy":"product_brand","embeddable":true,"href":"https:\/\/madelinefashion.pl\/sk\/wp-json\/wp\/v2\/product_brand?post=570635"},{"taxonomy":"product_cat","embeddable":true,"href":"https:\/\/madelinefashion.pl\/sk\/wp-json\/wp\/v2\/product_cat?post=570635"},{"taxonomy":"product_tag","embeddable":true,"href":"https:\/\/madelinefashion.pl\/sk\/wp-json\/wp\/v2\/product_tag?post=570635"}],"curies":[{"name":"pracovn\u00fd list","href":"https:\/\/api.w.org\/{rel}","templated":true}]}}