{"id":570777,"date":"2025-06-25T16:21:03","date_gmt":"2025-06-25T14:21:03","guid":{"rendered":"https:\/\/madelinefashion.pl\/?post_type=product&#038;p=570777"},"modified":"2026-03-01T12:57:46","modified_gmt":"2026-03-01T11:57:46","slug":"torebka-wizytowa-zlota-martta","status":"publish","type":"product","link":"https:\/\/madelinefashion.pl\/sk\/torebka-wizytowa-zlota-martta\/","title":{"rendered":"Zlat\u00e1 form\u00e1lna kabelka Martta"},"content":{"rendered":"<h3 style=\"text-align: center;\">Zlat\u00e1 form\u00e1lna kabelka Martta<\/h3>\n<p style=\"text-align: center;\">Kabelka je nevyhnutnou s\u00fa\u010das\u0165ou ve\u010dern\u00e9ho outfitu. Tento model sa vyzna\u010duje nielen svojou praktickos\u0165ou, ale aj eleganciou. Elegantn\u00e1 kabelka sa bude hodi\u0165 ka\u017edej \u017eene, ktor\u00e1 sleduje najnov\u0161ie m\u00f3dne trendy.<\/p>\n<p style=\"text-align: center;\">\u010cierna ta\u0161ka zdoben\u00e1 trblietkami sa zap\u00edna na patentn\u00fd patent.<\/p>\n<p style=\"text-align: center;\">Stred elegantnej ta\u0161ky je esteticky ukon\u010den\u00fd pod\u0161\u00edvkou.<\/p>\n<p style=\"text-align: center;\">Ta\u0161ka je dod\u00e1van\u00e1 s retiazkou.<\/p>\n<p style=\"text-align: center;\">\u00a0Elegantn\u00e1 leskl\u00e1 kabelka, ktor\u00e1 bude vyzera\u0165 perfektne v ruke aj na ozdobnej retiazke, ur\u010dite dod\u00e1 \u0161t\u00fdl ka\u017ed\u00e9mu stylingu.<\/p>\n<h3 style=\"text-align: center;\">Charakteristika:<\/h3>\n<p style=\"text-align: center;\">ve\u010der<\/p>\n<p style=\"text-align: center;\">ide\u00e1lne na svadbu \/ ples \/ ples<\/p>\n<h3 style=\"text-align: center;\">Rozmery ta\u0161ky:<\/h3>\n<ul style=\"text-align: center;\">\n<li>v\u00fd\u0161ka - 13 cm<\/li>\n<li>\u0161\u00edrka - 25 cm<\/li>\n<li><\/li>\n<\/ul>","protected":false},"excerpt":{"rendered":"<p>Torebka Wizytowa Z\u0142ota Martta Torebka, to niezb\u0119dny cz\u0119\u015b\u0107 stylizacji wieczorowej. Ten model charakteryzuje si\u0119 nie tylko sw\u0105 praktyczno\u015bci\u0105, ale r\u00f3wnie\u017c elegancj\u0105.\u00a0 Elegancka torebka sprawdzi si\u0119 idealnie\u00a0 dla ka\u017cdej kobiety pod\u0105\u017caj\u0105cej za najnowszymi trendami w modzie. Czarna torebka zdobiona brokatem zapinana jest na zatrzask. \u015arodek eleganckiej torebki estetycznie wyko\u0144czony\u00a0podszewk\u0105. W komplecie torebka posiada \u0142\u0105\u0144cuszek. \u00a0Elegancka, b\u0142yszcz\u0105ca<\/p>\n<div class=\"klb-readmore post-buttons\"><a class=\"button black outline size-sm\" href=\"https:\/\/madelinefashion.pl\/sk\/torebka-wizytowa-zlota-martta\/\">\u010c\u00edta\u0165 \u010falej <i class=\"klbth-icon-right-arrow\"><\/i><\/a><\/div>","protected":false},"featured_media":570779,"template":"","meta":[],"product_brand":[],"product_cat":[113,395],"product_tag":[504,412],"class_list":{"0":"post-570777","1":"product","2":"type-product","3":"status-publish","4":"has-post-thumbnail","6":"product_cat-dodatki","7":"product_cat-nowosci","8":"product_tag-party-time","9":"product_tag-torebki-damskie","11":"first","12":"instock","13":"sale","14":"purchasable","15":"product-type-simple"},"_links":{"self":[{"href":"https:\/\/madelinefashion.pl\/sk\/wp-json\/wp\/v2\/product\/570777","targetHints":{"allow":["GET"]}}],"collection":[{"href":"https:\/\/madelinefashion.pl\/sk\/wp-json\/wp\/v2\/product"}],"about":[{"href":"https:\/\/madelinefashion.pl\/sk\/wp-json\/wp\/v2\/types\/product"}],"wp:featuredmedia":[{"embeddable":true,"href":"https:\/\/madelinefashion.pl\/sk\/wp-json\/wp\/v2\/media\/570779"}],"wp:attachment":[{"href":"https:\/\/madelinefashion.pl\/sk\/wp-json\/wp\/v2\/media?parent=570777"}],"wp:term":[{"taxonomy":"product_brand","embeddable":true,"href":"https:\/\/madelinefashion.pl\/sk\/wp-json\/wp\/v2\/product_brand?post=570777"},{"taxonomy":"product_cat","embeddable":true,"href":"https:\/\/madelinefashion.pl\/sk\/wp-json\/wp\/v2\/product_cat?post=570777"},{"taxonomy":"product_tag","embeddable":true,"href":"https:\/\/madelinefashion.pl\/sk\/wp-json\/wp\/v2\/product_tag?post=570777"}],"curies":[{"name":"pracovn\u00fd list","href":"https:\/\/api.w.org\/{rel}","templated":true}]}}