{"id":572087,"date":"2025-07-10T13:58:33","date_gmt":"2025-07-10T11:58:33","guid":{"rendered":"https:\/\/madelinefashion.pl\/?post_type=product&#038;p=572087"},"modified":"2026-03-18T12:09:13","modified_gmt":"2026-03-18T11:09:13","slug":"torebka-wieczorowa-srebrna-dubai","status":"publish","type":"product","link":"https:\/\/madelinefashion.pl\/sk\/torebka-wieczorowa-srebrna-dubai\/","title":{"rendered":"Strieborn\u00e1 ve\u010dern\u00e1 kabelka Dubaj"},"content":{"rendered":"<h3 style=\"text-align: center;\">Strieborn\u00e1 ve\u010dern\u00e1 kabelka Dubaj<\/h3>\n<p style=\"text-align: center;\">Kabelka je nevyhnutnou s\u00fa\u010das\u0165ou ve\u010dern\u00e9ho outfitu. Tento model sa vyzna\u010duje nielen svojou praktickos\u0165ou, ale aj eleganciou. Elegantn\u00e1 kabelka sa bude hodi\u0165 ka\u017edej \u017eene, ktor\u00e1 sleduje najnov\u0161ie m\u00f3dne trendy.<\/p>\n<p>&nbsp;<\/p>\n<h3 style=\"text-align: center;\">Charakteristika:<\/h3>\n<p style=\"text-align: center;\">ve\u010der<\/p>\n<p style=\"text-align: center;\">ide\u00e1lne na svadbu \/ ples \/ ples<\/p>\n<p style=\"text-align: center;\">zdoben\u00e9 kame\u0148mi<\/p>\n<p>&nbsp;<\/p>\n<h3 style=\"text-align: center;\">Rozmery ta\u0161ky:<\/h3>\n<ul style=\"text-align: center;\">\n<li>v\u00fd\u0161ka - 13 cm<\/li>\n<li>\u0161\u00edrka - 22 cm<\/li>\n<\/ul>","protected":false},"excerpt":{"rendered":"<p>Torebka Wieczorowa Srebrna Dubai Torebka, to niezb\u0119dny cz\u0119\u015b\u0107 stylizacji wieczorowej. Ten model charakteryzuje si\u0119 nie tylko sw\u0105 praktyczno\u015bci\u0105, ale r\u00f3wnie\u017c elegancj\u0105.\u00a0 Elegancka torebka sprawdzi si\u0119 idealnie\u00a0 dla ka\u017cdej kobiety pod\u0105\u017caj\u0105cej za najnowszymi trendami w modzie. &nbsp; Cechy Charakterystyczne: wieczorowa idealna na wesele\/bal\/ studni\u00f3wk\u0119 zdobiona kamieniami &nbsp; Wymiary Torebki: wysoko\u015b\u0107 &#8211; 13 cm szeroko\u015b\u0107 -22 cm<\/p>","protected":false},"featured_media":572057,"template":"","meta":[],"product_brand":[],"product_cat":[113],"product_tag":[504,412],"class_list":{"0":"post-572087","1":"product","2":"type-product","3":"status-publish","4":"has-post-thumbnail","6":"product_cat-dodatki","7":"product_tag-party-time","8":"product_tag-torebki-damskie","10":"first","11":"instock","12":"sale","13":"purchasable","14":"product-type-simple"},"_links":{"self":[{"href":"https:\/\/madelinefashion.pl\/sk\/wp-json\/wp\/v2\/product\/572087","targetHints":{"allow":["GET"]}}],"collection":[{"href":"https:\/\/madelinefashion.pl\/sk\/wp-json\/wp\/v2\/product"}],"about":[{"href":"https:\/\/madelinefashion.pl\/sk\/wp-json\/wp\/v2\/types\/product"}],"wp:featuredmedia":[{"embeddable":true,"href":"https:\/\/madelinefashion.pl\/sk\/wp-json\/wp\/v2\/media\/572057"}],"wp:attachment":[{"href":"https:\/\/madelinefashion.pl\/sk\/wp-json\/wp\/v2\/media?parent=572087"}],"wp:term":[{"taxonomy":"product_brand","embeddable":true,"href":"https:\/\/madelinefashion.pl\/sk\/wp-json\/wp\/v2\/product_brand?post=572087"},{"taxonomy":"product_cat","embeddable":true,"href":"https:\/\/madelinefashion.pl\/sk\/wp-json\/wp\/v2\/product_cat?post=572087"},{"taxonomy":"product_tag","embeddable":true,"href":"https:\/\/madelinefashion.pl\/sk\/wp-json\/wp\/v2\/product_tag?post=572087"}],"curies":[{"name":"pracovn\u00fd list","href":"https:\/\/api.w.org\/{rel}","templated":true}]}}