{"id":572988,"date":"2025-07-17T12:55:27","date_gmt":"2025-07-17T10:55:27","guid":{"rendered":"https:\/\/madelinefashion.pl\/?post_type=product&#038;p=572988"},"modified":"2026-04-29T00:28:38","modified_gmt":"2026-04-28T22:28:38","slug":"szpilki-bezowe-z-kokarda","status":"publish","type":"product","link":"https:\/\/madelinefashion.pl\/sk\/szpilki-bezowe-z-kokarda\/","title":{"rendered":"B\u00e9\u017eov\u00e9 vysok\u00e9 podp\u00e4tky s ma\u0161\u013eou"},"content":{"rendered":"<h3 style=\"text-align: center;\">B\u00e9\u017eov\u00e9 vysok\u00e9 podp\u00e4tky s ma\u0161\u013eou<\/h3>\n<h3 style=\"text-align: center;\" data-start=\"101\" data-end=\"161\">Strieborn\u00e9 ihli\u010dkov\u00e9 top\u00e1nky s ma\u0161\u013eou \u2013 noblesa a trblietanie v jednom kroku<\/h3>\n<p style=\"text-align: center;\" data-start=\"163\" data-end=\"469\">Dodajte ka\u017ed\u00e9mu outfitu n\u00e1dych trblietky s na\u0161imi jedine\u010dn\u00fdmi ihli\u010dkami s elegantnou striebornou ma\u0161\u013eou. Kombinuj\u00fa klasick\u00fd dizajn s jemn\u00fdm, no z\u00e1rove\u0148 v\u00fdrazn\u00fdm akcentom, ktor\u00fd up\u00fata pozornos\u0165. S\u00fa vyroben\u00e9 z vysoko kvalitn\u00fdch materi\u00e1lov, ktor\u00e9 zaru\u010duj\u00fa pohodlie a perfektn\u00e9 strihanie.<\/p>\n<p style=\"text-align: center;\" data-start=\"471\" data-end=\"665\">\u00dazky podp\u00e4tok opticky predl\u017euje nohy, zatia\u013e \u010do strieborn\u00e1 ma\u0161\u013ea dod\u00e1va elegantn\u00fd a \u017eensk\u00fd \u0161arm. Ide\u00e1lne na form\u00e1lne pr\u00edle\u017eitosti, ve\u010dierky alebo ako v\u00fdrazn\u00fd doplnok ve\u010dern\u00e9ho outfitu. Zap\u00f4sobte \u0161t\u00fdlom a \u017eenskou eleganciou \u2013 vyberte si ihli\u010dkov\u00e9 top\u00e1nky, ktor\u00e9 hovoria za v\u0161etko. Tieto top\u00e1nky s\u00fa ide\u00e1lne na ka\u017edodenn\u00e9 nosenie pre \u017eeny, ktor\u00e9 si cenia originalitu. Odoln\u00e1 a flexibiln\u00e1 podr\u00e1\u017eka je vyroben\u00e1 z vysoko kvalitn\u00e9ho materi\u00e1lu. <strong>Pri v\u00fdbere ve\u013ekosti sa ria\u010fte tabu\u013ekou ve\u013ekost\u00ed<a href=\"https:\/\/madelinefashion.pl\/sk\/sukienki-i-kombinezony\/sukienki-okolicznosciowe\/\"> Na\u0161e svadobn\u00e9 v\u00fdtvory\u00a0<\/a><\/strong><\/p>\n<h3 style=\"text-align: center;\">Charakteristika:<\/h3>\n<ul>\n<li style=\"text-align: center;\"><strong>Farba<\/strong>B\u00e9\u017eov\u00e1 + Sebro<\/li>\n<li style=\"text-align: center;\"><strong>vonkaj\u0161\u00ed materi\u00e1l<\/strong>: Umel\u00e1 ko\u017ea<\/li>\n<li style=\"text-align: center;\"><strong>\u010c\u00edslovanie<\/strong>: Typick\u00e9 - odpor\u00fa\u010dame vybra\u0165 si ve\u013ekos\u0165, ktor\u00fa nos\u00edte<\/li>\n<li style=\"text-align: center;\"><strong>Typ p\u00e4ty<\/strong>: Pin<\/li>\n<li style=\"text-align: center;\"><strong>Vlo\u017ei\u0165<\/strong>: Umel\u00e1 ko\u017ea<\/li>\n<li style=\"text-align: center;\">Pohodln\u00e9, stabiln\u00e9<\/li>\n<li style=\"text-align: center;\">klasick\u00e9<\/li>\n<li style=\"text-align: center;\"><strong>Sez\u00f3na<\/strong> jar leto jese\u0148 zima<\/li>\n<li style=\"text-align: center;\">Nad\u010dasov\u00fd<\/li>\n<\/ul>\n<h3 style=\"text-align: center;\">Rozmery<\/h3>\n<p style=\"text-align: center;\"><strong>V\u00fd\u0161ka podp\u00e4tku: 8<\/strong>cm<\/p>\n<p>&nbsp;<\/p>\n<table width=\"540\">\n<thead>\n<tr>\n<td width=\"216\"><strong>Ve\u013ekos\u0165 E\u00da<\/strong><\/td>\n<td width=\"316\"><strong>D\u013a\u017eka vlo\u017eky<\/strong><\/td>\n<\/tr>\n<\/thead>\n<tbody>\n<tr>\n<td width=\"216\"><strong>36<\/strong><\/td>\n<td width=\"316\">23,5 cm<\/td>\n<\/tr>\n<tr>\n<td width=\"216\"><strong>37<\/strong><\/td>\n<td width=\"316\">24 cm<\/td>\n<\/tr>\n<tr>\n<td width=\"216\"><strong>38<\/strong><\/td>\n<td width=\"316\">24,5 cm<\/td>\n<\/tr>\n<tr>\n<td width=\"216\"><strong>39<\/strong><\/td>\n<td width=\"316\">25 cm<\/td>\n<\/tr>\n<tr>\n<td width=\"216\"><strong>40<\/strong><\/td>\n<td width=\"316\">25,5 cm<\/td>\n<\/tr>\n<tr>\n<td width=\"216\"><strong>41<\/strong><\/td>\n<td width=\"316\">26 cm<\/td>\n<\/tr>\n<\/tbody>\n<\/table>\n<div class=\"wrap-content\">\n<div class=\"main-container container\">\n<div class=\"row\">\n<section class=\"main-content sidebar-left-false\">\n<div class=\"product-page page\">\n<div class=\"page-content\">\n<div id=\"ProductSizing\" class=\"product-sizing modal fade in\" tabindex=\"-1\" role=\"dialog\" aria-hidden=\"false\">\n<div class=\"modal-dialog\">\n<div class=\"modal-content\">\n<div class=\"widget html_editor\">\n<p>&nbsp;<\/p>\n<\/div>\n<p>&nbsp;<\/p>\n<\/div>\n<\/div>\n<\/div>\n<\/div>\n<\/div>\n<\/section>\n<\/div>\n<\/div>\n<\/div>\n<div class=\"wrap-footer\">\n<footer class=\"\">\n<div class=\"container\">\n<div class=\"footer-newsletter-box\"><\/div>\n<\/div>\n<\/footer>\n<\/div>\n<table>\n<tbody>\n<tr>\n<td width=\"302\">Meno modela<\/td>\n<td width=\"302\">B\u00e9\u017eov\u00e9 vysok\u00e9 podp\u00e4tky s ma\u0161\u013eou<\/td>\n<\/tr>\n<tr>\n<td width=\"302\">Farba<\/td>\n<td width=\"302\">Strieborn\u00e1<\/td>\n<\/tr>\n<tr>\n<td width=\"302\">ve\u013ekosti<\/td>\n<td width=\"302\">36 37\u00a0 38\u00a0 39 40, 41<\/td>\n<\/tr>\n<tr>\n<td width=\"302\">Materi\u00e1l<\/td>\n<td width=\"302\">Umel\u00e1 ko\u017ea<\/td>\n<\/tr>\n<tr>\n<td width=\"302\">Typ p\u00e4ty<\/td>\n<td width=\"302\">Pin<\/td>\n<\/tr>\n<tr>\n<td width=\"302\">\u0160t\u00fdl<\/td>\n<td width=\"302\">Elegantn\u00fd \/ klasick\u00fd<\/td>\n<\/tr>\n<tr>\n<td width=\"302\">Zbierka<\/td>\n<td width=\"302\">Jar\/Jese\u0148\/Leto<\/td>\n<\/tr>\n<\/tbody>\n<\/table>\n<div class=\"tabs tabs-bb clear mb-80\">\n<div class=\"tab-content\">\n<div id=\"tab-description\" class=\"tab-pane fade in woocommerce-Tabs-panel--description active\">\n<p style=\"text-align: center;\">\n<\/div>\n<\/div>\n<\/div>\n<section class=\"up-sells upsells products mb-80\"><\/section>\n<p style=\"text-align: left;\">K\u00f3d produktu : 66-1<\/p>","protected":false},"excerpt":{"rendered":"<p>Szpilki Be\u017cowe Z Kokard\u0105 Szpilki z Srebrn\u0105 Kokard\u0105 \u2013 Klasa i B\u0142ysk w Jednym Kroku Dodaj odrobin\u0119 blasku do ka\u017cdej stylizacji dzi\u0119ki naszym wyj\u0105tkowym szpilkom z eleganck\u0105 srebrn\u0105 kokard\u0105. To po\u0142\u0105czenie klasycznego fasonu z subtelnym, ale wyrazistym akcentem, kt\u00f3ry przyci\u0105ga spojrzenia. Wykonane z wysokiej jako\u015bci materia\u0142\u00f3w, zapewniaj\u0105 komfort noszenia i doskona\u0142e dopasowanie do stopy. Smuk\u0142y<\/p>\n<div class=\"klb-readmore post-buttons\"><a class=\"button black outline size-sm\" href=\"https:\/\/madelinefashion.pl\/sk\/szpilki-bezowe-z-kokarda\/\">\u010c\u00edta\u0165 \u010falej <i class=\"klbth-icon-right-arrow\"><\/i><\/a><\/div>","protected":false},"featured_media":598560,"template":"","meta":[],"product_brand":[],"product_cat":[400,395],"product_tag":[440],"class_list":{"0":"post-572988","1":"product","2":"type-product","3":"status-publish","4":"has-post-thumbnail","6":"product_cat-buty","7":"product_cat-nowosci","8":"product_tag-szpilki","10":"first","11":"instock","12":"purchasable","13":"product-type-variable"},"_links":{"self":[{"href":"https:\/\/madelinefashion.pl\/sk\/wp-json\/wp\/v2\/product\/572988","targetHints":{"allow":["GET"]}}],"collection":[{"href":"https:\/\/madelinefashion.pl\/sk\/wp-json\/wp\/v2\/product"}],"about":[{"href":"https:\/\/madelinefashion.pl\/sk\/wp-json\/wp\/v2\/types\/product"}],"wp:featuredmedia":[{"embeddable":true,"href":"https:\/\/madelinefashion.pl\/sk\/wp-json\/wp\/v2\/media\/598560"}],"wp:attachment":[{"href":"https:\/\/madelinefashion.pl\/sk\/wp-json\/wp\/v2\/media?parent=572988"}],"wp:term":[{"taxonomy":"product_brand","embeddable":true,"href":"https:\/\/madelinefashion.pl\/sk\/wp-json\/wp\/v2\/product_brand?post=572988"},{"taxonomy":"product_cat","embeddable":true,"href":"https:\/\/madelinefashion.pl\/sk\/wp-json\/wp\/v2\/product_cat?post=572988"},{"taxonomy":"product_tag","embeddable":true,"href":"https:\/\/madelinefashion.pl\/sk\/wp-json\/wp\/v2\/product_tag?post=572988"}],"curies":[{"name":"pracovn\u00fd list","href":"https:\/\/api.w.org\/{rel}","templated":true}]}}